{"id":1227,"date":"2019-09-25T16:42:46","date_gmt":"2019-09-25T14:42:46","guid":{"rendered":"http:\/\/serralleriamarch.com\/?post_type=forja&#038;p=1227"},"modified":"2024-03-28T19:18:54","modified_gmt":"2024-03-28T17:18:54","slug":"reixes-de-forja","status":"publish","type":"forja","link":"https:\/\/serralleriamarch.com\/en\/forja\/reixes-de-forja\/","title":{"rendered":"Reixes de forja"},"content":{"rendered":"\n<h2 class=\"has-text-align-center wp-block-heading\">La forja es resolutiva.\u00a0\u00a0<\/h2>\n\n\n\n<h2 class=\"has-text-align-center wp-block-heading\">Protegeix amb reixes i tancaments qualsevol espai aportant un toc diferencial amb les nostres propostes.<\/h2>\n\n\n\n<p>Dissenyem i constru\u00efm reixes de ferro de tots formats i mides. Reixes per finestres i obertures, reixes per portes i portals de fusta, reixes per pous i canals o per tot all\u00f2 que necessiti ser protegit.\u00a0<\/p>\n\n\n\n<p>Constru\u00efm tot tipus de defenses i de l\u2019estil que es vulgui, reixa catalana amb barrots passadors de rodons foradats, tipus rom\u00e0nica amb volutes de passam\u00e0 i claus ferrats, o b\u00e9 de barrots gruixuts i tornejats d\u2019estil g\u00f2tic-renaixentista amb magolles, soleres, boles de metall, decoracions vegetals, rosetons i flors, dragons\u00a0 forjats o tot tipus d&#8217;ornamentaci\u00f3 decorativa.<\/p>\n\n\n\n<div style=\"height:25px\" aria-hidden=\"true\" class=\"wp-block-spacer\"><\/div>\n\n\n\n<figure class=\"wp-block-image\"><img loading=\"lazy\" decoding=\"async\" width=\"768\" height=\"1024\" src=\"https:\/\/serralleriamarch.com\/wp-content\/uploads\/2019\/10\/Porta-fasana-c.....-768x1024.jpg\" alt=\"\" class=\"wp-image-1268\" srcset=\"https:\/\/serralleriamarch.com\/wp-content\/uploads\/2019\/10\/Porta-fasana-c......jpg 768w, https:\/\/serralleriamarch.com\/wp-content\/uploads\/2019\/10\/Porta-fasana-c.....-225x300.jpg 225w\" sizes=\"(max-width: 768px) 100vw, 768px\" \/><figcaption>Reixa d&#8217;obertura rodona<\/figcaption><\/figure>\n\n\n\n<figure class=\"wp-block-image\"><img loading=\"lazy\" decoding=\"async\" width=\"768\" height=\"1024\" src=\"https:\/\/serralleriamarch.com\/wp-content\/uploads\/2019\/10\/PO9D0F1-768x1024.jpg\" alt=\"\" class=\"wp-image-1262\" srcset=\"https:\/\/serralleriamarch.com\/wp-content\/uploads\/2019\/10\/PO9D0F1.jpg 768w, https:\/\/serralleriamarch.com\/wp-content\/uploads\/2019\/10\/PO9D0F1-225x300.jpg 225w\" sizes=\"(max-width: 768px) 100vw, 768px\" \/><figcaption>Reixa decorativa rombo\u00efdal<\/figcaption><\/figure>\n\n\n\n<figure class=\"wp-block-image\"><img loading=\"lazy\" decoding=\"async\" width=\"685\" height=\"1024\" src=\"https:\/\/serralleriamarch.com\/wp-content\/uploads\/2019\/10\/DSF1499-copia-685x1024.jpg\" alt=\"\" class=\"wp-image-1250\" srcset=\"https:\/\/serralleriamarch.com\/wp-content\/uploads\/2019\/10\/DSF1499-copia.jpg 685w, https:\/\/serralleriamarch.com\/wp-content\/uploads\/2019\/10\/DSF1499-copia-201x300.jpg 201w\" sizes=\"(max-width: 685px) 100vw, 685px\" \/><figcaption>Reixa de ferro forjat per finestra, disseny propi.<\/figcaption><\/figure>\n\n\n\n<figure class=\"wp-block-gallery has-nested-images columns-default is-cropped wp-block-gallery-1 is-layout-flex wp-block-gallery-is-layout-flex\">\n<figure class=\"wp-block-image\"><img loading=\"lazy\" decoding=\"async\" width=\"1024\" height=\"768\" data-id=\"1253\" src=\"https:\/\/serralleriamarch.com\/wp-content\/uploads\/2019\/10\/CO82431-1024x768.jpg\" alt=\"\" class=\"wp-image-1253\" srcset=\"https:\/\/serralleriamarch.com\/wp-content\/uploads\/2019\/10\/CO82431.jpg 1024w, https:\/\/serralleriamarch.com\/wp-content\/uploads\/2019\/10\/CO82431-300x225.jpg 300w, https:\/\/serralleriamarch.com\/wp-content\/uploads\/2019\/10\/CO82431-768x576.jpg 768w\" sizes=\"(max-width: 1024px) 100vw, 1024px\" \/><figcaption>Joc de reixes forjades tipus g\u00f2tic<\/figcaption><\/figure>\n\n\n\n<figure class=\"wp-block-image\"><img loading=\"lazy\" decoding=\"async\" width=\"1024\" height=\"768\" data-id=\"1256\" src=\"https:\/\/serralleriamarch.com\/wp-content\/uploads\/2019\/10\/CO92471-1024x768.jpg\" alt=\"\" class=\"wp-image-1256\" srcset=\"https:\/\/serralleriamarch.com\/wp-content\/uploads\/2019\/10\/CO92471.jpg 1024w, https:\/\/serralleriamarch.com\/wp-content\/uploads\/2019\/10\/CO92471-300x225.jpg 300w, https:\/\/serralleriamarch.com\/wp-content\/uploads\/2019\/10\/CO92471-768x576.jpg 768w\" sizes=\"(max-width: 1024px) 100vw, 1024px\" \/><figcaption>Reixa de barrots<\/figcaption><\/figure>\n<\/figure>\n\n\n\n<figure class=\"wp-block-image\"><img loading=\"lazy\" decoding=\"async\" width=\"1024\" height=\"768\" src=\"https:\/\/serralleriamarch.com\/wp-content\/uploads\/2019\/10\/Reixa-exterior-finestre.-1024x768.jpg\" alt=\"\" class=\"wp-image-1274\" srcset=\"https:\/\/serralleriamarch.com\/wp-content\/uploads\/2019\/10\/Reixa-exterior-finestre..jpg 1024w, https:\/\/serralleriamarch.com\/wp-content\/uploads\/2019\/10\/Reixa-exterior-finestre.-300x225.jpg 300w, https:\/\/serralleriamarch.com\/wp-content\/uploads\/2019\/10\/Reixa-exterior-finestre.-768x576.jpg 768w\" sizes=\"(max-width: 1024px) 100vw, 1024px\" \/><figcaption>Reixa barrots g\u00f2tic catal\u00e0 de forats passadors<\/figcaption><\/figure>\n\n\n\n<figure class=\"wp-block-image\"><img loading=\"lazy\" decoding=\"async\" width=\"768\" height=\"1024\" src=\"https:\/\/serralleriamarch.com\/wp-content\/uploads\/2019\/10\/P1020479-768x1024.jpg\" alt=\"\" class=\"wp-image-1259\" srcset=\"https:\/\/serralleriamarch.com\/wp-content\/uploads\/2019\/10\/P1020479.jpg 768w, https:\/\/serralleriamarch.com\/wp-content\/uploads\/2019\/10\/P1020479-225x300.jpg 225w\" sizes=\"(max-width: 768px) 100vw, 768px\" \/><figcaption>Reixa de barrots simple amb decoracions horitzontals<\/figcaption><\/figure>\n\n\n\n<figure class=\"wp-block-image\"><img loading=\"lazy\" decoding=\"async\" width=\"768\" height=\"1024\" src=\"https:\/\/serralleriamarch.com\/wp-content\/uploads\/2019\/10\/Porta-exterior-i-reixa-1-768x1024.jpg\" alt=\"\" class=\"wp-image-1265\" srcset=\"https:\/\/serralleriamarch.com\/wp-content\/uploads\/2019\/10\/Porta-exterior-i-reixa-1.jpg 768w, https:\/\/serralleriamarch.com\/wp-content\/uploads\/2019\/10\/Porta-exterior-i-reixa-1-225x300.jpg 225w\" sizes=\"(max-width: 768px) 100vw, 768px\" \/><figcaption>Reixa de defensa r\u00fastica<\/figcaption><\/figure>\n\n\n\n<figure class=\"wp-block-image\"><img loading=\"lazy\" decoding=\"async\" width=\"768\" height=\"1024\" src=\"https:\/\/serralleriamarch.com\/wp-content\/uploads\/2019\/10\/Reixa-exterior-de-finestre.-2-768x1024.jpg\" alt=\"\" class=\"wp-image-1271\" srcset=\"https:\/\/serralleriamarch.com\/wp-content\/uploads\/2019\/10\/Reixa-exterior-de-finestre.-2.jpg 768w, https:\/\/serralleriamarch.com\/wp-content\/uploads\/2019\/10\/Reixa-exterior-de-finestre.-2-225x300.jpg 225w\" sizes=\"(max-width: 768px) 100vw, 768px\" \/><figcaption>Reixa de finestra tipus neocl\u00e0ssic<\/figcaption><\/figure>\n","protected":false},"featured_media":1228,"template":"","yoast_head":"<!-- This site is optimized with the Yoast SEO plugin v23.0 - https:\/\/yoast.com\/wordpress\/plugins\/seo\/ -->\n<title>Reixes de forja - Serralleria March<\/title>\n<meta name=\"description\" content=\"Les possibilitats de la forja s\u00f3n infinites. La forja permet fer reixes i tancaments per qualsevol espai aportant un toc decoratiu.\" \/>\n<meta name=\"robots\" content=\"index, follow, max-snippet:-1, max-image-preview:large, max-video-preview:-1\" \/>\n<link rel=\"canonical\" href=\"https:\/\/serralleriamarch.com\/forja\/reixes-de-forja\/\" \/>\n<meta property=\"og:locale\" content=\"en_US\" \/>\n<meta property=\"og:type\" content=\"article\" \/>\n<meta property=\"og:title\" content=\"Reixes de forja - Serralleria March\" \/>\n<meta property=\"og:description\" content=\"Les possibilitats de la forja s\u00f3n infinites. La forja permet fer reixes i tancaments per qualsevol espai aportant un toc decoratiu.\" \/>\n<meta property=\"og:url\" content=\"https:\/\/serralleriamarch.com\/forja\/reixes-de-forja\/\" \/>\n<meta property=\"og:site_name\" content=\"Serralleria March\" \/>\n<meta property=\"article:modified_time\" content=\"2024-03-28T17:18:54+00:00\" \/>\n<meta property=\"og:image\" content=\"https:\/\/serralleriamarch.com\/wp-content\/uploads\/2019\/10\/reixa_forja.png\" \/>\n\t<meta property=\"og:image:width\" content=\"500\" \/>\n\t<meta property=\"og:image:height\" content=\"580\" \/>\n\t<meta property=\"og:image:type\" content=\"image\/png\" \/>\n<meta name=\"twitter:card\" content=\"summary_large_image\" \/>\n<meta name=\"twitter:label1\" content=\"Est. reading time\" \/>\n\t<meta name=\"twitter:data1\" content=\"3 minutes\" \/>\n<script type=\"application\/ld+json\" class=\"yoast-schema-graph\">{\"@context\":\"https:\/\/schema.org\",\"@graph\":[{\"@type\":\"WebPage\",\"@id\":\"https:\/\/serralleriamarch.com\/forja\/reixes-de-forja\/\",\"url\":\"https:\/\/serralleriamarch.com\/forja\/reixes-de-forja\/\",\"name\":\"Reixes de forja - Serralleria March\",\"isPartOf\":{\"@id\":\"https:\/\/serralleriamarch.com\/#website\"},\"primaryImageOfPage\":{\"@id\":\"https:\/\/serralleriamarch.com\/forja\/reixes-de-forja\/#primaryimage\"},\"image\":{\"@id\":\"https:\/\/serralleriamarch.com\/forja\/reixes-de-forja\/#primaryimage\"},\"thumbnailUrl\":\"https:\/\/serralleriamarch.com\/wp-content\/uploads\/2019\/10\/reixa_forja.png\",\"datePublished\":\"2019-09-25T14:42:46+00:00\",\"dateModified\":\"2024-03-28T17:18:54+00:00\",\"description\":\"Les possibilitats de la forja s\u00f3n infinites. La forja permet fer reixes i tancaments per qualsevol espai aportant un toc decoratiu.\",\"breadcrumb\":{\"@id\":\"https:\/\/serralleriamarch.com\/forja\/reixes-de-forja\/#breadcrumb\"},\"inLanguage\":\"en-US\",\"potentialAction\":[{\"@type\":\"ReadAction\",\"target\":[\"https:\/\/serralleriamarch.com\/forja\/reixes-de-forja\/\"]}]},{\"@type\":\"ImageObject\",\"inLanguage\":\"en-US\",\"@id\":\"https:\/\/serralleriamarch.com\/forja\/reixes-de-forja\/#primaryimage\",\"url\":\"https:\/\/serralleriamarch.com\/wp-content\/uploads\/2019\/10\/reixa_forja.png\",\"contentUrl\":\"https:\/\/serralleriamarch.com\/wp-content\/uploads\/2019\/10\/reixa_forja.png\",\"width\":500,\"height\":580},{\"@type\":\"BreadcrumbList\",\"@id\":\"https:\/\/serralleriamarch.com\/forja\/reixes-de-forja\/#breadcrumb\",\"itemListElement\":[{\"@type\":\"ListItem\",\"position\":1,\"name\":\"Inici\",\"item\":\"https:\/\/serralleriamarch.com\/en\/\"},{\"@type\":\"ListItem\",\"position\":2,\"name\":\"Treballs de forja\",\"item\":\"https:\/\/serralleriamarch.com\/forja\/\"},{\"@type\":\"ListItem\",\"position\":3,\"name\":\"Reixes de forja\"}]},{\"@type\":\"WebSite\",\"@id\":\"https:\/\/serralleriamarch.com\/#website\",\"url\":\"https:\/\/serralleriamarch.com\/\",\"name\":\"Serralleria March\",\"description\":\"Taller artesanal de forja i escultura amb ferro\",\"potentialAction\":[{\"@type\":\"SearchAction\",\"target\":{\"@type\":\"EntryPoint\",\"urlTemplate\":\"https:\/\/serralleriamarch.com\/?s={search_term_string}\"},\"query-input\":\"required name=search_term_string\"}],\"inLanguage\":\"en-US\"}]}<\/script>\n<!-- \/ Yoast SEO plugin. -->","yoast_head_json":{"title":"Reixes de forja - Serralleria March","description":"Les possibilitats de la forja s\u00f3n infinites. La forja permet fer reixes i tancaments per qualsevol espai aportant un toc decoratiu.","robots":{"index":"index","follow":"follow","max-snippet":"max-snippet:-1","max-image-preview":"max-image-preview:large","max-video-preview":"max-video-preview:-1"},"canonical":"https:\/\/serralleriamarch.com\/forja\/reixes-de-forja\/","og_locale":"en_US","og_type":"article","og_title":"Reixes de forja - Serralleria March","og_description":"Les possibilitats de la forja s\u00f3n infinites. La forja permet fer reixes i tancaments per qualsevol espai aportant un toc decoratiu.","og_url":"https:\/\/serralleriamarch.com\/forja\/reixes-de-forja\/","og_site_name":"Serralleria March","article_modified_time":"2024-03-28T17:18:54+00:00","og_image":[{"width":500,"height":580,"url":"https:\/\/serralleriamarch.com\/wp-content\/uploads\/2019\/10\/reixa_forja.png","type":"image\/png"}],"twitter_card":"summary_large_image","twitter_misc":{"Est. reading time":"3 minutes"},"schema":{"@context":"https:\/\/schema.org","@graph":[{"@type":"WebPage","@id":"https:\/\/serralleriamarch.com\/forja\/reixes-de-forja\/","url":"https:\/\/serralleriamarch.com\/forja\/reixes-de-forja\/","name":"Reixes de forja - Serralleria March","isPartOf":{"@id":"https:\/\/serralleriamarch.com\/#website"},"primaryImageOfPage":{"@id":"https:\/\/serralleriamarch.com\/forja\/reixes-de-forja\/#primaryimage"},"image":{"@id":"https:\/\/serralleriamarch.com\/forja\/reixes-de-forja\/#primaryimage"},"thumbnailUrl":"https:\/\/serralleriamarch.com\/wp-content\/uploads\/2019\/10\/reixa_forja.png","datePublished":"2019-09-25T14:42:46+00:00","dateModified":"2024-03-28T17:18:54+00:00","description":"Les possibilitats de la forja s\u00f3n infinites. La forja permet fer reixes i tancaments per qualsevol espai aportant un toc decoratiu.","breadcrumb":{"@id":"https:\/\/serralleriamarch.com\/forja\/reixes-de-forja\/#breadcrumb"},"inLanguage":"en-US","potentialAction":[{"@type":"ReadAction","target":["https:\/\/serralleriamarch.com\/forja\/reixes-de-forja\/"]}]},{"@type":"ImageObject","inLanguage":"en-US","@id":"https:\/\/serralleriamarch.com\/forja\/reixes-de-forja\/#primaryimage","url":"https:\/\/serralleriamarch.com\/wp-content\/uploads\/2019\/10\/reixa_forja.png","contentUrl":"https:\/\/serralleriamarch.com\/wp-content\/uploads\/2019\/10\/reixa_forja.png","width":500,"height":580},{"@type":"BreadcrumbList","@id":"https:\/\/serralleriamarch.com\/forja\/reixes-de-forja\/#breadcrumb","itemListElement":[{"@type":"ListItem","position":1,"name":"Inici","item":"https:\/\/serralleriamarch.com\/en\/"},{"@type":"ListItem","position":2,"name":"Treballs de forja","item":"https:\/\/serralleriamarch.com\/forja\/"},{"@type":"ListItem","position":3,"name":"Reixes de forja"}]},{"@type":"WebSite","@id":"https:\/\/serralleriamarch.com\/#website","url":"https:\/\/serralleriamarch.com\/","name":"Serralleria March","description":"Taller artesanal de forja i escultura amb ferro","potentialAction":[{"@type":"SearchAction","target":{"@type":"EntryPoint","urlTemplate":"https:\/\/serralleriamarch.com\/?s={search_term_string}"},"query-input":"required name=search_term_string"}],"inLanguage":"en-US"}]}},"_links":{"self":[{"href":"https:\/\/serralleriamarch.com\/en\/wp-json\/wp\/v2\/forja\/1227"}],"collection":[{"href":"https:\/\/serralleriamarch.com\/en\/wp-json\/wp\/v2\/forja"}],"about":[{"href":"https:\/\/serralleriamarch.com\/en\/wp-json\/wp\/v2\/types\/forja"}],"version-history":[{"count":9,"href":"https:\/\/serralleriamarch.com\/en\/wp-json\/wp\/v2\/forja\/1227\/revisions"}],"predecessor-version":[{"id":2019,"href":"https:\/\/serralleriamarch.com\/en\/wp-json\/wp\/v2\/forja\/1227\/revisions\/2019"}],"wp:featuredmedia":[{"embeddable":true,"href":"https:\/\/serralleriamarch.com\/en\/wp-json\/wp\/v2\/media\/1228"}],"wp:attachment":[{"href":"https:\/\/serralleriamarch.com\/en\/wp-json\/wp\/v2\/media?parent=1227"}],"curies":[{"name":"wp","href":"https:\/\/api.w.org\/{rel}","templated":true}]}}