{"id":171,"date":"2019-08-06T12:24:42","date_gmt":"2019-08-06T10:24:42","guid":{"rendered":"http:\/\/serralleriamarch.com\/?post_type=forja&#038;p=171"},"modified":"2024-03-28T21:03:02","modified_gmt":"2024-03-28T19:03:02","slug":"lletres-i-panells","status":"publish","type":"forja","link":"https:\/\/serralleriamarch.com\/en\/forja\/lletres-i-panells\/","title":{"rendered":"R\u00e8tols de forja"},"content":{"rendered":"\n<h2 class=\"has-text-align-center wp-block-heading\">Una primera impressi\u00f3 pot ser clau per ser recordat i mantenir-se present a la mem\u00f2ria del vianant.<\/h2>\n\n\n\n<p>Disseny propis o sota les seves indicacions. R\u00e8tols, lletres, indicadors, panells, marcadors, tots ells amb personalitat, on hi farem ressaltar els seus trets diferencials.<\/p>\n\n\n\n<p class=\"has-text-align-center\">&nbsp;Reprodu\u00efm i reinterpretem s\u00edmbols, escuts familiars, noms i emblemes hist\u00f2rics.<\/p>\n\n\n\n<p>Propostes elegants i originals que re-marcar\u00e0 la seva propietat.<\/p>\n\n\n\n<p class=\"has-text-align-left\">Per empreses i negocis ideem propostes on es reconeguin la seva professi\u00f3, on s\u2019identifiqui la seva especialitat i destaqui sobre la resta.<\/p>\n\n\n\n<div style=\"height:20px\" aria-hidden=\"true\" class=\"wp-block-spacer\"><\/div>\n\n\n\n<figure class=\"wp-block-image\"><img loading=\"lazy\" decoding=\"async\" width=\"1024\" height=\"768\" src=\"https:\/\/serralleriamarch.com\/wp-content\/uploads\/2019\/11\/retols-forja1-1024x768.jpg\" alt=\"\" class=\"wp-image-1734\" srcset=\"https:\/\/serralleriamarch.com\/wp-content\/uploads\/2019\/11\/retols-forja1.jpg 1024w, https:\/\/serralleriamarch.com\/wp-content\/uploads\/2019\/11\/retols-forja1-300x225.jpg 300w, https:\/\/serralleriamarch.com\/wp-content\/uploads\/2019\/11\/retols-forja1-768x576.jpg 768w\" sizes=\"(max-width: 1024px) 100vw, 1024px\" \/><\/figure>\n\n\n\n<figure class=\"wp-block-image\"><img loading=\"lazy\" decoding=\"async\" width=\"768\" height=\"1024\" src=\"https:\/\/serralleriamarch.com\/wp-content\/uploads\/2019\/11\/retols-forja2-768x1024.jpg\" alt=\"\" class=\"wp-image-1737\" srcset=\"https:\/\/serralleriamarch.com\/wp-content\/uploads\/2019\/11\/retols-forja2.jpg 768w, https:\/\/serralleriamarch.com\/wp-content\/uploads\/2019\/11\/retols-forja2-225x300.jpg 225w\" sizes=\"(max-width: 768px) 100vw, 768px\" \/><\/figure>\n\n\n\n<figure class=\"wp-block-image\"><img loading=\"lazy\" decoding=\"async\" width=\"1024\" height=\"768\" src=\"https:\/\/serralleriamarch.com\/wp-content\/uploads\/2019\/11\/retols-forja3-1024x768.jpg\" alt=\"\" class=\"wp-image-1740\" srcset=\"https:\/\/serralleriamarch.com\/wp-content\/uploads\/2019\/11\/retols-forja3.jpg 1024w, https:\/\/serralleriamarch.com\/wp-content\/uploads\/2019\/11\/retols-forja3-300x225.jpg 300w, https:\/\/serralleriamarch.com\/wp-content\/uploads\/2019\/11\/retols-forja3-768x576.jpg 768w\" sizes=\"(max-width: 1024px) 100vw, 1024px\" \/><\/figure>\n\n\n\n<figure class=\"wp-block-image\"><img loading=\"lazy\" decoding=\"async\" width=\"1024\" height=\"768\" src=\"https:\/\/serralleriamarch.com\/wp-content\/uploads\/2019\/11\/retols-forja4-1024x768.jpg\" alt=\"\" class=\"wp-image-1743\" srcset=\"https:\/\/serralleriamarch.com\/wp-content\/uploads\/2019\/11\/retols-forja4.jpg 1024w, https:\/\/serralleriamarch.com\/wp-content\/uploads\/2019\/11\/retols-forja4-300x225.jpg 300w, https:\/\/serralleriamarch.com\/wp-content\/uploads\/2019\/11\/retols-forja4-768x576.jpg 768w\" sizes=\"(max-width: 1024px) 100vw, 1024px\" \/><\/figure>\n\n\n\n<figure class=\"wp-block-image\"><img loading=\"lazy\" decoding=\"async\" width=\"1024\" height=\"768\" src=\"https:\/\/serralleriamarch.com\/wp-content\/uploads\/2019\/11\/retols-forja5-1024x768.jpg\" alt=\"\" class=\"wp-image-1746\" srcset=\"https:\/\/serralleriamarch.com\/wp-content\/uploads\/2019\/11\/retols-forja5.jpg 1024w, https:\/\/serralleriamarch.com\/wp-content\/uploads\/2019\/11\/retols-forja5-300x225.jpg 300w, https:\/\/serralleriamarch.com\/wp-content\/uploads\/2019\/11\/retols-forja5-768x576.jpg 768w\" sizes=\"(max-width: 1024px) 100vw, 1024px\" \/><\/figure>\n\n\n\n<figure class=\"wp-block-image\"><img loading=\"lazy\" decoding=\"async\" width=\"1024\" height=\"768\" src=\"https:\/\/serralleriamarch.com\/wp-content\/uploads\/2019\/11\/retols-forja6-1024x768.jpg\" alt=\"\" class=\"wp-image-1749\" srcset=\"https:\/\/serralleriamarch.com\/wp-content\/uploads\/2019\/11\/retols-forja6.jpg 1024w, https:\/\/serralleriamarch.com\/wp-content\/uploads\/2019\/11\/retols-forja6-300x225.jpg 300w, https:\/\/serralleriamarch.com\/wp-content\/uploads\/2019\/11\/retols-forja6-768x576.jpg 768w\" sizes=\"(max-width: 1024px) 100vw, 1024px\" \/><\/figure>\n\n\n\n<figure class=\"wp-block-image\"><img loading=\"lazy\" decoding=\"async\" width=\"1024\" height=\"768\" src=\"https:\/\/serralleriamarch.com\/wp-content\/uploads\/2019\/11\/retols-forja7-1-1024x768.jpg\" alt=\"\" class=\"wp-image-1755\" srcset=\"https:\/\/serralleriamarch.com\/wp-content\/uploads\/2019\/11\/retols-forja7-1.jpg 1024w, https:\/\/serralleriamarch.com\/wp-content\/uploads\/2019\/11\/retols-forja7-1-300x225.jpg 300w, https:\/\/serralleriamarch.com\/wp-content\/uploads\/2019\/11\/retols-forja7-1-768x576.jpg 768w\" sizes=\"(max-width: 1024px) 100vw, 1024px\" \/><\/figure>\n\n\n\n<figure class=\"wp-block-image\"><img loading=\"lazy\" decoding=\"async\" width=\"1024\" height=\"768\" src=\"https:\/\/serralleriamarch.com\/wp-content\/uploads\/2019\/11\/retols-forja8-1024x768.jpg\" alt=\"\" class=\"wp-image-1757\" srcset=\"https:\/\/serralleriamarch.com\/wp-content\/uploads\/2019\/11\/retols-forja8.jpg 1024w, https:\/\/serralleriamarch.com\/wp-content\/uploads\/2019\/11\/retols-forja8-300x225.jpg 300w, https:\/\/serralleriamarch.com\/wp-content\/uploads\/2019\/11\/retols-forja8-768x576.jpg 768w\" sizes=\"(max-width: 1024px) 100vw, 1024px\" \/><\/figure>\n\n\n\n<figure class=\"wp-block-image\"><img loading=\"lazy\" decoding=\"async\" width=\"1024\" height=\"768\" src=\"https:\/\/serralleriamarch.com\/wp-content\/uploads\/2019\/11\/retols-forja9-1024x768.jpg\" alt=\"\" class=\"wp-image-1761\" srcset=\"https:\/\/serralleriamarch.com\/wp-content\/uploads\/2019\/11\/retols-forja9.jpg 1024w, https:\/\/serralleriamarch.com\/wp-content\/uploads\/2019\/11\/retols-forja9-300x225.jpg 300w, https:\/\/serralleriamarch.com\/wp-content\/uploads\/2019\/11\/retols-forja9-768x576.jpg 768w\" sizes=\"(max-width: 1024px) 100vw, 1024px\" \/><\/figure>\n\n\n\n<figure class=\"wp-block-image\"><img loading=\"lazy\" decoding=\"async\" width=\"768\" height=\"1024\" src=\"https:\/\/serralleriamarch.com\/wp-content\/uploads\/2019\/11\/retols-forja10-768x1024.jpg\" alt=\"\" class=\"wp-image-1764\" srcset=\"https:\/\/serralleriamarch.com\/wp-content\/uploads\/2019\/11\/retols-forja10.jpg 768w, https:\/\/serralleriamarch.com\/wp-content\/uploads\/2019\/11\/retols-forja10-225x300.jpg 225w\" sizes=\"(max-width: 768px) 100vw, 768px\" \/><\/figure>\n\n\n\n<figure class=\"wp-block-image\"><img loading=\"lazy\" decoding=\"async\" width=\"768\" height=\"1024\" src=\"https:\/\/serralleriamarch.com\/wp-content\/uploads\/2019\/11\/retols-forja11-768x1024.jpg\" alt=\"\" class=\"wp-image-1765\" srcset=\"https:\/\/serralleriamarch.com\/wp-content\/uploads\/2019\/11\/retols-forja11.jpg 768w, https:\/\/serralleriamarch.com\/wp-content\/uploads\/2019\/11\/retols-forja11-225x300.jpg 225w\" sizes=\"(max-width: 768px) 100vw, 768px\" \/><\/figure>\n\n\n\n<figure class=\"wp-block-image\"><img loading=\"lazy\" decoding=\"async\" width=\"768\" height=\"1024\" src=\"https:\/\/serralleriamarch.com\/wp-content\/uploads\/2019\/11\/retols-forja12-768x1024.jpg\" alt=\"\" class=\"wp-image-1770\" srcset=\"https:\/\/serralleriamarch.com\/wp-content\/uploads\/2019\/11\/retols-forja12.jpg 768w, https:\/\/serralleriamarch.com\/wp-content\/uploads\/2019\/11\/retols-forja12-225x300.jpg 225w\" sizes=\"(max-width: 768px) 100vw, 768px\" \/><\/figure>\n\n\n\n<figure class=\"wp-block-image\"><img loading=\"lazy\" decoding=\"async\" width=\"768\" height=\"1024\" src=\"https:\/\/serralleriamarch.com\/wp-content\/uploads\/2019\/11\/retols-forja13-768x1024.jpg\" alt=\"\" class=\"wp-image-1773\" srcset=\"https:\/\/serralleriamarch.com\/wp-content\/uploads\/2019\/11\/retols-forja13.jpg 768w, https:\/\/serralleriamarch.com\/wp-content\/uploads\/2019\/11\/retols-forja13-225x300.jpg 225w\" sizes=\"(max-width: 768px) 100vw, 768px\" \/><\/figure>\n\n\n\n<figure class=\"wp-block-image\"><img loading=\"lazy\" decoding=\"async\" width=\"768\" height=\"1024\" src=\"https:\/\/serralleriamarch.com\/wp-content\/uploads\/2019\/11\/retols-forja14-768x1024.jpg\" alt=\"\" class=\"wp-image-1774\" srcset=\"https:\/\/serralleriamarch.com\/wp-content\/uploads\/2019\/11\/retols-forja14.jpg 768w, https:\/\/serralleriamarch.com\/wp-content\/uploads\/2019\/11\/retols-forja14-225x300.jpg 225w\" sizes=\"(max-width: 768px) 100vw, 768px\" \/><\/figure>\n\n\n\n<figure class=\"wp-block-image\"><img loading=\"lazy\" decoding=\"async\" width=\"768\" height=\"1024\" src=\"https:\/\/serralleriamarch.com\/wp-content\/uploads\/2019\/11\/retols-forja15-768x1024.jpg\" alt=\"\" class=\"wp-image-1778\" srcset=\"https:\/\/serralleriamarch.com\/wp-content\/uploads\/2019\/11\/retols-forja15.jpg 768w, https:\/\/serralleriamarch.com\/wp-content\/uploads\/2019\/11\/retols-forja15-225x300.jpg 225w\" sizes=\"(max-width: 768px) 100vw, 768px\" \/><\/figure>\n\n\n\n<figure class=\"wp-block-image\"><img loading=\"lazy\" decoding=\"async\" width=\"768\" height=\"1024\" src=\"https:\/\/serralleriamarch.com\/wp-content\/uploads\/2019\/11\/retols-forja16-768x1024.jpg\" alt=\"\" class=\"wp-image-1783\" srcset=\"https:\/\/serralleriamarch.com\/wp-content\/uploads\/2019\/11\/retols-forja16.jpg 768w, https:\/\/serralleriamarch.com\/wp-content\/uploads\/2019\/11\/retols-forja16-225x300.jpg 225w\" sizes=\"(max-width: 768px) 100vw, 768px\" \/><\/figure>\n\n\n\n<figure class=\"wp-block-image\"><img loading=\"lazy\" decoding=\"async\" width=\"768\" height=\"1024\" src=\"https:\/\/serralleriamarch.com\/wp-content\/uploads\/2019\/11\/retols-forja17-768x1024.jpg\" alt=\"\" class=\"wp-image-1782\" srcset=\"https:\/\/serralleriamarch.com\/wp-content\/uploads\/2019\/11\/retols-forja17.jpg 768w, https:\/\/serralleriamarch.com\/wp-content\/uploads\/2019\/11\/retols-forja17-225x300.jpg 225w\" sizes=\"(max-width: 768px) 100vw, 768px\" \/><\/figure>\n\n\n\n<figure class=\"wp-block-image\"><img loading=\"lazy\" decoding=\"async\" width=\"768\" height=\"1024\" src=\"https:\/\/serralleriamarch.com\/wp-content\/uploads\/2019\/11\/retols-forja18-768x1024.jpg\" alt=\"\" class=\"wp-image-1788\" srcset=\"https:\/\/serralleriamarch.com\/wp-content\/uploads\/2019\/11\/retols-forja18.jpg 768w, https:\/\/serralleriamarch.com\/wp-content\/uploads\/2019\/11\/retols-forja18-225x300.jpg 225w\" sizes=\"(max-width: 768px) 100vw, 768px\" \/><\/figure>\n\n\n\n<figure class=\"wp-block-image\"><img loading=\"lazy\" decoding=\"async\" width=\"1024\" height=\"587\" src=\"https:\/\/serralleriamarch.com\/wp-content\/uploads\/2019\/11\/retols-forja19-1024x587.jpg\" alt=\"\" class=\"wp-image-1791\" srcset=\"https:\/\/serralleriamarch.com\/wp-content\/uploads\/2019\/11\/retols-forja19.jpg 1024w, https:\/\/serralleriamarch.com\/wp-content\/uploads\/2019\/11\/retols-forja19-300x172.jpg 300w, https:\/\/serralleriamarch.com\/wp-content\/uploads\/2019\/11\/retols-forja19-768x440.jpg 768w\" sizes=\"(max-width: 1024px) 100vw, 1024px\" \/><\/figure>\n\n\n\n<p><\/p>\n","protected":false},"featured_media":1234,"template":"","yoast_head":"<!-- This site is optimized with the Yoast SEO plugin v23.0 - https:\/\/yoast.com\/wordpress\/plugins\/seo\/ -->\n<title>R\u00e8tols de forja - Serralleria March<\/title>\n<meta name=\"robots\" content=\"index, follow, max-snippet:-1, max-image-preview:large, max-video-preview:-1\" \/>\n<link rel=\"canonical\" href=\"https:\/\/serralleriamarch.com\/forja\/lletres-i-panells\/\" \/>\n<meta property=\"og:locale\" content=\"en_US\" \/>\n<meta property=\"og:type\" content=\"article\" \/>\n<meta property=\"og:title\" content=\"R\u00e8tols de forja - Serralleria March\" \/>\n<meta property=\"og:description\" content=\"Una primera impressi\u00f3 pot ser clau per ser recordat i mantenir-se present a la mem\u00f2ria del vianant. Disseny propis o sota les seves indicacions. R\u00e8tols, lletres, indicadors, panells, marcadors, tots ells amb personalitat, on hi farem ressaltar els seus trets diferencials. &nbsp;Reprodu\u00efm i reinterpretem s\u00edmbols, escuts familiars, noms i emblemes hist\u00f2rics. Propostes elegants i originals [&hellip;]\" \/>\n<meta property=\"og:url\" content=\"https:\/\/serralleriamarch.com\/forja\/lletres-i-panells\/\" \/>\n<meta property=\"og:site_name\" content=\"Serralleria March\" \/>\n<meta property=\"article:modified_time\" content=\"2024-03-28T19:03:02+00:00\" \/>\n<meta property=\"og:image\" content=\"https:\/\/serralleriamarch.com\/wp-content\/uploads\/2019\/08\/retol_forja.png\" \/>\n\t<meta property=\"og:image:width\" content=\"800\" \/>\n\t<meta property=\"og:image:height\" content=\"459\" \/>\n\t<meta property=\"og:image:type\" content=\"image\/png\" \/>\n<meta name=\"twitter:card\" content=\"summary_large_image\" \/>\n<meta name=\"twitter:label1\" content=\"Est. reading time\" \/>\n\t<meta name=\"twitter:data1\" content=\"5 minutes\" \/>\n<script type=\"application\/ld+json\" class=\"yoast-schema-graph\">{\"@context\":\"https:\/\/schema.org\",\"@graph\":[{\"@type\":\"WebPage\",\"@id\":\"https:\/\/serralleriamarch.com\/forja\/lletres-i-panells\/\",\"url\":\"https:\/\/serralleriamarch.com\/forja\/lletres-i-panells\/\",\"name\":\"R\u00e8tols de forja - Serralleria March\",\"isPartOf\":{\"@id\":\"https:\/\/serralleriamarch.com\/#website\"},\"primaryImageOfPage\":{\"@id\":\"https:\/\/serralleriamarch.com\/forja\/lletres-i-panells\/#primaryimage\"},\"image\":{\"@id\":\"https:\/\/serralleriamarch.com\/forja\/lletres-i-panells\/#primaryimage\"},\"thumbnailUrl\":\"https:\/\/serralleriamarch.com\/wp-content\/uploads\/2019\/08\/retol_forja.png\",\"datePublished\":\"2019-08-06T10:24:42+00:00\",\"dateModified\":\"2024-03-28T19:03:02+00:00\",\"breadcrumb\":{\"@id\":\"https:\/\/serralleriamarch.com\/forja\/lletres-i-panells\/#breadcrumb\"},\"inLanguage\":\"en-US\",\"potentialAction\":[{\"@type\":\"ReadAction\",\"target\":[\"https:\/\/serralleriamarch.com\/forja\/lletres-i-panells\/\"]}]},{\"@type\":\"ImageObject\",\"inLanguage\":\"en-US\",\"@id\":\"https:\/\/serralleriamarch.com\/forja\/lletres-i-panells\/#primaryimage\",\"url\":\"https:\/\/serralleriamarch.com\/wp-content\/uploads\/2019\/08\/retol_forja.png\",\"contentUrl\":\"https:\/\/serralleriamarch.com\/wp-content\/uploads\/2019\/08\/retol_forja.png\",\"width\":800,\"height\":459},{\"@type\":\"BreadcrumbList\",\"@id\":\"https:\/\/serralleriamarch.com\/forja\/lletres-i-panells\/#breadcrumb\",\"itemListElement\":[{\"@type\":\"ListItem\",\"position\":1,\"name\":\"Inici\",\"item\":\"https:\/\/serralleriamarch.com\/en\/\"},{\"@type\":\"ListItem\",\"position\":2,\"name\":\"Treballs de forja\",\"item\":\"https:\/\/serralleriamarch.com\/forja\/\"},{\"@type\":\"ListItem\",\"position\":3,\"name\":\"R\u00e8tols de forja\"}]},{\"@type\":\"WebSite\",\"@id\":\"https:\/\/serralleriamarch.com\/#website\",\"url\":\"https:\/\/serralleriamarch.com\/\",\"name\":\"Serralleria March\",\"description\":\"Taller artesanal de forja i escultura amb ferro\",\"potentialAction\":[{\"@type\":\"SearchAction\",\"target\":{\"@type\":\"EntryPoint\",\"urlTemplate\":\"https:\/\/serralleriamarch.com\/?s={search_term_string}\"},\"query-input\":\"required name=search_term_string\"}],\"inLanguage\":\"en-US\"}]}<\/script>\n<!-- \/ Yoast SEO plugin. -->","yoast_head_json":{"title":"R\u00e8tols de forja - Serralleria March","robots":{"index":"index","follow":"follow","max-snippet":"max-snippet:-1","max-image-preview":"max-image-preview:large","max-video-preview":"max-video-preview:-1"},"canonical":"https:\/\/serralleriamarch.com\/forja\/lletres-i-panells\/","og_locale":"en_US","og_type":"article","og_title":"R\u00e8tols de forja - Serralleria March","og_description":"Una primera impressi\u00f3 pot ser clau per ser recordat i mantenir-se present a la mem\u00f2ria del vianant. Disseny propis o sota les seves indicacions. R\u00e8tols, lletres, indicadors, panells, marcadors, tots ells amb personalitat, on hi farem ressaltar els seus trets diferencials. &nbsp;Reprodu\u00efm i reinterpretem s\u00edmbols, escuts familiars, noms i emblemes hist\u00f2rics. Propostes elegants i originals [&hellip;]","og_url":"https:\/\/serralleriamarch.com\/forja\/lletres-i-panells\/","og_site_name":"Serralleria March","article_modified_time":"2024-03-28T19:03:02+00:00","og_image":[{"width":800,"height":459,"url":"https:\/\/serralleriamarch.com\/wp-content\/uploads\/2019\/08\/retol_forja.png","type":"image\/png"}],"twitter_card":"summary_large_image","twitter_misc":{"Est. reading time":"5 minutes"},"schema":{"@context":"https:\/\/schema.org","@graph":[{"@type":"WebPage","@id":"https:\/\/serralleriamarch.com\/forja\/lletres-i-panells\/","url":"https:\/\/serralleriamarch.com\/forja\/lletres-i-panells\/","name":"R\u00e8tols de forja - Serralleria March","isPartOf":{"@id":"https:\/\/serralleriamarch.com\/#website"},"primaryImageOfPage":{"@id":"https:\/\/serralleriamarch.com\/forja\/lletres-i-panells\/#primaryimage"},"image":{"@id":"https:\/\/serralleriamarch.com\/forja\/lletres-i-panells\/#primaryimage"},"thumbnailUrl":"https:\/\/serralleriamarch.com\/wp-content\/uploads\/2019\/08\/retol_forja.png","datePublished":"2019-08-06T10:24:42+00:00","dateModified":"2024-03-28T19:03:02+00:00","breadcrumb":{"@id":"https:\/\/serralleriamarch.com\/forja\/lletres-i-panells\/#breadcrumb"},"inLanguage":"en-US","potentialAction":[{"@type":"ReadAction","target":["https:\/\/serralleriamarch.com\/forja\/lletres-i-panells\/"]}]},{"@type":"ImageObject","inLanguage":"en-US","@id":"https:\/\/serralleriamarch.com\/forja\/lletres-i-panells\/#primaryimage","url":"https:\/\/serralleriamarch.com\/wp-content\/uploads\/2019\/08\/retol_forja.png","contentUrl":"https:\/\/serralleriamarch.com\/wp-content\/uploads\/2019\/08\/retol_forja.png","width":800,"height":459},{"@type":"BreadcrumbList","@id":"https:\/\/serralleriamarch.com\/forja\/lletres-i-panells\/#breadcrumb","itemListElement":[{"@type":"ListItem","position":1,"name":"Inici","item":"https:\/\/serralleriamarch.com\/en\/"},{"@type":"ListItem","position":2,"name":"Treballs de forja","item":"https:\/\/serralleriamarch.com\/forja\/"},{"@type":"ListItem","position":3,"name":"R\u00e8tols de forja"}]},{"@type":"WebSite","@id":"https:\/\/serralleriamarch.com\/#website","url":"https:\/\/serralleriamarch.com\/","name":"Serralleria March","description":"Taller artesanal de forja i escultura amb ferro","potentialAction":[{"@type":"SearchAction","target":{"@type":"EntryPoint","urlTemplate":"https:\/\/serralleriamarch.com\/?s={search_term_string}"},"query-input":"required name=search_term_string"}],"inLanguage":"en-US"}]}},"_links":{"self":[{"href":"https:\/\/serralleriamarch.com\/en\/wp-json\/wp\/v2\/forja\/171"}],"collection":[{"href":"https:\/\/serralleriamarch.com\/en\/wp-json\/wp\/v2\/forja"}],"about":[{"href":"https:\/\/serralleriamarch.com\/en\/wp-json\/wp\/v2\/types\/forja"}],"version-history":[{"count":5,"href":"https:\/\/serralleriamarch.com\/en\/wp-json\/wp\/v2\/forja\/171\/revisions"}],"predecessor-version":[{"id":2040,"href":"https:\/\/serralleriamarch.com\/en\/wp-json\/wp\/v2\/forja\/171\/revisions\/2040"}],"wp:featuredmedia":[{"embeddable":true,"href":"https:\/\/serralleriamarch.com\/en\/wp-json\/wp\/v2\/media\/1234"}],"wp:attachment":[{"href":"https:\/\/serralleriamarch.com\/en\/wp-json\/wp\/v2\/media?parent=171"}],"curies":[{"name":"wp","href":"https:\/\/api.w.org\/{rel}","templated":true}]}}