{"id":419,"date":"2019-09-27T13:07:12","date_gmt":"2019-09-27T11:07:12","guid":{"rendered":"http:\/\/serralleriamarch.com\/?post_type=forja&#038;p=419"},"modified":"2024-03-28T19:14:35","modified_gmt":"2024-03-28T17:14:35","slug":"portes-de-ferro-forjat","status":"publish","type":"forja","link":"https:\/\/serralleriamarch.com\/en\/forja\/portes-de-ferro-forjat\/","title":{"rendered":"Portes de ferro forjat"},"content":{"rendered":"\n<h2 class=\"wp-block-heading\">El cancells, \u00e9s l\u2019acc\u00e9s el nostre temple i ens resguarda&nbsp; de l&#8217;exterior. <\/h2>\n\n\n\n<h2 class=\"wp-block-heading\">Infranquejables i segurs, s\u00f3n la defensa i la nostre tranquil\u00b7litat.&nbsp;<\/h2>\n\n\n\n<p>Dissenyem i projectem qualsevol tipus de cancells i portes. Ens adaptem a tots els formats de portes i per tots els espais. Busquem solucions \u00f2ptimes sempre a la m\u00e0 de l&#8217;est\u00e8tica i l&#8217;eleg\u00e0ncia.<\/p>\n\n\n\n<p>Potes reixades totes de ferro, portes combinades amb vidre de seguretat i tiradors o nanses forjades o portes de fusta amb ferratges i element decoratiu com cabotes, tiradors, picadors, b\u00fasties de correu, escuts de pany, nanses, poms i manetes, etc.&nbsp;<\/p>\n\n\n\n<p>Totes les combinacions possibles, d\u2019una o m\u00e9s fulles, amb polseres, tarja. plegables, batents i corredores. combinades amb vidrieres o fusteria, preparades amb molla i tancador el\u00e8ctric.<\/p>\n\n\n\n<p class=\"has-text-align-center\">Dissenys d\u2019estil propis i exclusius, totalment personalitzats.<\/p>\n\n\n\n<p><\/p>\n\n\n\n<div style=\"height:50px\" aria-hidden=\"true\" class=\"wp-block-spacer\"><\/div>\n\n\n\n<figure class=\"wp-block-gallery has-nested-images columns-default is-cropped wp-block-gallery-1 is-layout-flex wp-block-gallery-is-layout-flex\">\n<figure class=\"wp-block-image\"><img loading=\"lazy\" decoding=\"async\" width=\"768\" height=\"1024\" data-id=\"421\" src=\"https:\/\/serralleriamarch.com\/wp-content\/uploads\/2019\/09\/puertas_forja25-768x1024.jpg\" alt=\"\" class=\"wp-image-421\" srcset=\"https:\/\/serralleriamarch.com\/wp-content\/uploads\/2019\/09\/puertas_forja25.jpg 768w, https:\/\/serralleriamarch.com\/wp-content\/uploads\/2019\/09\/puertas_forja25-225x300.jpg 225w\" sizes=\"(max-width: 768px) 100vw, 768px\" \/><figcaption>Cancell amb reixa i ferro forjat<\/figcaption><\/figure>\n\n\n\n<figure class=\"wp-block-image\"><img loading=\"lazy\" decoding=\"async\" width=\"685\" height=\"1024\" data-id=\"424\" src=\"https:\/\/serralleriamarch.com\/wp-content\/uploads\/2019\/09\/puertas_forja26-685x1024.jpg\" alt=\"\" class=\"wp-image-424\" srcset=\"https:\/\/serralleriamarch.com\/wp-content\/uploads\/2019\/09\/puertas_forja26.jpg 685w, https:\/\/serralleriamarch.com\/wp-content\/uploads\/2019\/09\/puertas_forja26-201x300.jpg 201w\" sizes=\"(max-width: 685px) 100vw, 685px\" \/><figcaption>Cancell de ferro forja, modernitat i seguretat<\/figcaption><\/figure>\n<\/figure>\n\n\n\n<figure class=\"wp-block-image\"><img loading=\"lazy\" decoding=\"async\" width=\"1024\" height=\"768\" src=\"https:\/\/serralleriamarch.com\/wp-content\/uploads\/2019\/09\/puertas_forja24-1024x768.jpg\" alt=\"\" class=\"wp-image-427\" srcset=\"https:\/\/serralleriamarch.com\/wp-content\/uploads\/2019\/09\/puertas_forja24.jpg 1024w, https:\/\/serralleriamarch.com\/wp-content\/uploads\/2019\/09\/puertas_forja24-300x225.jpg 300w, https:\/\/serralleriamarch.com\/wp-content\/uploads\/2019\/09\/puertas_forja24-768x576.jpg 768w\" sizes=\"(max-width: 1024px) 100vw, 1024px\" \/><figcaption>Reixes de forja d&#8217;estil modern pel vidre de la porta de pas i del garatge<\/figcaption><\/figure>\n\n\n\n<figure class=\"wp-block-image\"><img loading=\"lazy\" decoding=\"async\" width=\"768\" height=\"1024\" src=\"https:\/\/serralleriamarch.com\/wp-content\/uploads\/2019\/09\/puertas_forja23-768x1024.jpg\" alt=\"\" class=\"wp-image-430\" srcset=\"https:\/\/serralleriamarch.com\/wp-content\/uploads\/2019\/09\/puertas_forja23.jpg 768w, https:\/\/serralleriamarch.com\/wp-content\/uploads\/2019\/09\/puertas_forja23-225x300.jpg 225w\" sizes=\"(max-width: 768px) 100vw, 768px\" \/><figcaption>Cancell d&#8217;entrada amb reixa de seguretat forjada d&#8217;estil propi amb elements decoratius de forja i metalls<\/figcaption><\/figure>\n\n\n\n<figure class=\"wp-block-image\"><img loading=\"lazy\" decoding=\"async\" width=\"1024\" height=\"768\" src=\"https:\/\/serralleriamarch.com\/wp-content\/uploads\/2019\/09\/puertas_forja22-1024x768.jpg\" alt=\"\" class=\"wp-image-433\" srcset=\"https:\/\/serralleriamarch.com\/wp-content\/uploads\/2019\/09\/puertas_forja22.jpg 1024w, https:\/\/serralleriamarch.com\/wp-content\/uploads\/2019\/09\/puertas_forja22-300x225.jpg 300w, https:\/\/serralleriamarch.com\/wp-content\/uploads\/2019\/09\/puertas_forja22-768x576.jpg 768w\" sizes=\"(max-width: 1024px) 100vw, 1024px\" \/><figcaption>Porta reixada i vidre acompanyada d&#8217;aplic de paret i banc de fusta<\/figcaption><\/figure>\n\n\n\n<figure class=\"wp-block-image\"><img loading=\"lazy\" decoding=\"async\" width=\"768\" height=\"1024\" src=\"https:\/\/serralleriamarch.com\/wp-content\/uploads\/2019\/09\/puertas_forja21-768x1024.jpg\" alt=\"\" class=\"wp-image-436\" srcset=\"https:\/\/serralleriamarch.com\/wp-content\/uploads\/2019\/09\/puertas_forja21.jpg 768w, https:\/\/serralleriamarch.com\/wp-content\/uploads\/2019\/09\/puertas_forja21-225x300.jpg 225w\" sizes=\"(max-width: 768px) 100vw, 768px\" \/><figcaption>Cancell de seguretat exterior reixat<\/figcaption><\/figure>\n\n\n\n<figure class=\"wp-block-gallery has-nested-images columns-default is-cropped wp-block-gallery-2 is-layout-flex wp-block-gallery-is-layout-flex\">\n<figure class=\"wp-block-image\"><img loading=\"lazy\" decoding=\"async\" width=\"685\" height=\"1024\" data-id=\"439\" src=\"https:\/\/serralleriamarch.com\/wp-content\/uploads\/2019\/09\/puertas_forja18-685x1024.jpg\" alt=\"\" class=\"wp-image-439\" srcset=\"https:\/\/serralleriamarch.com\/wp-content\/uploads\/2019\/09\/puertas_forja18.jpg 685w, https:\/\/serralleriamarch.com\/wp-content\/uploads\/2019\/09\/puertas_forja18-201x300.jpg 201w\" sizes=\"(max-width: 685px) 100vw, 685px\" \/><figcaption>Porta amb reixa de forja<\/figcaption><\/figure>\n\n\n\n<figure class=\"wp-block-image\"><img loading=\"lazy\" decoding=\"async\" width=\"768\" height=\"1024\" data-id=\"442\" src=\"https:\/\/serralleriamarch.com\/wp-content\/uploads\/2019\/09\/puertas_forja19-768x1024.jpg\" alt=\"\" class=\"wp-image-442\" srcset=\"https:\/\/serralleriamarch.com\/wp-content\/uploads\/2019\/09\/puertas_forja19.jpg 768w, https:\/\/serralleriamarch.com\/wp-content\/uploads\/2019\/09\/puertas_forja19-225x300.jpg 225w\" sizes=\"(max-width: 768px) 100vw, 768px\" \/><figcaption>Cancell reixat<\/figcaption><\/figure>\n\n\n\n<figure class=\"wp-block-image\"><img loading=\"lazy\" decoding=\"async\" width=\"768\" height=\"1024\" data-id=\"445\" src=\"https:\/\/serralleriamarch.com\/wp-content\/uploads\/2019\/09\/puertas_forja20-768x1024.jpg\" alt=\"\" class=\"wp-image-445\" srcset=\"https:\/\/serralleriamarch.com\/wp-content\/uploads\/2019\/09\/puertas_forja20.jpg 768w, https:\/\/serralleriamarch.com\/wp-content\/uploads\/2019\/09\/puertas_forja20-225x300.jpg 225w\" sizes=\"(max-width: 768px) 100vw, 768px\" \/><figcaption>Porta reixada de ferro forjat<\/figcaption><\/figure>\n<\/figure>\n\n\n\n<figure class=\"wp-block-image\"><img loading=\"lazy\" decoding=\"async\" width=\"1024\" height=\"768\" src=\"https:\/\/serralleriamarch.com\/wp-content\/uploads\/2019\/09\/puertas_forja16-1024x768.jpg\" alt=\"\" class=\"wp-image-448\" srcset=\"https:\/\/serralleriamarch.com\/wp-content\/uploads\/2019\/09\/puertas_forja16.jpg 1024w, https:\/\/serralleriamarch.com\/wp-content\/uploads\/2019\/09\/puertas_forja16-300x225.jpg 300w, https:\/\/serralleriamarch.com\/wp-content\/uploads\/2019\/09\/puertas_forja16-768x576.jpg 768w\" sizes=\"(max-width: 1024px) 100vw, 1024px\" \/><figcaption>Conjunt de ferro forjat i vidre d&#8217;aspecte modern i segur<\/figcaption><\/figure>\n\n\n\n<figure class=\"wp-block-gallery has-nested-images columns-default is-cropped wp-block-gallery-3 is-layout-flex wp-block-gallery-is-layout-flex\">\n<figure class=\"wp-block-image\"><img loading=\"lazy\" decoding=\"async\" width=\"768\" height=\"1024\" data-id=\"451\" src=\"https:\/\/serralleriamarch.com\/wp-content\/uploads\/2019\/09\/puertas_forja14-768x1024.jpg\" alt=\"\" class=\"wp-image-451\" srcset=\"https:\/\/serralleriamarch.com\/wp-content\/uploads\/2019\/09\/puertas_forja14.jpg 768w, https:\/\/serralleriamarch.com\/wp-content\/uploads\/2019\/09\/puertas_forja14-225x300.jpg 225w\" sizes=\"(max-width: 768px) 100vw, 768px\" \/><figcaption>Tirador de ferro forjat per porta de fusta<\/figcaption><\/figure>\n\n\n\n<figure class=\"wp-block-image\"><img loading=\"lazy\" decoding=\"async\" width=\"768\" height=\"1024\" data-id=\"454\" src=\"https:\/\/serralleriamarch.com\/wp-content\/uploads\/2019\/09\/puertas_forja17-768x1024.jpg\" alt=\"\" class=\"wp-image-454\" srcset=\"https:\/\/serralleriamarch.com\/wp-content\/uploads\/2019\/09\/puertas_forja17.jpg 768w, https:\/\/serralleriamarch.com\/wp-content\/uploads\/2019\/09\/puertas_forja17-225x300.jpg 225w\" sizes=\"(max-width: 768px) 100vw, 768px\" \/><figcaption>Nansa decorativa de ferro forjat per porta de fusta<\/figcaption><\/figure>\n<\/figure>\n\n\n\n<figure class=\"wp-block-image\"><img loading=\"lazy\" decoding=\"async\" width=\"768\" height=\"1024\" src=\"https:\/\/serralleriamarch.com\/wp-content\/uploads\/2019\/09\/puertas_forja15-768x1024.jpg\" alt=\"\" class=\"wp-image-457\" srcset=\"https:\/\/serralleriamarch.com\/wp-content\/uploads\/2019\/09\/puertas_forja15.jpg 768w, https:\/\/serralleriamarch.com\/wp-content\/uploads\/2019\/09\/puertas_forja15-225x300.jpg 225w\" sizes=\"(max-width: 768px) 100vw, 768px\" \/><figcaption>Port amb reixa de forja<\/figcaption><\/figure>\n\n\n\n<figure class=\"wp-block-gallery has-nested-images columns-default is-cropped wp-block-gallery-4 is-layout-flex wp-block-gallery-is-layout-flex\">\n<figure class=\"wp-block-image\"><img loading=\"lazy\" decoding=\"async\" width=\"768\" height=\"1024\" data-id=\"460\" src=\"https:\/\/serralleriamarch.com\/wp-content\/uploads\/2019\/09\/puertas_forja12-768x1024.jpg\" alt=\"\" class=\"wp-image-460\" srcset=\"https:\/\/serralleriamarch.com\/wp-content\/uploads\/2019\/09\/puertas_forja12.jpg 768w, https:\/\/serralleriamarch.com\/wp-content\/uploads\/2019\/09\/puertas_forja12-225x300.jpg 225w\" sizes=\"(max-width: 768px) 100vw, 768px\" \/><figcaption>Porta de ferro forjat i reixa de defensa<\/figcaption><\/figure>\n\n\n\n<figure class=\"wp-block-image\"><img loading=\"lazy\" decoding=\"async\" width=\"768\" height=\"1024\" data-id=\"463\" src=\"https:\/\/serralleriamarch.com\/wp-content\/uploads\/2019\/09\/puertas_forja13-768x1024.jpg\" alt=\"\" class=\"wp-image-463\" srcset=\"https:\/\/serralleriamarch.com\/wp-content\/uploads\/2019\/09\/puertas_forja13.jpg 768w, https:\/\/serralleriamarch.com\/wp-content\/uploads\/2019\/09\/puertas_forja13-225x300.jpg 225w\" sizes=\"(max-width: 768px) 100vw, 768px\" \/><figcaption>Porta senzilla de forja amb un tirador decoratiu tipus vegetal<\/figcaption><\/figure>\n<\/figure>\n\n\n\n<figure class=\"wp-block-gallery has-nested-images columns-default is-cropped wp-block-gallery-5 is-layout-flex wp-block-gallery-is-layout-flex\">\n<figure class=\"wp-block-image\"><img loading=\"lazy\" decoding=\"async\" width=\"768\" height=\"1024\" data-id=\"466\" src=\"https:\/\/serralleriamarch.com\/wp-content\/uploads\/2019\/09\/puertas_forja10-768x1024.jpg\" alt=\"\" class=\"wp-image-466\" srcset=\"https:\/\/serralleriamarch.com\/wp-content\/uploads\/2019\/09\/puertas_forja10.jpg 768w, https:\/\/serralleriamarch.com\/wp-content\/uploads\/2019\/09\/puertas_forja10-225x300.jpg 225w\" sizes=\"(max-width: 768px) 100vw, 768px\" \/><figcaption>Cancell d&#8217;entrada amb disseny de motius vegetals<\/figcaption><\/figure>\n\n\n\n<figure class=\"wp-block-image\"><img loading=\"lazy\" decoding=\"async\" width=\"768\" height=\"1024\" data-id=\"469\" src=\"https:\/\/serralleriamarch.com\/wp-content\/uploads\/2019\/09\/puertas_forja11-768x1024.jpg\" alt=\"\" class=\"wp-image-469\" srcset=\"https:\/\/serralleriamarch.com\/wp-content\/uploads\/2019\/09\/puertas_forja11.jpg 768w, https:\/\/serralleriamarch.com\/wp-content\/uploads\/2019\/09\/puertas_forja11-225x300.jpg 225w\" sizes=\"(max-width: 768px) 100vw, 768px\" \/><figcaption>Cancell de forja amb tirador de formes org\u00e0niques<\/figcaption><\/figure>\n<\/figure>\n\n\n\n<figure class=\"wp-block-gallery has-nested-images columns-default is-cropped wp-block-gallery-6 is-layout-flex wp-block-gallery-is-layout-flex\">\n<figure class=\"wp-block-image\"><img loading=\"lazy\" decoding=\"async\" width=\"768\" height=\"1024\" data-id=\"472\" src=\"https:\/\/serralleriamarch.com\/wp-content\/uploads\/2019\/09\/puertas_forja8-768x1024.jpg\" alt=\"\" class=\"wp-image-472\" srcset=\"https:\/\/serralleriamarch.com\/wp-content\/uploads\/2019\/09\/puertas_forja8.jpg 768w, https:\/\/serralleriamarch.com\/wp-content\/uploads\/2019\/09\/puertas_forja8-225x300.jpg 225w\" sizes=\"(max-width: 768px) 100vw, 768px\" \/><figcaption>Cancell de reixa forjada tipus modernista<\/figcaption><\/figure>\n\n\n\n<figure class=\"wp-block-image\"><img loading=\"lazy\" decoding=\"async\" width=\"768\" height=\"1024\" data-id=\"475\" src=\"https:\/\/serralleriamarch.com\/wp-content\/uploads\/2019\/09\/puertas_forja9-768x1024.jpg\" alt=\"\" class=\"wp-image-475\" srcset=\"https:\/\/serralleriamarch.com\/wp-content\/uploads\/2019\/09\/puertas_forja9.jpg 768w, https:\/\/serralleriamarch.com\/wp-content\/uploads\/2019\/09\/puertas_forja9-225x300.jpg 225w\" sizes=\"(max-width: 768px) 100vw, 768px\" \/><figcaption>Cancell amb tirador de ferro forjat<\/figcaption><\/figure>\n<\/figure>\n\n\n\n<figure class=\"wp-block-gallery has-nested-images columns-default is-cropped wp-block-gallery-7 is-layout-flex wp-block-gallery-is-layout-flex\">\n<figure class=\"wp-block-image\"><img loading=\"lazy\" decoding=\"async\" width=\"768\" height=\"1024\" data-id=\"478\" src=\"https:\/\/serralleriamarch.com\/wp-content\/uploads\/2019\/09\/puertas_forja1-768x1024.jpg\" alt=\"\" class=\"wp-image-478\" srcset=\"https:\/\/serralleriamarch.com\/wp-content\/uploads\/2019\/09\/puertas_forja1.jpg 768w, https:\/\/serralleriamarch.com\/wp-content\/uploads\/2019\/09\/puertas_forja1-225x300.jpg 225w\" sizes=\"(max-width: 768px) 100vw, 768px\" \/><figcaption>Cancell de forja renaixentista<\/figcaption><\/figure>\n\n\n\n<figure class=\"wp-block-image\"><img loading=\"lazy\" decoding=\"async\" width=\"768\" height=\"1024\" data-id=\"481\" src=\"https:\/\/serralleriamarch.com\/wp-content\/uploads\/2019\/09\/puertas_forja7-768x1024.jpg\" alt=\"\" class=\"wp-image-481\" srcset=\"https:\/\/serralleriamarch.com\/wp-content\/uploads\/2019\/09\/puertas_forja7.jpg 768w, https:\/\/serralleriamarch.com\/wp-content\/uploads\/2019\/09\/puertas_forja7-225x300.jpg 225w\" sizes=\"(max-width: 768px) 100vw, 768px\" \/><figcaption>Porta de ferro est\u00e8tica modernista<\/figcaption><\/figure>\n<\/figure>\n\n\n\n<figure class=\"wp-block-image\"><img loading=\"lazy\" decoding=\"async\" width=\"1024\" height=\"768\" src=\"https:\/\/serralleriamarch.com\/wp-content\/uploads\/2019\/09\/puertas_forja6-1024x768.jpg\" alt=\"\" class=\"wp-image-484\" srcset=\"https:\/\/serralleriamarch.com\/wp-content\/uploads\/2019\/09\/puertas_forja6.jpg 1024w, https:\/\/serralleriamarch.com\/wp-content\/uploads\/2019\/09\/puertas_forja6-300x225.jpg 300w, https:\/\/serralleriamarch.com\/wp-content\/uploads\/2019\/09\/puertas_forja6-768x576.jpg 768w\" sizes=\"(max-width: 1024px) 100vw, 1024px\" \/><\/figure>\n\n\n\n<figure class=\"wp-block-gallery has-nested-images columns-default is-cropped wp-block-gallery-8 is-layout-flex wp-block-gallery-is-layout-flex\">\n<figure class=\"wp-block-image\"><img loading=\"lazy\" decoding=\"async\" width=\"768\" height=\"1024\" data-id=\"487\" src=\"https:\/\/serralleriamarch.com\/wp-content\/uploads\/2019\/09\/puertas_forja2-768x1024.jpg\" alt=\"\" class=\"wp-image-487\" srcset=\"https:\/\/serralleriamarch.com\/wp-content\/uploads\/2019\/09\/puertas_forja2.jpg 768w, https:\/\/serralleriamarch.com\/wp-content\/uploads\/2019\/09\/puertas_forja2-225x300.jpg 225w\" sizes=\"(max-width: 768px) 100vw, 768px\" \/><figcaption>Disseny art\u00edstic per cancell de ferro<\/figcaption><\/figure>\n\n\n\n<figure class=\"wp-block-image\"><img loading=\"lazy\" decoding=\"async\" width=\"768\" height=\"1024\" data-id=\"490\" src=\"https:\/\/serralleriamarch.com\/wp-content\/uploads\/2019\/09\/puertas_forja3-768x1024.jpg\" alt=\"\" class=\"wp-image-490\" srcset=\"https:\/\/serralleriamarch.com\/wp-content\/uploads\/2019\/09\/puertas_forja3.jpg 768w, https:\/\/serralleriamarch.com\/wp-content\/uploads\/2019\/09\/puertas_forja3-225x300.jpg 225w\" sizes=\"(max-width: 768px) 100vw, 768px\" \/><figcaption>Cancell de ferro forjat i vidre <\/figcaption><\/figure>\n<\/figure>\n\n\n\n<figure class=\"wp-block-image\"><img loading=\"lazy\" decoding=\"async\" width=\"1024\" height=\"768\" src=\"https:\/\/serralleriamarch.com\/wp-content\/uploads\/2019\/09\/puertas_forja5-1024x768.jpg\" alt=\"\" class=\"wp-image-493\" srcset=\"https:\/\/serralleriamarch.com\/wp-content\/uploads\/2019\/09\/puertas_forja5.jpg 1024w, https:\/\/serralleriamarch.com\/wp-content\/uploads\/2019\/09\/puertas_forja5-300x225.jpg 300w, https:\/\/serralleriamarch.com\/wp-content\/uploads\/2019\/09\/puertas_forja5-768x576.jpg 768w\" sizes=\"(max-width: 1024px) 100vw, 1024px\" \/><figcaption>Reixes decoratives de ferro forjat d&#8217;estil g\u00f2tic catal\u00e0 per porta de fusta<\/figcaption><\/figure>\n\n\n\n<figure class=\"wp-block-image\"><img loading=\"lazy\" decoding=\"async\" width=\"768\" height=\"1024\" src=\"https:\/\/serralleriamarch.com\/wp-content\/uploads\/2019\/09\/puertas_forja4-768x1024.jpg\" alt=\"\" class=\"wp-image-496\" srcset=\"https:\/\/serralleriamarch.com\/wp-content\/uploads\/2019\/09\/puertas_forja4.jpg 768w, https:\/\/serralleriamarch.com\/wp-content\/uploads\/2019\/09\/puertas_forja4-225x300.jpg 225w\" sizes=\"(max-width: 768px) 100vw, 768px\" \/><\/figure>\n\n\n\n<p>Porta de forja amb deixa d&#8217;estil rom\u00e0nic pirinenc catal\u00e0<\/p>\n","protected":false},"featured_media":1221,"template":"","yoast_head":"<!-- This site is optimized with the Yoast SEO plugin v23.0 - https:\/\/yoast.com\/wordpress\/plugins\/seo\/ -->\n<title>Portes de ferro forjat - Serralleria March<\/title>\n<meta name=\"description\" content=\"Disseny de portes de ferro forjat i cancells reixats. Les portes de forja aporten seguretat a qualsevol espai, a m\u00e9s d\u2019aportar estil.\" \/>\n<meta name=\"robots\" content=\"index, follow, max-snippet:-1, max-image-preview:large, max-video-preview:-1\" \/>\n<link rel=\"canonical\" href=\"https:\/\/serralleriamarch.com\/forja\/portes-de-ferro-forjat\/\" \/>\n<meta property=\"og:locale\" content=\"en_US\" \/>\n<meta property=\"og:type\" content=\"article\" \/>\n<meta property=\"og:title\" content=\"Portes de ferro forjat - Serralleria March\" \/>\n<meta property=\"og:description\" content=\"Disseny de portes de ferro forjat i cancells reixats. Les portes de forja aporten seguretat a qualsevol espai, a m\u00e9s d\u2019aportar estil.\" \/>\n<meta property=\"og:url\" content=\"https:\/\/serralleriamarch.com\/forja\/portes-de-ferro-forjat\/\" \/>\n<meta property=\"og:site_name\" content=\"Serralleria March\" \/>\n<meta property=\"article:modified_time\" content=\"2024-03-28T17:14:35+00:00\" \/>\n<meta property=\"og:image\" content=\"https:\/\/serralleriamarch.com\/wp-content\/uploads\/2019\/09\/porta_forja.png\" \/>\n\t<meta property=\"og:image:width\" content=\"600\" \/>\n\t<meta property=\"og:image:height\" content=\"1037\" \/>\n\t<meta property=\"og:image:type\" content=\"image\/png\" \/>\n<meta name=\"twitter:card\" content=\"summary_large_image\" \/>\n<meta name=\"twitter:label1\" content=\"Est. reading time\" \/>\n\t<meta name=\"twitter:data1\" content=\"7 minutes\" \/>\n<script type=\"application\/ld+json\" class=\"yoast-schema-graph\">{\"@context\":\"https:\/\/schema.org\",\"@graph\":[{\"@type\":\"WebPage\",\"@id\":\"https:\/\/serralleriamarch.com\/forja\/portes-de-ferro-forjat\/\",\"url\":\"https:\/\/serralleriamarch.com\/forja\/portes-de-ferro-forjat\/\",\"name\":\"Portes de ferro forjat - Serralleria March\",\"isPartOf\":{\"@id\":\"https:\/\/serralleriamarch.com\/#website\"},\"primaryImageOfPage\":{\"@id\":\"https:\/\/serralleriamarch.com\/forja\/portes-de-ferro-forjat\/#primaryimage\"},\"image\":{\"@id\":\"https:\/\/serralleriamarch.com\/forja\/portes-de-ferro-forjat\/#primaryimage\"},\"thumbnailUrl\":\"https:\/\/serralleriamarch.com\/wp-content\/uploads\/2019\/09\/porta_forja.png\",\"datePublished\":\"2019-09-27T11:07:12+00:00\",\"dateModified\":\"2024-03-28T17:14:35+00:00\",\"description\":\"Disseny de portes de ferro forjat i cancells reixats. Les portes de forja aporten seguretat a qualsevol espai, a m\u00e9s d\u2019aportar estil.\",\"breadcrumb\":{\"@id\":\"https:\/\/serralleriamarch.com\/forja\/portes-de-ferro-forjat\/#breadcrumb\"},\"inLanguage\":\"en-US\",\"potentialAction\":[{\"@type\":\"ReadAction\",\"target\":[\"https:\/\/serralleriamarch.com\/forja\/portes-de-ferro-forjat\/\"]}]},{\"@type\":\"ImageObject\",\"inLanguage\":\"en-US\",\"@id\":\"https:\/\/serralleriamarch.com\/forja\/portes-de-ferro-forjat\/#primaryimage\",\"url\":\"https:\/\/serralleriamarch.com\/wp-content\/uploads\/2019\/09\/porta_forja.png\",\"contentUrl\":\"https:\/\/serralleriamarch.com\/wp-content\/uploads\/2019\/09\/porta_forja.png\",\"width\":600,\"height\":1037},{\"@type\":\"BreadcrumbList\",\"@id\":\"https:\/\/serralleriamarch.com\/forja\/portes-de-ferro-forjat\/#breadcrumb\",\"itemListElement\":[{\"@type\":\"ListItem\",\"position\":1,\"name\":\"Inici\",\"item\":\"https:\/\/serralleriamarch.com\/en\/\"},{\"@type\":\"ListItem\",\"position\":2,\"name\":\"Treballs de forja\",\"item\":\"https:\/\/serralleriamarch.com\/forja\/\"},{\"@type\":\"ListItem\",\"position\":3,\"name\":\"Portes de ferro forjat\"}]},{\"@type\":\"WebSite\",\"@id\":\"https:\/\/serralleriamarch.com\/#website\",\"url\":\"https:\/\/serralleriamarch.com\/\",\"name\":\"Serralleria March\",\"description\":\"Taller artesanal de forja i escultura amb ferro\",\"potentialAction\":[{\"@type\":\"SearchAction\",\"target\":{\"@type\":\"EntryPoint\",\"urlTemplate\":\"https:\/\/serralleriamarch.com\/?s={search_term_string}\"},\"query-input\":\"required name=search_term_string\"}],\"inLanguage\":\"en-US\"}]}<\/script>\n<!-- \/ Yoast SEO plugin. -->","yoast_head_json":{"title":"Portes de ferro forjat - Serralleria March","description":"Disseny de portes de ferro forjat i cancells reixats. Les portes de forja aporten seguretat a qualsevol espai, a m\u00e9s d\u2019aportar estil.","robots":{"index":"index","follow":"follow","max-snippet":"max-snippet:-1","max-image-preview":"max-image-preview:large","max-video-preview":"max-video-preview:-1"},"canonical":"https:\/\/serralleriamarch.com\/forja\/portes-de-ferro-forjat\/","og_locale":"en_US","og_type":"article","og_title":"Portes de ferro forjat - Serralleria March","og_description":"Disseny de portes de ferro forjat i cancells reixats. Les portes de forja aporten seguretat a qualsevol espai, a m\u00e9s d\u2019aportar estil.","og_url":"https:\/\/serralleriamarch.com\/forja\/portes-de-ferro-forjat\/","og_site_name":"Serralleria March","article_modified_time":"2024-03-28T17:14:35+00:00","og_image":[{"width":600,"height":1037,"url":"https:\/\/serralleriamarch.com\/wp-content\/uploads\/2019\/09\/porta_forja.png","type":"image\/png"}],"twitter_card":"summary_large_image","twitter_misc":{"Est. reading time":"7 minutes"},"schema":{"@context":"https:\/\/schema.org","@graph":[{"@type":"WebPage","@id":"https:\/\/serralleriamarch.com\/forja\/portes-de-ferro-forjat\/","url":"https:\/\/serralleriamarch.com\/forja\/portes-de-ferro-forjat\/","name":"Portes de ferro forjat - Serralleria March","isPartOf":{"@id":"https:\/\/serralleriamarch.com\/#website"},"primaryImageOfPage":{"@id":"https:\/\/serralleriamarch.com\/forja\/portes-de-ferro-forjat\/#primaryimage"},"image":{"@id":"https:\/\/serralleriamarch.com\/forja\/portes-de-ferro-forjat\/#primaryimage"},"thumbnailUrl":"https:\/\/serralleriamarch.com\/wp-content\/uploads\/2019\/09\/porta_forja.png","datePublished":"2019-09-27T11:07:12+00:00","dateModified":"2024-03-28T17:14:35+00:00","description":"Disseny de portes de ferro forjat i cancells reixats. Les portes de forja aporten seguretat a qualsevol espai, a m\u00e9s d\u2019aportar estil.","breadcrumb":{"@id":"https:\/\/serralleriamarch.com\/forja\/portes-de-ferro-forjat\/#breadcrumb"},"inLanguage":"en-US","potentialAction":[{"@type":"ReadAction","target":["https:\/\/serralleriamarch.com\/forja\/portes-de-ferro-forjat\/"]}]},{"@type":"ImageObject","inLanguage":"en-US","@id":"https:\/\/serralleriamarch.com\/forja\/portes-de-ferro-forjat\/#primaryimage","url":"https:\/\/serralleriamarch.com\/wp-content\/uploads\/2019\/09\/porta_forja.png","contentUrl":"https:\/\/serralleriamarch.com\/wp-content\/uploads\/2019\/09\/porta_forja.png","width":600,"height":1037},{"@type":"BreadcrumbList","@id":"https:\/\/serralleriamarch.com\/forja\/portes-de-ferro-forjat\/#breadcrumb","itemListElement":[{"@type":"ListItem","position":1,"name":"Inici","item":"https:\/\/serralleriamarch.com\/en\/"},{"@type":"ListItem","position":2,"name":"Treballs de forja","item":"https:\/\/serralleriamarch.com\/forja\/"},{"@type":"ListItem","position":3,"name":"Portes de ferro forjat"}]},{"@type":"WebSite","@id":"https:\/\/serralleriamarch.com\/#website","url":"https:\/\/serralleriamarch.com\/","name":"Serralleria March","description":"Taller artesanal de forja i escultura amb ferro","potentialAction":[{"@type":"SearchAction","target":{"@type":"EntryPoint","urlTemplate":"https:\/\/serralleriamarch.com\/?s={search_term_string}"},"query-input":"required name=search_term_string"}],"inLanguage":"en-US"}]}},"_links":{"self":[{"href":"https:\/\/serralleriamarch.com\/en\/wp-json\/wp\/v2\/forja\/419"}],"collection":[{"href":"https:\/\/serralleriamarch.com\/en\/wp-json\/wp\/v2\/forja"}],"about":[{"href":"https:\/\/serralleriamarch.com\/en\/wp-json\/wp\/v2\/types\/forja"}],"version-history":[{"count":12,"href":"https:\/\/serralleriamarch.com\/en\/wp-json\/wp\/v2\/forja\/419\/revisions"}],"predecessor-version":[{"id":2017,"href":"https:\/\/serralleriamarch.com\/en\/wp-json\/wp\/v2\/forja\/419\/revisions\/2017"}],"wp:featuredmedia":[{"embeddable":true,"href":"https:\/\/serralleriamarch.com\/en\/wp-json\/wp\/v2\/media\/1221"}],"wp:attachment":[{"href":"https:\/\/serralleriamarch.com\/en\/wp-json\/wp\/v2\/media?parent=419"}],"curies":[{"name":"wp","href":"https:\/\/api.w.org\/{rel}","templated":true}]}}