{"id":573,"date":"2019-09-29T16:07:38","date_gmt":"2019-09-29T14:07:38","guid":{"rendered":"http:\/\/serralleriamarch.com\/?post_type=forja&#038;p=573"},"modified":"2024-03-28T19:22:52","modified_gmt":"2024-03-28T17:22:52","slug":"fanals-de-forja","status":"publish","type":"forja","link":"https:\/\/serralleriamarch.com\/en\/forja\/fanals-de-forja\/","title":{"rendered":"Fanals de forja"},"content":{"rendered":"\n<h2 class=\"wp-block-heading\">La llum \u00e9s un factor important en l&#8217;exterior de la nostre llar, il\u00b7lumina l\u2019entorn donant confort i seguretat.<\/h2>\n\n\n\n<p class=\"has-text-align-left\">Dissenyem tot tipus d\u2019enllumenat d\u2019exterior per la seva casa, finca o jard\u00ed. Fanals de tots els formats i tipus. Il\u00b7luminaci\u00f3 per parets, murs i tanques, de peu o amb cartel\u00b7les de varis punt de llum. Pels pilars o de sobre murs, per penjar per les porxades, cobertes, rebedors, marquesines, etc&#8230;<\/p>\n\n\n\n<p>Sempre tenim en compte el seu entorn, per mantenir l&#8217;harmonia de l\u2019espai. Tipus r\u00fastic medieval, de teies, torxes i peveters. M\u00e9s renaixentista amb decoracions vegetals rocambolesques, de semblan\u00e7a modernista amb el seu caracter\u00edstic&nbsp; \u2018coup de fouet\u2019, o simplement del nostre estil personal.<\/p>\n\n\n\n<p class=\"has-text-align-center\">Dissenys de formats original i diferents, solucions que pot ser no s&#8217;hagu\u00e9s plantejat.<\/p>\n\n\n\n<div style=\"height:20px\" aria-hidden=\"true\" class=\"wp-block-spacer\"><\/div>\n\n\n\n<figure class=\"wp-block-image\"><img loading=\"lazy\" decoding=\"async\" width=\"685\" height=\"1024\" src=\"https:\/\/serralleriamarch.com\/wp-content\/uploads\/2019\/09\/fanals_forja1-685x1024.jpg\" alt=\"\" class=\"wp-image-581\" srcset=\"https:\/\/serralleriamarch.com\/wp-content\/uploads\/2019\/09\/fanals_forja1.jpg 685w, https:\/\/serralleriamarch.com\/wp-content\/uploads\/2019\/09\/fanals_forja1-201x300.jpg 201w\" sizes=\"(max-width: 685px) 100vw, 685px\" \/><figcaption>Fanal decoratiu per fa\u00e7ana de farm\u00e0cia, disseny propi combinat amb vitralls decoratius <\/figcaption><\/figure>\n\n\n\n<div style=\"height:20px\" aria-hidden=\"true\" class=\"wp-block-spacer\"><\/div>\n\n\n\n<figure class=\"wp-block-gallery has-nested-images columns-default is-cropped wp-block-gallery-1 is-layout-flex wp-block-gallery-is-layout-flex\">\n<figure class=\"wp-block-image\"><img loading=\"lazy\" decoding=\"async\" width=\"1024\" height=\"768\" data-id=\"584\" src=\"https:\/\/serralleriamarch.com\/wp-content\/uploads\/2019\/09\/fanals_forja3-1024x768.jpg\" alt=\"\" class=\"wp-image-584\" srcset=\"https:\/\/serralleriamarch.com\/wp-content\/uploads\/2019\/09\/fanals_forja3.jpg 1024w, https:\/\/serralleriamarch.com\/wp-content\/uploads\/2019\/09\/fanals_forja3-300x225.jpg 300w, https:\/\/serralleriamarch.com\/wp-content\/uploads\/2019\/09\/fanals_forja3-768x576.jpg 768w\" sizes=\"(max-width: 1024px) 100vw, 1024px\" \/><figcaption>Fanal globus paret <\/figcaption><\/figure>\n\n\n\n<figure class=\"wp-block-image\"><img loading=\"lazy\" decoding=\"async\" width=\"1024\" height=\"769\" data-id=\"587\" src=\"https:\/\/serralleriamarch.com\/wp-content\/uploads\/2019\/09\/fanals_forja4-1024x769.jpg\" alt=\"\" class=\"wp-image-587\" srcset=\"https:\/\/serralleriamarch.com\/wp-content\/uploads\/2019\/09\/fanals_forja4.jpg 1024w, https:\/\/serralleriamarch.com\/wp-content\/uploads\/2019\/09\/fanals_forja4-300x225.jpg 300w, https:\/\/serralleriamarch.com\/wp-content\/uploads\/2019\/09\/fanals_forja4-768x577.jpg 768w\" sizes=\"(max-width: 1024px) 100vw, 1024px\" \/><figcaption>Fanal globus paret <\/figcaption><\/figure>\n\n\n\n<figure class=\"wp-block-image\"><img loading=\"lazy\" decoding=\"async\" width=\"1024\" height=\"769\" data-id=\"590\" src=\"https:\/\/serralleriamarch.com\/wp-content\/uploads\/2019\/09\/fanals_forja5-1024x769.jpg\" alt=\"\" class=\"wp-image-590\" srcset=\"https:\/\/serralleriamarch.com\/wp-content\/uploads\/2019\/09\/fanals_forja5.jpg 1024w, https:\/\/serralleriamarch.com\/wp-content\/uploads\/2019\/09\/fanals_forja5-300x225.jpg 300w, https:\/\/serralleriamarch.com\/wp-content\/uploads\/2019\/09\/fanals_forja5-768x577.jpg 768w\" sizes=\"(max-width: 1024px) 100vw, 1024px\" \/><figcaption>Fanal dos globus paret <\/figcaption><\/figure>\n<\/figure>\n\n\n\n<figure class=\"wp-block-image\"><img loading=\"lazy\" decoding=\"async\" width=\"1024\" height=\"768\" src=\"https:\/\/serralleriamarch.com\/wp-content\/uploads\/2019\/09\/fanals_forja12-1-1024x768.jpg\" alt=\"\" class=\"wp-image-617\" srcset=\"https:\/\/serralleriamarch.com\/wp-content\/uploads\/2019\/09\/fanals_forja12-1.jpg 1024w, https:\/\/serralleriamarch.com\/wp-content\/uploads\/2019\/09\/fanals_forja12-1-300x225.jpg 300w, https:\/\/serralleriamarch.com\/wp-content\/uploads\/2019\/09\/fanals_forja12-1-768x576.jpg 768w\" sizes=\"(max-width: 1024px) 100vw, 1024px\" \/><figcaption>Fanal dos globus paret <\/figcaption><\/figure>\n\n\n\n<figure class=\"wp-block-image\"><img loading=\"lazy\" decoding=\"async\" width=\"768\" height=\"1024\" src=\"https:\/\/serralleriamarch.com\/wp-content\/uploads\/2019\/09\/fanals_forja2-768x1024.jpg\" alt=\"\" class=\"wp-image-593\" srcset=\"https:\/\/serralleriamarch.com\/wp-content\/uploads\/2019\/09\/fanals_forja2.jpg 768w, https:\/\/serralleriamarch.com\/wp-content\/uploads\/2019\/09\/fanals_forja2-225x300.jpg 225w\" sizes=\"(max-width: 768px) 100vw, 768px\" \/><figcaption>Fanal de dos globus cantoner de paret <\/figcaption><\/figure>\n\n\n\n<figure class=\"wp-block-image\"><img loading=\"lazy\" decoding=\"async\" width=\"768\" height=\"1024\" src=\"https:\/\/serralleriamarch.com\/wp-content\/uploads\/2019\/09\/fanals_forja6-768x1024.jpg\" alt=\"\" class=\"wp-image-596\" srcset=\"https:\/\/serralleriamarch.com\/wp-content\/uploads\/2019\/09\/fanals_forja6.jpg 768w, https:\/\/serralleriamarch.com\/wp-content\/uploads\/2019\/09\/fanals_forja6-225x300.jpg 225w\" sizes=\"(max-width: 768px) 100vw, 768px\" \/><figcaption>Fanal globus de pilar <\/figcaption><\/figure>\n\n\n\n<figure class=\"wp-block-image\"><img loading=\"lazy\" decoding=\"async\" width=\"1024\" height=\"768\" src=\"https:\/\/serralleriamarch.com\/wp-content\/uploads\/2019\/09\/fanals_forja7-1024x768.jpg\" alt=\"\" class=\"wp-image-599\" srcset=\"https:\/\/serralleriamarch.com\/wp-content\/uploads\/2019\/09\/fanals_forja7.jpg 1024w, https:\/\/serralleriamarch.com\/wp-content\/uploads\/2019\/09\/fanals_forja7-300x225.jpg 300w, https:\/\/serralleriamarch.com\/wp-content\/uploads\/2019\/09\/fanals_forja7-768x576.jpg 768w\" sizes=\"(max-width: 1024px) 100vw, 1024px\" \/><figcaption>Fanal globus de pilar<\/figcaption><\/figure>\n\n\n\n<figure class=\"wp-block-image\"><img loading=\"lazy\" decoding=\"async\" width=\"768\" height=\"1024\" src=\"https:\/\/serralleriamarch.com\/wp-content\/uploads\/2019\/09\/fanals_forja9-768x1024.jpg\" alt=\"\" class=\"wp-image-605\" srcset=\"https:\/\/serralleriamarch.com\/wp-content\/uploads\/2019\/09\/fanals_forja9.jpg 768w, https:\/\/serralleriamarch.com\/wp-content\/uploads\/2019\/09\/fanals_forja9-225x300.jpg 225w\" sizes=\"(max-width: 768px) 100vw, 768px\" \/><figcaption>Fanal de peu , combinaci\u00f3 de quatre globus i suport per testos.<\/figcaption><\/figure>\n\n\n\n<figure class=\"wp-block-image is-resized\"><img loading=\"lazy\" decoding=\"async\" src=\"https:\/\/serralleriamarch.com\/wp-content\/uploads\/2019\/09\/fanals_forja10-1024x768.jpg\" alt=\"\" class=\"wp-image-608\" width=\"840\" height=\"630\" srcset=\"https:\/\/serralleriamarch.com\/wp-content\/uploads\/2019\/09\/fanals_forja10.jpg 1024w, https:\/\/serralleriamarch.com\/wp-content\/uploads\/2019\/09\/fanals_forja10-300x225.jpg 300w, https:\/\/serralleriamarch.com\/wp-content\/uploads\/2019\/09\/fanals_forja10-768x576.jpg 768w\" sizes=\"(max-width: 840px) 100vw, 840px\" \/><figcaption>Fanal de sobre mur integrat amb la tanca.<\/figcaption><\/figure>\n\n\n\n<figure class=\"wp-block-image\"><img loading=\"lazy\" decoding=\"async\" width=\"768\" height=\"1024\" src=\"https:\/\/serralleriamarch.com\/wp-content\/uploads\/2019\/09\/fanals_forja8-768x1024.jpg\" alt=\"\" class=\"wp-image-602\" srcset=\"https:\/\/serralleriamarch.com\/wp-content\/uploads\/2019\/09\/fanals_forja8.jpg 768w, https:\/\/serralleriamarch.com\/wp-content\/uploads\/2019\/09\/fanals_forja8-225x300.jpg 225w\" sizes=\"(max-width: 768px) 100vw, 768px\" \/><figcaption>Fanal de peu de dos globus per sobre mur.<\/figcaption><\/figure>\n\n\n\n<figure class=\"wp-block-image\"><img loading=\"lazy\" decoding=\"async\" width=\"768\" height=\"1024\" src=\"https:\/\/serralleriamarch.com\/wp-content\/uploads\/2019\/09\/fanals_forja14-768x1024.jpg\" alt=\"\" class=\"wp-image-621\" srcset=\"https:\/\/serralleriamarch.com\/wp-content\/uploads\/2019\/09\/fanals_forja14.jpg 768w, https:\/\/serralleriamarch.com\/wp-content\/uploads\/2019\/09\/fanals_forja14-225x300.jpg 225w\" sizes=\"(max-width: 768px) 100vw, 768px\" \/><figcaption>Fanal de pilar<\/figcaption><\/figure>\n\n\n\n<figure class=\"wp-block-gallery has-nested-images columns-default is-cropped wp-block-gallery-2 is-layout-flex wp-block-gallery-is-layout-flex\">\n<figure class=\"wp-block-image\"><img loading=\"lazy\" decoding=\"async\" width=\"768\" height=\"1024\" data-id=\"624\" src=\"https:\/\/serralleriamarch.com\/wp-content\/uploads\/2019\/09\/fanals_forja15-768x1024.jpg\" alt=\"\" class=\"wp-image-624\" srcset=\"https:\/\/serralleriamarch.com\/wp-content\/uploads\/2019\/09\/fanals_forja15.jpg 768w, https:\/\/serralleriamarch.com\/wp-content\/uploads\/2019\/09\/fanals_forja15-225x300.jpg 225w\" sizes=\"(max-width: 768px) 100vw, 768px\" \/><figcaption>fanal de paret tipus teiera invertida<\/figcaption><\/figure>\n\n\n\n<figure class=\"wp-block-image\"><img loading=\"lazy\" decoding=\"async\" width=\"768\" height=\"1024\" data-id=\"627\" src=\"https:\/\/serralleriamarch.com\/wp-content\/uploads\/2019\/09\/fanals_forja16-768x1024.jpg\" alt=\"\" class=\"wp-image-627\" srcset=\"https:\/\/serralleriamarch.com\/wp-content\/uploads\/2019\/09\/fanals_forja16.jpg 768w, https:\/\/serralleriamarch.com\/wp-content\/uploads\/2019\/09\/fanals_forja16-225x300.jpg 225w\" sizes=\"(max-width: 768px) 100vw, 768px\" \/><figcaption>Fanal de paret tipus teiera<\/figcaption><\/figure>\n<\/figure>\n\n\n\n<figure class=\"wp-block-image\"><img loading=\"lazy\" decoding=\"async\" width=\"1024\" height=\"768\" src=\"https:\/\/serralleriamarch.com\/wp-content\/uploads\/2019\/09\/fanals_forja22-1024x768.jpg\" alt=\"\" class=\"wp-image-642\" srcset=\"https:\/\/serralleriamarch.com\/wp-content\/uploads\/2019\/09\/fanals_forja22.jpg 1024w, https:\/\/serralleriamarch.com\/wp-content\/uploads\/2019\/09\/fanals_forja22-300x225.jpg 300w, https:\/\/serralleriamarch.com\/wp-content\/uploads\/2019\/09\/fanals_forja22-768x576.jpg 768w\" sizes=\"(max-width: 1024px) 100vw, 1024px\" \/><figcaption>Conjunt de fanals de pilar amb barret<\/figcaption><\/figure>\n\n\n\n<figure class=\"wp-block-image\"><img loading=\"lazy\" decoding=\"async\" width=\"1024\" height=\"768\" src=\"https:\/\/serralleriamarch.com\/wp-content\/uploads\/2019\/09\/fanals_forja23-1024x768.jpg\" alt=\"\" class=\"wp-image-645\" srcset=\"https:\/\/serralleriamarch.com\/wp-content\/uploads\/2019\/09\/fanals_forja23.jpg 1024w, https:\/\/serralleriamarch.com\/wp-content\/uploads\/2019\/09\/fanals_forja23-300x225.jpg 300w, https:\/\/serralleriamarch.com\/wp-content\/uploads\/2019\/09\/fanals_forja23-768x576.jpg 768w\" sizes=\"(max-width: 1024px) 100vw, 1024px\" \/><figcaption>Aplic de paret decoratiu, disseny exclusiu.<\/figcaption><\/figure>\n\n\n\n<figure class=\"wp-block-image\"><img loading=\"lazy\" decoding=\"async\" width=\"768\" height=\"1024\" src=\"https:\/\/serralleriamarch.com\/wp-content\/uploads\/2019\/09\/fanals_forja21-768x1024.jpg\" alt=\"\" class=\"wp-image-639\" srcset=\"https:\/\/serralleriamarch.com\/wp-content\/uploads\/2019\/09\/fanals_forja21.jpg 768w, https:\/\/serralleriamarch.com\/wp-content\/uploads\/2019\/09\/fanals_forja21-225x300.jpg 225w\" sizes=\"(max-width: 768px) 100vw, 768px\" \/><figcaption>Fanal de peu tipus caixa amb vidres per pilar.<\/figcaption><\/figure>\n\n\n\n<figure class=\"wp-block-image\"><img loading=\"lazy\" decoding=\"async\" width=\"768\" height=\"1024\" src=\"https:\/\/serralleriamarch.com\/wp-content\/uploads\/2019\/09\/fanals_forja19-768x1024.jpg\" alt=\"\" class=\"wp-image-636\" srcset=\"https:\/\/serralleriamarch.com\/wp-content\/uploads\/2019\/09\/fanals_forja19.jpg 768w, https:\/\/serralleriamarch.com\/wp-content\/uploads\/2019\/09\/fanals_forja19-225x300.jpg 225w\" sizes=\"(max-width: 768px) 100vw, 768px\" \/><figcaption>Fanal de paret de dos globus.<\/figcaption><\/figure>\n\n\n\n<figure class=\"wp-block-image\"><img loading=\"lazy\" decoding=\"async\" width=\"768\" height=\"1024\" src=\"https:\/\/serralleriamarch.com\/wp-content\/uploads\/2019\/09\/fanals_forja18-768x1024.jpg\" alt=\"\" class=\"wp-image-633\" srcset=\"https:\/\/serralleriamarch.com\/wp-content\/uploads\/2019\/09\/fanals_forja18.jpg 768w, https:\/\/serralleriamarch.com\/wp-content\/uploads\/2019\/09\/fanals_forja18-225x300.jpg 225w\" sizes=\"(max-width: 768px) 100vw, 768px\" \/><figcaption>Fanal de peu tipus caixa de vidres amb un esquirol forjat de decoraci\u00f3.<\/figcaption><\/figure>\n\n\n\n<figure class=\"wp-block-image\"><img loading=\"lazy\" decoding=\"async\" width=\"768\" height=\"1024\" src=\"https:\/\/serralleriamarch.com\/wp-content\/uploads\/2019\/09\/fanals_forja17-768x1024.jpg\" alt=\"\" class=\"wp-image-630\" srcset=\"https:\/\/serralleriamarch.com\/wp-content\/uploads\/2019\/09\/fanals_forja17.jpg 768w, https:\/\/serralleriamarch.com\/wp-content\/uploads\/2019\/09\/fanals_forja17-225x300.jpg 225w\" sizes=\"(max-width: 768px) 100vw, 768px\" \/><figcaption>Fanal de paret tipus caixa i cartel\u00b7la.<\/figcaption><\/figure>\n\n\n\n<figure class=\"wp-block-image\"><img loading=\"lazy\" decoding=\"async\" width=\"768\" height=\"1024\" src=\"https:\/\/serralleriamarch.com\/wp-content\/uploads\/2019\/09\/fanals_forja28-768x1024.jpg\" alt=\"\" class=\"wp-image-654\" srcset=\"https:\/\/serralleriamarch.com\/wp-content\/uploads\/2019\/09\/fanals_forja28.jpg 768w, https:\/\/serralleriamarch.com\/wp-content\/uploads\/2019\/09\/fanals_forja28-225x300.jpg 225w\" sizes=\"(max-width: 768px) 100vw, 768px\" \/><figcaption>Fanal de teia tipus tradicional<\/figcaption><\/figure>\n\n\n\n<figure class=\"wp-block-gallery has-nested-images columns-default is-cropped wp-block-gallery-3 is-layout-flex wp-block-gallery-is-layout-flex\">\n<figure class=\"wp-block-image\"><img loading=\"lazy\" decoding=\"async\" width=\"1024\" height=\"768\" data-id=\"660\" src=\"https:\/\/serralleriamarch.com\/wp-content\/uploads\/2019\/09\/fanals_forja29-1024x768.jpg\" alt=\"\" class=\"wp-image-660\" srcset=\"https:\/\/serralleriamarch.com\/wp-content\/uploads\/2019\/09\/fanals_forja29.jpg 1024w, https:\/\/serralleriamarch.com\/wp-content\/uploads\/2019\/09\/fanals_forja29-300x225.jpg 300w, https:\/\/serralleriamarch.com\/wp-content\/uploads\/2019\/09\/fanals_forja29-768x576.jpg 768w\" sizes=\"(max-width: 1024px) 100vw, 1024px\" \/><figcaption>Fanal de pilar<\/figcaption><\/figure>\n\n\n\n<figure class=\"wp-block-image\"><img loading=\"lazy\" decoding=\"async\" width=\"768\" height=\"1024\" data-id=\"663\" src=\"https:\/\/serralleriamarch.com\/wp-content\/uploads\/2019\/09\/fanals_forja30-768x1024.jpg\" alt=\"\" class=\"wp-image-663\" srcset=\"https:\/\/serralleriamarch.com\/wp-content\/uploads\/2019\/09\/fanals_forja30.jpg 768w, https:\/\/serralleriamarch.com\/wp-content\/uploads\/2019\/09\/fanals_forja30-225x300.jpg 225w\" sizes=\"(max-width: 768px) 100vw, 768px\" \/><figcaption>Fanals de pilar a conjunt.<\/figcaption><\/figure>\n<\/figure>\n\n\n\n<figure class=\"wp-block-image\"><img loading=\"lazy\" decoding=\"async\" width=\"768\" height=\"1024\" src=\"https:\/\/serralleriamarch.com\/wp-content\/uploads\/2019\/09\/fanals_forja31-768x1024.jpg\" alt=\"\" class=\"wp-image-657\" srcset=\"https:\/\/serralleriamarch.com\/wp-content\/uploads\/2019\/09\/fanals_forja31.jpg 768w, https:\/\/serralleriamarch.com\/wp-content\/uploads\/2019\/09\/fanals_forja31-225x300.jpg 225w\" sizes=\"(max-width: 768px) 100vw, 768px\" \/><figcaption>Fanal de teia classica tipus medieval<\/figcaption><\/figure>\n\n\n\n<figure class=\"wp-block-image\"><img loading=\"lazy\" decoding=\"async\" width=\"768\" height=\"1024\" src=\"https:\/\/serralleriamarch.com\/wp-content\/uploads\/2019\/09\/fanals_forja25-768x1024.jpg\" alt=\"\" class=\"wp-image-648\" srcset=\"https:\/\/serralleriamarch.com\/wp-content\/uploads\/2019\/09\/fanals_forja25.jpg 768w, https:\/\/serralleriamarch.com\/wp-content\/uploads\/2019\/09\/fanals_forja25-225x300.jpg 225w\" sizes=\"(max-width: 768px) 100vw, 768px\" \/><figcaption>Fanal de peu per jard\u00ed, tipus caixa de vidres.<\/figcaption><\/figure>\n","protected":false},"featured_media":578,"template":"","yoast_head":"<!-- This site is optimized with the Yoast SEO plugin v23.0 - https:\/\/yoast.com\/wordpress\/plugins\/seo\/ -->\n<title>Fanals de forja - Serralleria March<\/title>\n<meta name=\"description\" content=\"Tant en un estil cl\u00e0ssic com en un estil modern t&#039;oferim un ampli ventall de fanals de forja i instal\u00b7lacions decoratives innovadores.\" \/>\n<meta name=\"robots\" content=\"index, follow, max-snippet:-1, max-image-preview:large, max-video-preview:-1\" \/>\n<link rel=\"canonical\" href=\"https:\/\/serralleriamarch.com\/forja\/fanals-de-forja\/\" \/>\n<meta property=\"og:locale\" content=\"en_US\" \/>\n<meta property=\"og:type\" content=\"article\" \/>\n<meta property=\"og:title\" content=\"Fanals de forja - Serralleria March\" \/>\n<meta property=\"og:description\" content=\"Tant en un estil cl\u00e0ssic com en un estil modern t&#039;oferim un ampli ventall de fanals de forja i instal\u00b7lacions decoratives innovadores.\" \/>\n<meta property=\"og:url\" content=\"https:\/\/serralleriamarch.com\/forja\/fanals-de-forja\/\" \/>\n<meta property=\"og:site_name\" content=\"Serralleria March\" \/>\n<meta property=\"article:modified_time\" content=\"2024-03-28T17:22:52+00:00\" \/>\n<meta property=\"og:image\" content=\"https:\/\/serralleriamarch.com\/wp-content\/uploads\/2019\/09\/fanal_forja.jpg\" \/>\n\t<meta property=\"og:image:width\" content=\"768\" \/>\n\t<meta property=\"og:image:height\" content=\"1024\" \/>\n\t<meta property=\"og:image:type\" content=\"image\/jpeg\" \/>\n<meta name=\"twitter:card\" content=\"summary_large_image\" \/>\n<meta name=\"twitter:label1\" content=\"Est. reading time\" \/>\n\t<meta name=\"twitter:data1\" content=\"7 minutes\" \/>\n<script type=\"application\/ld+json\" class=\"yoast-schema-graph\">{\"@context\":\"https:\/\/schema.org\",\"@graph\":[{\"@type\":\"WebPage\",\"@id\":\"https:\/\/serralleriamarch.com\/forja\/fanals-de-forja\/\",\"url\":\"https:\/\/serralleriamarch.com\/forja\/fanals-de-forja\/\",\"name\":\"Fanals de forja - Serralleria March\",\"isPartOf\":{\"@id\":\"https:\/\/serralleriamarch.com\/#website\"},\"primaryImageOfPage\":{\"@id\":\"https:\/\/serralleriamarch.com\/forja\/fanals-de-forja\/#primaryimage\"},\"image\":{\"@id\":\"https:\/\/serralleriamarch.com\/forja\/fanals-de-forja\/#primaryimage\"},\"thumbnailUrl\":\"https:\/\/serralleriamarch.com\/wp-content\/uploads\/2019\/09\/fanal_forja.jpg\",\"datePublished\":\"2019-09-29T14:07:38+00:00\",\"dateModified\":\"2024-03-28T17:22:52+00:00\",\"description\":\"Tant en un estil cl\u00e0ssic com en un estil modern t'oferim un ampli ventall de fanals de forja i instal\u00b7lacions decoratives innovadores.\",\"breadcrumb\":{\"@id\":\"https:\/\/serralleriamarch.com\/forja\/fanals-de-forja\/#breadcrumb\"},\"inLanguage\":\"en-US\",\"potentialAction\":[{\"@type\":\"ReadAction\",\"target\":[\"https:\/\/serralleriamarch.com\/forja\/fanals-de-forja\/\"]}]},{\"@type\":\"ImageObject\",\"inLanguage\":\"en-US\",\"@id\":\"https:\/\/serralleriamarch.com\/forja\/fanals-de-forja\/#primaryimage\",\"url\":\"https:\/\/serralleriamarch.com\/wp-content\/uploads\/2019\/09\/fanal_forja.jpg\",\"contentUrl\":\"https:\/\/serralleriamarch.com\/wp-content\/uploads\/2019\/09\/fanal_forja.jpg\",\"width\":768,\"height\":1024},{\"@type\":\"BreadcrumbList\",\"@id\":\"https:\/\/serralleriamarch.com\/forja\/fanals-de-forja\/#breadcrumb\",\"itemListElement\":[{\"@type\":\"ListItem\",\"position\":1,\"name\":\"Inici\",\"item\":\"https:\/\/serralleriamarch.com\/en\/\"},{\"@type\":\"ListItem\",\"position\":2,\"name\":\"Treballs de forja\",\"item\":\"https:\/\/serralleriamarch.com\/forja\/\"},{\"@type\":\"ListItem\",\"position\":3,\"name\":\"Fanals de forja\"}]},{\"@type\":\"WebSite\",\"@id\":\"https:\/\/serralleriamarch.com\/#website\",\"url\":\"https:\/\/serralleriamarch.com\/\",\"name\":\"Serralleria March\",\"description\":\"Taller artesanal de forja i escultura amb ferro\",\"potentialAction\":[{\"@type\":\"SearchAction\",\"target\":{\"@type\":\"EntryPoint\",\"urlTemplate\":\"https:\/\/serralleriamarch.com\/?s={search_term_string}\"},\"query-input\":\"required name=search_term_string\"}],\"inLanguage\":\"en-US\"}]}<\/script>\n<!-- \/ Yoast SEO plugin. -->","yoast_head_json":{"title":"Fanals de forja - Serralleria March","description":"Tant en un estil cl\u00e0ssic com en un estil modern t'oferim un ampli ventall de fanals de forja i instal\u00b7lacions decoratives innovadores.","robots":{"index":"index","follow":"follow","max-snippet":"max-snippet:-1","max-image-preview":"max-image-preview:large","max-video-preview":"max-video-preview:-1"},"canonical":"https:\/\/serralleriamarch.com\/forja\/fanals-de-forja\/","og_locale":"en_US","og_type":"article","og_title":"Fanals de forja - Serralleria March","og_description":"Tant en un estil cl\u00e0ssic com en un estil modern t'oferim un ampli ventall de fanals de forja i instal\u00b7lacions decoratives innovadores.","og_url":"https:\/\/serralleriamarch.com\/forja\/fanals-de-forja\/","og_site_name":"Serralleria March","article_modified_time":"2024-03-28T17:22:52+00:00","og_image":[{"width":768,"height":1024,"url":"https:\/\/serralleriamarch.com\/wp-content\/uploads\/2019\/09\/fanal_forja.jpg","type":"image\/jpeg"}],"twitter_card":"summary_large_image","twitter_misc":{"Est. reading time":"7 minutes"},"schema":{"@context":"https:\/\/schema.org","@graph":[{"@type":"WebPage","@id":"https:\/\/serralleriamarch.com\/forja\/fanals-de-forja\/","url":"https:\/\/serralleriamarch.com\/forja\/fanals-de-forja\/","name":"Fanals de forja - Serralleria March","isPartOf":{"@id":"https:\/\/serralleriamarch.com\/#website"},"primaryImageOfPage":{"@id":"https:\/\/serralleriamarch.com\/forja\/fanals-de-forja\/#primaryimage"},"image":{"@id":"https:\/\/serralleriamarch.com\/forja\/fanals-de-forja\/#primaryimage"},"thumbnailUrl":"https:\/\/serralleriamarch.com\/wp-content\/uploads\/2019\/09\/fanal_forja.jpg","datePublished":"2019-09-29T14:07:38+00:00","dateModified":"2024-03-28T17:22:52+00:00","description":"Tant en un estil cl\u00e0ssic com en un estil modern t'oferim un ampli ventall de fanals de forja i instal\u00b7lacions decoratives innovadores.","breadcrumb":{"@id":"https:\/\/serralleriamarch.com\/forja\/fanals-de-forja\/#breadcrumb"},"inLanguage":"en-US","potentialAction":[{"@type":"ReadAction","target":["https:\/\/serralleriamarch.com\/forja\/fanals-de-forja\/"]}]},{"@type":"ImageObject","inLanguage":"en-US","@id":"https:\/\/serralleriamarch.com\/forja\/fanals-de-forja\/#primaryimage","url":"https:\/\/serralleriamarch.com\/wp-content\/uploads\/2019\/09\/fanal_forja.jpg","contentUrl":"https:\/\/serralleriamarch.com\/wp-content\/uploads\/2019\/09\/fanal_forja.jpg","width":768,"height":1024},{"@type":"BreadcrumbList","@id":"https:\/\/serralleriamarch.com\/forja\/fanals-de-forja\/#breadcrumb","itemListElement":[{"@type":"ListItem","position":1,"name":"Inici","item":"https:\/\/serralleriamarch.com\/en\/"},{"@type":"ListItem","position":2,"name":"Treballs de forja","item":"https:\/\/serralleriamarch.com\/forja\/"},{"@type":"ListItem","position":3,"name":"Fanals de forja"}]},{"@type":"WebSite","@id":"https:\/\/serralleriamarch.com\/#website","url":"https:\/\/serralleriamarch.com\/","name":"Serralleria March","description":"Taller artesanal de forja i escultura amb ferro","potentialAction":[{"@type":"SearchAction","target":{"@type":"EntryPoint","urlTemplate":"https:\/\/serralleriamarch.com\/?s={search_term_string}"},"query-input":"required name=search_term_string"}],"inLanguage":"en-US"}]}},"_links":{"self":[{"href":"https:\/\/serralleriamarch.com\/en\/wp-json\/wp\/v2\/forja\/573"}],"collection":[{"href":"https:\/\/serralleriamarch.com\/en\/wp-json\/wp\/v2\/forja"}],"about":[{"href":"https:\/\/serralleriamarch.com\/en\/wp-json\/wp\/v2\/types\/forja"}],"version-history":[{"count":17,"href":"https:\/\/serralleriamarch.com\/en\/wp-json\/wp\/v2\/forja\/573\/revisions"}],"predecessor-version":[{"id":2022,"href":"https:\/\/serralleriamarch.com\/en\/wp-json\/wp\/v2\/forja\/573\/revisions\/2022"}],"wp:featuredmedia":[{"embeddable":true,"href":"https:\/\/serralleriamarch.com\/en\/wp-json\/wp\/v2\/media\/578"}],"wp:attachment":[{"href":"https:\/\/serralleriamarch.com\/en\/wp-json\/wp\/v2\/media?parent=573"}],"curies":[{"name":"wp","href":"https:\/\/api.w.org\/{rel}","templated":true}]}}