{"id":668,"date":"2019-09-23T16:59:21","date_gmt":"2019-09-23T14:59:21","guid":{"rendered":"http:\/\/serralleriamarch.com\/?post_type=forja&#038;p=668"},"modified":"2024-03-28T20:06:02","modified_gmt":"2024-03-28T18:06:02","slug":"lampades-de-forja","status":"publish","type":"forja","link":"https:\/\/serralleriamarch.com\/en\/forja\/lampades-de-forja\/","title":{"rendered":"L\u00e0mpades de forja"},"content":{"rendered":"\n<h2 class=\"has-text-align-center wp-block-heading\">Per a l\u2019interior de la casa il\u00b7luminem i donem caliu dissenyant tot tipus de l\u00e0mpades, llums i aplics.<\/h2>\n\n\n\n<p>Constru\u00efm l\u00e0mpades per tota mena d&#8217;ambients i espais.\u00a0 Per a tots el tipus i formats, de penjar el sostre, de paret, amb cartel\u00b7la o cantoneres, de peu i de sobretaula. Combinades amb qualsevol format de pantalla, com b\u00e9 poden ser les tradicionals de pergam\u00ed, o les cl\u00e0ssiques de paper, m\u00e9s modernes de vidre, o b\u00e9 sin\u00f3 r\u00fastiques de v\u00edmec, espart, cer\u00e0miques o simplement tota de ferro.<\/p>\n\n\n\n<p>D\u2019un o m\u00e9s punts de llum i de formats ben variats, l\u00e0mpades de creuer, l\u00e0mpades circulars estil medieval, estil d\u2019aranya m\u00e9s renaixentista o amb influ\u00e8ncia d\u2019\u00e8poca modernista. I solucions m\u00e9s atrevides amb projectes\u00a0 personals i diferents, de la nostra l\u00ednia de forja art\u00edstica.<\/p>\n\n\n\n<p class=\"has-text-align-center\">\u00a0Projectem i dissenyem instal\u00b7lacions, conjunts i composicions lum\u00edniques per a espais i ambients que busquen un toc diferencial.<\/p>\n\n\n\n<div style=\"height:20px\" aria-hidden=\"true\" class=\"wp-block-spacer\"><\/div>\n\n\n\n<figure class=\"wp-block-image\"><img loading=\"lazy\" decoding=\"async\" width=\"685\" height=\"1024\" src=\"https:\/\/serralleriamarch.com\/wp-content\/uploads\/2019\/09\/lamparas_hierro_forja1-685x1024.jpg\" alt=\"\" class=\"wp-image-670\" srcset=\"https:\/\/serralleriamarch.com\/wp-content\/uploads\/2019\/09\/lamparas_hierro_forja1.jpg 685w, https:\/\/serralleriamarch.com\/wp-content\/uploads\/2019\/09\/lamparas_hierro_forja1-201x300.jpg 201w\" sizes=\"(max-width: 685px) 100vw, 685px\" \/><\/figure>\n\n\n\n<figure class=\"wp-block-gallery has-nested-images columns-1 is-cropped wp-block-gallery-1 is-layout-flex wp-block-gallery-is-layout-flex\">\n<figure class=\"wp-block-image\"><img loading=\"lazy\" decoding=\"async\" width=\"768\" height=\"1024\" data-id=\"709\" src=\"https:\/\/serralleriamarch.com\/wp-content\/uploads\/2019\/09\/lamparas_hierro_forja2-1-768x1024.jpg\" alt=\"\" class=\"wp-image-709\" srcset=\"https:\/\/serralleriamarch.com\/wp-content\/uploads\/2019\/09\/lamparas_hierro_forja2-1.jpg 768w, https:\/\/serralleriamarch.com\/wp-content\/uploads\/2019\/09\/lamparas_hierro_forja2-1-225x300.jpg 225w\" sizes=\"(max-width: 768px) 100vw, 768px\" \/><\/figure>\n\n\n\n<figure class=\"wp-block-image\"><img loading=\"lazy\" decoding=\"async\" width=\"768\" height=\"1024\" data-id=\"715\" src=\"https:\/\/serralleriamarch.com\/wp-content\/uploads\/2019\/09\/lamparas_hierro_forja3-1-768x1024.jpg\" alt=\"\" class=\"wp-image-715\" srcset=\"https:\/\/serralleriamarch.com\/wp-content\/uploads\/2019\/09\/lamparas_hierro_forja3-1.jpg 768w, https:\/\/serralleriamarch.com\/wp-content\/uploads\/2019\/09\/lamparas_hierro_forja3-1-225x300.jpg 225w\" sizes=\"(max-width: 768px) 100vw, 768px\" \/><\/figure>\n\n\n\n<figure class=\"wp-block-image\"><img loading=\"lazy\" decoding=\"async\" width=\"768\" height=\"1024\" data-id=\"721\" src=\"https:\/\/serralleriamarch.com\/wp-content\/uploads\/2019\/09\/lamparas_hierro_forja4-1-768x1024.jpg\" alt=\"\" class=\"wp-image-721\" srcset=\"https:\/\/serralleriamarch.com\/wp-content\/uploads\/2019\/09\/lamparas_hierro_forja4-1.jpg 768w, https:\/\/serralleriamarch.com\/wp-content\/uploads\/2019\/09\/lamparas_hierro_forja4-1-225x300.jpg 225w\" sizes=\"(max-width: 768px) 100vw, 768px\" \/><\/figure>\n\n\n\n<figure class=\"wp-block-image\"><img loading=\"lazy\" decoding=\"async\" width=\"768\" height=\"1024\" data-id=\"727\" src=\"https:\/\/serralleriamarch.com\/wp-content\/uploads\/2019\/09\/lamparas_hierro_forja5-1-768x1024.jpg\" alt=\"\" class=\"wp-image-727\" srcset=\"https:\/\/serralleriamarch.com\/wp-content\/uploads\/2019\/09\/lamparas_hierro_forja5-1.jpg 768w, https:\/\/serralleriamarch.com\/wp-content\/uploads\/2019\/09\/lamparas_hierro_forja5-1-225x300.jpg 225w\" sizes=\"(max-width: 768px) 100vw, 768px\" \/><\/figure>\n\n\n\n<figure class=\"wp-block-image\"><img loading=\"lazy\" decoding=\"async\" width=\"1024\" height=\"768\" data-id=\"733\" src=\"https:\/\/serralleriamarch.com\/wp-content\/uploads\/2019\/09\/lamparas_hierro_forja6-1-1024x768.jpg\" alt=\"\" class=\"wp-image-733\" srcset=\"https:\/\/serralleriamarch.com\/wp-content\/uploads\/2019\/09\/lamparas_hierro_forja6-1.jpg 1024w, https:\/\/serralleriamarch.com\/wp-content\/uploads\/2019\/09\/lamparas_hierro_forja6-1-300x225.jpg 300w, https:\/\/serralleriamarch.com\/wp-content\/uploads\/2019\/09\/lamparas_hierro_forja6-1-768x576.jpg 768w\" sizes=\"(max-width: 1024px) 100vw, 1024px\" \/><\/figure>\n\n\n\n<figure class=\"wp-block-image\"><img loading=\"lazy\" decoding=\"async\" width=\"768\" height=\"1024\" data-id=\"739\" src=\"https:\/\/serralleriamarch.com\/wp-content\/uploads\/2019\/09\/lamparas_hierro_forja7-1-768x1024.jpg\" alt=\"\" class=\"wp-image-739\" srcset=\"https:\/\/serralleriamarch.com\/wp-content\/uploads\/2019\/09\/lamparas_hierro_forja7-1.jpg 768w, https:\/\/serralleriamarch.com\/wp-content\/uploads\/2019\/09\/lamparas_hierro_forja7-1-225x300.jpg 225w\" sizes=\"(max-width: 768px) 100vw, 768px\" \/><\/figure>\n\n\n\n<figure class=\"wp-block-image\"><img loading=\"lazy\" decoding=\"async\" width=\"768\" height=\"1024\" data-id=\"745\" src=\"https:\/\/serralleriamarch.com\/wp-content\/uploads\/2019\/09\/lamparas_hierro_forja8-1-768x1024.jpg\" alt=\"\" class=\"wp-image-745\" srcset=\"https:\/\/serralleriamarch.com\/wp-content\/uploads\/2019\/09\/lamparas_hierro_forja8-1.jpg 768w, https:\/\/serralleriamarch.com\/wp-content\/uploads\/2019\/09\/lamparas_hierro_forja8-1-225x300.jpg 225w\" sizes=\"(max-width: 768px) 100vw, 768px\" \/><\/figure>\n\n\n\n<figure class=\"wp-block-image\"><img loading=\"lazy\" decoding=\"async\" width=\"768\" height=\"1024\" data-id=\"751\" src=\"https:\/\/serralleriamarch.com\/wp-content\/uploads\/2019\/09\/lamparas_hierro_forja9-1-768x1024.jpg\" alt=\"\" class=\"wp-image-751\" srcset=\"https:\/\/serralleriamarch.com\/wp-content\/uploads\/2019\/09\/lamparas_hierro_forja9-1.jpg 768w, https:\/\/serralleriamarch.com\/wp-content\/uploads\/2019\/09\/lamparas_hierro_forja9-1-225x300.jpg 225w\" sizes=\"(max-width: 768px) 100vw, 768px\" \/><\/figure>\n\n\n\n<figure class=\"wp-block-image\"><img loading=\"lazy\" decoding=\"async\" width=\"768\" height=\"1024\" data-id=\"761\" src=\"https:\/\/serralleriamarch.com\/wp-content\/uploads\/2019\/09\/lamparas_hierro_forja10-1-768x1024.jpg\" alt=\"\" class=\"wp-image-761\" srcset=\"https:\/\/serralleriamarch.com\/wp-content\/uploads\/2019\/09\/lamparas_hierro_forja10-1.jpg 768w, https:\/\/serralleriamarch.com\/wp-content\/uploads\/2019\/09\/lamparas_hierro_forja10-1-225x300.jpg 225w\" sizes=\"(max-width: 768px) 100vw, 768px\" \/><\/figure>\n\n\n\n<figure class=\"wp-block-image\"><img loading=\"lazy\" decoding=\"async\" width=\"1024\" height=\"768\" data-id=\"764\" src=\"https:\/\/serralleriamarch.com\/wp-content\/uploads\/2019\/09\/lamparas_hierro_forja11-1-1024x768.jpg\" alt=\"\" class=\"wp-image-764\" srcset=\"https:\/\/serralleriamarch.com\/wp-content\/uploads\/2019\/09\/lamparas_hierro_forja11-1.jpg 1024w, https:\/\/serralleriamarch.com\/wp-content\/uploads\/2019\/09\/lamparas_hierro_forja11-1-300x225.jpg 300w, https:\/\/serralleriamarch.com\/wp-content\/uploads\/2019\/09\/lamparas_hierro_forja11-1-768x576.jpg 768w\" sizes=\"(max-width: 1024px) 100vw, 1024px\" \/><\/figure>\n\n\n\n<figure class=\"wp-block-image\"><img loading=\"lazy\" decoding=\"async\" width=\"768\" height=\"1024\" data-id=\"767\" src=\"https:\/\/serralleriamarch.com\/wp-content\/uploads\/2019\/09\/lamparas_hierro_forja12-1-768x1024.jpg\" alt=\"\" class=\"wp-image-767\" srcset=\"https:\/\/serralleriamarch.com\/wp-content\/uploads\/2019\/09\/lamparas_hierro_forja12-1.jpg 768w, https:\/\/serralleriamarch.com\/wp-content\/uploads\/2019\/09\/lamparas_hierro_forja12-1-225x300.jpg 225w\" sizes=\"(max-width: 768px) 100vw, 768px\" \/><\/figure>\n\n\n\n<figure class=\"wp-block-image\"><img loading=\"lazy\" decoding=\"async\" width=\"1024\" height=\"768\" data-id=\"770\" src=\"https:\/\/serralleriamarch.com\/wp-content\/uploads\/2019\/09\/lamparas_hierro_forja13-1-1024x768.jpg\" alt=\"\" class=\"wp-image-770\" srcset=\"https:\/\/serralleriamarch.com\/wp-content\/uploads\/2019\/09\/lamparas_hierro_forja13-1.jpg 1024w, https:\/\/serralleriamarch.com\/wp-content\/uploads\/2019\/09\/lamparas_hierro_forja13-1-300x225.jpg 300w, https:\/\/serralleriamarch.com\/wp-content\/uploads\/2019\/09\/lamparas_hierro_forja13-1-768x576.jpg 768w\" sizes=\"(max-width: 1024px) 100vw, 1024px\" \/><\/figure>\n\n\n\n<figure class=\"wp-block-image\"><img loading=\"lazy\" decoding=\"async\" width=\"768\" height=\"1024\" data-id=\"773\" src=\"https:\/\/serralleriamarch.com\/wp-content\/uploads\/2019\/09\/lamparas_hierro_forja14-1-768x1024.jpg\" alt=\"\" class=\"wp-image-773\" srcset=\"https:\/\/serralleriamarch.com\/wp-content\/uploads\/2019\/09\/lamparas_hierro_forja14-1.jpg 768w, https:\/\/serralleriamarch.com\/wp-content\/uploads\/2019\/09\/lamparas_hierro_forja14-1-225x300.jpg 225w\" sizes=\"(max-width: 768px) 100vw, 768px\" \/><\/figure>\n\n\n\n<figure class=\"wp-block-image\"><img loading=\"lazy\" decoding=\"async\" width=\"1024\" height=\"768\" data-id=\"776\" src=\"https:\/\/serralleriamarch.com\/wp-content\/uploads\/2019\/09\/lamparas_hierro_forja15-1-1024x768.jpg\" alt=\"\" class=\"wp-image-776\" srcset=\"https:\/\/serralleriamarch.com\/wp-content\/uploads\/2019\/09\/lamparas_hierro_forja15-1.jpg 1024w, https:\/\/serralleriamarch.com\/wp-content\/uploads\/2019\/09\/lamparas_hierro_forja15-1-300x225.jpg 300w, https:\/\/serralleriamarch.com\/wp-content\/uploads\/2019\/09\/lamparas_hierro_forja15-1-768x576.jpg 768w\" sizes=\"(max-width: 1024px) 100vw, 1024px\" \/><\/figure>\n\n\n\n<figure class=\"wp-block-image\"><img loading=\"lazy\" decoding=\"async\" width=\"768\" height=\"1024\" data-id=\"779\" src=\"https:\/\/serralleriamarch.com\/wp-content\/uploads\/2019\/09\/lamparas_hierro_forja16-1-768x1024.jpg\" alt=\"\" class=\"wp-image-779\" srcset=\"https:\/\/serralleriamarch.com\/wp-content\/uploads\/2019\/09\/lamparas_hierro_forja16-1.jpg 768w, https:\/\/serralleriamarch.com\/wp-content\/uploads\/2019\/09\/lamparas_hierro_forja16-1-225x300.jpg 225w\" sizes=\"(max-width: 768px) 100vw, 768px\" \/><\/figure>\n\n\n\n<figure class=\"wp-block-image\"><img loading=\"lazy\" decoding=\"async\" width=\"768\" height=\"1024\" data-id=\"782\" src=\"https:\/\/serralleriamarch.com\/wp-content\/uploads\/2019\/09\/lamparas_hierro_forja17-1-768x1024.jpg\" alt=\"\" class=\"wp-image-782\" srcset=\"https:\/\/serralleriamarch.com\/wp-content\/uploads\/2019\/09\/lamparas_hierro_forja17-1.jpg 768w, https:\/\/serralleriamarch.com\/wp-content\/uploads\/2019\/09\/lamparas_hierro_forja17-1-225x300.jpg 225w\" sizes=\"(max-width: 768px) 100vw, 768px\" \/><\/figure>\n\n\n\n<figure class=\"wp-block-image\"><img loading=\"lazy\" decoding=\"async\" width=\"1024\" height=\"768\" data-id=\"785\" src=\"https:\/\/serralleriamarch.com\/wp-content\/uploads\/2019\/09\/lamparas_hierro_forja18-1-1024x768.jpg\" alt=\"\" class=\"wp-image-785\" srcset=\"https:\/\/serralleriamarch.com\/wp-content\/uploads\/2019\/09\/lamparas_hierro_forja18-1.jpg 1024w, https:\/\/serralleriamarch.com\/wp-content\/uploads\/2019\/09\/lamparas_hierro_forja18-1-300x225.jpg 300w, https:\/\/serralleriamarch.com\/wp-content\/uploads\/2019\/09\/lamparas_hierro_forja18-1-768x576.jpg 768w\" sizes=\"(max-width: 1024px) 100vw, 1024px\" \/><\/figure>\n\n\n\n<figure class=\"wp-block-image\"><img loading=\"lazy\" decoding=\"async\" width=\"768\" height=\"1024\" data-id=\"788\" src=\"https:\/\/serralleriamarch.com\/wp-content\/uploads\/2019\/09\/lamparas_hierro_forja19-1-768x1024.jpg\" alt=\"\" class=\"wp-image-788\" srcset=\"https:\/\/serralleriamarch.com\/wp-content\/uploads\/2019\/09\/lamparas_hierro_forja19-1.jpg 768w, https:\/\/serralleriamarch.com\/wp-content\/uploads\/2019\/09\/lamparas_hierro_forja19-1-225x300.jpg 225w\" sizes=\"(max-width: 768px) 100vw, 768px\" \/><\/figure>\n\n\n\n<figure class=\"wp-block-image\"><img loading=\"lazy\" decoding=\"async\" width=\"1024\" height=\"768\" data-id=\"791\" src=\"https:\/\/serralleriamarch.com\/wp-content\/uploads\/2019\/09\/lamparas_hierro_forja20-1-1024x768.jpg\" alt=\"\" class=\"wp-image-791\" srcset=\"https:\/\/serralleriamarch.com\/wp-content\/uploads\/2019\/09\/lamparas_hierro_forja20-1.jpg 1024w, https:\/\/serralleriamarch.com\/wp-content\/uploads\/2019\/09\/lamparas_hierro_forja20-1-300x225.jpg 300w, https:\/\/serralleriamarch.com\/wp-content\/uploads\/2019\/09\/lamparas_hierro_forja20-1-768x576.jpg 768w\" sizes=\"(max-width: 1024px) 100vw, 1024px\" \/><\/figure>\n\n\n\n<figure class=\"wp-block-image\"><img loading=\"lazy\" decoding=\"async\" width=\"1024\" height=\"768\" data-id=\"794\" src=\"https:\/\/serralleriamarch.com\/wp-content\/uploads\/2019\/09\/lamparas_hierro_forja21-1-1024x768.jpg\" alt=\"\" class=\"wp-image-794\" srcset=\"https:\/\/serralleriamarch.com\/wp-content\/uploads\/2019\/09\/lamparas_hierro_forja21-1.jpg 1024w, https:\/\/serralleriamarch.com\/wp-content\/uploads\/2019\/09\/lamparas_hierro_forja21-1-300x225.jpg 300w, https:\/\/serralleriamarch.com\/wp-content\/uploads\/2019\/09\/lamparas_hierro_forja21-1-768x576.jpg 768w\" sizes=\"(max-width: 1024px) 100vw, 1024px\" \/><\/figure>\n\n\n\n<figure class=\"wp-block-image\"><img loading=\"lazy\" decoding=\"async\" width=\"768\" height=\"1024\" data-id=\"797\" src=\"https:\/\/serralleriamarch.com\/wp-content\/uploads\/2019\/09\/lamparas_hierro_forja22-1-768x1024.jpg\" alt=\"\" class=\"wp-image-797\" srcset=\"https:\/\/serralleriamarch.com\/wp-content\/uploads\/2019\/09\/lamparas_hierro_forja22-1.jpg 768w, https:\/\/serralleriamarch.com\/wp-content\/uploads\/2019\/09\/lamparas_hierro_forja22-1-225x300.jpg 225w\" sizes=\"(max-width: 768px) 100vw, 768px\" \/><\/figure>\n\n\n\n<figure class=\"wp-block-image\"><img loading=\"lazy\" decoding=\"async\" width=\"768\" height=\"1024\" data-id=\"800\" src=\"https:\/\/serralleriamarch.com\/wp-content\/uploads\/2019\/09\/lamparas_hierro_forja23-1-768x1024.jpg\" alt=\"\" class=\"wp-image-800\" srcset=\"https:\/\/serralleriamarch.com\/wp-content\/uploads\/2019\/09\/lamparas_hierro_forja23-1.jpg 768w, https:\/\/serralleriamarch.com\/wp-content\/uploads\/2019\/09\/lamparas_hierro_forja23-1-225x300.jpg 225w\" sizes=\"(max-width: 768px) 100vw, 768px\" \/><\/figure>\n<\/figure>\n","protected":false},"featured_media":651,"template":"","yoast_head":"<!-- This site is optimized with the Yoast SEO plugin v23.0 - https:\/\/yoast.com\/wordpress\/plugins\/seo\/ -->\n<title>L\u00e0mpades de forja - Serralleria March<\/title>\n<meta name=\"description\" content=\"Dissenyem tot tipus de l\u00e0mpades de forja combinant pantalles de pergam\u00ed, de vidre o de ferro. Constru\u00efm l\u00e0mpades de sostre, de taula o de peu, ...\" \/>\n<meta name=\"robots\" content=\"index, follow, max-snippet:-1, max-image-preview:large, max-video-preview:-1\" \/>\n<link rel=\"canonical\" href=\"https:\/\/serralleriamarch.com\/forja\/lampades-de-forja\/\" \/>\n<meta property=\"og:locale\" content=\"en_US\" \/>\n<meta property=\"og:type\" content=\"article\" \/>\n<meta property=\"og:title\" content=\"L\u00e0mpades de forja - Serralleria March\" \/>\n<meta property=\"og:description\" content=\"Dissenyem tot tipus de l\u00e0mpades de forja combinant pantalles de pergam\u00ed, de vidre o de ferro. Constru\u00efm l\u00e0mpades de sostre, de taula o de peu, ...\" \/>\n<meta property=\"og:url\" content=\"https:\/\/serralleriamarch.com\/forja\/lampades-de-forja\/\" \/>\n<meta property=\"og:site_name\" content=\"Serralleria March\" \/>\n<meta property=\"article:modified_time\" content=\"2024-03-28T18:06:02+00:00\" \/>\n<meta property=\"og:image\" content=\"https:\/\/serralleriamarch.com\/wp-content\/uploads\/2019\/09\/fanals_forja26.jpg\" \/>\n\t<meta property=\"og:image:width\" content=\"497\" \/>\n\t<meta property=\"og:image:height\" content=\"1024\" \/>\n\t<meta property=\"og:image:type\" content=\"image\/jpeg\" \/>\n<meta name=\"twitter:card\" content=\"summary_large_image\" \/>\n<meta name=\"twitter:label1\" content=\"Est. reading time\" \/>\n\t<meta name=\"twitter:data1\" content=\"6 minutes\" \/>\n<script type=\"application\/ld+json\" class=\"yoast-schema-graph\">{\"@context\":\"https:\/\/schema.org\",\"@graph\":[{\"@type\":\"WebPage\",\"@id\":\"https:\/\/serralleriamarch.com\/forja\/lampades-de-forja\/\",\"url\":\"https:\/\/serralleriamarch.com\/forja\/lampades-de-forja\/\",\"name\":\"L\u00e0mpades de forja - Serralleria March\",\"isPartOf\":{\"@id\":\"https:\/\/serralleriamarch.com\/#website\"},\"primaryImageOfPage\":{\"@id\":\"https:\/\/serralleriamarch.com\/forja\/lampades-de-forja\/#primaryimage\"},\"image\":{\"@id\":\"https:\/\/serralleriamarch.com\/forja\/lampades-de-forja\/#primaryimage\"},\"thumbnailUrl\":\"https:\/\/serralleriamarch.com\/wp-content\/uploads\/2019\/09\/fanals_forja26.jpg\",\"datePublished\":\"2019-09-23T14:59:21+00:00\",\"dateModified\":\"2024-03-28T18:06:02+00:00\",\"description\":\"Dissenyem tot tipus de l\u00e0mpades de forja combinant pantalles de pergam\u00ed, de vidre o de ferro. Constru\u00efm l\u00e0mpades de sostre, de taula o de peu, ...\",\"breadcrumb\":{\"@id\":\"https:\/\/serralleriamarch.com\/forja\/lampades-de-forja\/#breadcrumb\"},\"inLanguage\":\"en-US\",\"potentialAction\":[{\"@type\":\"ReadAction\",\"target\":[\"https:\/\/serralleriamarch.com\/forja\/lampades-de-forja\/\"]}]},{\"@type\":\"ImageObject\",\"inLanguage\":\"en-US\",\"@id\":\"https:\/\/serralleriamarch.com\/forja\/lampades-de-forja\/#primaryimage\",\"url\":\"https:\/\/serralleriamarch.com\/wp-content\/uploads\/2019\/09\/fanals_forja26.jpg\",\"contentUrl\":\"https:\/\/serralleriamarch.com\/wp-content\/uploads\/2019\/09\/fanals_forja26.jpg\",\"width\":497,\"height\":1024},{\"@type\":\"BreadcrumbList\",\"@id\":\"https:\/\/serralleriamarch.com\/forja\/lampades-de-forja\/#breadcrumb\",\"itemListElement\":[{\"@type\":\"ListItem\",\"position\":1,\"name\":\"Inici\",\"item\":\"https:\/\/serralleriamarch.com\/en\/\"},{\"@type\":\"ListItem\",\"position\":2,\"name\":\"Treballs de forja\",\"item\":\"https:\/\/serralleriamarch.com\/forja\/\"},{\"@type\":\"ListItem\",\"position\":3,\"name\":\"L\u00e0mpades de forja\"}]},{\"@type\":\"WebSite\",\"@id\":\"https:\/\/serralleriamarch.com\/#website\",\"url\":\"https:\/\/serralleriamarch.com\/\",\"name\":\"Serralleria March\",\"description\":\"Taller artesanal de forja i escultura amb ferro\",\"potentialAction\":[{\"@type\":\"SearchAction\",\"target\":{\"@type\":\"EntryPoint\",\"urlTemplate\":\"https:\/\/serralleriamarch.com\/?s={search_term_string}\"},\"query-input\":\"required name=search_term_string\"}],\"inLanguage\":\"en-US\"}]}<\/script>\n<!-- \/ Yoast SEO plugin. -->","yoast_head_json":{"title":"L\u00e0mpades de forja - Serralleria March","description":"Dissenyem tot tipus de l\u00e0mpades de forja combinant pantalles de pergam\u00ed, de vidre o de ferro. Constru\u00efm l\u00e0mpades de sostre, de taula o de peu, ...","robots":{"index":"index","follow":"follow","max-snippet":"max-snippet:-1","max-image-preview":"max-image-preview:large","max-video-preview":"max-video-preview:-1"},"canonical":"https:\/\/serralleriamarch.com\/forja\/lampades-de-forja\/","og_locale":"en_US","og_type":"article","og_title":"L\u00e0mpades de forja - Serralleria March","og_description":"Dissenyem tot tipus de l\u00e0mpades de forja combinant pantalles de pergam\u00ed, de vidre o de ferro. Constru\u00efm l\u00e0mpades de sostre, de taula o de peu, ...","og_url":"https:\/\/serralleriamarch.com\/forja\/lampades-de-forja\/","og_site_name":"Serralleria March","article_modified_time":"2024-03-28T18:06:02+00:00","og_image":[{"width":497,"height":1024,"url":"https:\/\/serralleriamarch.com\/wp-content\/uploads\/2019\/09\/fanals_forja26.jpg","type":"image\/jpeg"}],"twitter_card":"summary_large_image","twitter_misc":{"Est. reading time":"6 minutes"},"schema":{"@context":"https:\/\/schema.org","@graph":[{"@type":"WebPage","@id":"https:\/\/serralleriamarch.com\/forja\/lampades-de-forja\/","url":"https:\/\/serralleriamarch.com\/forja\/lampades-de-forja\/","name":"L\u00e0mpades de forja - Serralleria March","isPartOf":{"@id":"https:\/\/serralleriamarch.com\/#website"},"primaryImageOfPage":{"@id":"https:\/\/serralleriamarch.com\/forja\/lampades-de-forja\/#primaryimage"},"image":{"@id":"https:\/\/serralleriamarch.com\/forja\/lampades-de-forja\/#primaryimage"},"thumbnailUrl":"https:\/\/serralleriamarch.com\/wp-content\/uploads\/2019\/09\/fanals_forja26.jpg","datePublished":"2019-09-23T14:59:21+00:00","dateModified":"2024-03-28T18:06:02+00:00","description":"Dissenyem tot tipus de l\u00e0mpades de forja combinant pantalles de pergam\u00ed, de vidre o de ferro. Constru\u00efm l\u00e0mpades de sostre, de taula o de peu, ...","breadcrumb":{"@id":"https:\/\/serralleriamarch.com\/forja\/lampades-de-forja\/#breadcrumb"},"inLanguage":"en-US","potentialAction":[{"@type":"ReadAction","target":["https:\/\/serralleriamarch.com\/forja\/lampades-de-forja\/"]}]},{"@type":"ImageObject","inLanguage":"en-US","@id":"https:\/\/serralleriamarch.com\/forja\/lampades-de-forja\/#primaryimage","url":"https:\/\/serralleriamarch.com\/wp-content\/uploads\/2019\/09\/fanals_forja26.jpg","contentUrl":"https:\/\/serralleriamarch.com\/wp-content\/uploads\/2019\/09\/fanals_forja26.jpg","width":497,"height":1024},{"@type":"BreadcrumbList","@id":"https:\/\/serralleriamarch.com\/forja\/lampades-de-forja\/#breadcrumb","itemListElement":[{"@type":"ListItem","position":1,"name":"Inici","item":"https:\/\/serralleriamarch.com\/en\/"},{"@type":"ListItem","position":2,"name":"Treballs de forja","item":"https:\/\/serralleriamarch.com\/forja\/"},{"@type":"ListItem","position":3,"name":"L\u00e0mpades de forja"}]},{"@type":"WebSite","@id":"https:\/\/serralleriamarch.com\/#website","url":"https:\/\/serralleriamarch.com\/","name":"Serralleria March","description":"Taller artesanal de forja i escultura amb ferro","potentialAction":[{"@type":"SearchAction","target":{"@type":"EntryPoint","urlTemplate":"https:\/\/serralleriamarch.com\/?s={search_term_string}"},"query-input":"required name=search_term_string"}],"inLanguage":"en-US"}]}},"_links":{"self":[{"href":"https:\/\/serralleriamarch.com\/en\/wp-json\/wp\/v2\/forja\/668"}],"collection":[{"href":"https:\/\/serralleriamarch.com\/en\/wp-json\/wp\/v2\/forja"}],"about":[{"href":"https:\/\/serralleriamarch.com\/en\/wp-json\/wp\/v2\/types\/forja"}],"version-history":[{"count":5,"href":"https:\/\/serralleriamarch.com\/en\/wp-json\/wp\/v2\/forja\/668\/revisions"}],"predecessor-version":[{"id":2026,"href":"https:\/\/serralleriamarch.com\/en\/wp-json\/wp\/v2\/forja\/668\/revisions\/2026"}],"wp:featuredmedia":[{"embeddable":true,"href":"https:\/\/serralleriamarch.com\/en\/wp-json\/wp\/v2\/media\/651"}],"wp:attachment":[{"href":"https:\/\/serralleriamarch.com\/en\/wp-json\/wp\/v2\/media?parent=668"}],"curies":[{"name":"wp","href":"https:\/\/api.w.org\/{rel}","templated":true}]}}