{"id":884,"date":"2019-09-06T11:11:07","date_gmt":"2019-09-06T09:11:07","guid":{"rendered":"http:\/\/serralleriamarch.com\/?post_type=forja&#038;p=884"},"modified":"2024-03-28T20:52:06","modified_gmt":"2024-03-28T18:52:06","slug":"marquesina-de-forja","status":"publish","type":"forja","link":"https:\/\/serralleriamarch.com\/en\/forja\/marquesina-de-forja\/","title":{"rendered":"Marquesines de forja"},"content":{"rendered":"\n<h2 class=\"has-text-align-center wp-block-heading\">Les marquesines de forja ens protegeixen del sol i la pluja, ens resguarden de les inclem\u00e8ncies del temps.<\/h2>\n\n\n\n<h2 class=\"has-text-align-center wp-block-heading\">Al mateix temps s\u00f3n un element de decoraci\u00f3 i singularitat que destaca en les fa\u00e7anes i contorns de la casa.<\/h2>\n\n\n\n<p>Projectem i constru\u00efm p\u00e8rgoles, marquesines, glorietes i porxades per protegir-te de elements atmosf\u00e8rics a l\u2019exterior.<\/p>\n\n\n\n<p>Ajudem a crear entorns agradables,\u00a0 ambients pel descans a la natura com s\u00f3n les gelosies, les arcades o estructures per les enfiladores i altres vegetacions.<\/p>\n\n\n\n<p>A Serralleria March dissenyem pels teus espais, ens adaptem a les teves necessitats i desitjos.\u00a0<\/p>\n\n\n\n<p class=\"has-text-align-center\">Recorda, tu demana el que vols i nosaltres&nbsp; ho forjarem.<\/p>\n\n\n\n<div style=\"height:20px\" aria-hidden=\"true\" class=\"wp-block-spacer\"><\/div>\n\n\n\n<figure class=\"wp-block-image\"><img loading=\"lazy\" decoding=\"async\" width=\"1024\" height=\"768\" src=\"https:\/\/serralleriamarch.com\/wp-content\/uploads\/2019\/09\/Marquesina_forja-1024x768.jpg\" alt=\"\" class=\"wp-image-885\" srcset=\"https:\/\/serralleriamarch.com\/wp-content\/uploads\/2019\/09\/Marquesina_forja.jpg 1024w, https:\/\/serralleriamarch.com\/wp-content\/uploads\/2019\/09\/Marquesina_forja-300x225.jpg 300w, https:\/\/serralleriamarch.com\/wp-content\/uploads\/2019\/09\/Marquesina_forja-768x576.jpg 768w\" sizes=\"(max-width: 1024px) 100vw, 1024px\" \/><\/figure>\n\n\n\n<figure class=\"wp-block-image\"><img loading=\"lazy\" decoding=\"async\" width=\"703\" height=\"1024\" src=\"https:\/\/serralleriamarch.com\/wp-content\/uploads\/2019\/09\/marquesina_forja2-703x1024.jpg\" alt=\"\" class=\"wp-image-888\" srcset=\"https:\/\/serralleriamarch.com\/wp-content\/uploads\/2019\/09\/marquesina_forja2.jpg 703w, https:\/\/serralleriamarch.com\/wp-content\/uploads\/2019\/09\/marquesina_forja2-206x300.jpg 206w\" sizes=\"(max-width: 703px) 100vw, 703px\" \/><\/figure>\n\n\n\n<p><\/p>\n","protected":false},"featured_media":1573,"template":"","yoast_head":"<!-- This site is optimized with the Yoast SEO plugin v23.0 - https:\/\/yoast.com\/wordpress\/plugins\/seo\/ -->\n<title>Marquesines de forja - Serralleria March<\/title>\n<meta name=\"description\" content=\"Les marquesines de forja s\u00f3n un element que pot servir per distingir els accessos a una vivenda o un negoci. A m\u00e9s de protegir la porta d\u2019entrada.\" \/>\n<meta name=\"robots\" content=\"index, follow, max-snippet:-1, max-image-preview:large, max-video-preview:-1\" \/>\n<link rel=\"canonical\" href=\"https:\/\/serralleriamarch.com\/forja\/marquesina-de-forja\/\" \/>\n<meta property=\"og:locale\" content=\"en_US\" \/>\n<meta property=\"og:type\" content=\"article\" \/>\n<meta property=\"og:title\" content=\"Marquesines de forja - Serralleria March\" \/>\n<meta property=\"og:description\" content=\"Les marquesines de forja s\u00f3n un element que pot servir per distingir els accessos a una vivenda o un negoci. A m\u00e9s de protegir la porta d\u2019entrada.\" \/>\n<meta property=\"og:url\" content=\"https:\/\/serralleriamarch.com\/forja\/marquesina-de-forja\/\" \/>\n<meta property=\"og:site_name\" content=\"Serralleria March\" \/>\n<meta property=\"article:modified_time\" content=\"2024-03-28T18:52:06+00:00\" \/>\n<meta property=\"og:image\" content=\"https:\/\/serralleriamarch.com\/wp-content\/uploads\/2019\/09\/marquesina-forja.png\" \/>\n\t<meta property=\"og:image:width\" content=\"600\" \/>\n\t<meta property=\"og:image:height\" content=\"591\" \/>\n\t<meta property=\"og:image:type\" content=\"image\/png\" \/>\n<meta name=\"twitter:card\" content=\"summary_large_image\" \/>\n<meta name=\"twitter:label1\" content=\"Est. reading time\" \/>\n\t<meta name=\"twitter:data1\" content=\"1 minute\" \/>\n<script type=\"application\/ld+json\" class=\"yoast-schema-graph\">{\"@context\":\"https:\/\/schema.org\",\"@graph\":[{\"@type\":\"WebPage\",\"@id\":\"https:\/\/serralleriamarch.com\/forja\/marquesina-de-forja\/\",\"url\":\"https:\/\/serralleriamarch.com\/forja\/marquesina-de-forja\/\",\"name\":\"Marquesines de forja - Serralleria March\",\"isPartOf\":{\"@id\":\"https:\/\/serralleriamarch.com\/#website\"},\"primaryImageOfPage\":{\"@id\":\"https:\/\/serralleriamarch.com\/forja\/marquesina-de-forja\/#primaryimage\"},\"image\":{\"@id\":\"https:\/\/serralleriamarch.com\/forja\/marquesina-de-forja\/#primaryimage\"},\"thumbnailUrl\":\"https:\/\/serralleriamarch.com\/wp-content\/uploads\/2019\/09\/marquesina-forja.png\",\"datePublished\":\"2019-09-06T09:11:07+00:00\",\"dateModified\":\"2024-03-28T18:52:06+00:00\",\"description\":\"Les marquesines de forja s\u00f3n un element que pot servir per distingir els accessos a una vivenda o un negoci. A m\u00e9s de protegir la porta d\u2019entrada.\",\"breadcrumb\":{\"@id\":\"https:\/\/serralleriamarch.com\/forja\/marquesina-de-forja\/#breadcrumb\"},\"inLanguage\":\"en-US\",\"potentialAction\":[{\"@type\":\"ReadAction\",\"target\":[\"https:\/\/serralleriamarch.com\/forja\/marquesina-de-forja\/\"]}]},{\"@type\":\"ImageObject\",\"inLanguage\":\"en-US\",\"@id\":\"https:\/\/serralleriamarch.com\/forja\/marquesina-de-forja\/#primaryimage\",\"url\":\"https:\/\/serralleriamarch.com\/wp-content\/uploads\/2019\/09\/marquesina-forja.png\",\"contentUrl\":\"https:\/\/serralleriamarch.com\/wp-content\/uploads\/2019\/09\/marquesina-forja.png\",\"width\":600,\"height\":591},{\"@type\":\"BreadcrumbList\",\"@id\":\"https:\/\/serralleriamarch.com\/forja\/marquesina-de-forja\/#breadcrumb\",\"itemListElement\":[{\"@type\":\"ListItem\",\"position\":1,\"name\":\"Inici\",\"item\":\"https:\/\/serralleriamarch.com\/en\/\"},{\"@type\":\"ListItem\",\"position\":2,\"name\":\"Treballs de forja\",\"item\":\"https:\/\/serralleriamarch.com\/forja\/\"},{\"@type\":\"ListItem\",\"position\":3,\"name\":\"Marquesines de forja\"}]},{\"@type\":\"WebSite\",\"@id\":\"https:\/\/serralleriamarch.com\/#website\",\"url\":\"https:\/\/serralleriamarch.com\/\",\"name\":\"Serralleria March\",\"description\":\"Taller artesanal de forja i escultura amb ferro\",\"potentialAction\":[{\"@type\":\"SearchAction\",\"target\":{\"@type\":\"EntryPoint\",\"urlTemplate\":\"https:\/\/serralleriamarch.com\/?s={search_term_string}\"},\"query-input\":\"required name=search_term_string\"}],\"inLanguage\":\"en-US\"}]}<\/script>\n<!-- \/ Yoast SEO plugin. -->","yoast_head_json":{"title":"Marquesines de forja - Serralleria March","description":"Les marquesines de forja s\u00f3n un element que pot servir per distingir els accessos a una vivenda o un negoci. A m\u00e9s de protegir la porta d\u2019entrada.","robots":{"index":"index","follow":"follow","max-snippet":"max-snippet:-1","max-image-preview":"max-image-preview:large","max-video-preview":"max-video-preview:-1"},"canonical":"https:\/\/serralleriamarch.com\/forja\/marquesina-de-forja\/","og_locale":"en_US","og_type":"article","og_title":"Marquesines de forja - Serralleria March","og_description":"Les marquesines de forja s\u00f3n un element que pot servir per distingir els accessos a una vivenda o un negoci. A m\u00e9s de protegir la porta d\u2019entrada.","og_url":"https:\/\/serralleriamarch.com\/forja\/marquesina-de-forja\/","og_site_name":"Serralleria March","article_modified_time":"2024-03-28T18:52:06+00:00","og_image":[{"width":600,"height":591,"url":"https:\/\/serralleriamarch.com\/wp-content\/uploads\/2019\/09\/marquesina-forja.png","type":"image\/png"}],"twitter_card":"summary_large_image","twitter_misc":{"Est. reading time":"1 minute"},"schema":{"@context":"https:\/\/schema.org","@graph":[{"@type":"WebPage","@id":"https:\/\/serralleriamarch.com\/forja\/marquesina-de-forja\/","url":"https:\/\/serralleriamarch.com\/forja\/marquesina-de-forja\/","name":"Marquesines de forja - Serralleria March","isPartOf":{"@id":"https:\/\/serralleriamarch.com\/#website"},"primaryImageOfPage":{"@id":"https:\/\/serralleriamarch.com\/forja\/marquesina-de-forja\/#primaryimage"},"image":{"@id":"https:\/\/serralleriamarch.com\/forja\/marquesina-de-forja\/#primaryimage"},"thumbnailUrl":"https:\/\/serralleriamarch.com\/wp-content\/uploads\/2019\/09\/marquesina-forja.png","datePublished":"2019-09-06T09:11:07+00:00","dateModified":"2024-03-28T18:52:06+00:00","description":"Les marquesines de forja s\u00f3n un element que pot servir per distingir els accessos a una vivenda o un negoci. A m\u00e9s de protegir la porta d\u2019entrada.","breadcrumb":{"@id":"https:\/\/serralleriamarch.com\/forja\/marquesina-de-forja\/#breadcrumb"},"inLanguage":"en-US","potentialAction":[{"@type":"ReadAction","target":["https:\/\/serralleriamarch.com\/forja\/marquesina-de-forja\/"]}]},{"@type":"ImageObject","inLanguage":"en-US","@id":"https:\/\/serralleriamarch.com\/forja\/marquesina-de-forja\/#primaryimage","url":"https:\/\/serralleriamarch.com\/wp-content\/uploads\/2019\/09\/marquesina-forja.png","contentUrl":"https:\/\/serralleriamarch.com\/wp-content\/uploads\/2019\/09\/marquesina-forja.png","width":600,"height":591},{"@type":"BreadcrumbList","@id":"https:\/\/serralleriamarch.com\/forja\/marquesina-de-forja\/#breadcrumb","itemListElement":[{"@type":"ListItem","position":1,"name":"Inici","item":"https:\/\/serralleriamarch.com\/en\/"},{"@type":"ListItem","position":2,"name":"Treballs de forja","item":"https:\/\/serralleriamarch.com\/forja\/"},{"@type":"ListItem","position":3,"name":"Marquesines de forja"}]},{"@type":"WebSite","@id":"https:\/\/serralleriamarch.com\/#website","url":"https:\/\/serralleriamarch.com\/","name":"Serralleria March","description":"Taller artesanal de forja i escultura amb ferro","potentialAction":[{"@type":"SearchAction","target":{"@type":"EntryPoint","urlTemplate":"https:\/\/serralleriamarch.com\/?s={search_term_string}"},"query-input":"required name=search_term_string"}],"inLanguage":"en-US"}]}},"_links":{"self":[{"href":"https:\/\/serralleriamarch.com\/en\/wp-json\/wp\/v2\/forja\/884"}],"collection":[{"href":"https:\/\/serralleriamarch.com\/en\/wp-json\/wp\/v2\/forja"}],"about":[{"href":"https:\/\/serralleriamarch.com\/en\/wp-json\/wp\/v2\/types\/forja"}],"version-history":[{"count":3,"href":"https:\/\/serralleriamarch.com\/en\/wp-json\/wp\/v2\/forja\/884\/revisions"}],"predecessor-version":[{"id":2036,"href":"https:\/\/serralleriamarch.com\/en\/wp-json\/wp\/v2\/forja\/884\/revisions\/2036"}],"wp:featuredmedia":[{"embeddable":true,"href":"https:\/\/serralleriamarch.com\/en\/wp-json\/wp\/v2\/media\/1573"}],"wp:attachment":[{"href":"https:\/\/serralleriamarch.com\/en\/wp-json\/wp\/v2\/media?parent=884"}],"curies":[{"name":"wp","href":"https:\/\/api.w.org\/{rel}","templated":true}]}}