{"id":923,"date":"2019-09-09T09:11:46","date_gmt":"2019-09-09T07:11:46","guid":{"rendered":"http:\/\/serralleriamarch.com\/?post_type=forja&#038;p=923"},"modified":"2024-03-28T20:32:45","modified_gmt":"2024-03-28T18:32:45","slug":"numeros-de-forja","status":"publish","type":"forja","link":"https:\/\/serralleriamarch.com\/en\/forja\/numeros-de-forja\/","title":{"rendered":"N\u00fameros de forja"},"content":{"rendered":"\n<h2 class=\"has-text-align-center wp-block-heading\">El n\u00famero clar i vistos, que no es confonguin.\u00a0<\/h2>\n\n\n\n<h2 class=\"has-text-align-center wp-block-heading\">Utilitza la forja per destacar i diferenciar-te de la resta.<\/h2>\n\n\n\n<p>Com donar-l&#8217;hi la import\u00e0ncia que es mereix el n\u00famero de la teva casa.<\/p>\n\n\n\n<p>Podem crear amb la forja alguna m\u00e9s que un simple n\u00famero ordinari de fa\u00e7ana. Tot tipus d\u2019estils de n\u00fameros son possibles, elegants per sis sols o acompanyats d\u2019elements decoratius, elements que representin casa teva.<\/p>\n\n\n\n<p class=\"has-text-align-center\">Projectem multitud de possibilitats perqu\u00e8 no passin de llarg.<\/p>\n\n\n\n<div style=\"height:20px\" aria-hidden=\"true\" class=\"wp-block-spacer\"><\/div>\n\n\n\n<figure class=\"wp-block-gallery has-nested-images columns-default is-cropped wp-block-gallery-1 is-layout-flex wp-block-gallery-is-layout-flex\">\n<figure class=\"wp-block-image\"><img loading=\"lazy\" decoding=\"async\" width=\"1024\" height=\"768\" data-id=\"955\" src=\"https:\/\/serralleriamarch.com\/wp-content\/uploads\/2019\/09\/numeros_forja1-1-1024x768.jpg\" alt=\"\" class=\"wp-image-955\" srcset=\"https:\/\/serralleriamarch.com\/wp-content\/uploads\/2019\/09\/numeros_forja1-1.jpg 1024w, https:\/\/serralleriamarch.com\/wp-content\/uploads\/2019\/09\/numeros_forja1-1-300x225.jpg 300w, https:\/\/serralleriamarch.com\/wp-content\/uploads\/2019\/09\/numeros_forja1-1-768x576.jpg 768w\" sizes=\"(max-width: 1024px) 100vw, 1024px\" \/><\/figure>\n\n\n\n<figure class=\"wp-block-image\"><img loading=\"lazy\" decoding=\"async\" width=\"1024\" height=\"768\" data-id=\"961\" src=\"https:\/\/serralleriamarch.com\/wp-content\/uploads\/2019\/09\/numeros_forja3-1-1024x768.jpg\" alt=\"\" class=\"wp-image-961\" srcset=\"https:\/\/serralleriamarch.com\/wp-content\/uploads\/2019\/09\/numeros_forja3-1.jpg 1024w, https:\/\/serralleriamarch.com\/wp-content\/uploads\/2019\/09\/numeros_forja3-1-300x225.jpg 300w, https:\/\/serralleriamarch.com\/wp-content\/uploads\/2019\/09\/numeros_forja3-1-768x576.jpg 768w\" sizes=\"(max-width: 1024px) 100vw, 1024px\" \/><\/figure>\n\n\n\n<figure class=\"wp-block-image\"><img loading=\"lazy\" decoding=\"async\" width=\"1024\" height=\"768\" data-id=\"964\" src=\"https:\/\/serralleriamarch.com\/wp-content\/uploads\/2019\/09\/numeros_forja4-1-1024x768.jpg\" alt=\"\" class=\"wp-image-964\" srcset=\"https:\/\/serralleriamarch.com\/wp-content\/uploads\/2019\/09\/numeros_forja4-1.jpg 1024w, https:\/\/serralleriamarch.com\/wp-content\/uploads\/2019\/09\/numeros_forja4-1-300x225.jpg 300w, https:\/\/serralleriamarch.com\/wp-content\/uploads\/2019\/09\/numeros_forja4-1-768x576.jpg 768w\" sizes=\"(max-width: 1024px) 100vw, 1024px\" \/><\/figure>\n\n\n\n<figure class=\"wp-block-image\"><img loading=\"lazy\" decoding=\"async\" width=\"1024\" height=\"768\" data-id=\"967\" src=\"https:\/\/serralleriamarch.com\/wp-content\/uploads\/2019\/09\/numeros_forja5-1-1024x768.jpg\" alt=\"\" class=\"wp-image-967\" srcset=\"https:\/\/serralleriamarch.com\/wp-content\/uploads\/2019\/09\/numeros_forja5-1.jpg 1024w, https:\/\/serralleriamarch.com\/wp-content\/uploads\/2019\/09\/numeros_forja5-1-300x225.jpg 300w, https:\/\/serralleriamarch.com\/wp-content\/uploads\/2019\/09\/numeros_forja5-1-768x576.jpg 768w\" sizes=\"(max-width: 1024px) 100vw, 1024px\" \/><\/figure>\n\n\n\n<figure class=\"wp-block-image\"><img loading=\"lazy\" decoding=\"async\" width=\"1024\" height=\"768\" data-id=\"973\" src=\"https:\/\/serralleriamarch.com\/wp-content\/uploads\/2019\/09\/numeros_forja7-1-1024x768.jpg\" alt=\"\" class=\"wp-image-973\" srcset=\"https:\/\/serralleriamarch.com\/wp-content\/uploads\/2019\/09\/numeros_forja7-1.jpg 1024w, https:\/\/serralleriamarch.com\/wp-content\/uploads\/2019\/09\/numeros_forja7-1-300x225.jpg 300w, https:\/\/serralleriamarch.com\/wp-content\/uploads\/2019\/09\/numeros_forja7-1-768x576.jpg 768w\" sizes=\"(max-width: 1024px) 100vw, 1024px\" \/><\/figure>\n\n\n\n<figure class=\"wp-block-image\"><img loading=\"lazy\" decoding=\"async\" width=\"768\" height=\"1024\" data-id=\"976\" src=\"https:\/\/serralleriamarch.com\/wp-content\/uploads\/2019\/09\/numeros_forja8-1-768x1024.jpg\" alt=\"\" class=\"wp-image-976\" srcset=\"https:\/\/serralleriamarch.com\/wp-content\/uploads\/2019\/09\/numeros_forja8-1.jpg 768w, https:\/\/serralleriamarch.com\/wp-content\/uploads\/2019\/09\/numeros_forja8-1-225x300.jpg 225w\" sizes=\"(max-width: 768px) 100vw, 768px\" \/><\/figure>\n\n\n\n<figure class=\"wp-block-image\"><img loading=\"lazy\" decoding=\"async\" width=\"1024\" height=\"768\" data-id=\"979\" src=\"https:\/\/serralleriamarch.com\/wp-content\/uploads\/2019\/09\/numeros_forja9-1-1024x768.jpg\" alt=\"\" class=\"wp-image-979\" srcset=\"https:\/\/serralleriamarch.com\/wp-content\/uploads\/2019\/09\/numeros_forja9-1.jpg 1024w, https:\/\/serralleriamarch.com\/wp-content\/uploads\/2019\/09\/numeros_forja9-1-300x225.jpg 300w, https:\/\/serralleriamarch.com\/wp-content\/uploads\/2019\/09\/numeros_forja9-1-768x576.jpg 768w\" sizes=\"(max-width: 1024px) 100vw, 1024px\" \/><\/figure>\n<\/figure>\n","protected":false},"featured_media":941,"template":"","yoast_head":"<!-- This site is optimized with the Yoast SEO plugin v23.0 - https:\/\/yoast.com\/wordpress\/plugins\/seo\/ -->\n<title>N\u00fameros de forja - Serralleria March<\/title>\n<meta name=\"description\" content=\"El n\u00famero de casa teva o del teu comer\u00e7 pot ser molt m\u00e9s que un n\u00famero. Podem crear-te\u2019l amb forja perqu\u00e8 sigui una decoraci\u00f3 m\u00e9s de la fa\u00e7ana.\" \/>\n<meta name=\"robots\" content=\"index, follow, max-snippet:-1, max-image-preview:large, max-video-preview:-1\" \/>\n<link rel=\"canonical\" href=\"https:\/\/serralleriamarch.com\/forja\/numeros-de-forja\/\" \/>\n<meta property=\"og:locale\" content=\"en_US\" \/>\n<meta property=\"og:type\" content=\"article\" \/>\n<meta property=\"og:title\" content=\"N\u00fameros de forja - Serralleria March\" \/>\n<meta property=\"og:description\" content=\"El n\u00famero de casa teva o del teu comer\u00e7 pot ser molt m\u00e9s que un n\u00famero. Podem crear-te\u2019l amb forja perqu\u00e8 sigui una decoraci\u00f3 m\u00e9s de la fa\u00e7ana.\" \/>\n<meta property=\"og:url\" content=\"https:\/\/serralleriamarch.com\/forja\/numeros-de-forja\/\" \/>\n<meta property=\"og:site_name\" content=\"Serralleria March\" \/>\n<meta property=\"article:modified_time\" content=\"2024-03-28T18:32:45+00:00\" \/>\n<meta property=\"og:image\" content=\"https:\/\/serralleriamarch.com\/wp-content\/uploads\/2019\/09\/numeros_forja6.jpg\" \/>\n\t<meta property=\"og:image:width\" content=\"1024\" \/>\n\t<meta property=\"og:image:height\" content=\"844\" \/>\n\t<meta property=\"og:image:type\" content=\"image\/jpeg\" \/>\n<meta name=\"twitter:card\" content=\"summary_large_image\" \/>\n<meta name=\"twitter:label1\" content=\"Est. reading time\" \/>\n\t<meta name=\"twitter:data1\" content=\"2 minutes\" \/>\n<script type=\"application\/ld+json\" class=\"yoast-schema-graph\">{\"@context\":\"https:\/\/schema.org\",\"@graph\":[{\"@type\":\"WebPage\",\"@id\":\"https:\/\/serralleriamarch.com\/forja\/numeros-de-forja\/\",\"url\":\"https:\/\/serralleriamarch.com\/forja\/numeros-de-forja\/\",\"name\":\"N\u00fameros de forja - Serralleria March\",\"isPartOf\":{\"@id\":\"https:\/\/serralleriamarch.com\/#website\"},\"primaryImageOfPage\":{\"@id\":\"https:\/\/serralleriamarch.com\/forja\/numeros-de-forja\/#primaryimage\"},\"image\":{\"@id\":\"https:\/\/serralleriamarch.com\/forja\/numeros-de-forja\/#primaryimage\"},\"thumbnailUrl\":\"https:\/\/serralleriamarch.com\/wp-content\/uploads\/2019\/09\/numeros_forja6.jpg\",\"datePublished\":\"2019-09-09T07:11:46+00:00\",\"dateModified\":\"2024-03-28T18:32:45+00:00\",\"description\":\"El n\u00famero de casa teva o del teu comer\u00e7 pot ser molt m\u00e9s que un n\u00famero. Podem crear-te\u2019l amb forja perqu\u00e8 sigui una decoraci\u00f3 m\u00e9s de la fa\u00e7ana.\",\"breadcrumb\":{\"@id\":\"https:\/\/serralleriamarch.com\/forja\/numeros-de-forja\/#breadcrumb\"},\"inLanguage\":\"en-US\",\"potentialAction\":[{\"@type\":\"ReadAction\",\"target\":[\"https:\/\/serralleriamarch.com\/forja\/numeros-de-forja\/\"]}]},{\"@type\":\"ImageObject\",\"inLanguage\":\"en-US\",\"@id\":\"https:\/\/serralleriamarch.com\/forja\/numeros-de-forja\/#primaryimage\",\"url\":\"https:\/\/serralleriamarch.com\/wp-content\/uploads\/2019\/09\/numeros_forja6.jpg\",\"contentUrl\":\"https:\/\/serralleriamarch.com\/wp-content\/uploads\/2019\/09\/numeros_forja6.jpg\",\"width\":1024,\"height\":844},{\"@type\":\"BreadcrumbList\",\"@id\":\"https:\/\/serralleriamarch.com\/forja\/numeros-de-forja\/#breadcrumb\",\"itemListElement\":[{\"@type\":\"ListItem\",\"position\":1,\"name\":\"Inici\",\"item\":\"https:\/\/serralleriamarch.com\/en\/\"},{\"@type\":\"ListItem\",\"position\":2,\"name\":\"Treballs de forja\",\"item\":\"https:\/\/serralleriamarch.com\/forja\/\"},{\"@type\":\"ListItem\",\"position\":3,\"name\":\"N\u00fameros de forja\"}]},{\"@type\":\"WebSite\",\"@id\":\"https:\/\/serralleriamarch.com\/#website\",\"url\":\"https:\/\/serralleriamarch.com\/\",\"name\":\"Serralleria March\",\"description\":\"Taller artesanal de forja i escultura amb ferro\",\"potentialAction\":[{\"@type\":\"SearchAction\",\"target\":{\"@type\":\"EntryPoint\",\"urlTemplate\":\"https:\/\/serralleriamarch.com\/?s={search_term_string}\"},\"query-input\":\"required name=search_term_string\"}],\"inLanguage\":\"en-US\"}]}<\/script>\n<!-- \/ Yoast SEO plugin. -->","yoast_head_json":{"title":"N\u00fameros de forja - Serralleria March","description":"El n\u00famero de casa teva o del teu comer\u00e7 pot ser molt m\u00e9s que un n\u00famero. Podem crear-te\u2019l amb forja perqu\u00e8 sigui una decoraci\u00f3 m\u00e9s de la fa\u00e7ana.","robots":{"index":"index","follow":"follow","max-snippet":"max-snippet:-1","max-image-preview":"max-image-preview:large","max-video-preview":"max-video-preview:-1"},"canonical":"https:\/\/serralleriamarch.com\/forja\/numeros-de-forja\/","og_locale":"en_US","og_type":"article","og_title":"N\u00fameros de forja - Serralleria March","og_description":"El n\u00famero de casa teva o del teu comer\u00e7 pot ser molt m\u00e9s que un n\u00famero. Podem crear-te\u2019l amb forja perqu\u00e8 sigui una decoraci\u00f3 m\u00e9s de la fa\u00e7ana.","og_url":"https:\/\/serralleriamarch.com\/forja\/numeros-de-forja\/","og_site_name":"Serralleria March","article_modified_time":"2024-03-28T18:32:45+00:00","og_image":[{"width":1024,"height":844,"url":"https:\/\/serralleriamarch.com\/wp-content\/uploads\/2019\/09\/numeros_forja6.jpg","type":"image\/jpeg"}],"twitter_card":"summary_large_image","twitter_misc":{"Est. reading time":"2 minutes"},"schema":{"@context":"https:\/\/schema.org","@graph":[{"@type":"WebPage","@id":"https:\/\/serralleriamarch.com\/forja\/numeros-de-forja\/","url":"https:\/\/serralleriamarch.com\/forja\/numeros-de-forja\/","name":"N\u00fameros de forja - Serralleria March","isPartOf":{"@id":"https:\/\/serralleriamarch.com\/#website"},"primaryImageOfPage":{"@id":"https:\/\/serralleriamarch.com\/forja\/numeros-de-forja\/#primaryimage"},"image":{"@id":"https:\/\/serralleriamarch.com\/forja\/numeros-de-forja\/#primaryimage"},"thumbnailUrl":"https:\/\/serralleriamarch.com\/wp-content\/uploads\/2019\/09\/numeros_forja6.jpg","datePublished":"2019-09-09T07:11:46+00:00","dateModified":"2024-03-28T18:32:45+00:00","description":"El n\u00famero de casa teva o del teu comer\u00e7 pot ser molt m\u00e9s que un n\u00famero. Podem crear-te\u2019l amb forja perqu\u00e8 sigui una decoraci\u00f3 m\u00e9s de la fa\u00e7ana.","breadcrumb":{"@id":"https:\/\/serralleriamarch.com\/forja\/numeros-de-forja\/#breadcrumb"},"inLanguage":"en-US","potentialAction":[{"@type":"ReadAction","target":["https:\/\/serralleriamarch.com\/forja\/numeros-de-forja\/"]}]},{"@type":"ImageObject","inLanguage":"en-US","@id":"https:\/\/serralleriamarch.com\/forja\/numeros-de-forja\/#primaryimage","url":"https:\/\/serralleriamarch.com\/wp-content\/uploads\/2019\/09\/numeros_forja6.jpg","contentUrl":"https:\/\/serralleriamarch.com\/wp-content\/uploads\/2019\/09\/numeros_forja6.jpg","width":1024,"height":844},{"@type":"BreadcrumbList","@id":"https:\/\/serralleriamarch.com\/forja\/numeros-de-forja\/#breadcrumb","itemListElement":[{"@type":"ListItem","position":1,"name":"Inici","item":"https:\/\/serralleriamarch.com\/en\/"},{"@type":"ListItem","position":2,"name":"Treballs de forja","item":"https:\/\/serralleriamarch.com\/forja\/"},{"@type":"ListItem","position":3,"name":"N\u00fameros de forja"}]},{"@type":"WebSite","@id":"https:\/\/serralleriamarch.com\/#website","url":"https:\/\/serralleriamarch.com\/","name":"Serralleria March","description":"Taller artesanal de forja i escultura amb ferro","potentialAction":[{"@type":"SearchAction","target":{"@type":"EntryPoint","urlTemplate":"https:\/\/serralleriamarch.com\/?s={search_term_string}"},"query-input":"required name=search_term_string"}],"inLanguage":"en-US"}]}},"_links":{"self":[{"href":"https:\/\/serralleriamarch.com\/en\/wp-json\/wp\/v2\/forja\/923"}],"collection":[{"href":"https:\/\/serralleriamarch.com\/en\/wp-json\/wp\/v2\/forja"}],"about":[{"href":"https:\/\/serralleriamarch.com\/en\/wp-json\/wp\/v2\/types\/forja"}],"version-history":[{"count":6,"href":"https:\/\/serralleriamarch.com\/en\/wp-json\/wp\/v2\/forja\/923\/revisions"}],"predecessor-version":[{"id":2032,"href":"https:\/\/serralleriamarch.com\/en\/wp-json\/wp\/v2\/forja\/923\/revisions\/2032"}],"wp:featuredmedia":[{"embeddable":true,"href":"https:\/\/serralleriamarch.com\/en\/wp-json\/wp\/v2\/media\/941"}],"wp:attachment":[{"href":"https:\/\/serralleriamarch.com\/en\/wp-json\/wp\/v2\/media?parent=923"}],"curies":[{"name":"wp","href":"https:\/\/api.w.org\/{rel}","templated":true}]}}