{"id":2602,"date":"2024-07-03T15:02:25","date_gmt":"2024-07-03T13:02:25","guid":{"rendered":"https:\/\/serralleriamarch.com\/history-of-the-locksmith-march\/"},"modified":"2024-07-04T08:53:50","modified_gmt":"2024-07-04T06:53:50","slug":"history-of-the-locksmith-march","status":"publish","type":"page","link":"https:\/\/serralleriamarch.com\/en\/history-of-the-locksmith-march\/","title":{"rendered":"History of the Blacksmith March"},"content":{"rendered":"\n<h2 class=\"wp-block-heading\">At the end of the 19th century and the beginning of the 20th century, there was a resurgence of forging in Catalonia thanks to Modernism. In this context is where the history of the March Blacksmith workshop begins. Since 1903.<\/h2>\n\n\n\n<div class=\"wp-block-columns has-2-columns is-layout-flex wp-container-core-columns-is-layout-1 wp-block-columns-is-layout-flex\">\n<div class=\"wp-block-column is-layout-flow wp-block-column-is-layout-flow\">\n<h3 class=\"wp-block-heading data\">1884<\/h3>\n\n\n\n<div style=\"height:25px\" aria-hidden=\"true\" class=\"wp-block-spacer\"><\/div>\n\n\n<div class=\"wp-block-image\">\n<figure class=\"aligncenter\"><img loading=\"lazy\" decoding=\"async\" width=\"201\" height=\"300\" src=\"https:\/\/serralleriamarch.com\/wp-content\/uploads\/2019\/09\/antoni_march_0-201x300.png\" alt=\"\" class=\"wp-image-1008\" srcset=\"https:\/\/serralleriamarch.com\/wp-content\/uploads\/2019\/09\/antoni_march_0-201x300.png 201w, https:\/\/serralleriamarch.com\/wp-content\/uploads\/2019\/09\/antoni_march_0.png 256w\" sizes=\"(max-width: 201px) 100vw, 201px\" \/><figcaption class=\"wp-element-caption\"><strong>Antoni March and Volart<\/strong><\/figcaption><\/figure><\/div>\n\n\n<p>Antoni March Volart was born in 1884. At only 11 years old, he entered the wrought iron workshop of Mr. Esteban Casellas. At the age of 14, he went to Barcelona to learn the blacksmith trade at Taller Ballar\u00edn, one of the most important and representative of the time. This workshop had several partners. One of them was the architect Puig i Cadafalch, a prominent figure of Catalan Modernism.  <\/p>\n\n\n\n<p>Antoni March starts working in the artistic section, where he will be there until he is 20 years old.<\/p>\n\n\n\n<div style=\"height:100px\" aria-hidden=\"true\" class=\"wp-block-spacer\"><\/div>\n\n\n\n<h3 class=\"wp-block-heading data\">1904<\/h3>\n\n\n\n<div style=\"height:20px\" aria-hidden=\"true\" class=\"wp-block-spacer\"><\/div>\n\n\n\n<h3 class=\"wp-block-heading has-text-align-left\"><strong>In 1904, March bought the workshop of Mr. Esteban Casellas, where his career had begun. It is at this moment that the history of Serralleria March begins to be forged: a tradition that will continue from generation to generation.<\/strong><\/h3>\n\n\n<div class=\"wp-block-image\">\n<figure class=\"aligncenter is-resized\"><img loading=\"lazy\" decoding=\"async\" width=\"217\" height=\"623\" src=\"https:\/\/serralleriamarch.com\/wp-content\/uploads\/2019\/09\/espiga-forja.png\" alt=\"\" class=\"wp-image-1062\" style=\"width:150px\" srcset=\"https:\/\/serralleriamarch.com\/wp-content\/uploads\/2019\/09\/espiga-forja.png 217w, https:\/\/serralleriamarch.com\/wp-content\/uploads\/2019\/09\/espiga-forja-104x300.png 104w\" sizes=\"(max-width: 217px) 100vw, 217px\" \/><figcaption class=\"wp-element-caption\"><br>1913 &#8211; <strong>Alberg Torre Ca l&#8217;Ametller,<\/strong><br> Cabrera de Mar Architect Bonet.  <br><br><\/figcaption><\/figure><\/div>\n\n\n<div style=\"height:40px\" aria-hidden=\"true\" class=\"wp-block-spacer\"><\/div>\n\n\n\n<h3 class=\"wp-block-heading data\">1929<\/h3>\n\n\n<div class=\"wp-block-image\">\n<figure class=\"aligncenter\"><img loading=\"lazy\" decoding=\"async\" width=\"406\" height=\"303\" src=\"https:\/\/serralleriamarch.com\/wp-content\/uploads\/2019\/09\/historia_serrallerimarch.png\" alt=\"\" class=\"wp-image-1054\" srcset=\"https:\/\/serralleriamarch.com\/wp-content\/uploads\/2019\/09\/historia_serrallerimarch.png 406w, https:\/\/serralleriamarch.com\/wp-content\/uploads\/2019\/09\/historia_serrallerimarch-300x224.png 300w\" sizes=\"(max-width: 406px) 100vw, 406px\" \/><figcaption class=\"wp-element-caption\"><strong>Photo taken in the workshop yard:<\/strong><br>Antonio March, Joaquim March and the younger sister.<\/figcaption><\/figure><\/div>\n\n\n<div style=\"height:300px\" aria-hidden=\"true\" class=\"wp-block-spacer\"><\/div>\n\n\n\n<h3 class=\"wp-block-heading data\">1946<\/h3>\n\n\n\n<p>The third generation of Serralleria March, embodied by Rafel Codina March, was born in Matar\u00f3 in 1946. Rafel Codina begins the blacksmith&#8217;s trade at the age of fifteen with his grandfather (Antoni March) and his uncle (Joaquim March).  <\/p>\n\n\n\n<p>Rafel Codina studies artistic drawing with Jordi Arenas; renowned draftsman, painter and sculptor from Matar\u00f3, who is considered one of the most famous and prestigious artists in the city.<\/p>\n\n\n\n<div style=\"height:100px\" aria-hidden=\"true\" class=\"wp-block-spacer\"><\/div>\n\n\n\n<h3 class=\"wp-block-heading data\">1990<\/h3>\n\n\n<div class=\"wp-block-image\">\n<figure class=\"aligncenter\"><img loading=\"lazy\" decoding=\"async\" width=\"768\" height=\"1024\" src=\"https:\/\/serralleriamarch.com\/wp-content\/uploads\/2019\/09\/fanal_forja-768x1024.jpg\" alt=\"\" class=\"wp-image-578\" srcset=\"https:\/\/serralleriamarch.com\/wp-content\/uploads\/2019\/09\/fanal_forja.jpg 768w, https:\/\/serralleriamarch.com\/wp-content\/uploads\/2019\/09\/fanal_forja-225x300.jpg 225w\" sizes=\"(max-width: 768px) 100vw, 768px\" \/><figcaption class=\"wp-element-caption\">Forged lantern 1990<\/figcaption><\/figure><\/div>\n\n\n<div style=\"height:20px\" aria-hidden=\"true\" class=\"wp-block-spacer\"><\/div>\n\n\n\n<p>Rafel Codina went to work in the Serralleria March workshop in 1962. In 1993 he took full charge of the workshop, and especially of the administrative and artistic part. This same year, he won the Puig i Cadafalch Award from Matar\u00f3 City Council for the best projects of the year.<\/p>\n\n\n\n<p>In 1985 he became part of the permanent craft center of the Generalitat de Catalunya, collaborating and participating in various wrought iron samples and exhibitions both nationally and internationally. His work has been recognized several times with different awards and distinctions.<\/p>\n\n\n\n<div style=\"height:100px\" aria-hidden=\"true\" class=\"wp-block-spacer\"><\/div>\n\n\n\n<h3 class=\"wp-block-heading data\">1983<\/h3>\n\n\n\n<h3 class=\"wp-block-heading has-text-align-left\"><strong>In 1983, Pol Codina Font, the son of Rafel Codina March, was born, and with him the fourth generation that will take over Serralleria March emerges.<\/strong><\/h3>\n\n\n\n<div style=\"height:20px\" aria-hidden=\"true\" class=\"wp-block-spacer\"><\/div>\n\n\n<div class=\"wp-block-image\">\n<figure class=\"aligncenter\"><img loading=\"lazy\" decoding=\"async\" width=\"219\" height=\"418\" src=\"https:\/\/serralleriamarch.com\/wp-content\/uploads\/2019\/09\/escultura_forja_polcodina.png\" alt=\"\" class=\"wp-image-1110\" srcset=\"https:\/\/serralleriamarch.com\/wp-content\/uploads\/2019\/09\/escultura_forja_polcodina.png 219w, https:\/\/serralleriamarch.com\/wp-content\/uploads\/2019\/09\/escultura_forja_polcodina-157x300.png 157w\" sizes=\"(max-width: 219px) 100vw, 219px\" \/><figcaption class=\"wp-element-caption\"><br><strong>Pregnant (2008). sculptural work,<\/strong><br>pregnant female torso.<br><br><\/figcaption><\/figure><\/div>\n\n\n<p>Blacksmith and sculptor, studies the Higher Degree in Industrial Design at the Massana School in Barcelona. He began learning artistic forging in the workshop with his father Rafel as a teacher. From that moment on, he began a personal search for the plastic language of iron and metals.<\/p>\n\n\n\n<div style=\"height:300px\" aria-hidden=\"true\" class=\"wp-block-spacer\"><\/div>\n\n\n<div class=\"wp-block-image\">\n<figure class=\"aligncenter is-resized\"><img loading=\"lazy\" decoding=\"async\" width=\"242\" height=\"141\" src=\"https:\/\/serralleriamarch.com\/wp-content\/uploads\/2019\/09\/cancell_forja.png\" alt=\"\" class=\"wp-image-1119\" style=\"width:399px;height:233px\"\/><figcaption class=\"wp-element-caption\"><br><strong>Shield and gate handle,<\/strong><br>particular Matar\u00f3.<\/figcaption><\/figure><\/div>\n\n\n<p>The most recent public work can be seen at the roundabout of the N-II access to the town of St Andreu de Llavaneres.<\/p>\n\n\n\n<p>Apart from artistic concerns, Codina feels a certain responsibility towards the craft and its transmission and awareness towards society due to its loss, it is for this reason that for years he has participated in the meetings of blacksmiths that it is carried out throughout the territory. It is part of ACUN\u00c7 (Association of Blacksmiths of Besal\u00fa) and is a member of AFOC (Associaci\u00f3 de Forjadors de Catalunya)<\/p>\n<\/div>\n\n\n\n<div class=\"wp-block-column is-layout-flow wp-block-column-is-layout-flow\">\n<div style=\"height:150px\" aria-hidden=\"true\" class=\"wp-block-spacer\"><\/div>\n\n\n\n<h3 class=\"wp-block-heading data\">1900<\/h3>\n\n\n\n<div style=\"height:20px\" aria-hidden=\"true\" class=\"wp-block-spacer\"><\/div>\n\n\n<div class=\"wp-block-image\">\n<figure class=\"aligncenter is-resized\"><img loading=\"lazy\" decoding=\"async\" width=\"282\" height=\"377\" src=\"https:\/\/serralleriamarch.com\/wp-content\/uploads\/2019\/09\/drac_antoni_march.png\" alt=\"\" class=\"wp-image-1015\" style=\"width:200px\" srcset=\"https:\/\/serralleriamarch.com\/wp-content\/uploads\/2019\/09\/drac_antoni_march.png 282w, https:\/\/serralleriamarch.com\/wp-content\/uploads\/2019\/09\/drac_antoni_march-224x300.png 224w\" sizes=\"(max-width: 282px) 100vw, 282px\" \/><figcaption class=\"wp-element-caption\"><strong>Renovation of the meeting room<br>the City Council of Matar\u00f3,<\/strong><br>Wall sconces of Forged Dragons.<\/figcaption><\/figure><\/div>\n\n\n<div style=\"height:20px\" aria-hidden=\"true\" class=\"wp-block-spacer\"><\/div>\n\n\n\n<h3 class=\"wp-block-heading\">At this time, he met the architect Llu\u00eds Bonet i Gar\u00ed, Gaud\u00ed&#8217;s last disciple, and one of those in charge of continuing the Sagrada Fam\u00edlia Cathedral project in Barcelona, \u200b\u200bwith whom he formed a friendship.<\/h3>\n\n\n\n<div style=\"height:20px\" aria-hidden=\"true\" class=\"wp-block-spacer\"><\/div>\n\n\n\n<figure class=\"wp-block-image\"><img loading=\"lazy\" decoding=\"async\" width=\"966\" height=\"649\" src=\"https:\/\/serralleriamarch.com\/wp-content\/uploads\/2019\/09\/balco_forja_Antoni-March.jpg\" alt=\"\" class=\"wp-image-1024\" srcset=\"https:\/\/serralleriamarch.com\/wp-content\/uploads\/2019\/09\/balco_forja_Antoni-March.jpg 966w, https:\/\/serralleriamarch.com\/wp-content\/uploads\/2019\/09\/balco_forja_Antoni-March-300x202.jpg 300w, https:\/\/serralleriamarch.com\/wp-content\/uploads\/2019\/09\/balco_forja_Antoni-March-768x516.jpg 768w\" sizes=\"(max-width: 966px) 100vw, 966px\" \/><figcaption class=\"wp-element-caption\"><strong>Modernist style balcony,<\/strong><br>Sea sands<\/figcaption><\/figure>\n\n\n\n<div style=\"height:100px\" aria-hidden=\"true\" class=\"wp-block-spacer\"><\/div>\n\n\n\n<h3 class=\"wp-block-heading data\">1913<\/h3>\n\n\n\n<p>In 1913, Antoni March&#8217;s second son, Joaquim March and Banqu\u00e9, was born. At just 13 years old, he began to learn the trade, receiving lessons from the architect Llu\u00eds Bonet i Gar\u00ed, thanks to the friendship that united him with his father.<\/p>\n\n\n\n<p>At just 17 years old, he already demonstrates impressive technical and artistic ability, designing a wrought iron clock. Only a year later, he designs and forges the dragon that currently presides over the facade of Serralleria March.<\/p>\n\n\n\n<p>In 1968, with the death of Antoni March, Joaquim became the owner of the workshop.<\/p>\n\n\n\n<p>In 1986, Joaquim was recognized with the Charter of Master Blacksmith, granted by the Guild of Locksmiths and Ferrers of Catalonia.<\/p>\n\n\n\n<div style=\"height:120px\" aria-hidden=\"true\" class=\"wp-block-spacer\"><\/div>\n\n\n\n<h3 class=\"wp-block-heading data\">1931<\/h3>\n\n\n\n<div style=\"height:20px\" aria-hidden=\"true\" class=\"wp-block-spacer\"><\/div>\n\n\n<div class=\"wp-block-image\">\n<figure class=\"aligncenter\"><img loading=\"lazy\" decoding=\"async\" width=\"667\" height=\"500\" src=\"https:\/\/serralleriamarch.com\/wp-content\/uploads\/2019\/09\/drac_serralleria_march_2.png\" alt=\"\" class=\"wp-image-990\" srcset=\"https:\/\/serralleriamarch.com\/wp-content\/uploads\/2019\/09\/drac_serralleria_march_2.png 667w, https:\/\/serralleriamarch.com\/wp-content\/uploads\/2019\/09\/drac_serralleria_march_2-300x225.png 300w\" sizes=\"(max-width: 667px) 100vw, 667px\" \/><\/figure><\/div>\n\n\n<h3 class=\"wp-block-heading\"><strong>At this time, the market expands outside borders. Customers from France, Germany and the United States are interested in ordering jobs from Serralleria March.<\/strong><\/h3>\n\n\n\n<div style=\"height:100px\" aria-hidden=\"true\" class=\"wp-block-spacer\"><\/div>\n\n\n\n<h3 class=\"wp-block-heading data\">1976<\/h3>\n\n\n\n<figure class=\"wp-block-image\"><img loading=\"lazy\" decoding=\"async\" width=\"566\" height=\"471\" src=\"https:\/\/serralleriamarch.com\/wp-content\/uploads\/2019\/09\/drac_castellsaguer.png\" alt=\"\" class=\"wp-image-1081\" srcset=\"https:\/\/serralleriamarch.com\/wp-content\/uploads\/2019\/09\/drac_castellsaguer.png 566w, https:\/\/serralleriamarch.com\/wp-content\/uploads\/2019\/09\/drac_castellsaguer-300x250.png 300w\" sizes=\"(max-width: 566px) 100vw, 566px\" \/><figcaption class=\"wp-element-caption\"><strong>Sculptural dragon wall lamp.<\/strong><br>Allegory on the skin.<br>Individual C\/ Barcelona, \u200b\u200bMatar\u00f3<\/figcaption><\/figure>\n\n\n\n<div style=\"height:120px\" aria-hidden=\"true\" class=\"wp-block-spacer\"><\/div>\n\n\n\n<h3 class=\"wp-block-heading data\">2010<\/h3>\n\n\n\n<div style=\"height:20px\" aria-hidden=\"true\" class=\"wp-block-spacer\"><\/div>\n\n\n<div class=\"wp-block-image\">\n<figure class=\"aligncenter\"><img loading=\"lazy\" decoding=\"async\" width=\"253\" height=\"396\" src=\"https:\/\/serralleriamarch.com\/wp-content\/uploads\/2019\/09\/escultura_forja.png\" alt=\"\" class=\"wp-image-1088\" srcset=\"https:\/\/serralleriamarch.com\/wp-content\/uploads\/2019\/09\/escultura_forja.png 253w, https:\/\/serralleriamarch.com\/wp-content\/uploads\/2019\/09\/escultura_forja-192x300.png 192w\" sizes=\"(max-width: 253px) 100vw, 253px\" \/><figcaption class=\"wp-element-caption\"><br><strong>Sculptural hand<\/strong><br>Made in <em>Forja viva<\/em> , Barcelona.<\/figcaption><\/figure><\/div>\n\n\n<div style=\"height:20px\" aria-hidden=\"true\" class=\"wp-block-spacer\"><\/div>\n\n\n\n<h3 class=\"wp-block-heading\"><strong>In 2004, Codina March won the Puig i Cadafalch Award for architecture.<\/strong><\/h3>\n\n\n\n<h3 class=\"wp-block-heading\"><strong>In 2006 the Generalitat de Catalunya granted him the Master Artisan certificate and in 2008 he received the award from the Pelfort i Xinxo Foundation of Barcelona of friends of the country to the Master Blacksmith.<\/strong><\/h3>\n\n\n\n<p>Rafel Codina is a very creative and innovative person. He works with iron with a high artistic, professional and personal quality. Traditional techniques do not prevent him from looking for new forms and creations. In fact, he always looks for exactly what the client wants, creating unique and personal shapes for each project.  <\/p>\n\n\n\n<p>A lifetime dedicated to art, especially forging, endorses him as one of the best forging artists in Catalonia.<\/p>\n\n\n\n<div style=\"height:100px\" aria-hidden=\"true\" class=\"wp-block-spacer\"><\/div>\n\n\n\n<h3 class=\"wp-block-heading data\">2007<\/h3>\n\n\n<div class=\"wp-block-image\">\n<figure class=\"aligncenter\"><img loading=\"lazy\" decoding=\"async\" width=\"429\" height=\"637\" src=\"https:\/\/serralleriamarch.com\/wp-content\/uploads\/2019\/09\/peix_forjaartistica.png\" alt=\"\" class=\"wp-image-1115\" srcset=\"https:\/\/serralleriamarch.com\/wp-content\/uploads\/2019\/09\/peix_forjaartistica.png 429w, https:\/\/serralleriamarch.com\/wp-content\/uploads\/2019\/09\/peix_forjaartistica-202x300.png 202w\" sizes=\"(max-width: 429px) 100vw, 429px\" \/><figcaption class=\"wp-element-caption\"><strong>Maresme fish.<\/strong><br> Sculptural work located in the old headquarters of Caixa Laietana in Matar\u00f3 Piece made<br>by father and son together.<br><\/figcaption><\/figure><\/div>\n\n\n<p>Pol Codina manages the current March Blacksmith business, after having to forcibly close the workshop and former locksmiths&#8217; house in Matar\u00f3, he begins a new phase in the town of Argentona.<\/p>\n\n\n\n<p>With great effort and dedication, he embodies in his works all the knowledge accumulated in these years. The traditional techniques handed down from father to son learned from previous generations are the legacy and identity of this house.<\/p>\n\n\n\n<p>As each generation has done with forging, a search in his works and designs, looking for his own, personal style that distinguishes him from the rest of blacksmiths.<\/p>\n\n\n\n<p>Since his beginnings in the profession in 2005, his artistic creativity has not stopped investigating the expression of the plasticity of metals. He holds several individual and group exhibitions, of which we can highlight those in 2010 at the Monjo Museum in Vilassar de Mar or in 2013 at the Llavaneres Archive Museum, that same year he made the poster for Les Santes, the city&#8217;s popular festival from Matar\u00f3<\/p>\n\n\n\n<p>In commemoration for the 150 years of Aig\u00fces de Vilassar, SLU. realizes the sculptural work &#8216;The Enchanted Woman&#8217; located on Av. by the architect Eduard Ferr\u00e9s de Vilassar de Mar.  <\/p>\n\n\n\n<p>In commemoration for the 150 years of Aig\u00fces de Vilassar, SLU. realizes the sculptural work &#8216;The Enchanted Woman&#8217; located on Av. by the architect Eduard Ferr\u00e9s de Vilassar de Mar.  <\/p>\n<\/div>\n<\/div>\n","protected":false},"excerpt":{"rendered":"<p>At the end of the 19th century and the beginning of the 20th century, there was a resurgence of forging in Catalonia thanks to Modernism. In this context is where the history of the March Blacksmith workshop begins. Since 1903. 1884 Antoni March Volart was born in 1884. At only 11 years old, he entered [&hellip;]<\/p>\n","protected":false},"author":1,"featured_media":0,"parent":0,"menu_order":0,"comment_status":"closed","ping_status":"closed","template":"","meta":{"inline_featured_image":false,"footnotes":""},"yoast_head":"<!-- This site is optimized with the Yoast SEO plugin v23.0 - https:\/\/yoast.com\/wordpress\/plugins\/seo\/ -->\n<title>History of the Blacksmith March - Serralleria March<\/title>\n<meta name=\"robots\" content=\"index, follow, max-snippet:-1, max-image-preview:large, max-video-preview:-1\" \/>\n<link rel=\"canonical\" href=\"https:\/\/serralleriamarch.com\/en\/history-of-the-locksmith-march\/\" \/>\n<meta property=\"og:locale\" content=\"en_US\" \/>\n<meta property=\"og:type\" content=\"article\" \/>\n<meta property=\"og:title\" content=\"History of the Blacksmith March - Serralleria March\" \/>\n<meta property=\"og:description\" content=\"At the end of the 19th century and the beginning of the 20th century, there was a resurgence of forging in Catalonia thanks to Modernism. In this context is where the history of the March Blacksmith workshop begins. Since 1903. 1884 Antoni March Volart was born in 1884. At only 11 years old, he entered [&hellip;]\" \/>\n<meta property=\"og:url\" content=\"https:\/\/serralleriamarch.com\/en\/history-of-the-locksmith-march\/\" \/>\n<meta property=\"og:site_name\" content=\"Serralleria March\" \/>\n<meta property=\"article:modified_time\" content=\"2024-07-04T06:53:50+00:00\" \/>\n<meta property=\"og:image\" content=\"https:\/\/serralleriamarch.com\/wp-content\/uploads\/2019\/09\/antoni_march_0-201x300.png\" \/>\n<meta name=\"twitter:card\" content=\"summary_large_image\" \/>\n<meta name=\"twitter:label1\" content=\"Est. reading time\" \/>\n\t<meta name=\"twitter:data1\" content=\"9 minutes\" \/>\n<script type=\"application\/ld+json\" class=\"yoast-schema-graph\">{\"@context\":\"https:\/\/schema.org\",\"@graph\":[{\"@type\":\"WebPage\",\"@id\":\"https:\/\/serralleriamarch.com\/en\/history-of-the-locksmith-march\/\",\"url\":\"https:\/\/serralleriamarch.com\/en\/history-of-the-locksmith-march\/\",\"name\":\"History of the Blacksmith March - Serralleria March\",\"isPartOf\":{\"@id\":\"https:\/\/serralleriamarch.com\/#website\"},\"primaryImageOfPage\":{\"@id\":\"https:\/\/serralleriamarch.com\/en\/history-of-the-locksmith-march\/#primaryimage\"},\"image\":{\"@id\":\"https:\/\/serralleriamarch.com\/en\/history-of-the-locksmith-march\/#primaryimage\"},\"thumbnailUrl\":\"https:\/\/serralleriamarch.com\/wp-content\/uploads\/2019\/09\/antoni_march_0-201x300.png\",\"datePublished\":\"2024-07-03T13:02:25+00:00\",\"dateModified\":\"2024-07-04T06:53:50+00:00\",\"breadcrumb\":{\"@id\":\"https:\/\/serralleriamarch.com\/en\/history-of-the-locksmith-march\/#breadcrumb\"},\"inLanguage\":\"en-US\",\"potentialAction\":[{\"@type\":\"ReadAction\",\"target\":[\"https:\/\/serralleriamarch.com\/en\/history-of-the-locksmith-march\/\"]}]},{\"@type\":\"ImageObject\",\"inLanguage\":\"en-US\",\"@id\":\"https:\/\/serralleriamarch.com\/en\/history-of-the-locksmith-march\/#primaryimage\",\"url\":\"https:\/\/serralleriamarch.com\/wp-content\/uploads\/2019\/09\/antoni_march_0-201x300.png\",\"contentUrl\":\"https:\/\/serralleriamarch.com\/wp-content\/uploads\/2019\/09\/antoni_march_0-201x300.png\"},{\"@type\":\"BreadcrumbList\",\"@id\":\"https:\/\/serralleriamarch.com\/en\/history-of-the-locksmith-march\/#breadcrumb\",\"itemListElement\":[{\"@type\":\"ListItem\",\"position\":1,\"name\":\"Inici\",\"item\":\"https:\/\/serralleriamarch.com\/en\/\"},{\"@type\":\"ListItem\",\"position\":2,\"name\":\"History of the Blacksmith March\"}]},{\"@type\":\"WebSite\",\"@id\":\"https:\/\/serralleriamarch.com\/#website\",\"url\":\"https:\/\/serralleriamarch.com\/\",\"name\":\"Serralleria March\",\"description\":\"Taller artesanal de forja i escultura amb ferro\",\"potentialAction\":[{\"@type\":\"SearchAction\",\"target\":{\"@type\":\"EntryPoint\",\"urlTemplate\":\"https:\/\/serralleriamarch.com\/?s={search_term_string}\"},\"query-input\":\"required name=search_term_string\"}],\"inLanguage\":\"en-US\"}]}<\/script>\n<!-- \/ Yoast SEO plugin. -->","yoast_head_json":{"title":"History of the Blacksmith March - Serralleria March","robots":{"index":"index","follow":"follow","max-snippet":"max-snippet:-1","max-image-preview":"max-image-preview:large","max-video-preview":"max-video-preview:-1"},"canonical":"https:\/\/serralleriamarch.com\/en\/history-of-the-locksmith-march\/","og_locale":"en_US","og_type":"article","og_title":"History of the Blacksmith March - Serralleria March","og_description":"At the end of the 19th century and the beginning of the 20th century, there was a resurgence of forging in Catalonia thanks to Modernism. In this context is where the history of the March Blacksmith workshop begins. Since 1903. 1884 Antoni March Volart was born in 1884. At only 11 years old, he entered [&hellip;]","og_url":"https:\/\/serralleriamarch.com\/en\/history-of-the-locksmith-march\/","og_site_name":"Serralleria March","article_modified_time":"2024-07-04T06:53:50+00:00","og_image":[{"url":"https:\/\/serralleriamarch.com\/wp-content\/uploads\/2019\/09\/antoni_march_0-201x300.png"}],"twitter_card":"summary_large_image","twitter_misc":{"Est. reading time":"9 minutes"},"schema":{"@context":"https:\/\/schema.org","@graph":[{"@type":"WebPage","@id":"https:\/\/serralleriamarch.com\/en\/history-of-the-locksmith-march\/","url":"https:\/\/serralleriamarch.com\/en\/history-of-the-locksmith-march\/","name":"History of the Blacksmith March - Serralleria March","isPartOf":{"@id":"https:\/\/serralleriamarch.com\/#website"},"primaryImageOfPage":{"@id":"https:\/\/serralleriamarch.com\/en\/history-of-the-locksmith-march\/#primaryimage"},"image":{"@id":"https:\/\/serralleriamarch.com\/en\/history-of-the-locksmith-march\/#primaryimage"},"thumbnailUrl":"https:\/\/serralleriamarch.com\/wp-content\/uploads\/2019\/09\/antoni_march_0-201x300.png","datePublished":"2024-07-03T13:02:25+00:00","dateModified":"2024-07-04T06:53:50+00:00","breadcrumb":{"@id":"https:\/\/serralleriamarch.com\/en\/history-of-the-locksmith-march\/#breadcrumb"},"inLanguage":"en-US","potentialAction":[{"@type":"ReadAction","target":["https:\/\/serralleriamarch.com\/en\/history-of-the-locksmith-march\/"]}]},{"@type":"ImageObject","inLanguage":"en-US","@id":"https:\/\/serralleriamarch.com\/en\/history-of-the-locksmith-march\/#primaryimage","url":"https:\/\/serralleriamarch.com\/wp-content\/uploads\/2019\/09\/antoni_march_0-201x300.png","contentUrl":"https:\/\/serralleriamarch.com\/wp-content\/uploads\/2019\/09\/antoni_march_0-201x300.png"},{"@type":"BreadcrumbList","@id":"https:\/\/serralleriamarch.com\/en\/history-of-the-locksmith-march\/#breadcrumb","itemListElement":[{"@type":"ListItem","position":1,"name":"Inici","item":"https:\/\/serralleriamarch.com\/en\/"},{"@type":"ListItem","position":2,"name":"History of the Blacksmith March"}]},{"@type":"WebSite","@id":"https:\/\/serralleriamarch.com\/#website","url":"https:\/\/serralleriamarch.com\/","name":"Serralleria March","description":"Taller artesanal de forja i escultura amb ferro","potentialAction":[{"@type":"SearchAction","target":{"@type":"EntryPoint","urlTemplate":"https:\/\/serralleriamarch.com\/?s={search_term_string}"},"query-input":"required name=search_term_string"}],"inLanguage":"en-US"}]}},"_links":{"self":[{"href":"https:\/\/serralleriamarch.com\/en\/wp-json\/wp\/v2\/pages\/2602"}],"collection":[{"href":"https:\/\/serralleriamarch.com\/en\/wp-json\/wp\/v2\/pages"}],"about":[{"href":"https:\/\/serralleriamarch.com\/en\/wp-json\/wp\/v2\/types\/page"}],"author":[{"embeddable":true,"href":"https:\/\/serralleriamarch.com\/en\/wp-json\/wp\/v2\/users\/1"}],"replies":[{"embeddable":true,"href":"https:\/\/serralleriamarch.com\/en\/wp-json\/wp\/v2\/comments?post=2602"}],"version-history":[{"count":2,"href":"https:\/\/serralleriamarch.com\/en\/wp-json\/wp\/v2\/pages\/2602\/revisions"}],"predecessor-version":[{"id":2708,"href":"https:\/\/serralleriamarch.com\/en\/wp-json\/wp\/v2\/pages\/2602\/revisions\/2708"}],"wp:attachment":[{"href":"https:\/\/serralleriamarch.com\/en\/wp-json\/wp\/v2\/media?parent=2602"}],"curies":[{"name":"wp","href":"https:\/\/api.w.org\/{rel}","templated":true}]}}