{"id":2595,"date":"2024-07-03T15:02:23","date_gmt":"2024-07-03T13:02:23","guid":{"rendered":"https:\/\/serralleriamarch.com\/historia-de-la-cerrajeria-march\/"},"modified":"2024-07-03T16:26:39","modified_gmt":"2024-07-03T14:26:39","slug":"historia-de-la-herreria-march","status":"publish","type":"page","link":"https:\/\/serralleriamarch.com\/es\/historia-de-la-herreria-march\/","title":{"rendered":"Historia de la Herrer\u00eda March"},"content":{"rendered":"\n<h2 class=\"wp-block-heading\">A finales del siglo XIX y principios del siglo XX existe un resurgimiento de la forja en Catalu\u00f1a gracias al Modernismo. En este contexto es donde se inicia la historia del taller de la Herrer\u00eda March. Desde 1903.<\/h2>\n\n\n\n<div class=\"wp-block-columns has-2-columns is-layout-flex wp-container-core-columns-is-layout-1 wp-block-columns-is-layout-flex\">\n<div class=\"wp-block-column is-layout-flow wp-block-column-is-layout-flow\">\n<h3 class=\"wp-block-heading data\">1884<\/h3>\n\n\n\n<div style=\"height:25px\" aria-hidden=\"true\" class=\"wp-block-spacer\"><\/div>\n\n\n<div class=\"wp-block-image\">\n<figure class=\"aligncenter\"><img loading=\"lazy\" decoding=\"async\" width=\"201\" height=\"300\" src=\"https:\/\/serralleriamarch.com\/wp-content\/uploads\/2019\/09\/antoni_march_0-201x300.png\" alt=\"\" class=\"wp-image-1008\" srcset=\"https:\/\/serralleriamarch.com\/wp-content\/uploads\/2019\/09\/antoni_march_0-201x300.png 201w, https:\/\/serralleriamarch.com\/wp-content\/uploads\/2019\/09\/antoni_march_0.png 256w\" sizes=\"(max-width: 201px) 100vw, 201px\" \/><figcaption class=\"wp-element-caption\"><strong>Antoni March i Volart<\/strong><\/figcaption><\/figure><\/div>\n\n\n<p>Antoni March Volart nace en 1884. Con s\u00f3lo 11 a\u00f1os entra de aprendiz en el taller de hierro forjado del sr. Esteban Casellas. A los 14 a\u00f1os se va a Barcelona a aprender el oficio de la forja en el Taller Ballar\u00edn, uno de los m\u00e1s importantes y representativos de la \u00e9poca. Este taller contaba con varios socios. Uno de ellos era el arquitecto Puig i Cadafalch, figura destacada del Modernismo catal\u00e1n.  <\/p>\n\n\n\n<p>Antoni March entra a trabajar en la secci\u00f3n art\u00edstica, donde permanecer\u00e1 hasta los 20 a\u00f1os.<\/p>\n\n\n\n<div style=\"height:100px\" aria-hidden=\"true\" class=\"wp-block-spacer\"><\/div>\n\n\n\n<h3 class=\"wp-block-heading data\">1904<\/h3>\n\n\n\n<div style=\"height:20px\" aria-hidden=\"true\" class=\"wp-block-spacer\"><\/div>\n\n\n\n<h3 class=\"wp-block-heading has-text-align-left\"><strong>En 1904, March compra el taller del sr. Esteban Casellas, donde hab\u00eda comenzado su trayectoria. Es en este momento que empieza a fraguarse la historia de la Herrer\u00eda March: una tradici\u00f3n que seguir\u00e1 de generaci\u00f3n en generaci\u00f3n.<\/strong><\/h3>\n\n\n<div class=\"wp-block-image\">\n<figure class=\"aligncenter is-resized\"><img loading=\"lazy\" decoding=\"async\" width=\"217\" height=\"623\" src=\"https:\/\/serralleriamarch.com\/wp-content\/uploads\/2019\/09\/espiga-forja.png\" alt=\"\" class=\"wp-image-1062\" style=\"width:150px\" srcset=\"https:\/\/serralleriamarch.com\/wp-content\/uploads\/2019\/09\/espiga-forja.png 217w, https:\/\/serralleriamarch.com\/wp-content\/uploads\/2019\/09\/espiga-forja-104x300.png 104w\" sizes=\"(max-width: 217px) 100vw, 217px\" \/><figcaption class=\"wp-element-caption\"><br>1913 &#8211; <strong>Albergue Torre Ca l&#8217;Ametller,<\/strong><br> Cabrera de Mar. Arquitecto Bonet.  <br><br><\/figcaption><\/figure><\/div>\n\n\n<div style=\"height:40px\" aria-hidden=\"true\" class=\"wp-block-spacer\"><\/div>\n\n\n\n<h3 class=\"wp-block-heading data\">1929<\/h3>\n\n\n<div class=\"wp-block-image\">\n<figure class=\"aligncenter\"><img loading=\"lazy\" decoding=\"async\" width=\"406\" height=\"303\" src=\"https:\/\/serralleriamarch.com\/wp-content\/uploads\/2019\/09\/historia_serrallerimarch.png\" alt=\"\" class=\"wp-image-1054\" srcset=\"https:\/\/serralleriamarch.com\/wp-content\/uploads\/2019\/09\/historia_serrallerimarch.png 406w, https:\/\/serralleriamarch.com\/wp-content\/uploads\/2019\/09\/historia_serrallerimarch-300x224.png 300w\" sizes=\"(max-width: 406px) 100vw, 406px\" \/><figcaption class=\"wp-element-caption\"><strong>Fotograf\u00eda tomada en el patio del taller:<\/strong><br>Antonio March, Joaquim March y la hermana peque\u00f1a.<\/figcaption><\/figure><\/div>\n\n\n<div style=\"height:300px\" aria-hidden=\"true\" class=\"wp-block-spacer\"><\/div>\n\n\n\n<h3 class=\"wp-block-heading data\">1946<\/h3>\n\n\n\n<p>La tercera generaci\u00f3n de Herrer\u00eda March, encarnada por Rafael Codina March, nace en Matar\u00f3 en 1946. Rafael Codina se inicia en el oficio de la forja, a los quince a\u00f1os con el abuelo (Antoni March) y su t\u00edo (Joaquim March).<\/p>\n\n\n\n<p>Rafael Codina estudia dibujo art\u00edstico con Jordi Arenas; reconocido dibujante, pintor y escultor de Matar\u00f3, que se considera uno de los artistas de mayor renombre y prestigio de la ciudad.<\/p>\n\n\n\n<div style=\"height:100px\" aria-hidden=\"true\" class=\"wp-block-spacer\"><\/div>\n\n\n\n<h3 class=\"wp-block-heading data\">1990<\/h3>\n\n\n<div class=\"wp-block-image\">\n<figure class=\"aligncenter\"><img loading=\"lazy\" decoding=\"async\" width=\"768\" height=\"1024\" src=\"https:\/\/serralleriamarch.com\/wp-content\/uploads\/2019\/09\/fanal_forja-768x1024.jpg\" alt=\"\" class=\"wp-image-578\" srcset=\"https:\/\/serralleriamarch.com\/wp-content\/uploads\/2019\/09\/fanal_forja.jpg 768w, https:\/\/serralleriamarch.com\/wp-content\/uploads\/2019\/09\/fanal_forja-225x300.jpg 225w\" sizes=\"(max-width: 768px) 100vw, 768px\" \/><figcaption class=\"wp-element-caption\">Farola de forja 1990<\/figcaption><\/figure><\/div>\n\n\n<div style=\"height:20px\" aria-hidden=\"true\" class=\"wp-block-spacer\"><\/div>\n\n\n\n<p>Rafael Codina entra a trabajar en el taller de la Herrer\u00eda March en 1962. En 1993 se hace cargo plenamente del taller y, especialmente, de la parte administrativa y art\u00edstica. Este mismo a\u00f1o, consigue el Premio Puig i Cadafalch del Ayuntamiento de Matar\u00f3 a los mejores proyectos del a\u00f1o.<\/p>\n\n\n\n<p>En 1985 entra a formar parte del centro permanente de artesan\u00eda de la Generalidad de Catalu\u00f1a colaborando y participando en diversas muestras y exposiciones de hierro forjado tanto a nivel nacional como internacionalmente. Su trabajo ha sido reconocido varias veces con distintos premios y distinciones.<\/p>\n\n\n\n<div style=\"height:100px\" aria-hidden=\"true\" class=\"wp-block-spacer\"><\/div>\n\n\n\n<h3 class=\"wp-block-heading data\">1983<\/h3>\n\n\n\n<h3 class=\"wp-block-heading has-text-align-left\"><strong>En 1983 nace Pol Codina Font, el hijo de Rafael Codina March, y con \u00e9l surge la cuarta generaci\u00f3n que se har\u00e1 cargo de la Herrer\u00eda March.<\/strong><\/h3>\n\n\n\n<div style=\"height:20px\" aria-hidden=\"true\" class=\"wp-block-spacer\"><\/div>\n\n\n<div class=\"wp-block-image\">\n<figure class=\"aligncenter\"><img loading=\"lazy\" decoding=\"async\" width=\"219\" height=\"418\" src=\"https:\/\/serralleriamarch.com\/wp-content\/uploads\/2019\/09\/escultura_forja_polcodina.png\" alt=\"\" class=\"wp-image-1110\" srcset=\"https:\/\/serralleriamarch.com\/wp-content\/uploads\/2019\/09\/escultura_forja_polcodina.png 219w, https:\/\/serralleriamarch.com\/wp-content\/uploads\/2019\/09\/escultura_forja_polcodina-157x300.png 157w\" sizes=\"(max-width: 219px) 100vw, 219px\" \/><figcaption class=\"wp-element-caption\"><br><strong>Gr\u00e1vida (2008). Obra escult\u00f3rica,<\/strong><br>torso femenino en estado de gestaci\u00f3n.<br><br><\/figcaption><\/figure><\/div>\n\n\n<p>Forjador y escultor, cursa el Grado Superior en Dise\u00f1o Industrial en la escuela Massana de Barcelona. Inicia el aprendizaje de la forja art\u00edstica en el taller con su padre Rafael como maestro. Desde ese momento emprende una b\u00fasqueda personal del lenguaje pl\u00e1stico del hierro y los metales.<\/p>\n\n\n\n<div style=\"height:300px\" aria-hidden=\"true\" class=\"wp-block-spacer\"><\/div>\n\n\n<div class=\"wp-block-image\">\n<figure class=\"aligncenter is-resized\"><img loading=\"lazy\" decoding=\"async\" width=\"242\" height=\"141\" src=\"https:\/\/serralleriamarch.com\/wp-content\/uploads\/2019\/09\/cancell_forja.png\" alt=\"\" class=\"wp-image-1119\" style=\"width:399px;height:233px\"\/><figcaption class=\"wp-element-caption\"><br><strong>Escudo y tirador de cancel,<\/strong><br>particular Matar\u00f3.<\/figcaption><\/figure><\/div>\n\n\n<p>La obra p\u00fablica m\u00e1s reciente puede contemplarse en la rotonda de la N-II de acceso a la localidad de St Andreu de Llavaneres.<\/p>\n\n\n\n<p>Aparte de las inquietud art\u00edsticas, Codina siente una cierta responsabilidad hacia el oficio y su transmisi\u00f3n y sensibilizaci\u00f3n hacia la sociedad debido a su p\u00e9rdida, es por este motivo que desde hace a\u00f1os participa en los encuentros de forjadores que se realiza en todo el territorio. Forma parte de ACUN\u00c7 (Ass. de forjadores de Besal\u00fa) y es miembro de AFOC (Associaci\u00f3 de Forjadors de Catalunya)<\/p>\n<\/div>\n\n\n\n<div class=\"wp-block-column is-layout-flow wp-block-column-is-layout-flow\">\n<div style=\"height:150px\" aria-hidden=\"true\" class=\"wp-block-spacer\"><\/div>\n\n\n\n<h3 class=\"wp-block-heading data\">1900<\/h3>\n\n\n\n<div style=\"height:20px\" aria-hidden=\"true\" class=\"wp-block-spacer\"><\/div>\n\n\n<div class=\"wp-block-image\">\n<figure class=\"aligncenter is-resized\"><img loading=\"lazy\" decoding=\"async\" width=\"282\" height=\"377\" src=\"https:\/\/serralleriamarch.com\/wp-content\/uploads\/2019\/09\/drac_antoni_march.png\" alt=\"\" class=\"wp-image-1015\" style=\"width:200px\" srcset=\"https:\/\/serralleriamarch.com\/wp-content\/uploads\/2019\/09\/drac_antoni_march.png 282w, https:\/\/serralleriamarch.com\/wp-content\/uploads\/2019\/09\/drac_antoni_march-224x300.png 224w\" sizes=\"(max-width: 282px) 100vw, 282px\" \/><figcaption class=\"wp-element-caption\"><strong>Reforma sala de llenos de<br>el Ayuntamiento de Matar\u00f3,<\/strong><br>Apliques de pared de Dragones forjados.<\/figcaption><\/figure><\/div>\n\n\n<div style=\"height:20px\" aria-hidden=\"true\" class=\"wp-block-spacer\"><\/div>\n\n\n\n<h3 class=\"wp-block-heading\">En esta \u00e9poca, conocer\u00e1 al arquitecto Llu\u00eds Bonet i Gar\u00ed, el \u00faltimo disc\u00edpulo de Gaud\u00ed, y uno de los encargados de continuar el proyecto de la Catedral de la Sagrada Familia de Barcelona, \u200b\u200bcon el que le unir\u00e1 una amistad.<\/h3>\n\n\n\n<div style=\"height:20px\" aria-hidden=\"true\" class=\"wp-block-spacer\"><\/div>\n\n\n\n<figure class=\"wp-block-image\"><img loading=\"lazy\" decoding=\"async\" width=\"966\" height=\"649\" src=\"https:\/\/serralleriamarch.com\/wp-content\/uploads\/2019\/09\/balco_forja_Antoni-March.jpg\" alt=\"\" class=\"wp-image-1024\" srcset=\"https:\/\/serralleriamarch.com\/wp-content\/uploads\/2019\/09\/balco_forja_Antoni-March.jpg 966w, https:\/\/serralleriamarch.com\/wp-content\/uploads\/2019\/09\/balco_forja_Antoni-March-300x202.jpg 300w, https:\/\/serralleriamarch.com\/wp-content\/uploads\/2019\/09\/balco_forja_Antoni-March-768x516.jpg 768w\" sizes=\"(max-width: 966px) 100vw, 966px\" \/><figcaption class=\"wp-element-caption\"><strong>Balc\u00f3n de estilo modernista,<\/strong><br>Arenys de mar.<\/figcaption><\/figure>\n\n\n\n<div style=\"height:100px\" aria-hidden=\"true\" class=\"wp-block-spacer\"><\/div>\n\n\n\n<h3 class=\"wp-block-heading data\">1913<\/h3>\n\n\n\n<p>En 1913 nace el segundo hijo de Antoni March, Joaquim March y Banqu\u00e9. Con s\u00f3lo 13 a\u00f1os comienza a aprender el oficio, recibiendo clases del arquitecto Llu\u00eds Bonet i Gar\u00ed, gracias a la amistad que le un\u00eda a su padre.<\/p>\n\n\n\n<p>Con tan s\u00f3lo 17 a\u00f1os, ya demuestra una capacidad t\u00e9cnica y art\u00edstica impresionante, proyectando un reloj de hierro forjado. S\u00f3lo un a\u00f1o despu\u00e9s, proyecta y forja el drag\u00f3n que preside actualmente la fachada de la Herrer\u00eda March.<\/p>\n\n\n\n<p>En 1968, con la muerte de Antoni March, Joaquim pasa a ser el propietario titular del taller.<\/p>\n\n\n\n<p>En 1986, a Joaquim se le reconoce con la Carta de Maestro Forjador, otorgada por el Gremio de Cerrajeros y Ferrers de Catalunya.<\/p>\n\n\n\n<div style=\"height:120px\" aria-hidden=\"true\" class=\"wp-block-spacer\"><\/div>\n\n\n\n<h3 class=\"wp-block-heading data\">1931<\/h3>\n\n\n\n<div style=\"height:20px\" aria-hidden=\"true\" class=\"wp-block-spacer\"><\/div>\n\n\n<div class=\"wp-block-image\">\n<figure class=\"aligncenter\"><img loading=\"lazy\" decoding=\"async\" width=\"667\" height=\"500\" src=\"https:\/\/serralleriamarch.com\/wp-content\/uploads\/2019\/09\/drac_serralleria_march_2.png\" alt=\"\" class=\"wp-image-990\" srcset=\"https:\/\/serralleriamarch.com\/wp-content\/uploads\/2019\/09\/drac_serralleria_march_2.png 667w, https:\/\/serralleriamarch.com\/wp-content\/uploads\/2019\/09\/drac_serralleria_march_2-300x225.png 300w\" sizes=\"(max-width: 667px) 100vw, 667px\" \/><\/figure><\/div>\n\n\n<h3 class=\"wp-block-heading\"><strong>En esta \u00e9poca se ampl\u00eda mercado fuera de fronteras. Clientes de Francia, Alemania y Estados Unidos se interesan por encargar trabajos a la Herrer\u00eda March.<\/strong><\/h3>\n\n\n\n<div style=\"height:100px\" aria-hidden=\"true\" class=\"wp-block-spacer\"><\/div>\n\n\n\n<h3 class=\"wp-block-heading data\">1976<\/h3>\n\n\n\n<figure class=\"wp-block-image\"><img loading=\"lazy\" decoding=\"async\" width=\"566\" height=\"471\" src=\"https:\/\/serralleriamarch.com\/wp-content\/uploads\/2019\/09\/drac_castellsaguer.png\" alt=\"\" class=\"wp-image-1081\" srcset=\"https:\/\/serralleriamarch.com\/wp-content\/uploads\/2019\/09\/drac_castellsaguer.png 566w, https:\/\/serralleriamarch.com\/wp-content\/uploads\/2019\/09\/drac_castellsaguer-300x250.png 300w\" sizes=\"(max-width: 566px) 100vw, 566px\" \/><figcaption class=\"wp-element-caption\"><strong>Drag\u00f3n escult\u00f3rico aplique de pared.<\/strong><br>Alegor\u00eda en la piel.<br>Particular C\/ Barcelona, \u200b\u200bMatar\u00f3<\/figcaption><\/figure>\n\n\n\n<div style=\"height:120px\" aria-hidden=\"true\" class=\"wp-block-spacer\"><\/div>\n\n\n\n<h3 class=\"wp-block-heading data\">2010<\/h3>\n\n\n\n<div style=\"height:20px\" aria-hidden=\"true\" class=\"wp-block-spacer\"><\/div>\n\n\n<div class=\"wp-block-image\">\n<figure class=\"aligncenter\"><img loading=\"lazy\" decoding=\"async\" width=\"253\" height=\"396\" src=\"https:\/\/serralleriamarch.com\/wp-content\/uploads\/2019\/09\/escultura_forja.png\" alt=\"\" class=\"wp-image-1088\" srcset=\"https:\/\/serralleriamarch.com\/wp-content\/uploads\/2019\/09\/escultura_forja.png 253w, https:\/\/serralleriamarch.com\/wp-content\/uploads\/2019\/09\/escultura_forja-192x300.png 192w\" sizes=\"(max-width: 253px) 100vw, 253px\" \/><figcaption class=\"wp-element-caption\"><br><strong>Mano escult\u00f3rica.<\/strong><br>Realizada en <em>Forja viva<\/em> , Barcelona.<\/figcaption><\/figure><\/div>\n\n\n<div style=\"height:20px\" aria-hidden=\"true\" class=\"wp-block-spacer\"><\/div>\n\n\n\n<h3 class=\"wp-block-heading\"><strong>En 2004, Codina March gana el Premio Puig i Cadafalch de arquitectura.<\/strong><\/h3>\n\n\n\n<h3 class=\"wp-block-heading\"><strong>En 2006 la Generalitat de Catalu\u00f1a le otorga la carta de Maestro Artesano y en 2008 recibe el premio de la Fundaci\u00f3n Pelfort y Xinxo de Barcelona de amigos del pa\u00eds al Maestro Forjador.<\/strong><\/h3>\n\n\n\n<p>Rafael Codina es una persona muy creativa e innovadora. Trabaja el hierro con alta calidad art\u00edstica, profesional y personal. Las t\u00e9cnicas tradicionales no le impiden buscar nuevas formas y creaciones. De hecho, siempre busca exactamente lo que el cliente quiere, creando formas \u00fanicas y personales para cada proyecto.  <\/p>\n\n\n\n<p>Toda una vida dedicada al arte, en especial a la forja, le avalan como uno de los mejores artistas forjadores de Catalu\u00f1a.<\/p>\n\n\n\n<div style=\"height:100px\" aria-hidden=\"true\" class=\"wp-block-spacer\"><\/div>\n\n\n\n<h3 class=\"wp-block-heading data\">2007<\/h3>\n\n\n<div class=\"wp-block-image\">\n<figure class=\"aligncenter\"><img loading=\"lazy\" decoding=\"async\" width=\"429\" height=\"637\" src=\"https:\/\/serralleriamarch.com\/wp-content\/uploads\/2019\/09\/peix_forjaartistica.png\" alt=\"\" class=\"wp-image-1115\" srcset=\"https:\/\/serralleriamarch.com\/wp-content\/uploads\/2019\/09\/peix_forjaartistica.png 429w, https:\/\/serralleriamarch.com\/wp-content\/uploads\/2019\/09\/peix_forjaartistica-202x300.png 202w\" sizes=\"(max-width: 429px) 100vw, 429px\" \/><figcaption class=\"wp-element-caption\"><strong>Pescado del Maresme.<\/strong><br> Obra escult\u00f3rica situada en la antigua sede de Caixa Laietana de Matar\u00f3 Pieza realizada<br>por padre e hijo conjuntamente.<br><\/figcaption><\/figure><\/div>\n\n\n<p>Pol Codina regenta el actual negocio de la Herrer\u00eda March, despu\u00e9s de tener que cerrar forzosamente el taller y antigua casa de cerrajeros de Matar\u00f3, inicia una nueva etapa en la poblaci\u00f3n de Argentona.<\/p>\n\n\n\n<p>Con gran esfuerzo y dedicaci\u00f3n plasma en sus trabajos todos los conocimientos acumulados en estos a\u00f1os. Las t\u00e9cnicas tradicionales transmitidas de padre a hijo aprendidas de las anteriores generaciones son el legado y la identidad de esa casa.<\/p>\n\n\n\n<p>Como cada generaci\u00f3n ha hecho con la forja, una b\u00fasqueda en sus obras y dise\u00f1os, buscando un estilo propio, personal que le distinga del resto de forjadores.<\/p>\n\n\n\n<p>Desde sus inicios en el oficio en 2005, su creatividad art\u00edstica no ha dejado de indagar en la expresi\u00f3n de la plasticidad de los metales. Realiza diversas exposiciones individuales y colectivas de las que podemos destacar las del a\u00f1o 2010 en el Museo Monje de Vilassar de Mar o en 2013 el Museo archivo de Llavaneres, ese mismo a\u00f1o realizar\u00eda el cartel de Les Santes, fiesta popular de la ciudad de Matar\u00f3.<\/p>\n\n\n\n<p>Ena conmemoraci\u00f3n por los 150 a\u00f1os de Aig\u00fces de Vilassar, SLU. realiza la obra escult\u00f3rica &#8216;La Mujer encantada&#8217; situada en la Av. del arquitecto Eduard Ferr\u00e9s de Vilassar de mar.  <\/p>\n\n\n\n<p>Ena conmemoraci\u00f3n por los 150 a\u00f1os de Aig\u00fces de Vilassar, SLU. realiza la obra escult\u00f3rica &#8216;La Mujer encantada&#8217; situada en la Av. del arquitecto Eduard Ferr\u00e9s de Vilassar de mar.  <\/p>\n<\/div>\n<\/div>\n","protected":false},"excerpt":{"rendered":"<p>A finales del siglo XIX y principios del siglo XX existe un resurgimiento de la forja en Catalu\u00f1a gracias al Modernismo. En este contexto es donde se inicia la historia del taller de la Herrer\u00eda March. Desde 1903. 1884 Antoni March Volart nace en 1884. Con s\u00f3lo 11 a\u00f1os entra de aprendiz en el taller [&hellip;]<\/p>\n","protected":false},"author":1,"featured_media":0,"parent":0,"menu_order":0,"comment_status":"closed","ping_status":"closed","template":"","meta":{"inline_featured_image":false,"footnotes":""},"yoast_head":"<!-- This site is optimized with the Yoast SEO plugin v23.0 - https:\/\/yoast.com\/wordpress\/plugins\/seo\/ -->\n<title>Historia de la Herrer\u00eda March - Serralleria March<\/title>\n<meta name=\"robots\" content=\"index, follow, max-snippet:-1, max-image-preview:large, max-video-preview:-1\" \/>\n<link rel=\"canonical\" href=\"https:\/\/serralleriamarch.com\/es\/historia-de-la-herreria-march\/\" \/>\n<meta property=\"og:locale\" content=\"es_ES\" \/>\n<meta property=\"og:type\" content=\"article\" \/>\n<meta property=\"og:title\" content=\"Historia de la Herrer\u00eda March - Serralleria March\" \/>\n<meta property=\"og:description\" content=\"A finales del siglo XIX y principios del siglo XX existe un resurgimiento de la forja en Catalu\u00f1a gracias al Modernismo. En este contexto es donde se inicia la historia del taller de la Herrer\u00eda March. Desde 1903. 1884 Antoni March Volart nace en 1884. Con s\u00f3lo 11 a\u00f1os entra de aprendiz en el taller [&hellip;]\" \/>\n<meta property=\"og:url\" content=\"https:\/\/serralleriamarch.com\/es\/historia-de-la-herreria-march\/\" \/>\n<meta property=\"og:site_name\" content=\"Serralleria March\" \/>\n<meta property=\"article:modified_time\" content=\"2024-07-03T14:26:39+00:00\" \/>\n<meta property=\"og:image\" content=\"https:\/\/serralleriamarch.com\/wp-content\/uploads\/2019\/09\/antoni_march_0-201x300.png\" \/>\n<meta name=\"twitter:card\" content=\"summary_large_image\" \/>\n<meta name=\"twitter:label1\" content=\"Tiempo de lectura\" \/>\n\t<meta name=\"twitter:data1\" content=\"9 minutos\" \/>\n<script type=\"application\/ld+json\" class=\"yoast-schema-graph\">{\"@context\":\"https:\/\/schema.org\",\"@graph\":[{\"@type\":\"WebPage\",\"@id\":\"https:\/\/serralleriamarch.com\/es\/historia-de-la-herreria-march\/\",\"url\":\"https:\/\/serralleriamarch.com\/es\/historia-de-la-herreria-march\/\",\"name\":\"Historia de la Herrer\u00eda March - Serralleria March\",\"isPartOf\":{\"@id\":\"https:\/\/serralleriamarch.com\/#website\"},\"primaryImageOfPage\":{\"@id\":\"https:\/\/serralleriamarch.com\/es\/historia-de-la-herreria-march\/#primaryimage\"},\"image\":{\"@id\":\"https:\/\/serralleriamarch.com\/es\/historia-de-la-herreria-march\/#primaryimage\"},\"thumbnailUrl\":\"https:\/\/serralleriamarch.com\/wp-content\/uploads\/2019\/09\/antoni_march_0-201x300.png\",\"datePublished\":\"2024-07-03T13:02:23+00:00\",\"dateModified\":\"2024-07-03T14:26:39+00:00\",\"breadcrumb\":{\"@id\":\"https:\/\/serralleriamarch.com\/es\/historia-de-la-herreria-march\/#breadcrumb\"},\"inLanguage\":\"es\",\"potentialAction\":[{\"@type\":\"ReadAction\",\"target\":[\"https:\/\/serralleriamarch.com\/es\/historia-de-la-herreria-march\/\"]}]},{\"@type\":\"ImageObject\",\"inLanguage\":\"es\",\"@id\":\"https:\/\/serralleriamarch.com\/es\/historia-de-la-herreria-march\/#primaryimage\",\"url\":\"https:\/\/serralleriamarch.com\/wp-content\/uploads\/2019\/09\/antoni_march_0-201x300.png\",\"contentUrl\":\"https:\/\/serralleriamarch.com\/wp-content\/uploads\/2019\/09\/antoni_march_0-201x300.png\"},{\"@type\":\"BreadcrumbList\",\"@id\":\"https:\/\/serralleriamarch.com\/es\/historia-de-la-herreria-march\/#breadcrumb\",\"itemListElement\":[{\"@type\":\"ListItem\",\"position\":1,\"name\":\"Inici\",\"item\":\"https:\/\/serralleriamarch.com\/es\/\"},{\"@type\":\"ListItem\",\"position\":2,\"name\":\"Historia de la Herrer\u00eda March\"}]},{\"@type\":\"WebSite\",\"@id\":\"https:\/\/serralleriamarch.com\/#website\",\"url\":\"https:\/\/serralleriamarch.com\/\",\"name\":\"Serralleria March\",\"description\":\"Taller artesanal de forja i escultura amb ferro\",\"potentialAction\":[{\"@type\":\"SearchAction\",\"target\":{\"@type\":\"EntryPoint\",\"urlTemplate\":\"https:\/\/serralleriamarch.com\/?s={search_term_string}\"},\"query-input\":\"required name=search_term_string\"}],\"inLanguage\":\"es\"}]}<\/script>\n<!-- \/ Yoast SEO plugin. -->","yoast_head_json":{"title":"Historia de la Herrer\u00eda March - Serralleria March","robots":{"index":"index","follow":"follow","max-snippet":"max-snippet:-1","max-image-preview":"max-image-preview:large","max-video-preview":"max-video-preview:-1"},"canonical":"https:\/\/serralleriamarch.com\/es\/historia-de-la-herreria-march\/","og_locale":"es_ES","og_type":"article","og_title":"Historia de la Herrer\u00eda March - Serralleria March","og_description":"A finales del siglo XIX y principios del siglo XX existe un resurgimiento de la forja en Catalu\u00f1a gracias al Modernismo. En este contexto es donde se inicia la historia del taller de la Herrer\u00eda March. Desde 1903. 1884 Antoni March Volart nace en 1884. Con s\u00f3lo 11 a\u00f1os entra de aprendiz en el taller [&hellip;]","og_url":"https:\/\/serralleriamarch.com\/es\/historia-de-la-herreria-march\/","og_site_name":"Serralleria March","article_modified_time":"2024-07-03T14:26:39+00:00","og_image":[{"url":"https:\/\/serralleriamarch.com\/wp-content\/uploads\/2019\/09\/antoni_march_0-201x300.png"}],"twitter_card":"summary_large_image","twitter_misc":{"Tiempo de lectura":"9 minutos"},"schema":{"@context":"https:\/\/schema.org","@graph":[{"@type":"WebPage","@id":"https:\/\/serralleriamarch.com\/es\/historia-de-la-herreria-march\/","url":"https:\/\/serralleriamarch.com\/es\/historia-de-la-herreria-march\/","name":"Historia de la Herrer\u00eda March - Serralleria March","isPartOf":{"@id":"https:\/\/serralleriamarch.com\/#website"},"primaryImageOfPage":{"@id":"https:\/\/serralleriamarch.com\/es\/historia-de-la-herreria-march\/#primaryimage"},"image":{"@id":"https:\/\/serralleriamarch.com\/es\/historia-de-la-herreria-march\/#primaryimage"},"thumbnailUrl":"https:\/\/serralleriamarch.com\/wp-content\/uploads\/2019\/09\/antoni_march_0-201x300.png","datePublished":"2024-07-03T13:02:23+00:00","dateModified":"2024-07-03T14:26:39+00:00","breadcrumb":{"@id":"https:\/\/serralleriamarch.com\/es\/historia-de-la-herreria-march\/#breadcrumb"},"inLanguage":"es","potentialAction":[{"@type":"ReadAction","target":["https:\/\/serralleriamarch.com\/es\/historia-de-la-herreria-march\/"]}]},{"@type":"ImageObject","inLanguage":"es","@id":"https:\/\/serralleriamarch.com\/es\/historia-de-la-herreria-march\/#primaryimage","url":"https:\/\/serralleriamarch.com\/wp-content\/uploads\/2019\/09\/antoni_march_0-201x300.png","contentUrl":"https:\/\/serralleriamarch.com\/wp-content\/uploads\/2019\/09\/antoni_march_0-201x300.png"},{"@type":"BreadcrumbList","@id":"https:\/\/serralleriamarch.com\/es\/historia-de-la-herreria-march\/#breadcrumb","itemListElement":[{"@type":"ListItem","position":1,"name":"Inici","item":"https:\/\/serralleriamarch.com\/es\/"},{"@type":"ListItem","position":2,"name":"Historia de la Herrer\u00eda March"}]},{"@type":"WebSite","@id":"https:\/\/serralleriamarch.com\/#website","url":"https:\/\/serralleriamarch.com\/","name":"Serralleria March","description":"Taller artesanal de forja i escultura amb ferro","potentialAction":[{"@type":"SearchAction","target":{"@type":"EntryPoint","urlTemplate":"https:\/\/serralleriamarch.com\/?s={search_term_string}"},"query-input":"required name=search_term_string"}],"inLanguage":"es"}]}},"_links":{"self":[{"href":"https:\/\/serralleriamarch.com\/es\/wp-json\/wp\/v2\/pages\/2595"}],"collection":[{"href":"https:\/\/serralleriamarch.com\/es\/wp-json\/wp\/v2\/pages"}],"about":[{"href":"https:\/\/serralleriamarch.com\/es\/wp-json\/wp\/v2\/types\/page"}],"author":[{"embeddable":true,"href":"https:\/\/serralleriamarch.com\/es\/wp-json\/wp\/v2\/users\/1"}],"replies":[{"embeddable":true,"href":"https:\/\/serralleriamarch.com\/es\/wp-json\/wp\/v2\/comments?post=2595"}],"version-history":[{"count":2,"href":"https:\/\/serralleriamarch.com\/es\/wp-json\/wp\/v2\/pages\/2595\/revisions"}],"predecessor-version":[{"id":2704,"href":"https:\/\/serralleriamarch.com\/es\/wp-json\/wp\/v2\/pages\/2595\/revisions\/2704"}],"wp:attachment":[{"href":"https:\/\/serralleriamarch.com\/es\/wp-json\/wp\/v2\/media?parent=2595"}],"curies":[{"name":"wp","href":"https:\/\/api.w.org\/{rel}","templated":true}]}}