{"id":1218,"date":"2019-09-24T12:00:36","date_gmt":"2019-09-24T10:00:36","guid":{"rendered":"http:\/\/serralleriamarch.com\/?post_type=forja&#038;p=1218"},"modified":"2024-03-28T19:21:22","modified_gmt":"2024-03-28T17:21:22","slug":"cancells-de-forja","status":"publish","type":"forja","link":"https:\/\/serralleriamarch.com\/fr\/forja\/cancells-de-forja\/","title":{"rendered":"Tiradors i ferratges"},"content":{"rendered":"\n<h2 class=\"has-text-align-center wp-block-heading\">Anomenem ferratges a tots aquells elements de ferro que decoren portes i cancells. <\/h2>\n\n\n\n<p>Amb la forja ens permet crear tiradors aptes per a qualsevol format: per portes de fusta, de vidre, cancells combinats en fusta i vidre, portals de carrer o b\u00e9, nanses per mobles i per qualsevol suport.<\/p>\n\n\n\n<p>Els tiradors forjats que realitzem encaixes tant per portes de domicilis particulars, com per comer\u00e7os i empreses donats un toc de distinci\u00f3 amb car\u00e0cter i identitat a les seves portes d\u2019entrada.&nbsp;<\/p>\n\n\n\n<p>Podem reproduir diferents tipus d\u2019estils en sintonia amb l\u2019espai o b\u00e9 generarem un disseny d\u2019estil propi seguint sempre de la demanda del client.<\/p>\n\n\n\n<p><\/p>\n\n\n\n<div style=\"height:20px\" aria-hidden=\"true\" class=\"wp-block-spacer\"><\/div>\n\n\n\n<figure class=\"wp-block-image\"><img loading=\"lazy\" decoding=\"async\" width=\"1024\" height=\"768\" src=\"https:\/\/serralleriamarch.com\/wp-content\/uploads\/2019\/10\/tirador_forja17-1024x768.jpg\" alt=\"\" class=\"wp-image-1350\" srcset=\"https:\/\/serralleriamarch.com\/wp-content\/uploads\/2019\/10\/tirador_forja17.jpg 1024w, https:\/\/serralleriamarch.com\/wp-content\/uploads\/2019\/10\/tirador_forja17-300x225.jpg 300w, https:\/\/serralleriamarch.com\/wp-content\/uploads\/2019\/10\/tirador_forja17-768x576.jpg 768w\" sizes=\"(max-width: 1024px) 100vw, 1024px\" \/><figcaption>Tirador de forja per porta de vidre<\/figcaption><\/figure>\n\n\n\n<figure class=\"wp-block-image\"><img loading=\"lazy\" decoding=\"async\" width=\"768\" height=\"1024\" src=\"https:\/\/serralleriamarch.com\/wp-content\/uploads\/2019\/10\/tirador_forja11-768x1024.jpg\" alt=\"\" class=\"wp-image-1331\" srcset=\"https:\/\/serralleriamarch.com\/wp-content\/uploads\/2019\/10\/tirador_forja11.jpg 768w, https:\/\/serralleriamarch.com\/wp-content\/uploads\/2019\/10\/tirador_forja11-225x300.jpg 225w\" sizes=\"(max-width: 768px) 100vw, 768px\" \/><figcaption>Nansa de forja per porta de fusta i vidre<\/figcaption><\/figure>\n\n\n\n<figure class=\"wp-block-image\"><img loading=\"lazy\" decoding=\"async\" width=\"768\" height=\"1024\" src=\"https:\/\/serralleriamarch.com\/wp-content\/uploads\/2019\/10\/tirador_forja1-768x1024.jpg\" alt=\"\" class=\"wp-image-1301\" srcset=\"https:\/\/serralleriamarch.com\/wp-content\/uploads\/2019\/10\/tirador_forja1.jpg 768w, https:\/\/serralleriamarch.com\/wp-content\/uploads\/2019\/10\/tirador_forja1-225x300.jpg 225w\" sizes=\"(max-width: 768px) 100vw, 768px\" \/><figcaption>Boca de b\u00fastia, escut i nansa de portal<\/figcaption><\/figure>\n\n\n\n<figure class=\"wp-block-gallery has-nested-images columns-default is-cropped wp-block-gallery-1 is-layout-flex wp-block-gallery-is-layout-flex\">\n<figure class=\"wp-block-image\"><img loading=\"lazy\" decoding=\"async\" width=\"768\" height=\"1024\" data-id=\"1304\" src=\"https:\/\/serralleriamarch.com\/wp-content\/uploads\/2019\/10\/tirador_forja2-768x1024.jpg\" alt=\"\" class=\"wp-image-1304\" srcset=\"https:\/\/serralleriamarch.com\/wp-content\/uploads\/2019\/10\/tirador_forja2.jpg 768w, https:\/\/serralleriamarch.com\/wp-content\/uploads\/2019\/10\/tirador_forja2-225x300.jpg 225w\" sizes=\"(max-width: 768px) 100vw, 768px\" \/><figcaption>Escut forjat per boca de pany<\/figcaption><\/figure>\n\n\n\n<figure class=\"wp-block-image\"><img loading=\"lazy\" decoding=\"async\" width=\"768\" height=\"1024\" data-id=\"1307\" src=\"https:\/\/serralleriamarch.com\/wp-content\/uploads\/2019\/10\/tirador_forja3-768x1024.jpg\" alt=\"\" class=\"wp-image-1307\" srcset=\"https:\/\/serralleriamarch.com\/wp-content\/uploads\/2019\/10\/tirador_forja3.jpg 768w, https:\/\/serralleriamarch.com\/wp-content\/uploads\/2019\/10\/tirador_forja3-225x300.jpg 225w\" sizes=\"(max-width: 768px) 100vw, 768px\" \/><figcaption>Picador forja per portal<\/figcaption><\/figure>\n<\/figure>\n\n\n\n<figure class=\"wp-block-image\"><img loading=\"lazy\" decoding=\"async\" width=\"1024\" height=\"768\" src=\"https:\/\/serralleriamarch.com\/wp-content\/uploads\/2019\/10\/tirador_forja4-1024x768.jpg\" alt=\"\" class=\"wp-image-1310\" srcset=\"https:\/\/serralleriamarch.com\/wp-content\/uploads\/2019\/10\/tirador_forja4.jpg 1024w, https:\/\/serralleriamarch.com\/wp-content\/uploads\/2019\/10\/tirador_forja4-300x225.jpg 300w, https:\/\/serralleriamarch.com\/wp-content\/uploads\/2019\/10\/tirador_forja4-768x576.jpg 768w\" sizes=\"(max-width: 1024px) 100vw, 1024px\" \/><figcaption>Pom de ferro forjat<\/figcaption><\/figure>\n\n\n\n<figure class=\"wp-block-image\"><img loading=\"lazy\" decoding=\"async\" width=\"768\" height=\"1024\" src=\"https:\/\/serralleriamarch.com\/wp-content\/uploads\/2019\/10\/tirador_forja5-768x1024.jpg\" alt=\"\" class=\"wp-image-1313\" srcset=\"https:\/\/serralleriamarch.com\/wp-content\/uploads\/2019\/10\/tirador_forja5.jpg 768w, https:\/\/serralleriamarch.com\/wp-content\/uploads\/2019\/10\/tirador_forja5-225x300.jpg 225w\" sizes=\"(max-width: 768px) 100vw, 768px\" \/><figcaption>Picador per poral<\/figcaption><\/figure>\n\n\n\n<figure class=\"wp-block-image is-resized\"><img loading=\"lazy\" decoding=\"async\" src=\"https:\/\/serralleriamarch.com\/wp-content\/uploads\/2019\/10\/tirador_forja6-1-768x1024.jpg\" alt=\"\" class=\"wp-image-1320\" width=\"768\" height=\"1024\" srcset=\"https:\/\/serralleriamarch.com\/wp-content\/uploads\/2019\/10\/tirador_forja6-1.jpg 768w, https:\/\/serralleriamarch.com\/wp-content\/uploads\/2019\/10\/tirador_forja6-1-225x300.jpg 225w\" sizes=\"(max-width: 768px) 100vw, 768px\" \/><figcaption>Picador tradicional tipus argolla<\/figcaption><\/figure>\n\n\n\n<figure class=\"wp-block-image is-resized\"><img loading=\"lazy\" decoding=\"async\" src=\"https:\/\/serralleriamarch.com\/wp-content\/uploads\/2019\/10\/tirador_forja7-1024x768.jpg\" alt=\"\" class=\"wp-image-1319\" width=\"840\" height=\"630\" srcset=\"https:\/\/serralleriamarch.com\/wp-content\/uploads\/2019\/10\/tirador_forja7.jpg 1024w, https:\/\/serralleriamarch.com\/wp-content\/uploads\/2019\/10\/tirador_forja7-300x225.jpg 300w, https:\/\/serralleriamarch.com\/wp-content\/uploads\/2019\/10\/tirador_forja7-768x576.jpg 768w\" sizes=\"(max-width: 840px) 100vw, 840px\" \/><figcaption>Exemplars de poms i maneta forjada<\/figcaption><\/figure>\n\n\n\n<figure class=\"wp-block-image\"><img loading=\"lazy\" decoding=\"async\" width=\"1024\" height=\"768\" src=\"https:\/\/serralleriamarch.com\/wp-content\/uploads\/2019\/10\/tirador_forja8-1024x768.jpg\" alt=\"\" class=\"wp-image-1323\" srcset=\"https:\/\/serralleriamarch.com\/wp-content\/uploads\/2019\/10\/tirador_forja8.jpg 1024w, https:\/\/serralleriamarch.com\/wp-content\/uploads\/2019\/10\/tirador_forja8-300x225.jpg 300w, https:\/\/serralleriamarch.com\/wp-content\/uploads\/2019\/10\/tirador_forja8-768x576.jpg 768w\" sizes=\"(max-width: 1024px) 100vw, 1024px\" \/><figcaption>Pom de cap de gos i de bola estriada amb anella de llaut\u00f3<\/figcaption><\/figure>\n\n\n\n<figure class=\"wp-block-gallery has-nested-images columns-default is-cropped wp-block-gallery-2 is-layout-flex wp-block-gallery-is-layout-flex\">\n<figure class=\"wp-block-image\"><img loading=\"lazy\" decoding=\"async\" width=\"768\" height=\"1024\" data-id=\"1327\" src=\"https:\/\/serralleriamarch.com\/wp-content\/uploads\/2019\/10\/tirador_forja9-768x1024.jpg\" alt=\"\" class=\"wp-image-1327\" srcset=\"https:\/\/serralleriamarch.com\/wp-content\/uploads\/2019\/10\/tirador_forja9.jpg 768w, https:\/\/serralleriamarch.com\/wp-content\/uploads\/2019\/10\/tirador_forja9-225x300.jpg 225w\" sizes=\"(max-width: 768px) 100vw, 768px\" \/><figcaption>Picador tipus argolla<\/figcaption><\/figure>\n\n\n\n<figure class=\"wp-block-image\"><img loading=\"lazy\" decoding=\"async\" width=\"768\" height=\"1024\" data-id=\"1332\" src=\"https:\/\/serralleriamarch.com\/wp-content\/uploads\/2019\/10\/tirador_forja10-768x1024.jpg\" alt=\"\" class=\"wp-image-1332\" srcset=\"https:\/\/serralleriamarch.com\/wp-content\/uploads\/2019\/10\/tirador_forja10.jpg 768w, https:\/\/serralleriamarch.com\/wp-content\/uploads\/2019\/10\/tirador_forja10-225x300.jpg 225w\" sizes=\"(max-width: 768px) 100vw, 768px\" \/><figcaption>Picador tipus argolla<\/figcaption><\/figure>\n<\/figure>\n\n\n\n<figure class=\"wp-block-image\"><img loading=\"lazy\" decoding=\"async\" width=\"768\" height=\"1024\" src=\"https:\/\/serralleriamarch.com\/wp-content\/uploads\/2019\/10\/tirador_forja13-768x1024.jpg\" alt=\"\" class=\"wp-image-1337\" srcset=\"https:\/\/serralleriamarch.com\/wp-content\/uploads\/2019\/10\/tirador_forja13.jpg 768w, https:\/\/serralleriamarch.com\/wp-content\/uploads\/2019\/10\/tirador_forja13-225x300.jpg 225w\" sizes=\"(max-width: 768px) 100vw, 768px\" \/><figcaption>Conjunt de nanses per porta de vidre<\/figcaption><\/figure>\n\n\n\n<figure class=\"wp-block-image\"><img loading=\"lazy\" decoding=\"async\" width=\"768\" height=\"1024\" src=\"https:\/\/serralleriamarch.com\/wp-content\/uploads\/2019\/10\/tirador_forja14-768x1024.jpg\" alt=\"\" class=\"wp-image-1338\" srcset=\"https:\/\/serralleriamarch.com\/wp-content\/uploads\/2019\/10\/tirador_forja14.jpg 768w, https:\/\/serralleriamarch.com\/wp-content\/uploads\/2019\/10\/tirador_forja14-225x300.jpg 225w\" sizes=\"(max-width: 768px) 100vw, 768px\" \/><figcaption>Ferratges per porta de fusta<\/figcaption><\/figure>\n\n\n\n<figure class=\"wp-block-image\"><img loading=\"lazy\" decoding=\"async\" width=\"768\" height=\"1024\" src=\"https:\/\/serralleriamarch.com\/wp-content\/uploads\/2019\/10\/tirador_forja15-768x1024.jpg\" alt=\"\" class=\"wp-image-1339\" srcset=\"https:\/\/serralleriamarch.com\/wp-content\/uploads\/2019\/10\/tirador_forja15.jpg 768w, https:\/\/serralleriamarch.com\/wp-content\/uploads\/2019\/10\/tirador_forja15-225x300.jpg 225w\" sizes=\"(max-width: 768px) 100vw, 768px\" \/><figcaption>Ferratges de portals, nanses i picador<\/figcaption><\/figure>\n\n\n\n<figure class=\"wp-block-image is-resized\"><img loading=\"lazy\" decoding=\"async\" src=\"https:\/\/serralleriamarch.com\/wp-content\/uploads\/2019\/10\/tirador_forja16-768x1024.jpg\" alt=\"\" class=\"wp-image-1346\" width=\"769\" height=\"1025\" srcset=\"https:\/\/serralleriamarch.com\/wp-content\/uploads\/2019\/10\/tirador_forja16.jpg 768w, https:\/\/serralleriamarch.com\/wp-content\/uploads\/2019\/10\/tirador_forja16-225x300.jpg 225w\" sizes=\"(max-width: 769px) 100vw, 769px\" \/><figcaption>Detall del forjat de porta de fusta, nansa i motiu de la reixa<\/figcaption><\/figure>\n\n\n\n<figure class=\"wp-block-image\"><img loading=\"lazy\" decoding=\"async\" width=\"768\" height=\"1024\" src=\"https:\/\/serralleriamarch.com\/wp-content\/uploads\/2019\/10\/tirador_forja18-768x1024.jpg\" alt=\"\" class=\"wp-image-1355\" srcset=\"https:\/\/serralleriamarch.com\/wp-content\/uploads\/2019\/10\/tirador_forja18.jpg 768w, https:\/\/serralleriamarch.com\/wp-content\/uploads\/2019\/10\/tirador_forja18-225x300.jpg 225w\" sizes=\"(max-width: 768px) 100vw, 768px\" \/><figcaption>Portal amb tirador i picador de forja<\/figcaption><\/figure>\n","protected":false},"featured_media":1294,"template":"","yoast_head":"<!-- This site is optimized with the Yoast SEO plugin v23.0 - https:\/\/yoast.com\/wordpress\/plugins\/seo\/ -->\n<title>Tiradors i ferratges - Serralleria March<\/title>\n<meta name=\"description\" content=\"La forja tamb\u00e9 permet crear tiradors aptes per a qualsevol espai: per portes de fusta, de vidre, cancells o qualsevol altre suport.\" \/>\n<meta name=\"robots\" content=\"index, follow, max-snippet:-1, max-image-preview:large, max-video-preview:-1\" \/>\n<link rel=\"canonical\" href=\"https:\/\/serralleriamarch.com\/forja\/cancells-de-forja\/\" \/>\n<meta property=\"og:locale\" content=\"fr_FR\" \/>\n<meta property=\"og:type\" content=\"article\" \/>\n<meta property=\"og:title\" content=\"Tiradors i ferratges - Serralleria March\" \/>\n<meta property=\"og:description\" content=\"La forja tamb\u00e9 permet crear tiradors aptes per a qualsevol espai: per portes de fusta, de vidre, cancells o qualsevol altre suport.\" \/>\n<meta property=\"og:url\" content=\"https:\/\/serralleriamarch.com\/forja\/cancells-de-forja\/\" \/>\n<meta property=\"og:site_name\" content=\"Serralleria March\" \/>\n<meta property=\"article:modified_time\" content=\"2024-03-28T17:21:22+00:00\" \/>\n<meta property=\"og:image\" content=\"https:\/\/serralleriamarch.com\/wp-content\/uploads\/2019\/09\/cancell_forja_ok.png\" \/>\n\t<meta property=\"og:image:width\" content=\"500\" \/>\n\t<meta property=\"og:image:height\" content=\"750\" \/>\n\t<meta property=\"og:image:type\" content=\"image\/png\" \/>\n<meta name=\"twitter:card\" content=\"summary_large_image\" \/>\n<meta name=\"twitter:label1\" content=\"Dur\u00e9e de lecture estim\u00e9e\" \/>\n\t<meta name=\"twitter:data1\" content=\"5 minutes\" \/>\n<script type=\"application\/ld+json\" class=\"yoast-schema-graph\">{\"@context\":\"https:\/\/schema.org\",\"@graph\":[{\"@type\":\"WebPage\",\"@id\":\"https:\/\/serralleriamarch.com\/forja\/cancells-de-forja\/\",\"url\":\"https:\/\/serralleriamarch.com\/forja\/cancells-de-forja\/\",\"name\":\"Tiradors i ferratges - Serralleria March\",\"isPartOf\":{\"@id\":\"https:\/\/serralleriamarch.com\/#website\"},\"primaryImageOfPage\":{\"@id\":\"https:\/\/serralleriamarch.com\/forja\/cancells-de-forja\/#primaryimage\"},\"image\":{\"@id\":\"https:\/\/serralleriamarch.com\/forja\/cancells-de-forja\/#primaryimage\"},\"thumbnailUrl\":\"https:\/\/serralleriamarch.com\/wp-content\/uploads\/2019\/09\/cancell_forja_ok.png\",\"datePublished\":\"2019-09-24T10:00:36+00:00\",\"dateModified\":\"2024-03-28T17:21:22+00:00\",\"description\":\"La forja tamb\u00e9 permet crear tiradors aptes per a qualsevol espai: per portes de fusta, de vidre, cancells o qualsevol altre suport.\",\"breadcrumb\":{\"@id\":\"https:\/\/serralleriamarch.com\/forja\/cancells-de-forja\/#breadcrumb\"},\"inLanguage\":\"fr-FR\",\"potentialAction\":[{\"@type\":\"ReadAction\",\"target\":[\"https:\/\/serralleriamarch.com\/forja\/cancells-de-forja\/\"]}]},{\"@type\":\"ImageObject\",\"inLanguage\":\"fr-FR\",\"@id\":\"https:\/\/serralleriamarch.com\/forja\/cancells-de-forja\/#primaryimage\",\"url\":\"https:\/\/serralleriamarch.com\/wp-content\/uploads\/2019\/09\/cancell_forja_ok.png\",\"contentUrl\":\"https:\/\/serralleriamarch.com\/wp-content\/uploads\/2019\/09\/cancell_forja_ok.png\",\"width\":500,\"height\":750},{\"@type\":\"BreadcrumbList\",\"@id\":\"https:\/\/serralleriamarch.com\/forja\/cancells-de-forja\/#breadcrumb\",\"itemListElement\":[{\"@type\":\"ListItem\",\"position\":1,\"name\":\"Inici\",\"item\":\"https:\/\/serralleriamarch.com\/fr\/maison\/\"},{\"@type\":\"ListItem\",\"position\":2,\"name\":\"Treballs de forja\",\"item\":\"https:\/\/serralleriamarch.com\/forja\/\"},{\"@type\":\"ListItem\",\"position\":3,\"name\":\"Tiradors i ferratges\"}]},{\"@type\":\"WebSite\",\"@id\":\"https:\/\/serralleriamarch.com\/#website\",\"url\":\"https:\/\/serralleriamarch.com\/\",\"name\":\"Serralleria March\",\"description\":\"Taller artesanal de forja i escultura amb ferro\",\"potentialAction\":[{\"@type\":\"SearchAction\",\"target\":{\"@type\":\"EntryPoint\",\"urlTemplate\":\"https:\/\/serralleriamarch.com\/?s={search_term_string}\"},\"query-input\":\"required name=search_term_string\"}],\"inLanguage\":\"fr-FR\"}]}<\/script>\n<!-- \/ Yoast SEO plugin. -->","yoast_head_json":{"title":"Tiradors i ferratges - Serralleria March","description":"La forja tamb\u00e9 permet crear tiradors aptes per a qualsevol espai: per portes de fusta, de vidre, cancells o qualsevol altre suport.","robots":{"index":"index","follow":"follow","max-snippet":"max-snippet:-1","max-image-preview":"max-image-preview:large","max-video-preview":"max-video-preview:-1"},"canonical":"https:\/\/serralleriamarch.com\/forja\/cancells-de-forja\/","og_locale":"fr_FR","og_type":"article","og_title":"Tiradors i ferratges - Serralleria March","og_description":"La forja tamb\u00e9 permet crear tiradors aptes per a qualsevol espai: per portes de fusta, de vidre, cancells o qualsevol altre suport.","og_url":"https:\/\/serralleriamarch.com\/forja\/cancells-de-forja\/","og_site_name":"Serralleria March","article_modified_time":"2024-03-28T17:21:22+00:00","og_image":[{"width":500,"height":750,"url":"https:\/\/serralleriamarch.com\/wp-content\/uploads\/2019\/09\/cancell_forja_ok.png","type":"image\/png"}],"twitter_card":"summary_large_image","twitter_misc":{"Dur\u00e9e de lecture estim\u00e9e":"5 minutes"},"schema":{"@context":"https:\/\/schema.org","@graph":[{"@type":"WebPage","@id":"https:\/\/serralleriamarch.com\/forja\/cancells-de-forja\/","url":"https:\/\/serralleriamarch.com\/forja\/cancells-de-forja\/","name":"Tiradors i ferratges - Serralleria March","isPartOf":{"@id":"https:\/\/serralleriamarch.com\/#website"},"primaryImageOfPage":{"@id":"https:\/\/serralleriamarch.com\/forja\/cancells-de-forja\/#primaryimage"},"image":{"@id":"https:\/\/serralleriamarch.com\/forja\/cancells-de-forja\/#primaryimage"},"thumbnailUrl":"https:\/\/serralleriamarch.com\/wp-content\/uploads\/2019\/09\/cancell_forja_ok.png","datePublished":"2019-09-24T10:00:36+00:00","dateModified":"2024-03-28T17:21:22+00:00","description":"La forja tamb\u00e9 permet crear tiradors aptes per a qualsevol espai: per portes de fusta, de vidre, cancells o qualsevol altre suport.","breadcrumb":{"@id":"https:\/\/serralleriamarch.com\/forja\/cancells-de-forja\/#breadcrumb"},"inLanguage":"fr-FR","potentialAction":[{"@type":"ReadAction","target":["https:\/\/serralleriamarch.com\/forja\/cancells-de-forja\/"]}]},{"@type":"ImageObject","inLanguage":"fr-FR","@id":"https:\/\/serralleriamarch.com\/forja\/cancells-de-forja\/#primaryimage","url":"https:\/\/serralleriamarch.com\/wp-content\/uploads\/2019\/09\/cancell_forja_ok.png","contentUrl":"https:\/\/serralleriamarch.com\/wp-content\/uploads\/2019\/09\/cancell_forja_ok.png","width":500,"height":750},{"@type":"BreadcrumbList","@id":"https:\/\/serralleriamarch.com\/forja\/cancells-de-forja\/#breadcrumb","itemListElement":[{"@type":"ListItem","position":1,"name":"Inici","item":"https:\/\/serralleriamarch.com\/fr\/maison\/"},{"@type":"ListItem","position":2,"name":"Treballs de forja","item":"https:\/\/serralleriamarch.com\/forja\/"},{"@type":"ListItem","position":3,"name":"Tiradors i ferratges"}]},{"@type":"WebSite","@id":"https:\/\/serralleriamarch.com\/#website","url":"https:\/\/serralleriamarch.com\/","name":"Serralleria March","description":"Taller artesanal de forja i escultura amb ferro","potentialAction":[{"@type":"SearchAction","target":{"@type":"EntryPoint","urlTemplate":"https:\/\/serralleriamarch.com\/?s={search_term_string}"},"query-input":"required name=search_term_string"}],"inLanguage":"fr-FR"}]}},"_links":{"self":[{"href":"https:\/\/serralleriamarch.com\/fr\/wp-json\/wp\/v2\/forja\/1218"}],"collection":[{"href":"https:\/\/serralleriamarch.com\/fr\/wp-json\/wp\/v2\/forja"}],"about":[{"href":"https:\/\/serralleriamarch.com\/fr\/wp-json\/wp\/v2\/types\/forja"}],"version-history":[{"count":10,"href":"https:\/\/serralleriamarch.com\/fr\/wp-json\/wp\/v2\/forja\/1218\/revisions"}],"predecessor-version":[{"id":2021,"href":"https:\/\/serralleriamarch.com\/fr\/wp-json\/wp\/v2\/forja\/1218\/revisions\/2021"}],"wp:featuredmedia":[{"embeddable":true,"href":"https:\/\/serralleriamarch.com\/fr\/wp-json\/wp\/v2\/media\/1294"}],"wp:attachment":[{"href":"https:\/\/serralleriamarch.com\/fr\/wp-json\/wp\/v2\/media?parent=1218"}],"curies":[{"name":"wp","href":"https:\/\/api.w.org\/{rel}","templated":true}]}}