{"id":166,"date":"2019-09-22T12:24:04","date_gmt":"2019-09-22T10:24:04","guid":{"rendered":"http:\/\/serralleriamarch.com\/?post_type=forja&#038;p=166"},"modified":"2024-03-28T20:23:53","modified_gmt":"2024-03-28T18:23:53","slug":"mobiliari","status":"publish","type":"forja","link":"https:\/\/serralleriamarch.com\/fr\/forja\/mobiliari\/","title":{"rendered":"Mobiliari de forja"},"content":{"rendered":"\n<h2 class=\"has-text-align-center wp-block-heading\">Construim qualsevol mobiliari per la\u00a0 llar i els jardins. Peces exclusives i mobiliari \u00fanics que fuig de lo convencionals.<\/h2>\n\n\n\n<h2 class=\"has-text-align-center wp-block-heading\">Treballs conjunts amb altres artesans per aconseguir objectes singulars i de qualitat.<\/h2>\n\n\n\n<p>Constru\u00efm conjunts de taules i cadires tant per l\u2019interior com per l\u2019exterior. Mobles pel rebedor, tot tipus d\u2019estanteries, prestatgeries i vitrines. Suports, peus i cartel\u00b7les per tot tipus d\u2019objectes pesants; peus per pels testos, potes per \u00e0mfores i gerros, suports per escultures, antiguitats i rel\u00edquies.<\/p>\n\n\n\n<p>Complements de la casa, penjadors de peu o de paret, paraig\u00fcers, miralls, biombos, tamborets, bancs i banquetes, suports i barres de cortina o per tapissos.<\/p>\n\n\n\n<p>I pel que fa a l\u2019exterior, disposem d\u2019objectes com cartel\u00b7les o arcs de politges pels pous com tamb\u00e9 les tapes o reixats per evitar les caigude. Conjunts decoratius per fonts, estanys o eixides d\u2019aigua. Rellotges de sol per les fa\u00e7anes, indicadors i panells, palometes i molt m\u00e9s\u2026&nbsp;<\/p>\n\n\n\n<p class=\"has-text-align-center\">Tot all\u00f2 que imagines, nosaltres ho dissenyem per a tu.<\/p>\n\n\n\n<div style=\"height:20px\" aria-hidden=\"true\" class=\"wp-block-spacer\"><\/div>\n\n\n\n<figure class=\"wp-block-image\"><img loading=\"lazy\" decoding=\"async\" width=\"768\" height=\"1024\" src=\"https:\/\/serralleriamarch.com\/wp-content\/uploads\/2019\/11\/mobiliari-forja24-768x1024.jpg\" alt=\"\" class=\"wp-image-1675\" srcset=\"https:\/\/serralleriamarch.com\/wp-content\/uploads\/2019\/11\/mobiliari-forja24.jpg 768w, https:\/\/serralleriamarch.com\/wp-content\/uploads\/2019\/11\/mobiliari-forja24-225x300.jpg 225w\" sizes=\"(max-width: 768px) 100vw, 768px\" \/><\/figure>\n\n\n\n<figure class=\"wp-block-image\"><img loading=\"lazy\" decoding=\"async\" width=\"1024\" height=\"768\" src=\"https:\/\/serralleriamarch.com\/wp-content\/uploads\/2019\/11\/mobiliari-forja25-1024x768.jpg\" alt=\"\" class=\"wp-image-1683\" srcset=\"https:\/\/serralleriamarch.com\/wp-content\/uploads\/2019\/11\/mobiliari-forja25.jpg 1024w, https:\/\/serralleriamarch.com\/wp-content\/uploads\/2019\/11\/mobiliari-forja25-300x225.jpg 300w, https:\/\/serralleriamarch.com\/wp-content\/uploads\/2019\/11\/mobiliari-forja25-768x576.jpg 768w\" sizes=\"(max-width: 1024px) 100vw, 1024px\" \/><\/figure>\n\n\n\n<figure class=\"wp-block-image\"><img loading=\"lazy\" decoding=\"async\" width=\"768\" height=\"1024\" src=\"https:\/\/serralleriamarch.com\/wp-content\/uploads\/2019\/11\/mobiliari-forja21-768x1024.jpg\" alt=\"\" class=\"wp-image-1669\" srcset=\"https:\/\/serralleriamarch.com\/wp-content\/uploads\/2019\/11\/mobiliari-forja21.jpg 768w, https:\/\/serralleriamarch.com\/wp-content\/uploads\/2019\/11\/mobiliari-forja21-225x300.jpg 225w\" sizes=\"(max-width: 768px) 100vw, 768px\" \/><\/figure>\n\n\n\n<figure class=\"wp-block-image\"><img loading=\"lazy\" decoding=\"async\" width=\"1024\" height=\"768\" src=\"https:\/\/serralleriamarch.com\/wp-content\/uploads\/2019\/11\/mobiliari-forja22-1024x768.jpg\" alt=\"\" class=\"wp-image-1676\" srcset=\"https:\/\/serralleriamarch.com\/wp-content\/uploads\/2019\/11\/mobiliari-forja22.jpg 1024w, https:\/\/serralleriamarch.com\/wp-content\/uploads\/2019\/11\/mobiliari-forja22-300x225.jpg 300w, https:\/\/serralleriamarch.com\/wp-content\/uploads\/2019\/11\/mobiliari-forja22-768x576.jpg 768w\" sizes=\"(max-width: 1024px) 100vw, 1024px\" \/><\/figure>\n\n\n\n<figure class=\"wp-block-image\"><img loading=\"lazy\" decoding=\"async\" width=\"1024\" height=\"768\" src=\"https:\/\/serralleriamarch.com\/wp-content\/uploads\/2019\/11\/mobiliari-forja3-1024x768.jpg\" alt=\"\" class=\"wp-image-1616\" srcset=\"https:\/\/serralleriamarch.com\/wp-content\/uploads\/2019\/11\/mobiliari-forja3.jpg 1024w, https:\/\/serralleriamarch.com\/wp-content\/uploads\/2019\/11\/mobiliari-forja3-300x225.jpg 300w, https:\/\/serralleriamarch.com\/wp-content\/uploads\/2019\/11\/mobiliari-forja3-768x576.jpg 768w\" sizes=\"(max-width: 1024px) 100vw, 1024px\" \/><\/figure>\n\n\n\n<figure class=\"wp-block-image\"><img loading=\"lazy\" decoding=\"async\" width=\"768\" height=\"1024\" src=\"https:\/\/serralleriamarch.com\/wp-content\/uploads\/2019\/11\/mobiliari-forja4-768x1024.jpg\" alt=\"\" class=\"wp-image-1619\" srcset=\"https:\/\/serralleriamarch.com\/wp-content\/uploads\/2019\/11\/mobiliari-forja4.jpg 768w, https:\/\/serralleriamarch.com\/wp-content\/uploads\/2019\/11\/mobiliari-forja4-225x300.jpg 225w\" sizes=\"(max-width: 768px) 100vw, 768px\" \/><\/figure>\n\n\n\n<figure class=\"wp-block-image\"><img loading=\"lazy\" decoding=\"async\" width=\"768\" height=\"1024\" src=\"https:\/\/serralleriamarch.com\/wp-content\/uploads\/2019\/11\/mobiliari-forja5-768x1024.jpg\" alt=\"\" class=\"wp-image-1622\" srcset=\"https:\/\/serralleriamarch.com\/wp-content\/uploads\/2019\/11\/mobiliari-forja5.jpg 768w, https:\/\/serralleriamarch.com\/wp-content\/uploads\/2019\/11\/mobiliari-forja5-225x300.jpg 225w\" sizes=\"(max-width: 768px) 100vw, 768px\" \/><\/figure>\n\n\n\n<figure class=\"wp-block-image\"><img loading=\"lazy\" decoding=\"async\" width=\"1024\" height=\"768\" src=\"https:\/\/serralleriamarch.com\/wp-content\/uploads\/2019\/11\/mobiliari-forja6-1024x768.jpg\" alt=\"\" class=\"wp-image-1625\" srcset=\"https:\/\/serralleriamarch.com\/wp-content\/uploads\/2019\/11\/mobiliari-forja6.jpg 1024w, https:\/\/serralleriamarch.com\/wp-content\/uploads\/2019\/11\/mobiliari-forja6-300x225.jpg 300w, https:\/\/serralleriamarch.com\/wp-content\/uploads\/2019\/11\/mobiliari-forja6-768x576.jpg 768w\" sizes=\"(max-width: 1024px) 100vw, 1024px\" \/><\/figure>\n\n\n\n<figure class=\"wp-block-image\"><img loading=\"lazy\" decoding=\"async\" width=\"768\" height=\"1024\" src=\"https:\/\/serralleriamarch.com\/wp-content\/uploads\/2019\/11\/mobiliari-forja7-768x1024.jpg\" alt=\"\" class=\"wp-image-1628\" srcset=\"https:\/\/serralleriamarch.com\/wp-content\/uploads\/2019\/11\/mobiliari-forja7.jpg 768w, https:\/\/serralleriamarch.com\/wp-content\/uploads\/2019\/11\/mobiliari-forja7-225x300.jpg 225w\" sizes=\"(max-width: 768px) 100vw, 768px\" \/><\/figure>\n\n\n\n<figure class=\"wp-block-image\"><img loading=\"lazy\" decoding=\"async\" width=\"1024\" height=\"768\" src=\"https:\/\/serralleriamarch.com\/wp-content\/uploads\/2019\/11\/mobiliari-forja8-1024x768.jpg\" alt=\"\" class=\"wp-image-1631\" srcset=\"https:\/\/serralleriamarch.com\/wp-content\/uploads\/2019\/11\/mobiliari-forja8.jpg 1024w, https:\/\/serralleriamarch.com\/wp-content\/uploads\/2019\/11\/mobiliari-forja8-300x225.jpg 300w, https:\/\/serralleriamarch.com\/wp-content\/uploads\/2019\/11\/mobiliari-forja8-768x576.jpg 768w\" sizes=\"(max-width: 1024px) 100vw, 1024px\" \/><\/figure>\n\n\n\n<figure class=\"wp-block-image\"><img loading=\"lazy\" decoding=\"async\" width=\"768\" height=\"1024\" src=\"https:\/\/serralleriamarch.com\/wp-content\/uploads\/2019\/11\/mobiliari-forja9-768x1024.jpg\" alt=\"\" class=\"wp-image-1634\" srcset=\"https:\/\/serralleriamarch.com\/wp-content\/uploads\/2019\/11\/mobiliari-forja9.jpg 768w, https:\/\/serralleriamarch.com\/wp-content\/uploads\/2019\/11\/mobiliari-forja9-225x300.jpg 225w\" sizes=\"(max-width: 768px) 100vw, 768px\" \/><\/figure>\n\n\n\n<figure class=\"wp-block-image\"><img loading=\"lazy\" decoding=\"async\" width=\"768\" height=\"1024\" src=\"https:\/\/serralleriamarch.com\/wp-content\/uploads\/2019\/11\/mobiliari-forja10-768x1024.jpg\" alt=\"\" class=\"wp-image-1637\" srcset=\"https:\/\/serralleriamarch.com\/wp-content\/uploads\/2019\/11\/mobiliari-forja10.jpg 768w, https:\/\/serralleriamarch.com\/wp-content\/uploads\/2019\/11\/mobiliari-forja10-225x300.jpg 225w\" sizes=\"(max-width: 768px) 100vw, 768px\" \/><\/figure>\n\n\n\n<figure class=\"wp-block-image\"><img loading=\"lazy\" decoding=\"async\" width=\"768\" height=\"1024\" src=\"https:\/\/serralleriamarch.com\/wp-content\/uploads\/2019\/11\/mobiliari-forja11-1-768x1024.jpg\" alt=\"\" class=\"wp-image-1643\" srcset=\"https:\/\/serralleriamarch.com\/wp-content\/uploads\/2019\/11\/mobiliari-forja11-1.jpg 768w, https:\/\/serralleriamarch.com\/wp-content\/uploads\/2019\/11\/mobiliari-forja11-1-225x300.jpg 225w\" sizes=\"(max-width: 768px) 100vw, 768px\" \/><\/figure>\n\n\n\n<figure class=\"wp-block-image\"><img loading=\"lazy\" decoding=\"async\" width=\"1024\" height=\"768\" src=\"https:\/\/serralleriamarch.com\/wp-content\/uploads\/2019\/11\/mobiliari-forja12-1024x768.jpg\" alt=\"\" class=\"wp-image-1647\" srcset=\"https:\/\/serralleriamarch.com\/wp-content\/uploads\/2019\/11\/mobiliari-forja12.jpg 1024w, https:\/\/serralleriamarch.com\/wp-content\/uploads\/2019\/11\/mobiliari-forja12-300x225.jpg 300w, https:\/\/serralleriamarch.com\/wp-content\/uploads\/2019\/11\/mobiliari-forja12-768x576.jpg 768w\" sizes=\"(max-width: 1024px) 100vw, 1024px\" \/><\/figure>\n\n\n\n<figure class=\"wp-block-image\"><img loading=\"lazy\" decoding=\"async\" width=\"1024\" height=\"768\" src=\"https:\/\/serralleriamarch.com\/wp-content\/uploads\/2019\/11\/mobiliari-forja14-1024x768.jpg\" alt=\"\" class=\"wp-image-1649\" srcset=\"https:\/\/serralleriamarch.com\/wp-content\/uploads\/2019\/11\/mobiliari-forja14.jpg 1024w, https:\/\/serralleriamarch.com\/wp-content\/uploads\/2019\/11\/mobiliari-forja14-300x225.jpg 300w, https:\/\/serralleriamarch.com\/wp-content\/uploads\/2019\/11\/mobiliari-forja14-768x576.jpg 768w\" sizes=\"(max-width: 1024px) 100vw, 1024px\" \/><\/figure>\n\n\n\n<figure class=\"wp-block-image\"><img loading=\"lazy\" decoding=\"async\" width=\"1024\" height=\"768\" src=\"https:\/\/serralleriamarch.com\/wp-content\/uploads\/2019\/11\/mobiliari-forja15-1024x768.jpg\" alt=\"\" class=\"wp-image-1663\" srcset=\"https:\/\/serralleriamarch.com\/wp-content\/uploads\/2019\/11\/mobiliari-forja15.jpg 1024w, https:\/\/serralleriamarch.com\/wp-content\/uploads\/2019\/11\/mobiliari-forja15-300x225.jpg 300w, https:\/\/serralleriamarch.com\/wp-content\/uploads\/2019\/11\/mobiliari-forja15-768x576.jpg 768w\" sizes=\"(max-width: 1024px) 100vw, 1024px\" \/><\/figure>\n\n\n\n<figure class=\"wp-block-image\"><img loading=\"lazy\" decoding=\"async\" width=\"1024\" height=\"680\" src=\"https:\/\/serralleriamarch.com\/wp-content\/uploads\/2019\/11\/mobiliari-forja1-1024x680.jpg\" alt=\"\" class=\"wp-image-1610\" srcset=\"https:\/\/serralleriamarch.com\/wp-content\/uploads\/2019\/11\/mobiliari-forja1.jpg 1024w, https:\/\/serralleriamarch.com\/wp-content\/uploads\/2019\/11\/mobiliari-forja1-300x199.jpg 300w, https:\/\/serralleriamarch.com\/wp-content\/uploads\/2019\/11\/mobiliari-forja1-768x510.jpg 768w\" sizes=\"(max-width: 1024px) 100vw, 1024px\" \/><\/figure>\n\n\n\n<figure class=\"wp-block-image\"><img loading=\"lazy\" decoding=\"async\" width=\"768\" height=\"1024\" src=\"https:\/\/serralleriamarch.com\/wp-content\/uploads\/2019\/11\/mobiliari-forja16-768x1024.jpg\" alt=\"\" class=\"wp-image-1655\" srcset=\"https:\/\/serralleriamarch.com\/wp-content\/uploads\/2019\/11\/mobiliari-forja16.jpg 768w, https:\/\/serralleriamarch.com\/wp-content\/uploads\/2019\/11\/mobiliari-forja16-225x300.jpg 225w\" sizes=\"(max-width: 768px) 100vw, 768px\" \/><\/figure>\n\n\n\n<figure class=\"wp-block-image\"><img loading=\"lazy\" decoding=\"async\" width=\"768\" height=\"1024\" src=\"https:\/\/serralleriamarch.com\/wp-content\/uploads\/2019\/11\/mobiliari-forja17-768x1024.jpg\" alt=\"\" class=\"wp-image-1658\" srcset=\"https:\/\/serralleriamarch.com\/wp-content\/uploads\/2019\/11\/mobiliari-forja17.jpg 768w, https:\/\/serralleriamarch.com\/wp-content\/uploads\/2019\/11\/mobiliari-forja17-225x300.jpg 225w\" sizes=\"(max-width: 768px) 100vw, 768px\" \/><\/figure>\n\n\n\n<figure class=\"wp-block-image\"><img loading=\"lazy\" decoding=\"async\" width=\"768\" height=\"1024\" src=\"https:\/\/serralleriamarch.com\/wp-content\/uploads\/2019\/11\/mobiliari-forja13-768x1024.jpg\" alt=\"\" class=\"wp-image-1646\" srcset=\"https:\/\/serralleriamarch.com\/wp-content\/uploads\/2019\/11\/mobiliari-forja13.jpg 768w, https:\/\/serralleriamarch.com\/wp-content\/uploads\/2019\/11\/mobiliari-forja13-225x300.jpg 225w\" sizes=\"(max-width: 768px) 100vw, 768px\" \/><\/figure>\n\n\n\n<figure class=\"wp-block-image\"><img loading=\"lazy\" decoding=\"async\" width=\"1024\" height=\"680\" src=\"https:\/\/serralleriamarch.com\/wp-content\/uploads\/2019\/11\/mobiliari-forja2-1024x680.jpg\" alt=\"\" class=\"wp-image-1613\" srcset=\"https:\/\/serralleriamarch.com\/wp-content\/uploads\/2019\/11\/mobiliari-forja2.jpg 1024w, https:\/\/serralleriamarch.com\/wp-content\/uploads\/2019\/11\/mobiliari-forja2-300x199.jpg 300w, https:\/\/serralleriamarch.com\/wp-content\/uploads\/2019\/11\/mobiliari-forja2-768x510.jpg 768w\" sizes=\"(max-width: 1024px) 100vw, 1024px\" \/><\/figure>\n\n\n\n<figure class=\"wp-block-image\"><img loading=\"lazy\" decoding=\"async\" width=\"768\" height=\"1024\" src=\"https:\/\/serralleriamarch.com\/wp-content\/uploads\/2019\/11\/mobiliari-forja18-768x1024.jpg\" alt=\"\" class=\"wp-image-1661\" srcset=\"https:\/\/serralleriamarch.com\/wp-content\/uploads\/2019\/11\/mobiliari-forja18.jpg 768w, https:\/\/serralleriamarch.com\/wp-content\/uploads\/2019\/11\/mobiliari-forja18-225x300.jpg 225w\" sizes=\"(max-width: 768px) 100vw, 768px\" \/><\/figure>\n\n\n\n<figure class=\"wp-block-image\"><img loading=\"lazy\" decoding=\"async\" width=\"768\" height=\"1024\" src=\"https:\/\/serralleriamarch.com\/wp-content\/uploads\/2019\/11\/mobiliari-forja19-768x1024.jpg\" alt=\"\" class=\"wp-image-1662\" srcset=\"https:\/\/serralleriamarch.com\/wp-content\/uploads\/2019\/11\/mobiliari-forja19.jpg 768w, https:\/\/serralleriamarch.com\/wp-content\/uploads\/2019\/11\/mobiliari-forja19-225x300.jpg 225w\" sizes=\"(max-width: 768px) 100vw, 768px\" \/><\/figure>\n\n\n\n<figure class=\"wp-block-image\"><img loading=\"lazy\" decoding=\"async\" width=\"1024\" height=\"768\" src=\"https:\/\/serralleriamarch.com\/wp-content\/uploads\/2019\/11\/mobiliari-forja20-1024x768.jpg\" alt=\"\" class=\"wp-image-1664\" srcset=\"https:\/\/serralleriamarch.com\/wp-content\/uploads\/2019\/11\/mobiliari-forja20.jpg 1024w, https:\/\/serralleriamarch.com\/wp-content\/uploads\/2019\/11\/mobiliari-forja20-300x225.jpg 300w, https:\/\/serralleriamarch.com\/wp-content\/uploads\/2019\/11\/mobiliari-forja20-768x576.jpg 768w\" sizes=\"(max-width: 1024px) 100vw, 1024px\" \/><\/figure>\n\n\n\n<figure class=\"wp-block-image\"><img loading=\"lazy\" decoding=\"async\" width=\"1024\" height=\"768\" src=\"https:\/\/serralleriamarch.com\/wp-content\/uploads\/2019\/11\/mobiliari-forja23.jpg\" alt=\"\" class=\"wp-image-1671\" srcset=\"https:\/\/serralleriamarch.com\/wp-content\/uploads\/2019\/11\/mobiliari-forja23.jpg 1024w, https:\/\/serralleriamarch.com\/wp-content\/uploads\/2019\/11\/mobiliari-forja23-300x225.jpg 300w, https:\/\/serralleriamarch.com\/wp-content\/uploads\/2019\/11\/mobiliari-forja23-768x576.jpg 768w\" sizes=\"(max-width: 1024px) 100vw, 1024px\" \/><\/figure>\n\n\n\n<p><\/p>\n","protected":false},"featured_media":110,"template":"","yoast_head":"<!-- This site is optimized with the Yoast SEO plugin v23.0 - https:\/\/yoast.com\/wordpress\/plugins\/seo\/ -->\n<title>Mobiliari de forja - Serralleria March<\/title>\n<meta name=\"description\" content=\"La forja permet crear peces de mobiliari de forja \u00faniques i duradores. \u00daniques perqu\u00e8 s\u2019escapen dels mobles habituals fets de fusta o laminats, i duradores.\" \/>\n<meta name=\"robots\" content=\"index, follow, max-snippet:-1, max-image-preview:large, max-video-preview:-1\" \/>\n<link rel=\"canonical\" href=\"https:\/\/serralleriamarch.com\/forja\/mobiliari\/\" \/>\n<meta property=\"og:locale\" content=\"fr_FR\" \/>\n<meta property=\"og:type\" content=\"article\" \/>\n<meta property=\"og:title\" content=\"Mobiliari de forja - Serralleria March\" \/>\n<meta property=\"og:description\" content=\"La forja permet crear peces de mobiliari de forja \u00faniques i duradores. \u00daniques perqu\u00e8 s\u2019escapen dels mobles habituals fets de fusta o laminats, i duradores.\" \/>\n<meta property=\"og:url\" content=\"https:\/\/serralleriamarch.com\/forja\/mobiliari\/\" \/>\n<meta property=\"og:site_name\" content=\"Serralleria March\" \/>\n<meta property=\"article:modified_time\" content=\"2024-03-28T18:23:53+00:00\" \/>\n<meta property=\"og:image\" content=\"https:\/\/serralleriamarch.com\/wp-content\/uploads\/2019\/08\/074.png\" \/>\n\t<meta property=\"og:image:width\" content=\"1210\" \/>\n\t<meta property=\"og:image:height\" content=\"1300\" \/>\n\t<meta property=\"og:image:type\" content=\"image\/png\" \/>\n<meta name=\"twitter:card\" content=\"summary_large_image\" \/>\n<meta name=\"twitter:label1\" content=\"Dur\u00e9e de lecture estim\u00e9e\" \/>\n\t<meta name=\"twitter:data1\" content=\"6 minutes\" \/>\n<script type=\"application\/ld+json\" class=\"yoast-schema-graph\">{\"@context\":\"https:\/\/schema.org\",\"@graph\":[{\"@type\":\"WebPage\",\"@id\":\"https:\/\/serralleriamarch.com\/forja\/mobiliari\/\",\"url\":\"https:\/\/serralleriamarch.com\/forja\/mobiliari\/\",\"name\":\"Mobiliari de forja - Serralleria March\",\"isPartOf\":{\"@id\":\"https:\/\/serralleriamarch.com\/#website\"},\"primaryImageOfPage\":{\"@id\":\"https:\/\/serralleriamarch.com\/forja\/mobiliari\/#primaryimage\"},\"image\":{\"@id\":\"https:\/\/serralleriamarch.com\/forja\/mobiliari\/#primaryimage\"},\"thumbnailUrl\":\"https:\/\/serralleriamarch.com\/wp-content\/uploads\/2019\/08\/074.png\",\"datePublished\":\"2019-09-22T10:24:04+00:00\",\"dateModified\":\"2024-03-28T18:23:53+00:00\",\"description\":\"La forja permet crear peces de mobiliari de forja \u00faniques i duradores. \u00daniques perqu\u00e8 s\u2019escapen dels mobles habituals fets de fusta o laminats, i duradores.\",\"breadcrumb\":{\"@id\":\"https:\/\/serralleriamarch.com\/forja\/mobiliari\/#breadcrumb\"},\"inLanguage\":\"fr-FR\",\"potentialAction\":[{\"@type\":\"ReadAction\",\"target\":[\"https:\/\/serralleriamarch.com\/forja\/mobiliari\/\"]}]},{\"@type\":\"ImageObject\",\"inLanguage\":\"fr-FR\",\"@id\":\"https:\/\/serralleriamarch.com\/forja\/mobiliari\/#primaryimage\",\"url\":\"https:\/\/serralleriamarch.com\/wp-content\/uploads\/2019\/08\/074.png\",\"contentUrl\":\"https:\/\/serralleriamarch.com\/wp-content\/uploads\/2019\/08\/074.png\",\"width\":1210,\"height\":1300},{\"@type\":\"BreadcrumbList\",\"@id\":\"https:\/\/serralleriamarch.com\/forja\/mobiliari\/#breadcrumb\",\"itemListElement\":[{\"@type\":\"ListItem\",\"position\":1,\"name\":\"Inici\",\"item\":\"https:\/\/serralleriamarch.com\/fr\/maison\/\"},{\"@type\":\"ListItem\",\"position\":2,\"name\":\"Treballs de forja\",\"item\":\"https:\/\/serralleriamarch.com\/forja\/\"},{\"@type\":\"ListItem\",\"position\":3,\"name\":\"Mobiliari de forja\"}]},{\"@type\":\"WebSite\",\"@id\":\"https:\/\/serralleriamarch.com\/#website\",\"url\":\"https:\/\/serralleriamarch.com\/\",\"name\":\"Serralleria March\",\"description\":\"Taller artesanal de forja i escultura amb ferro\",\"potentialAction\":[{\"@type\":\"SearchAction\",\"target\":{\"@type\":\"EntryPoint\",\"urlTemplate\":\"https:\/\/serralleriamarch.com\/?s={search_term_string}\"},\"query-input\":\"required name=search_term_string\"}],\"inLanguage\":\"fr-FR\"}]}<\/script>\n<!-- \/ Yoast SEO plugin. -->","yoast_head_json":{"title":"Mobiliari de forja - Serralleria March","description":"La forja permet crear peces de mobiliari de forja \u00faniques i duradores. \u00daniques perqu\u00e8 s\u2019escapen dels mobles habituals fets de fusta o laminats, i duradores.","robots":{"index":"index","follow":"follow","max-snippet":"max-snippet:-1","max-image-preview":"max-image-preview:large","max-video-preview":"max-video-preview:-1"},"canonical":"https:\/\/serralleriamarch.com\/forja\/mobiliari\/","og_locale":"fr_FR","og_type":"article","og_title":"Mobiliari de forja - Serralleria March","og_description":"La forja permet crear peces de mobiliari de forja \u00faniques i duradores. \u00daniques perqu\u00e8 s\u2019escapen dels mobles habituals fets de fusta o laminats, i duradores.","og_url":"https:\/\/serralleriamarch.com\/forja\/mobiliari\/","og_site_name":"Serralleria March","article_modified_time":"2024-03-28T18:23:53+00:00","og_image":[{"width":1210,"height":1300,"url":"https:\/\/serralleriamarch.com\/wp-content\/uploads\/2019\/08\/074.png","type":"image\/png"}],"twitter_card":"summary_large_image","twitter_misc":{"Dur\u00e9e de lecture estim\u00e9e":"6 minutes"},"schema":{"@context":"https:\/\/schema.org","@graph":[{"@type":"WebPage","@id":"https:\/\/serralleriamarch.com\/forja\/mobiliari\/","url":"https:\/\/serralleriamarch.com\/forja\/mobiliari\/","name":"Mobiliari de forja - Serralleria March","isPartOf":{"@id":"https:\/\/serralleriamarch.com\/#website"},"primaryImageOfPage":{"@id":"https:\/\/serralleriamarch.com\/forja\/mobiliari\/#primaryimage"},"image":{"@id":"https:\/\/serralleriamarch.com\/forja\/mobiliari\/#primaryimage"},"thumbnailUrl":"https:\/\/serralleriamarch.com\/wp-content\/uploads\/2019\/08\/074.png","datePublished":"2019-09-22T10:24:04+00:00","dateModified":"2024-03-28T18:23:53+00:00","description":"La forja permet crear peces de mobiliari de forja \u00faniques i duradores. \u00daniques perqu\u00e8 s\u2019escapen dels mobles habituals fets de fusta o laminats, i duradores.","breadcrumb":{"@id":"https:\/\/serralleriamarch.com\/forja\/mobiliari\/#breadcrumb"},"inLanguage":"fr-FR","potentialAction":[{"@type":"ReadAction","target":["https:\/\/serralleriamarch.com\/forja\/mobiliari\/"]}]},{"@type":"ImageObject","inLanguage":"fr-FR","@id":"https:\/\/serralleriamarch.com\/forja\/mobiliari\/#primaryimage","url":"https:\/\/serralleriamarch.com\/wp-content\/uploads\/2019\/08\/074.png","contentUrl":"https:\/\/serralleriamarch.com\/wp-content\/uploads\/2019\/08\/074.png","width":1210,"height":1300},{"@type":"BreadcrumbList","@id":"https:\/\/serralleriamarch.com\/forja\/mobiliari\/#breadcrumb","itemListElement":[{"@type":"ListItem","position":1,"name":"Inici","item":"https:\/\/serralleriamarch.com\/fr\/maison\/"},{"@type":"ListItem","position":2,"name":"Treballs de forja","item":"https:\/\/serralleriamarch.com\/forja\/"},{"@type":"ListItem","position":3,"name":"Mobiliari de forja"}]},{"@type":"WebSite","@id":"https:\/\/serralleriamarch.com\/#website","url":"https:\/\/serralleriamarch.com\/","name":"Serralleria March","description":"Taller artesanal de forja i escultura amb ferro","potentialAction":[{"@type":"SearchAction","target":{"@type":"EntryPoint","urlTemplate":"https:\/\/serralleriamarch.com\/?s={search_term_string}"},"query-input":"required name=search_term_string"}],"inLanguage":"fr-FR"}]}},"_links":{"self":[{"href":"https:\/\/serralleriamarch.com\/fr\/wp-json\/wp\/v2\/forja\/166"}],"collection":[{"href":"https:\/\/serralleriamarch.com\/fr\/wp-json\/wp\/v2\/forja"}],"about":[{"href":"https:\/\/serralleriamarch.com\/fr\/wp-json\/wp\/v2\/types\/forja"}],"version-history":[{"count":7,"href":"https:\/\/serralleriamarch.com\/fr\/wp-json\/wp\/v2\/forja\/166\/revisions"}],"predecessor-version":[{"id":2029,"href":"https:\/\/serralleriamarch.com\/fr\/wp-json\/wp\/v2\/forja\/166\/revisions\/2029"}],"wp:featuredmedia":[{"embeddable":true,"href":"https:\/\/serralleriamarch.com\/fr\/wp-json\/wp\/v2\/media\/110"}],"wp:attachment":[{"href":"https:\/\/serralleriamarch.com\/fr\/wp-json\/wp\/v2\/media?parent=166"}],"curies":[{"name":"wp","href":"https:\/\/api.w.org\/{rel}","templated":true}]}}