{"id":167,"date":"2019-09-28T12:31:21","date_gmt":"2019-09-28T10:31:21","guid":{"rendered":"http:\/\/serralleriamarch.com\/?post_type=forja&#038;p=167"},"modified":"2024-03-10T20:27:19","modified_gmt":"2024-03-10T18:27:19","slug":"barris-i-cancells","status":"publish","type":"forja","link":"https:\/\/serralleriamarch.com\/fr\/forja\/barris-i-cancells\/","title":{"rendered":"Barris de forja"},"content":{"rendered":"\n<h2 class=\"wp-block-heading\">El Barri \u00e9s l\u2019element que presideix una propietat.<\/h2>\n\n\n\n<h2 class=\"wp-block-heading\">\u00c9s la primera impressi\u00f3 que hom percep.\u00a0\u00c9s la responsable de transmetre personalitat i car\u00e0cter al visitant.<strong> <\/strong><\/h2>\n\n\n\n<p>Projectem barris, tancaments i defenses amb personalitat. Originals, \u00fanics, on la forja i el treballs del ferro busca l&rsquo;excel\u00b7l\u00e8ncia per destacar sobre la resta i fer de la seva finca un lloc especial.\u00a0<\/p>\n\n\n\n<p>Constru\u00efm tot tipus de formats, de planxa sega, semi segues combinades amb barrots i tipus reixada. Ajustades a l\u2019obra, murs o desnivells del terreny. I buscant el sistema m\u00e9s \u00f2ptim, portes corredores, batents, plegables&#8230;.preparades amb tancament el\u00e8ctric i automatismes.&nbsp;<\/p>\n\n\n\n<p>Els nostres dissenya de forjats marquen la diferencia.<\/p>\n\n\n\n<div style=\"height:25px\" aria-hidden=\"true\" class=\"wp-block-spacer\"><\/div>\n\n\n\n<figure class=\"wp-block-image\"><img loading=\"lazy\" decoding=\"async\" width=\"1024\" height=\"768\" src=\"https:\/\/serralleriamarch.com\/wp-content\/uploads\/2019\/09\/Barri-Aliberes-fanal-7-1.jpg\" alt=\"\" class=\"wp-image-369\" srcset=\"https:\/\/serralleriamarch.com\/wp-content\/uploads\/2019\/09\/Barri-Aliberes-fanal-7-1.jpg 1024w, https:\/\/serralleriamarch.com\/wp-content\/uploads\/2019\/09\/Barri-Aliberes-fanal-7-1-300x225.jpg 300w, https:\/\/serralleriamarch.com\/wp-content\/uploads\/2019\/09\/Barri-Aliberes-fanal-7-1-768x576.jpg 768w\" sizes=\"(max-width: 1024px) 100vw, 1024px\" \/><figcaption>Barri forjat de doble fulla batent amb motor hidr\u00e0ulic. decorat ambd\u00f3s costats amb  un fenal de peu i la figura d&rsquo;un drac alat. <\/figcaption><\/figure>\n\n\n\n<figure class=\"wp-block-gallery has-nested-images columns-default is-cropped wp-block-gallery-1 is-layout-flex wp-block-gallery-is-layout-flex\">\n<figure class=\"wp-block-image\"><img loading=\"lazy\" decoding=\"async\" width=\"1024\" height=\"768\" data-id=\"372\" src=\"https:\/\/serralleriamarch.com\/wp-content\/uploads\/2019\/09\/Barri-corten-Devega-1-1024x768.jpg\" alt=\"\" class=\"wp-image-372\" srcset=\"https:\/\/serralleriamarch.com\/wp-content\/uploads\/2019\/09\/Barri-corten-Devega-1.jpg 1024w, https:\/\/serralleriamarch.com\/wp-content\/uploads\/2019\/09\/Barri-corten-Devega-1-300x225.jpg 300w, https:\/\/serralleriamarch.com\/wp-content\/uploads\/2019\/09\/Barri-corten-Devega-1-768x576.jpg 768w\" sizes=\"(max-width: 1024px) 100vw, 1024px\" \/><figcaption>Conjunt de barri i tanca de planxa \u00ab\u00a0Coerten\u00a0\u00bb.<\/figcaption><\/figure>\n\n\n\n<figure class=\"wp-block-image\"><img loading=\"lazy\" decoding=\"async\" width=\"768\" height=\"1024\" data-id=\"375\" src=\"https:\/\/serralleriamarch.com\/wp-content\/uploads\/2019\/09\/Barri-corten-Devega-3-768x1024.jpg\" alt=\"\" class=\"wp-image-375\" srcset=\"https:\/\/serralleriamarch.com\/wp-content\/uploads\/2019\/09\/Barri-corten-Devega-3.jpg 768w, https:\/\/serralleriamarch.com\/wp-content\/uploads\/2019\/09\/Barri-corten-Devega-3-225x300.jpg 225w\" sizes=\"(max-width: 768px) 100vw, 768px\" \/><figcaption>Porta de pas amb conjunt amb el barri.<\/figcaption><\/figure>\n<\/figure>\n\n\n\n<figure class=\"wp-block-gallery has-nested-images columns-default is-cropped wp-block-gallery-2 is-layout-flex wp-block-gallery-is-layout-flex\">\n<figure class=\"wp-block-image\"><img loading=\"lazy\" decoding=\"async\" width=\"768\" height=\"1024\" data-id=\"378\" src=\"https:\/\/serralleriamarch.com\/wp-content\/uploads\/2019\/09\/Barri-petit2-768x1024.jpg\" alt=\"\" class=\"wp-image-378\" srcset=\"https:\/\/serralleriamarch.com\/wp-content\/uploads\/2019\/09\/Barri-petit2.jpg 768w, https:\/\/serralleriamarch.com\/wp-content\/uploads\/2019\/09\/Barri-petit2-225x300.jpg 225w\" sizes=\"(max-width: 768px) 100vw, 768px\" \/><figcaption>Barri de forja senzilla i elegant.<\/figcaption><\/figure>\n\n\n\n<figure class=\"wp-block-image\"><img loading=\"lazy\" decoding=\"async\" width=\"768\" height=\"1024\" data-id=\"381\" src=\"https:\/\/serralleriamarch.com\/wp-content\/uploads\/2019\/09\/barri_ferro_forjat_1-768x1024.jpg\" alt=\"\" class=\"wp-image-381\" srcset=\"https:\/\/serralleriamarch.com\/wp-content\/uploads\/2019\/09\/barri_ferro_forjat_1.jpg 768w, https:\/\/serralleriamarch.com\/wp-content\/uploads\/2019\/09\/barri_ferro_forjat_1-225x300.jpg 225w\" sizes=\"(max-width: 768px) 100vw, 768px\" \/><figcaption>Porta planxa sega i fenals de sobre mur.<\/figcaption><\/figure>\n\n\n\n<figure class=\"wp-block-image\"><img loading=\"lazy\" decoding=\"async\" width=\"768\" height=\"1024\" data-id=\"414\" src=\"https:\/\/serralleriamarch.com\/wp-content\/uploads\/2019\/09\/Cancells-portes-i-barris-24-768x1024.jpg\" alt=\"\" class=\"wp-image-414\" srcset=\"https:\/\/serralleriamarch.com\/wp-content\/uploads\/2019\/09\/Cancells-portes-i-barris-24.jpg 768w, https:\/\/serralleriamarch.com\/wp-content\/uploads\/2019\/09\/Cancells-portes-i-barris-24-225x300.jpg 225w\" sizes=\"(max-width: 768px) 100vw, 768px\" \/><figcaption>Barri r\u00fastic de pas exterior vianants.<\/figcaption><\/figure>\n<\/figure>\n\n\n\n<figure class=\"wp-block-image\"><img loading=\"lazy\" decoding=\"async\" width=\"1024\" height=\"768\" src=\"https:\/\/serralleriamarch.com\/wp-content\/uploads\/2019\/09\/Barri-exterior-entrada-Finca.-2.jpg\" alt=\"\" class=\"wp-image-384\" srcset=\"https:\/\/serralleriamarch.com\/wp-content\/uploads\/2019\/09\/Barri-exterior-entrada-Finca.-2.jpg 1024w, https:\/\/serralleriamarch.com\/wp-content\/uploads\/2019\/09\/Barri-exterior-entrada-Finca.-2-300x225.jpg 300w, https:\/\/serralleriamarch.com\/wp-content\/uploads\/2019\/09\/Barri-exterior-entrada-Finca.-2-768x576.jpg 768w\" sizes=\"(max-width: 1024px) 100vw, 1024px\" \/><figcaption>barri exterior d&rsquo;estil g\u00f2tic auster amb detalls de estripa gecs. El final del tirant decorat amb una figura fant\u00e0stica.  <\/figcaption><\/figure>\n\n\n\n<figure class=\"wp-block-image\"><img loading=\"lazy\" decoding=\"async\" width=\"1024\" height=\"768\" src=\"https:\/\/serralleriamarch.com\/wp-content\/uploads\/2019\/09\/barri_ferro_forjat_2-1024x768.jpg\" alt=\"\" class=\"wp-image-387\" srcset=\"https:\/\/serralleriamarch.com\/wp-content\/uploads\/2019\/09\/barri_ferro_forjat_2.jpg 1024w, https:\/\/serralleriamarch.com\/wp-content\/uploads\/2019\/09\/barri_ferro_forjat_2-300x225.jpg 300w, https:\/\/serralleriamarch.com\/wp-content\/uploads\/2019\/09\/barri_ferro_forjat_2-768x576.jpg 768w\" sizes=\"(max-width: 1024px) 100vw, 1024px\" \/><figcaption>Disseny propi amb mescla d&rsquo;estils d&rsquo;un conjunt d&rsquo;acc\u00e9s a la finca, Barri de pas i de vehicles, acompanyat de fanal de paret i de peu a l&rsquo;interior.<\/figcaption><\/figure>\n\n\n\n<figure class=\"wp-block-image\"><img loading=\"lazy\" decoding=\"async\" width=\"768\" height=\"1024\" src=\"https:\/\/serralleriamarch.com\/wp-content\/uploads\/2019\/09\/Casa-Pulido-fenal-exterior-paret-5-768x1024.jpg\" alt=\"\" class=\"wp-image-408\" srcset=\"https:\/\/serralleriamarch.com\/wp-content\/uploads\/2019\/09\/Casa-Pulido-fenal-exterior-paret-5.jpg 768w, https:\/\/serralleriamarch.com\/wp-content\/uploads\/2019\/09\/Casa-Pulido-fenal-exterior-paret-5-225x300.jpg 225w\" sizes=\"(max-width: 768px) 100vw, 768px\" \/><figcaption>Detall de la base del barri , entrella\u00e7at de diferents perfils de ferro forjat.<\/figcaption><\/figure>\n\n\n\n<figure class=\"wp-block-image\"><img loading=\"lazy\" decoding=\"async\" width=\"1024\" height=\"768\" src=\"https:\/\/serralleriamarch.com\/wp-content\/uploads\/2019\/09\/barri_ferro_forjat-1024x768.jpg\" alt=\"\" class=\"wp-image-390\" srcset=\"https:\/\/serralleriamarch.com\/wp-content\/uploads\/2019\/09\/barri_ferro_forjat.jpg 1024w, https:\/\/serralleriamarch.com\/wp-content\/uploads\/2019\/09\/barri_ferro_forjat-300x225.jpg 300w, https:\/\/serralleriamarch.com\/wp-content\/uploads\/2019\/09\/barri_ferro_forjat-768x576.jpg 768w\" sizes=\"(max-width: 1024px) 100vw, 1024px\" \/><figcaption>Conjunt de forja per un barri de pas i per vehicles amb planxa sega per donar l&rsquo;intimidat, acompanyat del fanal de pilar, numero fa\u00e7ana i b\u00fastia.<\/figcaption><\/figure>\n\n\n\n<figure class=\"wp-block-gallery has-nested-images columns-default is-cropped wp-block-gallery-3 is-layout-flex wp-block-gallery-is-layout-flex\">\n<figure class=\"wp-block-image\"><img loading=\"lazy\" decoding=\"async\" width=\"768\" height=\"1024\" data-id=\"393\" src=\"https:\/\/serralleriamarch.com\/wp-content\/uploads\/2019\/09\/Barri-cacell.-5-768x1024.jpg\" alt=\"\" class=\"wp-image-393\" srcset=\"https:\/\/serralleriamarch.com\/wp-content\/uploads\/2019\/09\/Barri-cacell.-5.jpg 768w, https:\/\/serralleriamarch.com\/wp-content\/uploads\/2019\/09\/Barri-cacell.-5-225x300.jpg 225w\" sizes=\"(max-width: 768px) 100vw, 768px\" \/><figcaption>Barri forjat d&rsquo;aspecte r\u00fastic. <\/figcaption><\/figure>\n\n\n\n<figure class=\"wp-block-image\"><img loading=\"lazy\" decoding=\"async\" width=\"768\" height=\"1024\" data-id=\"396\" src=\"https:\/\/serralleriamarch.com\/wp-content\/uploads\/2019\/09\/barri-petit-exterior.-1-768x1024.jpg\" alt=\"\" class=\"wp-image-396\" srcset=\"https:\/\/serralleriamarch.com\/wp-content\/uploads\/2019\/09\/barri-petit-exterior.-1.jpg 768w, https:\/\/serralleriamarch.com\/wp-content\/uploads\/2019\/09\/barri-petit-exterior.-1-225x300.jpg 225w\" sizes=\"(max-width: 768px) 100vw, 768px\" \/><figcaption>Barri de pas, combinaci\u00f3 dels barrots lineals amb corbes sotils.<\/figcaption><\/figure>\n<\/figure>\n\n\n\n<figure class=\"wp-block-image\"><img loading=\"lazy\" decoding=\"async\" width=\"1024\" height=\"768\" src=\"https:\/\/serralleriamarch.com\/wp-content\/uploads\/2019\/09\/Barri-cacell.-8-1024x768.jpg\" alt=\"\" class=\"wp-image-399\" srcset=\"https:\/\/serralleriamarch.com\/wp-content\/uploads\/2019\/09\/Barri-cacell.-8.jpg 1024w, https:\/\/serralleriamarch.com\/wp-content\/uploads\/2019\/09\/Barri-cacell.-8-300x225.jpg 300w, https:\/\/serralleriamarch.com\/wp-content\/uploads\/2019\/09\/Barri-cacell.-8-768x576.jpg 768w\" sizes=\"(max-width: 1024px) 100vw, 1024px\" \/><figcaption>Barri per acc\u00e9s de vehicles, d&rsquo;estil propi, combinaci\u00f3 de trames i entrella\u00e7ats amb pales forjades i cabotes vistes d&rsquo;aspecte r\u00fastic. <\/figcaption><\/figure>\n\n\n\n<figure class=\"wp-block-image\"><img loading=\"lazy\" decoding=\"async\" width=\"1024\" height=\"768\" src=\"https:\/\/serralleriamarch.com\/wp-content\/uploads\/2019\/09\/barri-cancell-numero-fulles-forjades-4-1024x768.jpg\" alt=\"\" class=\"wp-image-402\" srcset=\"https:\/\/serralleriamarch.com\/wp-content\/uploads\/2019\/09\/barri-cancell-numero-fulles-forjades-4.jpg 1024w, https:\/\/serralleriamarch.com\/wp-content\/uploads\/2019\/09\/barri-cancell-numero-fulles-forjades-4-300x225.jpg 300w, https:\/\/serralleriamarch.com\/wp-content\/uploads\/2019\/09\/barri-cancell-numero-fulles-forjades-4-768x576.jpg 768w\" sizes=\"(max-width: 1024px) 100vw, 1024px\" \/><figcaption>Barri de pas i per vehicles. d&rsquo;estil barroc, renaixentista. Una sanefa de volutes puntes de llan\u00e7a recorre el conjunt .<\/figcaption><\/figure>\n\n\n\n<figure class=\"wp-block-image is-resized\"><img loading=\"lazy\" decoding=\"async\" src=\"https:\/\/serralleriamarch.com\/wp-content\/uploads\/2019\/09\/Barri-enrrededera.-JPG-6-768x1024.jpg\" alt=\"\" class=\"wp-image-405\" width=\"768\" height=\"1024\" srcset=\"https:\/\/serralleriamarch.com\/wp-content\/uploads\/2019\/09\/Barri-enrrededera.-JPG-6.jpg 768w, https:\/\/serralleriamarch.com\/wp-content\/uploads\/2019\/09\/Barri-enrrededera.-JPG-6-225x300.jpg 225w\" sizes=\"(max-width: 768px) 100vw, 768px\" \/><figcaption>Barri d&rsquo;acc\u00e9s de vianants semi sec. Combina la verticalitat dels barrots amb unes formes org\u00e0niques que recorren el conjunt.  <\/figcaption><\/figure>\n\n\n\n<figure class=\"wp-block-image\"><img loading=\"lazy\" decoding=\"async\" width=\"1024\" height=\"768\" src=\"https:\/\/serralleriamarch.com\/wp-content\/uploads\/2019\/09\/Brri-i-fanal-globus-de-pilar.-1024x768.jpg\" alt=\"\" class=\"wp-image-411\" srcset=\"https:\/\/serralleriamarch.com\/wp-content\/uploads\/2019\/09\/Brri-i-fanal-globus-de-pilar..jpg 1024w, https:\/\/serralleriamarch.com\/wp-content\/uploads\/2019\/09\/Brri-i-fanal-globus-de-pilar.-300x225.jpg 300w, https:\/\/serralleriamarch.com\/wp-content\/uploads\/2019\/09\/Brri-i-fanal-globus-de-pilar.-768x576.jpg 768w\" sizes=\"(max-width: 1024px) 100vw, 1024px\" \/><figcaption>Combinaci\u00f3 de forja. Barri d&rsquo;acc\u00e9s simple i lineal en el que destaca sobre l&rsquo;austeritat de les baranes el fanal del pilar i l&rsquo;aplic de paret amb decoracions vegetals d&rsquo;aram. <\/figcaption><\/figure>\n\n\n\n<div class=\"wp-block-columns has-3-columns is-layout-flex wp-container-core-columns-is-layout-1 wp-block-columns-is-layout-flex\">\n<div class=\"wp-block-column is-layout-flow wp-block-column-is-layout-flow\"><\/div>\n\n\n\n<div class=\"wp-block-column is-layout-flow wp-block-column-is-layout-flow\"><\/div>\n\n\n\n<div class=\"wp-block-column is-layout-flow wp-block-column-is-layout-flow\"><\/div>\n<\/div>\n\n\n\n<div class=\"wp-block-columns has-3-columns is-layout-flex wp-container-core-columns-is-layout-2 wp-block-columns-is-layout-flex\">\n<div class=\"wp-block-column is-layout-flow wp-block-column-is-layout-flow\"><\/div>\n\n\n\n<div class=\"wp-block-column is-layout-flow wp-block-column-is-layout-flow\"><\/div>\n\n\n\n<div class=\"wp-block-column is-layout-flow wp-block-column-is-layout-flow\"><\/div>\n<\/div>\n","protected":false},"featured_media":1224,"template":"","yoast_head":"<!-- This site is optimized with the Yoast SEO plugin v23.0 - https:\/\/yoast.com\/wordpress\/plugins\/seo\/ -->\n<title>Barris de forja - Serralleria March<\/title>\n<meta name=\"description\" content=\"Dissenyem, constru\u00efm tot tipus de portes i barris per exterior. Podem dissenyar i construir qualsevol element decoratiu o ferratges.\" \/>\n<meta name=\"robots\" content=\"index, follow, max-snippet:-1, max-image-preview:large, max-video-preview:-1\" \/>\n<link rel=\"canonical\" href=\"https:\/\/serralleriamarch.com\/forja\/barris-i-cancells\/\" \/>\n<meta property=\"og:locale\" content=\"fr_FR\" \/>\n<meta property=\"og:type\" content=\"article\" \/>\n<meta property=\"og:title\" content=\"Barris de forja - Serralleria March\" \/>\n<meta property=\"og:description\" content=\"Dissenyem, constru\u00efm tot tipus de portes i barris per exterior. Podem dissenyar i construir qualsevol element decoratiu o ferratges.\" \/>\n<meta property=\"og:url\" content=\"https:\/\/serralleriamarch.com\/forja\/barris-i-cancells\/\" \/>\n<meta property=\"og:site_name\" content=\"Serralleria March\" \/>\n<meta property=\"article:modified_time\" content=\"2024-03-10T18:27:19+00:00\" \/>\n<meta property=\"og:image\" content=\"https:\/\/serralleriamarch.com\/wp-content\/uploads\/2019\/09\/drac_froja.png\" \/>\n\t<meta property=\"og:image:width\" content=\"500\" \/>\n\t<meta property=\"og:image:height\" content=\"649\" \/>\n\t<meta property=\"og:image:type\" content=\"image\/png\" \/>\n<meta name=\"twitter:card\" content=\"summary_large_image\" \/>\n<meta name=\"twitter:label1\" content=\"Dur\u00e9e de lecture estim\u00e9e\" \/>\n\t<meta name=\"twitter:data1\" content=\"6 minutes\" \/>\n<script type=\"application\/ld+json\" class=\"yoast-schema-graph\">{\"@context\":\"https:\/\/schema.org\",\"@graph\":[{\"@type\":\"WebPage\",\"@id\":\"https:\/\/serralleriamarch.com\/forja\/barris-i-cancells\/\",\"url\":\"https:\/\/serralleriamarch.com\/forja\/barris-i-cancells\/\",\"name\":\"Barris de forja - Serralleria March\",\"isPartOf\":{\"@id\":\"https:\/\/serralleriamarch.com\/#website\"},\"primaryImageOfPage\":{\"@id\":\"https:\/\/serralleriamarch.com\/forja\/barris-i-cancells\/#primaryimage\"},\"image\":{\"@id\":\"https:\/\/serralleriamarch.com\/forja\/barris-i-cancells\/#primaryimage\"},\"thumbnailUrl\":\"https:\/\/serralleriamarch.com\/wp-content\/uploads\/2019\/09\/drac_froja.png\",\"datePublished\":\"2019-09-28T10:31:21+00:00\",\"dateModified\":\"2024-03-10T18:27:19+00:00\",\"description\":\"Dissenyem, constru\u00efm tot tipus de portes i barris per exterior. Podem dissenyar i construir qualsevol element decoratiu o ferratges.\",\"breadcrumb\":{\"@id\":\"https:\/\/serralleriamarch.com\/forja\/barris-i-cancells\/#breadcrumb\"},\"inLanguage\":\"fr-FR\",\"potentialAction\":[{\"@type\":\"ReadAction\",\"target\":[\"https:\/\/serralleriamarch.com\/forja\/barris-i-cancells\/\"]}]},{\"@type\":\"ImageObject\",\"inLanguage\":\"fr-FR\",\"@id\":\"https:\/\/serralleriamarch.com\/forja\/barris-i-cancells\/#primaryimage\",\"url\":\"https:\/\/serralleriamarch.com\/wp-content\/uploads\/2019\/09\/drac_froja.png\",\"contentUrl\":\"https:\/\/serralleriamarch.com\/wp-content\/uploads\/2019\/09\/drac_froja.png\",\"width\":500,\"height\":649},{\"@type\":\"BreadcrumbList\",\"@id\":\"https:\/\/serralleriamarch.com\/forja\/barris-i-cancells\/#breadcrumb\",\"itemListElement\":[{\"@type\":\"ListItem\",\"position\":1,\"name\":\"Inici\",\"item\":\"https:\/\/serralleriamarch.com\/fr\/maison\/\"},{\"@type\":\"ListItem\",\"position\":2,\"name\":\"Treballs de forja\",\"item\":\"https:\/\/serralleriamarch.com\/forja\/\"},{\"@type\":\"ListItem\",\"position\":3,\"name\":\"Barris de forja\"}]},{\"@type\":\"WebSite\",\"@id\":\"https:\/\/serralleriamarch.com\/#website\",\"url\":\"https:\/\/serralleriamarch.com\/\",\"name\":\"Serralleria March\",\"description\":\"Taller artesanal de forja i escultura amb ferro\",\"potentialAction\":[{\"@type\":\"SearchAction\",\"target\":{\"@type\":\"EntryPoint\",\"urlTemplate\":\"https:\/\/serralleriamarch.com\/?s={search_term_string}\"},\"query-input\":\"required name=search_term_string\"}],\"inLanguage\":\"fr-FR\"}]}<\/script>\n<!-- \/ Yoast SEO plugin. -->","yoast_head_json":{"title":"Barris de forja - Serralleria March","description":"Dissenyem, constru\u00efm tot tipus de portes i barris per exterior. Podem dissenyar i construir qualsevol element decoratiu o ferratges.","robots":{"index":"index","follow":"follow","max-snippet":"max-snippet:-1","max-image-preview":"max-image-preview:large","max-video-preview":"max-video-preview:-1"},"canonical":"https:\/\/serralleriamarch.com\/forja\/barris-i-cancells\/","og_locale":"fr_FR","og_type":"article","og_title":"Barris de forja - Serralleria March","og_description":"Dissenyem, constru\u00efm tot tipus de portes i barris per exterior. Podem dissenyar i construir qualsevol element decoratiu o ferratges.","og_url":"https:\/\/serralleriamarch.com\/forja\/barris-i-cancells\/","og_site_name":"Serralleria March","article_modified_time":"2024-03-10T18:27:19+00:00","og_image":[{"width":500,"height":649,"url":"https:\/\/serralleriamarch.com\/wp-content\/uploads\/2019\/09\/drac_froja.png","type":"image\/png"}],"twitter_card":"summary_large_image","twitter_misc":{"Dur\u00e9e de lecture estim\u00e9e":"6 minutes"},"schema":{"@context":"https:\/\/schema.org","@graph":[{"@type":"WebPage","@id":"https:\/\/serralleriamarch.com\/forja\/barris-i-cancells\/","url":"https:\/\/serralleriamarch.com\/forja\/barris-i-cancells\/","name":"Barris de forja - Serralleria March","isPartOf":{"@id":"https:\/\/serralleriamarch.com\/#website"},"primaryImageOfPage":{"@id":"https:\/\/serralleriamarch.com\/forja\/barris-i-cancells\/#primaryimage"},"image":{"@id":"https:\/\/serralleriamarch.com\/forja\/barris-i-cancells\/#primaryimage"},"thumbnailUrl":"https:\/\/serralleriamarch.com\/wp-content\/uploads\/2019\/09\/drac_froja.png","datePublished":"2019-09-28T10:31:21+00:00","dateModified":"2024-03-10T18:27:19+00:00","description":"Dissenyem, constru\u00efm tot tipus de portes i barris per exterior. Podem dissenyar i construir qualsevol element decoratiu o ferratges.","breadcrumb":{"@id":"https:\/\/serralleriamarch.com\/forja\/barris-i-cancells\/#breadcrumb"},"inLanguage":"fr-FR","potentialAction":[{"@type":"ReadAction","target":["https:\/\/serralleriamarch.com\/forja\/barris-i-cancells\/"]}]},{"@type":"ImageObject","inLanguage":"fr-FR","@id":"https:\/\/serralleriamarch.com\/forja\/barris-i-cancells\/#primaryimage","url":"https:\/\/serralleriamarch.com\/wp-content\/uploads\/2019\/09\/drac_froja.png","contentUrl":"https:\/\/serralleriamarch.com\/wp-content\/uploads\/2019\/09\/drac_froja.png","width":500,"height":649},{"@type":"BreadcrumbList","@id":"https:\/\/serralleriamarch.com\/forja\/barris-i-cancells\/#breadcrumb","itemListElement":[{"@type":"ListItem","position":1,"name":"Inici","item":"https:\/\/serralleriamarch.com\/fr\/maison\/"},{"@type":"ListItem","position":2,"name":"Treballs de forja","item":"https:\/\/serralleriamarch.com\/forja\/"},{"@type":"ListItem","position":3,"name":"Barris de forja"}]},{"@type":"WebSite","@id":"https:\/\/serralleriamarch.com\/#website","url":"https:\/\/serralleriamarch.com\/","name":"Serralleria March","description":"Taller artesanal de forja i escultura amb ferro","potentialAction":[{"@type":"SearchAction","target":{"@type":"EntryPoint","urlTemplate":"https:\/\/serralleriamarch.com\/?s={search_term_string}"},"query-input":"required name=search_term_string"}],"inLanguage":"fr-FR"}]}},"_links":{"self":[{"href":"https:\/\/serralleriamarch.com\/fr\/wp-json\/wp\/v2\/forja\/167"}],"collection":[{"href":"https:\/\/serralleriamarch.com\/fr\/wp-json\/wp\/v2\/forja"}],"about":[{"href":"https:\/\/serralleriamarch.com\/fr\/wp-json\/wp\/v2\/types\/forja"}],"version-history":[{"count":18,"href":"https:\/\/serralleriamarch.com\/fr\/wp-json\/wp\/v2\/forja\/167\/revisions"}],"predecessor-version":[{"id":1979,"href":"https:\/\/serralleriamarch.com\/fr\/wp-json\/wp\/v2\/forja\/167\/revisions\/1979"}],"wp:featuredmedia":[{"embeddable":true,"href":"https:\/\/serralleriamarch.com\/fr\/wp-json\/wp\/v2\/media\/1224"}],"wp:attachment":[{"href":"https:\/\/serralleriamarch.com\/fr\/wp-json\/wp\/v2\/media?parent=167"}],"curies":[{"name":"wp","href":"https:\/\/api.w.org\/{rel}","templated":true}]}}