{"id":168,"date":"2019-09-30T12:31:27","date_gmt":"2019-09-30T10:31:27","guid":{"rendered":"http:\/\/serralleriamarch.com\/?post_type=forja&#038;p=168"},"modified":"2024-03-10T15:02:21","modified_gmt":"2024-03-10T13:02:21","slug":"baranes-de-ferro-forjat","status":"publish","type":"forja","link":"https:\/\/serralleriamarch.com\/fr\/forja\/baranes-de-ferro-forjat\/","title":{"rendered":"Baranes de forja"},"content":{"rendered":"\n<h2 class=\"wp-block-heading\">Tota escala s&rsquo;acompanya d\u2019una barana, aquesta l\u2019acabar\u00e0 de vestir donant-l\u2019hi personalitat i pres\u00e8ncia.<\/h2>\n\n\n\n<p>Creem amb cura tant baranes d\u2019interior com d\u2019exterior que s&rsquo;adapten al seu entorn.&nbsp;Els dissenys poden ser de molts formats diferents. L\u00ednies simples o complexes, formes org\u00e0niques, lineals i esquem\u00e0tiques, d\u2019aspecte robust i grotesc o \u00e0gils i vol\u00e0til.<\/p>\n\n\n\n<p>Baranes, balcons, suplements de sobre murs, separadors de salts de resant.&nbsp;Podem fer totes les combinacions imaginables, amb vidre, fusta, cer\u00e0miques, pedra, altres metall, o simplement de forja forjat.<\/p>\n\n\n\n<p><br><\/p>\n\n\n\n<div style=\"height:20px\" aria-hidden=\"true\" class=\"wp-block-spacer\"><\/div>\n\n\n\n<figure class=\"wp-block-image\"><img loading=\"lazy\" decoding=\"async\" width=\"1000\" height=\"670\" src=\"https:\/\/serralleriamarch.com\/wp-content\/uploads\/2019\/10\/baranda_forjada_3.png\" alt=\"\" class=\"wp-image-1290\" srcset=\"https:\/\/serralleriamarch.com\/wp-content\/uploads\/2019\/10\/baranda_forjada_3.png 1000w, https:\/\/serralleriamarch.com\/wp-content\/uploads\/2019\/10\/baranda_forjada_3-300x201.png 300w, https:\/\/serralleriamarch.com\/wp-content\/uploads\/2019\/10\/baranda_forjada_3-768x515.png 768w\" sizes=\"(max-width: 1000px) 100vw, 1000px\" \/><figcaption>Tramada de barana recta.<\/figcaption><\/figure>\n\n\n\n<figure class=\"wp-block-image\"><img loading=\"lazy\" decoding=\"async\" width=\"1024\" height=\"922\" src=\"https:\/\/serralleriamarch.com\/wp-content\/uploads\/2019\/09\/baranda_hierro_forjado-4.jpg\" alt=\"\" class=\"wp-image-356\" srcset=\"https:\/\/serralleriamarch.com\/wp-content\/uploads\/2019\/09\/baranda_hierro_forjado-4.jpg 1024w, https:\/\/serralleriamarch.com\/wp-content\/uploads\/2019\/09\/baranda_hierro_forjado-4-300x270.jpg 300w, https:\/\/serralleriamarch.com\/wp-content\/uploads\/2019\/09\/baranda_hierro_forjado-4-768x692.jpg 768w\" sizes=\"(max-width: 1024px) 100vw, 1024px\" \/><figcaption>Barana tipus serpentina i lla\u00e7ada<\/figcaption><\/figure>\n\n\n\n<figure class=\"wp-block-image\"><img loading=\"lazy\" decoding=\"async\" width=\"768\" height=\"1024\" src=\"https:\/\/serralleriamarch.com\/wp-content\/uploads\/2019\/09\/baranda_escalera_forjada-3.jpg\" alt=\"\" class=\"wp-image-326\" srcset=\"https:\/\/serralleriamarch.com\/wp-content\/uploads\/2019\/09\/baranda_escalera_forjada-3.jpg 768w, https:\/\/serralleriamarch.com\/wp-content\/uploads\/2019\/09\/baranda_escalera_forjada-3-225x300.jpg 225w\" sizes=\"(max-width: 768px) 100vw, 768px\" \/><figcaption>Barana disseny propi, amb elements florals<\/figcaption><\/figure>\n\n\n\n<figure class=\"wp-block-gallery has-nested-images columns-default is-cropped wp-block-gallery-1 is-layout-flex wp-block-gallery-is-layout-flex\">\n<figure class=\"wp-block-image\"><img loading=\"lazy\" decoding=\"async\" width=\"768\" height=\"1024\" data-id=\"320\" src=\"https:\/\/serralleriamarch.com\/wp-content\/uploads\/2019\/09\/baranda_forjada_1.1-3-768x1024.jpg\" alt=\"\" class=\"wp-image-320\" srcset=\"https:\/\/serralleriamarch.com\/wp-content\/uploads\/2019\/09\/baranda_forjada_1.1-3.jpg 768w, https:\/\/serralleriamarch.com\/wp-content\/uploads\/2019\/09\/baranda_forjada_1.1-3-225x300.jpg 225w\" sizes=\"(max-width: 768px) 100vw, 768px\" \/><\/figure>\n\n\n\n<figure class=\"wp-block-image\"><img loading=\"lazy\" decoding=\"async\" width=\"768\" height=\"1024\" data-id=\"323\" src=\"https:\/\/serralleriamarch.com\/wp-content\/uploads\/2019\/09\/baranda_forjada_1-3-768x1024.jpg\" alt=\"\" class=\"wp-image-323\" srcset=\"https:\/\/serralleriamarch.com\/wp-content\/uploads\/2019\/09\/baranda_forjada_1-3.jpg 768w, https:\/\/serralleriamarch.com\/wp-content\/uploads\/2019\/09\/baranda_forjada_1-3-225x300.jpg 225w\" sizes=\"(max-width: 768px) 100vw, 768px\" \/><\/figure>\n<\/figure>\n\n\n\n<figure class=\"wp-block-image\"><img decoding=\"async\" src=\"https:\/\/serralleriamarch.com\/wp-content\/uploads\/2019\/09\/baranda_forjada_2-3-768x1024.jpg\" alt=\"\"\/><figcaption>Detall arrencament de barana amb pom decoratiu i treballs d&rsquo;aram.<\/figcaption><\/figure>\n\n\n\n<figure class=\"wp-block-gallery has-nested-images columns-default is-cropped wp-block-gallery-2 is-layout-flex wp-block-gallery-is-layout-flex\">\n<figure class=\"wp-block-image\"><img loading=\"lazy\" decoding=\"async\" width=\"768\" height=\"1024\" data-id=\"338\" src=\"https:\/\/serralleriamarch.com\/wp-content\/uploads\/2019\/09\/baranda_forjada_exterior_2-3-768x1024.jpg\" alt=\"\" class=\"wp-image-338\" srcset=\"https:\/\/serralleriamarch.com\/wp-content\/uploads\/2019\/09\/baranda_forjada_exterior_2-3.jpg 768w, https:\/\/serralleriamarch.com\/wp-content\/uploads\/2019\/09\/baranda_forjada_exterior_2-3-225x300.jpg 225w\" sizes=\"(max-width: 768px) 100vw, 768px\" \/><\/figure>\n\n\n\n<figure class=\"wp-block-image\"><img loading=\"lazy\" decoding=\"async\" width=\"1024\" height=\"768\" data-id=\"341\" src=\"https:\/\/serralleriamarch.com\/wp-content\/uploads\/2019\/09\/baranda_forjada_exterior-3-1024x768.jpg\" alt=\"\" class=\"wp-image-341\" srcset=\"https:\/\/serralleriamarch.com\/wp-content\/uploads\/2019\/09\/baranda_forjada_exterior-3.jpg 1024w, https:\/\/serralleriamarch.com\/wp-content\/uploads\/2019\/09\/baranda_forjada_exterior-3-300x225.jpg 300w, https:\/\/serralleriamarch.com\/wp-content\/uploads\/2019\/09\/baranda_forjada_exterior-3-768x576.jpg 768w\" sizes=\"(max-width: 1024px) 100vw, 1024px\" \/><figcaption>Barana estil renaixentista, acabat patina verda.<\/figcaption><\/figure>\n<\/figure>\n\n\n\n<figure class=\"wp-block-image\"><img loading=\"lazy\" decoding=\"async\" width=\"768\" height=\"1024\" src=\"https:\/\/serralleriamarch.com\/wp-content\/uploads\/2019\/09\/baranda_forjada_5-3.jpg\" alt=\"\" class=\"wp-image-335\" srcset=\"https:\/\/serralleriamarch.com\/wp-content\/uploads\/2019\/09\/baranda_forjada_5-3.jpg 768w, https:\/\/serralleriamarch.com\/wp-content\/uploads\/2019\/09\/baranda_forjada_5-3-225x300.jpg 225w\" sizes=\"(max-width: 768px) 100vw, 768px\" \/><figcaption>barana estil caracter\u00edstic Serralleria March<\/figcaption><\/figure>\n\n\n\n<figure class=\"wp-block-gallery has-nested-images columns-default is-cropped wp-block-gallery-3 is-layout-flex wp-block-gallery-is-layout-flex\">\n<figure class=\"wp-block-image\"><img loading=\"lazy\" decoding=\"async\" width=\"768\" height=\"1024\" data-id=\"344\" src=\"https:\/\/serralleriamarch.com\/wp-content\/uploads\/2019\/09\/baranda_interior_forjada_2-3-768x1024.jpg\" alt=\"\" class=\"wp-image-344\" srcset=\"https:\/\/serralleriamarch.com\/wp-content\/uploads\/2019\/09\/baranda_interior_forjada_2-3.jpg 768w, https:\/\/serralleriamarch.com\/wp-content\/uploads\/2019\/09\/baranda_interior_forjada_2-3-225x300.jpg 225w\" sizes=\"(max-width: 768px) 100vw, 768px\" \/><figcaption>Barana tipus cinta<\/figcaption><\/figure>\n\n\n\n<figure class=\"wp-block-image\"><img loading=\"lazy\" decoding=\"async\" width=\"768\" height=\"1024\" data-id=\"347\" src=\"https:\/\/serralleriamarch.com\/wp-content\/uploads\/2019\/09\/baranda_interior_forjada-3-768x1024.jpg\" alt=\"\" class=\"wp-image-347\" srcset=\"https:\/\/serralleriamarch.com\/wp-content\/uploads\/2019\/09\/baranda_interior_forjada-3.jpg 768w, https:\/\/serralleriamarch.com\/wp-content\/uploads\/2019\/09\/baranda_interior_forjada-3-225x300.jpg 225w\" sizes=\"(max-width: 768px) 100vw, 768px\" \/><figcaption>Barana tipus cinta<\/figcaption><\/figure>\n<\/figure>\n\n\n\n<figure class=\"wp-block-gallery has-nested-images columns-default is-cropped wp-block-gallery-4 is-layout-flex wp-block-gallery-is-layout-flex\">\n<figure class=\"wp-block-image\"><img loading=\"lazy\" decoding=\"async\" width=\"768\" height=\"1024\" data-id=\"350\" src=\"https:\/\/serralleriamarch.com\/wp-content\/uploads\/2019\/09\/baranda_forjada_4-3-768x1024.jpg\" alt=\"\" class=\"wp-image-350\" srcset=\"https:\/\/serralleriamarch.com\/wp-content\/uploads\/2019\/09\/baranda_forjada_4-3.jpg 768w, https:\/\/serralleriamarch.com\/wp-content\/uploads\/2019\/09\/baranda_forjada_4-3-225x300.jpg 225w\" sizes=\"(max-width: 768px) 100vw, 768px\" \/><figcaption>Barana tipus r\u00fastic, rom\u00e0nic catal\u00e0<\/figcaption><\/figure>\n\n\n\n<figure class=\"wp-block-image\"><img loading=\"lazy\" decoding=\"async\" width=\"768\" height=\"1024\" data-id=\"353\" src=\"https:\/\/serralleriamarch.com\/wp-content\/uploads\/2019\/09\/baranda_senzilla_forjada-3-768x1024.jpg\" alt=\"\" class=\"wp-image-353\" srcset=\"https:\/\/serralleriamarch.com\/wp-content\/uploads\/2019\/09\/baranda_senzilla_forjada-3.jpg 768w, https:\/\/serralleriamarch.com\/wp-content\/uploads\/2019\/09\/baranda_senzilla_forjada-3-225x300.jpg 225w\" sizes=\"(max-width: 768px) 100vw, 768px\" \/><figcaption>Barana de paret<\/figcaption><\/figure>\n<\/figure>\n\n\n\n<div class=\"wp-block-columns has-3-columns is-layout-flex wp-container-core-columns-is-layout-1 wp-block-columns-is-layout-flex\">\n<div class=\"wp-block-column is-layout-flow wp-block-column-is-layout-flow\">\n<p><\/p>\n<\/div>\n\n\n\n<div class=\"wp-block-column is-layout-flow wp-block-column-is-layout-flow\"><\/div>\n\n\n\n<div class=\"wp-block-column is-layout-flow wp-block-column-is-layout-flow\"><\/div>\n<\/div>\n\n\n\n<div class=\"wp-block-columns has-3-columns is-layout-flex wp-container-core-columns-is-layout-2 wp-block-columns-is-layout-flex\">\n<div class=\"wp-block-column is-layout-flow wp-block-column-is-layout-flow\">\n<p><\/p>\n<\/div>\n\n\n\n<div class=\"wp-block-column is-layout-flow wp-block-column-is-layout-flow\">\n<p><\/p>\n<\/div>\n\n\n\n<div class=\"wp-block-column is-layout-flow wp-block-column-is-layout-flow\"><\/div>\n<\/div>\n","protected":false},"featured_media":1210,"template":"","yoast_head":"<!-- This site is optimized with the Yoast SEO plugin v23.0 - https:\/\/yoast.com\/wordpress\/plugins\/seo\/ -->\n<title>Baranes de forja - Serralleria March<\/title>\n<meta name=\"description\" content=\"Projectem i creem amb cura tant baranes de forja d\u2019interior com d\u2019exterior. Podem crear baranes per a balcons, terrasses i escales.\" \/>\n<meta name=\"robots\" content=\"index, follow, max-snippet:-1, max-image-preview:large, max-video-preview:-1\" \/>\n<link rel=\"canonical\" href=\"https:\/\/serralleriamarch.com\/forja\/baranes-de-ferro-forjat\/\" \/>\n<meta property=\"og:locale\" content=\"fr_FR\" \/>\n<meta property=\"og:type\" content=\"article\" \/>\n<meta property=\"og:title\" content=\"Baranes de forja - Serralleria March\" \/>\n<meta property=\"og:description\" content=\"Projectem i creem amb cura tant baranes de forja d\u2019interior com d\u2019exterior. Podem crear baranes per a balcons, terrasses i escales.\" \/>\n<meta property=\"og:url\" content=\"https:\/\/serralleriamarch.com\/forja\/baranes-de-ferro-forjat\/\" \/>\n<meta property=\"og:site_name\" content=\"Serralleria March\" \/>\n<meta property=\"article:modified_time\" content=\"2024-03-10T13:02:21+00:00\" \/>\n<meta property=\"og:image\" content=\"https:\/\/serralleriamarch.com\/wp-content\/uploads\/2019\/08\/barana_forja_march.png\" \/>\n\t<meta property=\"og:image:width\" content=\"500\" \/>\n\t<meta property=\"og:image:height\" content=\"712\" \/>\n\t<meta property=\"og:image:type\" content=\"image\/png\" \/>\n<meta name=\"twitter:card\" content=\"summary_large_image\" \/>\n<meta name=\"twitter:label1\" content=\"Dur\u00e9e de lecture estim\u00e9e\" \/>\n\t<meta name=\"twitter:data1\" content=\"4 minutes\" \/>\n<script type=\"application\/ld+json\" class=\"yoast-schema-graph\">{\"@context\":\"https:\/\/schema.org\",\"@graph\":[{\"@type\":\"WebPage\",\"@id\":\"https:\/\/serralleriamarch.com\/forja\/baranes-de-ferro-forjat\/\",\"url\":\"https:\/\/serralleriamarch.com\/forja\/baranes-de-ferro-forjat\/\",\"name\":\"Baranes de forja - Serralleria March\",\"isPartOf\":{\"@id\":\"https:\/\/serralleriamarch.com\/#website\"},\"primaryImageOfPage\":{\"@id\":\"https:\/\/serralleriamarch.com\/forja\/baranes-de-ferro-forjat\/#primaryimage\"},\"image\":{\"@id\":\"https:\/\/serralleriamarch.com\/forja\/baranes-de-ferro-forjat\/#primaryimage\"},\"thumbnailUrl\":\"https:\/\/serralleriamarch.com\/wp-content\/uploads\/2019\/08\/barana_forja_march.png\",\"datePublished\":\"2019-09-30T10:31:27+00:00\",\"dateModified\":\"2024-03-10T13:02:21+00:00\",\"description\":\"Projectem i creem amb cura tant baranes de forja d\u2019interior com d\u2019exterior. Podem crear baranes per a balcons, terrasses i escales.\",\"breadcrumb\":{\"@id\":\"https:\/\/serralleriamarch.com\/forja\/baranes-de-ferro-forjat\/#breadcrumb\"},\"inLanguage\":\"fr-FR\",\"potentialAction\":[{\"@type\":\"ReadAction\",\"target\":[\"https:\/\/serralleriamarch.com\/forja\/baranes-de-ferro-forjat\/\"]}]},{\"@type\":\"ImageObject\",\"inLanguage\":\"fr-FR\",\"@id\":\"https:\/\/serralleriamarch.com\/forja\/baranes-de-ferro-forjat\/#primaryimage\",\"url\":\"https:\/\/serralleriamarch.com\/wp-content\/uploads\/2019\/08\/barana_forja_march.png\",\"contentUrl\":\"https:\/\/serralleriamarch.com\/wp-content\/uploads\/2019\/08\/barana_forja_march.png\",\"width\":500,\"height\":712},{\"@type\":\"BreadcrumbList\",\"@id\":\"https:\/\/serralleriamarch.com\/forja\/baranes-de-ferro-forjat\/#breadcrumb\",\"itemListElement\":[{\"@type\":\"ListItem\",\"position\":1,\"name\":\"Inici\",\"item\":\"https:\/\/serralleriamarch.com\/fr\/maison\/\"},{\"@type\":\"ListItem\",\"position\":2,\"name\":\"Treballs de forja\",\"item\":\"https:\/\/serralleriamarch.com\/forja\/\"},{\"@type\":\"ListItem\",\"position\":3,\"name\":\"Baranes de forja\"}]},{\"@type\":\"WebSite\",\"@id\":\"https:\/\/serralleriamarch.com\/#website\",\"url\":\"https:\/\/serralleriamarch.com\/\",\"name\":\"Serralleria March\",\"description\":\"Taller artesanal de forja i escultura amb ferro\",\"potentialAction\":[{\"@type\":\"SearchAction\",\"target\":{\"@type\":\"EntryPoint\",\"urlTemplate\":\"https:\/\/serralleriamarch.com\/?s={search_term_string}\"},\"query-input\":\"required name=search_term_string\"}],\"inLanguage\":\"fr-FR\"}]}<\/script>\n<!-- \/ Yoast SEO plugin. -->","yoast_head_json":{"title":"Baranes de forja - Serralleria March","description":"Projectem i creem amb cura tant baranes de forja d\u2019interior com d\u2019exterior. Podem crear baranes per a balcons, terrasses i escales.","robots":{"index":"index","follow":"follow","max-snippet":"max-snippet:-1","max-image-preview":"max-image-preview:large","max-video-preview":"max-video-preview:-1"},"canonical":"https:\/\/serralleriamarch.com\/forja\/baranes-de-ferro-forjat\/","og_locale":"fr_FR","og_type":"article","og_title":"Baranes de forja - Serralleria March","og_description":"Projectem i creem amb cura tant baranes de forja d\u2019interior com d\u2019exterior. Podem crear baranes per a balcons, terrasses i escales.","og_url":"https:\/\/serralleriamarch.com\/forja\/baranes-de-ferro-forjat\/","og_site_name":"Serralleria March","article_modified_time":"2024-03-10T13:02:21+00:00","og_image":[{"width":500,"height":712,"url":"https:\/\/serralleriamarch.com\/wp-content\/uploads\/2019\/08\/barana_forja_march.png","type":"image\/png"}],"twitter_card":"summary_large_image","twitter_misc":{"Dur\u00e9e de lecture estim\u00e9e":"4 minutes"},"schema":{"@context":"https:\/\/schema.org","@graph":[{"@type":"WebPage","@id":"https:\/\/serralleriamarch.com\/forja\/baranes-de-ferro-forjat\/","url":"https:\/\/serralleriamarch.com\/forja\/baranes-de-ferro-forjat\/","name":"Baranes de forja - Serralleria March","isPartOf":{"@id":"https:\/\/serralleriamarch.com\/#website"},"primaryImageOfPage":{"@id":"https:\/\/serralleriamarch.com\/forja\/baranes-de-ferro-forjat\/#primaryimage"},"image":{"@id":"https:\/\/serralleriamarch.com\/forja\/baranes-de-ferro-forjat\/#primaryimage"},"thumbnailUrl":"https:\/\/serralleriamarch.com\/wp-content\/uploads\/2019\/08\/barana_forja_march.png","datePublished":"2019-09-30T10:31:27+00:00","dateModified":"2024-03-10T13:02:21+00:00","description":"Projectem i creem amb cura tant baranes de forja d\u2019interior com d\u2019exterior. Podem crear baranes per a balcons, terrasses i escales.","breadcrumb":{"@id":"https:\/\/serralleriamarch.com\/forja\/baranes-de-ferro-forjat\/#breadcrumb"},"inLanguage":"fr-FR","potentialAction":[{"@type":"ReadAction","target":["https:\/\/serralleriamarch.com\/forja\/baranes-de-ferro-forjat\/"]}]},{"@type":"ImageObject","inLanguage":"fr-FR","@id":"https:\/\/serralleriamarch.com\/forja\/baranes-de-ferro-forjat\/#primaryimage","url":"https:\/\/serralleriamarch.com\/wp-content\/uploads\/2019\/08\/barana_forja_march.png","contentUrl":"https:\/\/serralleriamarch.com\/wp-content\/uploads\/2019\/08\/barana_forja_march.png","width":500,"height":712},{"@type":"BreadcrumbList","@id":"https:\/\/serralleriamarch.com\/forja\/baranes-de-ferro-forjat\/#breadcrumb","itemListElement":[{"@type":"ListItem","position":1,"name":"Inici","item":"https:\/\/serralleriamarch.com\/fr\/maison\/"},{"@type":"ListItem","position":2,"name":"Treballs de forja","item":"https:\/\/serralleriamarch.com\/forja\/"},{"@type":"ListItem","position":3,"name":"Baranes de forja"}]},{"@type":"WebSite","@id":"https:\/\/serralleriamarch.com\/#website","url":"https:\/\/serralleriamarch.com\/","name":"Serralleria March","description":"Taller artesanal de forja i escultura amb ferro","potentialAction":[{"@type":"SearchAction","target":{"@type":"EntryPoint","urlTemplate":"https:\/\/serralleriamarch.com\/?s={search_term_string}"},"query-input":"required name=search_term_string"}],"inLanguage":"fr-FR"}]}},"_links":{"self":[{"href":"https:\/\/serralleriamarch.com\/fr\/wp-json\/wp\/v2\/forja\/168"}],"collection":[{"href":"https:\/\/serralleriamarch.com\/fr\/wp-json\/wp\/v2\/forja"}],"about":[{"href":"https:\/\/serralleriamarch.com\/fr\/wp-json\/wp\/v2\/types\/forja"}],"version-history":[{"count":29,"href":"https:\/\/serralleriamarch.com\/fr\/wp-json\/wp\/v2\/forja\/168\/revisions"}],"predecessor-version":[{"id":1959,"href":"https:\/\/serralleriamarch.com\/fr\/wp-json\/wp\/v2\/forja\/168\/revisions\/1959"}],"wp:featuredmedia":[{"embeddable":true,"href":"https:\/\/serralleriamarch.com\/fr\/wp-json\/wp\/v2\/media\/1210"}],"wp:attachment":[{"href":"https:\/\/serralleriamarch.com\/fr\/wp-json\/wp\/v2\/media?parent=168"}],"curies":[{"name":"wp","href":"https:\/\/api.w.org\/{rel}","templated":true}]}}