{"id":500,"date":"2019-09-27T13:52:30","date_gmt":"2019-09-27T11:52:30","guid":{"rendered":"http:\/\/serralleriamarch.com\/?post_type=forja&#038;p=500"},"modified":"2024-03-28T19:12:08","modified_gmt":"2024-03-28T17:12:08","slug":"art-i-decoracio-de-forja","status":"publish","type":"forja","link":"https:\/\/serralleriamarch.com\/fr\/forja\/art-i-decoracio-de-forja\/","title":{"rendered":"Art i Decoraci\u00f3 de forja"},"content":{"rendered":"\n<h2 class=\"wp-block-heading\">Mitjan\u00e7ant la t\u00e8cnica de la forja creem peces \u00faniques per decorar la llar.\u00a0<\/h2>\n\n\n\n<h2 class=\"wp-block-heading\">Des de peces d&rsquo;aut\u00e8ntica artesania fins a obres d\u2019art.<\/h2>\n\n\n\n<p>La forja \u00e9s tan vers\u00e0til que ens permet donar al ferro qualsevol forma, a trav\u00e9s de t\u00e8cniques i enginy el manipulem per aconseguir fer tot tipus de decoracions.<\/p>\n\n\n\n<p>Objectes com centres de taula, complements per vidre i fusta, suports de peroles o recipients de llaut\u00f3, bonics canelobres i llantions. Peus per testos, potes pels gerros i les \u00e0mfores. Originals ferratges per les caixes i baguls, filigranes pels cofres i sarcofegs. Peces que en acompanyen cada dia, rellotges, aguantallibres, cartel\u00b7les per cortines, perxes pels tapissos, teles i rel\u00edquies.&nbsp;<\/p>\n\n\n\n<p>Podem decorar les vostre llars amb elements florals i vegetals com en sons els rams de roses, o composicions de clavells, tulipes, lliris. Representacions d\u2019animals tamb\u00e9 estan en el nostre abast, figures de gossos, galls, cavalls, ocells i molts altres. Adornem els mobles amb cendres de dracs o dragons, precioses serps cargolades i tot tipus de sers fant\u00e0stics. Interpretacions de murals art\u00edstics, escuts i s\u00edmbols familiars, arbres geneal\u00f2gics, banders i senyeres. O simplement obra d\u2019art. <\/p>\n\n\n\n<p class=\"has-text-align-center\">Escultures de la m\u00e0 de l\u2019artista i obres personalitzades sota comanda.<\/p>\n\n\n\n<figure class=\"wp-block-image\"><img loading=\"lazy\" decoding=\"async\" width=\"1024\" height=\"768\" src=\"https:\/\/serralleriamarch.com\/wp-content\/uploads\/2019\/09\/decoracio_forja-1-1024x768.jpg\" alt=\"\" class=\"wp-image-520\" srcset=\"https:\/\/serralleriamarch.com\/wp-content\/uploads\/2019\/09\/decoracio_forja-1.jpg 1024w, https:\/\/serralleriamarch.com\/wp-content\/uploads\/2019\/09\/decoracio_forja-1-300x225.jpg 300w, https:\/\/serralleriamarch.com\/wp-content\/uploads\/2019\/09\/decoracio_forja-1-768x576.jpg 768w\" sizes=\"(max-width: 1024px) 100vw, 1024px\" \/><figcaption>Cendrer art\u00edstic de drac<\/figcaption><\/figure>\n\n\n\n<figure class=\"wp-block-gallery has-nested-images columns-default is-cropped wp-block-gallery-1 is-layout-flex wp-block-gallery-is-layout-flex\">\n<figure class=\"wp-block-image\"><img loading=\"lazy\" decoding=\"async\" width=\"959\" height=\"1024\" data-id=\"502\" src=\"https:\/\/serralleriamarch.com\/wp-content\/uploads\/2019\/09\/cendrer_de_forja-959x1024.jpg\" alt=\"\" class=\"wp-image-502\" srcset=\"https:\/\/serralleriamarch.com\/wp-content\/uploads\/2019\/09\/cendrer_de_forja.jpg 959w, https:\/\/serralleriamarch.com\/wp-content\/uploads\/2019\/09\/cendrer_de_forja-281x300.jpg 281w, https:\/\/serralleriamarch.com\/wp-content\/uploads\/2019\/09\/cendrer_de_forja-768x820.jpg 768w\" sizes=\"(max-width: 959px) 100vw, 959px\" \/><figcaption>Centre de taula<\/figcaption><\/figure>\n\n\n\n<figure class=\"wp-block-image\"><img loading=\"lazy\" decoding=\"async\" width=\"1024\" height=\"768\" data-id=\"505\" src=\"https:\/\/serralleriamarch.com\/wp-content\/uploads\/2019\/09\/cendrer_forja-1024x768.jpg\" alt=\"\" class=\"wp-image-505\" srcset=\"https:\/\/serralleriamarch.com\/wp-content\/uploads\/2019\/09\/cendrer_forja.jpg 1024w, https:\/\/serralleriamarch.com\/wp-content\/uploads\/2019\/09\/cendrer_forja-300x225.jpg 300w, https:\/\/serralleriamarch.com\/wp-content\/uploads\/2019\/09\/cendrer_forja-768x576.jpg 768w\" sizes=\"(max-width: 1024px) 100vw, 1024px\" \/><figcaption>Centre forja combinat amb aram i llaut\u00f3<\/figcaption><\/figure>\n<\/figure>\n\n\n\n<div style=\"height:50px\" aria-hidden=\"true\" class=\"wp-block-spacer\"><\/div>\n\n\n\n<figure class=\"wp-block-gallery has-nested-images columns-default is-cropped wp-block-gallery-2 is-layout-flex wp-block-gallery-is-layout-flex\">\n<figure class=\"wp-block-image\"><img loading=\"lazy\" decoding=\"async\" width=\"1024\" height=\"768\" data-id=\"508\" src=\"https:\/\/serralleriamarch.com\/wp-content\/uploads\/2019\/09\/cendrer_fulles_forja-1024x768.jpg\" alt=\"\" class=\"wp-image-508\" srcset=\"https:\/\/serralleriamarch.com\/wp-content\/uploads\/2019\/09\/cendrer_fulles_forja.jpg 1024w, https:\/\/serralleriamarch.com\/wp-content\/uploads\/2019\/09\/cendrer_fulles_forja-300x225.jpg 300w, https:\/\/serralleriamarch.com\/wp-content\/uploads\/2019\/09\/cendrer_fulles_forja-768x576.jpg 768w\" sizes=\"(max-width: 1024px) 100vw, 1024px\" \/><figcaption>Plat decoratiu de llaut\u00f3 amb muti vegetal<\/figcaption><\/figure>\n\n\n\n<figure class=\"wp-block-image\"><img loading=\"lazy\" decoding=\"async\" width=\"1024\" height=\"825\" data-id=\"511\" src=\"https:\/\/serralleriamarch.com\/wp-content\/uploads\/2019\/09\/cenicero_forja-1024x825.jpg\" alt=\"\" class=\"wp-image-511\" srcset=\"https:\/\/serralleriamarch.com\/wp-content\/uploads\/2019\/09\/cenicero_forja.jpg 1024w, https:\/\/serralleriamarch.com\/wp-content\/uploads\/2019\/09\/cenicero_forja-300x242.jpg 300w, https:\/\/serralleriamarch.com\/wp-content\/uploads\/2019\/09\/cenicero_forja-768x619.jpg 768w\" sizes=\"(max-width: 1024px) 100vw, 1024px\" \/><figcaption>Plat decoratiu d&rsquo;aram amb motiu vegetal<\/figcaption><\/figure>\n<\/figure>\n\n\n\n<figure class=\"wp-block-image\"><img loading=\"lazy\" decoding=\"async\" width=\"1024\" height=\"601\" src=\"https:\/\/serralleriamarch.com\/wp-content\/uploads\/2019\/09\/Joiers-Pol-6-e1567685058370-1024x601.jpg\" alt=\"Joier de ferro forjat\n\" class=\"wp-image-526\" srcset=\"https:\/\/serralleriamarch.com\/wp-content\/uploads\/2019\/09\/Joiers-Pol-6-e1567685058370.jpg 1024w, https:\/\/serralleriamarch.com\/wp-content\/uploads\/2019\/09\/Joiers-Pol-6-e1567685058370-300x176.jpg 300w, https:\/\/serralleriamarch.com\/wp-content\/uploads\/2019\/09\/Joiers-Pol-6-e1567685058370-768x451.jpg 768w\" sizes=\"(max-width: 1024px) 100vw, 1024px\" \/><figcaption>Joiers de ferro forjat motiu animal mar\u00ed<\/figcaption><\/figure>\n\n\n\n<figure class=\"wp-block-image is-resized\"><img loading=\"lazy\" decoding=\"async\" src=\"https:\/\/serralleriamarch.com\/wp-content\/uploads\/2019\/10\/escultura_forja_rafel-768x1024.png\" alt=\"\" class=\"wp-image-1398\" width=\"768\" height=\"1024\" srcset=\"https:\/\/serralleriamarch.com\/wp-content\/uploads\/2019\/10\/escultura_forja_rafel-768x1024.png 768w, https:\/\/serralleriamarch.com\/wp-content\/uploads\/2019\/10\/escultura_forja_rafel-225x300.png 225w, https:\/\/serralleriamarch.com\/wp-content\/uploads\/2019\/10\/escultura_forja_rafel.png 1000w\" sizes=\"(max-width: 768px) 100vw, 768px\" \/><figcaption>Interpretaci\u00f3 art\u00edstica d&rsquo;un ull.<\/figcaption><\/figure>\n\n\n\n<figure class=\"wp-block-image\"><img decoding=\"async\" src=\"https:\/\/serralleriamarch.com\/wp-content\/uploads\/2019\/09\/decoracio_forja_2-768x1024.jpg\" alt=\"\"\/><figcaption>Marc decoratiu escult\u00f2ric<\/figcaption><\/figure>\n\n\n\n<figure class=\"wp-block-gallery has-nested-images columns-default is-cropped wp-block-gallery-3 is-layout-flex wp-block-gallery-is-layout-flex\">\n<figure class=\"wp-block-image\"><img loading=\"lazy\" decoding=\"async\" width=\"1024\" height=\"768\" data-id=\"523\" src=\"https:\/\/serralleriamarch.com\/wp-content\/uploads\/2019\/09\/fulles_forja-1024x768.jpg\" alt=\"\" class=\"wp-image-523\" srcset=\"https:\/\/serralleriamarch.com\/wp-content\/uploads\/2019\/09\/fulles_forja.jpg 1024w, https:\/\/serralleriamarch.com\/wp-content\/uploads\/2019\/09\/fulles_forja-300x225.jpg 300w, https:\/\/serralleriamarch.com\/wp-content\/uploads\/2019\/09\/fulles_forja-768x576.jpg 768w\" sizes=\"(max-width: 1024px) 100vw, 1024px\" \/><figcaption>Element vegetal<\/figcaption><\/figure>\n\n\n\n<figure class=\"wp-block-image\"><img loading=\"lazy\" decoding=\"async\" width=\"1024\" height=\"768\" data-id=\"529\" src=\"https:\/\/serralleriamarch.com\/wp-content\/uploads\/2019\/09\/Joiers-Pol-5-1024x768.jpg\" alt=\"\" class=\"wp-image-529\" srcset=\"https:\/\/serralleriamarch.com\/wp-content\/uploads\/2019\/09\/Joiers-Pol-5.jpg 1024w, https:\/\/serralleriamarch.com\/wp-content\/uploads\/2019\/09\/Joiers-Pol-5-300x225.jpg 300w, https:\/\/serralleriamarch.com\/wp-content\/uploads\/2019\/09\/Joiers-Pol-5-768x576.jpg 768w\" sizes=\"(max-width: 1024px) 100vw, 1024px\" \/><figcaption>Joier forma papallona<\/figcaption><\/figure>\n<\/figure>\n\n\n\n<figure class=\"wp-block-image\"><img loading=\"lazy\" decoding=\"async\" width=\"768\" height=\"1024\" src=\"https:\/\/serralleriamarch.com\/wp-content\/uploads\/2019\/09\/lampara_decorativa_forja-768x1024.jpg\" alt=\"\" class=\"wp-image-532\" srcset=\"https:\/\/serralleriamarch.com\/wp-content\/uploads\/2019\/09\/lampara_decorativa_forja.jpg 768w, https:\/\/serralleriamarch.com\/wp-content\/uploads\/2019\/09\/lampara_decorativa_forja-225x300.jpg 225w\" sizes=\"(max-width: 768px) 100vw, 768px\" \/><figcaption>Composici\u00f3 art\u00edstica per aplic de sostre amb motius de decoraci\u00f3 inspirats amb el fons mar\u00ed.<\/figcaption><\/figure>\n\n\n\n<figure class=\"wp-block-gallery has-nested-images columns-default is-cropped wp-block-gallery-4 is-layout-flex wp-block-gallery-is-layout-flex\">\n<figure class=\"wp-block-image\"><img loading=\"lazy\" decoding=\"async\" width=\"1024\" height=\"768\" data-id=\"535\" src=\"https:\/\/serralleriamarch.com\/wp-content\/uploads\/2019\/09\/lampara_decorativa_forja_1-1024x768.jpg\" alt=\"\" class=\"wp-image-535\" srcset=\"https:\/\/serralleriamarch.com\/wp-content\/uploads\/2019\/09\/lampara_decorativa_forja_1.jpg 1024w, https:\/\/serralleriamarch.com\/wp-content\/uploads\/2019\/09\/lampara_decorativa_forja_1-300x225.jpg 300w, https:\/\/serralleriamarch.com\/wp-content\/uploads\/2019\/09\/lampara_decorativa_forja_1-768x576.jpg 768w\" sizes=\"(max-width: 1024px) 100vw, 1024px\" \/><figcaption>Decoraci\u00f3 amb llum<\/figcaption><\/figure>\n\n\n\n<figure class=\"wp-block-image\"><img loading=\"lazy\" decoding=\"async\" width=\"1024\" height=\"768\" data-id=\"538\" src=\"https:\/\/serralleriamarch.com\/wp-content\/uploads\/2019\/09\/lampara_decorativa_forja_2-1024x768.jpg\" alt=\"\" class=\"wp-image-538\" srcset=\"https:\/\/serralleriamarch.com\/wp-content\/uploads\/2019\/09\/lampara_decorativa_forja_2.jpg 1024w, https:\/\/serralleriamarch.com\/wp-content\/uploads\/2019\/09\/lampara_decorativa_forja_2-300x225.jpg 300w, https:\/\/serralleriamarch.com\/wp-content\/uploads\/2019\/09\/lampara_decorativa_forja_2-768x576.jpg 768w\" sizes=\"(max-width: 1024px) 100vw, 1024px\" \/><figcaption>art i funcionalitat<\/figcaption><\/figure>\n<\/figure>\n\n\n\n<figure class=\"wp-block-image is-resized\"><img loading=\"lazy\" decoding=\"async\" src=\"https:\/\/serralleriamarch.com\/wp-content\/uploads\/2019\/09\/mirall_forja-768x1024.jpg\" alt=\"\" class=\"wp-image-541\" width=\"768\" height=\"1024\" srcset=\"https:\/\/serralleriamarch.com\/wp-content\/uploads\/2019\/09\/mirall_forja.jpg 768w, https:\/\/serralleriamarch.com\/wp-content\/uploads\/2019\/09\/mirall_forja-225x300.jpg 225w\" sizes=\"(max-width: 768px) 100vw, 768px\" \/><figcaption>Mirall amb elements vegetals i decoratius<\/figcaption><\/figure>\n\n\n\n<figure class=\"wp-block-image\"><img loading=\"lazy\" decoding=\"async\" width=\"768\" height=\"1024\" src=\"https:\/\/serralleriamarch.com\/wp-content\/uploads\/2019\/09\/santjordi_forja-768x1024.jpg\" alt=\"\" class=\"wp-image-544\" srcset=\"https:\/\/serralleriamarch.com\/wp-content\/uploads\/2019\/09\/santjordi_forja.jpg 768w, https:\/\/serralleriamarch.com\/wp-content\/uploads\/2019\/09\/santjordi_forja-225x300.jpg 225w\" sizes=\"(max-width: 768px) 100vw, 768px\" \/><figcaption>Aplic de paret escult\u00f2ric i figura de Sant Jordi. art\u00edstic.<\/figcaption><\/figure>\n","protected":false},"featured_media":570,"template":"","yoast_head":"<!-- This site is optimized with the Yoast SEO plugin v23.0 - https:\/\/yoast.com\/wordpress\/plugins\/seo\/ -->\n<title>Art i Decoraci\u00f3 de forja - Serralleria March %<\/title>\n<meta name=\"description\" content=\"La forja \u00e9s tan vers\u00e0til que ens permet donar al ferro qualsevol forma que imaginem, podem aconseguir tot tipus de peces de decoraci\u00f3 i art.\" \/>\n<meta name=\"robots\" content=\"index, follow, max-snippet:-1, max-image-preview:large, max-video-preview:-1\" \/>\n<link rel=\"canonical\" href=\"https:\/\/serralleriamarch.com\/forja\/art-i-decoracio-de-forja\/\" \/>\n<meta property=\"og:locale\" content=\"fr_FR\" \/>\n<meta property=\"og:type\" content=\"article\" \/>\n<meta property=\"og:title\" content=\"Art i Decoraci\u00f3 de forja - Serralleria March %\" \/>\n<meta property=\"og:description\" content=\"La forja \u00e9s tan vers\u00e0til que ens permet donar al ferro qualsevol forma que imaginem, podem aconseguir tot tipus de peces de decoraci\u00f3 i art.\" \/>\n<meta property=\"og:url\" content=\"https:\/\/serralleriamarch.com\/forja\/art-i-decoracio-de-forja\/\" \/>\n<meta property=\"og:site_name\" content=\"Serralleria March\" \/>\n<meta property=\"article:modified_time\" content=\"2024-03-28T17:12:08+00:00\" \/>\n<meta property=\"og:image\" content=\"https:\/\/serralleriamarch.com\/wp-content\/uploads\/2019\/09\/decoracion_forja.jpg\" \/>\n\t<meta property=\"og:image:width\" content=\"768\" \/>\n\t<meta property=\"og:image:height\" content=\"1024\" \/>\n\t<meta property=\"og:image:type\" content=\"image\/jpeg\" \/>\n<meta name=\"twitter:card\" content=\"summary_large_image\" \/>\n<meta name=\"twitter:label1\" content=\"Dur\u00e9e de lecture estim\u00e9e\" \/>\n\t<meta name=\"twitter:data1\" content=\"5 minutes\" \/>\n<script type=\"application\/ld+json\" class=\"yoast-schema-graph\">{\"@context\":\"https:\/\/schema.org\",\"@graph\":[{\"@type\":\"WebPage\",\"@id\":\"https:\/\/serralleriamarch.com\/forja\/art-i-decoracio-de-forja\/\",\"url\":\"https:\/\/serralleriamarch.com\/forja\/art-i-decoracio-de-forja\/\",\"name\":\"Art i Decoraci\u00f3 de forja - Serralleria March %\",\"isPartOf\":{\"@id\":\"https:\/\/serralleriamarch.com\/#website\"},\"primaryImageOfPage\":{\"@id\":\"https:\/\/serralleriamarch.com\/forja\/art-i-decoracio-de-forja\/#primaryimage\"},\"image\":{\"@id\":\"https:\/\/serralleriamarch.com\/forja\/art-i-decoracio-de-forja\/#primaryimage\"},\"thumbnailUrl\":\"https:\/\/serralleriamarch.com\/wp-content\/uploads\/2019\/09\/decoracion_forja.jpg\",\"datePublished\":\"2019-09-27T11:52:30+00:00\",\"dateModified\":\"2024-03-28T17:12:08+00:00\",\"description\":\"La forja \u00e9s tan vers\u00e0til que ens permet donar al ferro qualsevol forma que imaginem, podem aconseguir tot tipus de peces de decoraci\u00f3 i art.\",\"breadcrumb\":{\"@id\":\"https:\/\/serralleriamarch.com\/forja\/art-i-decoracio-de-forja\/#breadcrumb\"},\"inLanguage\":\"fr-FR\",\"potentialAction\":[{\"@type\":\"ReadAction\",\"target\":[\"https:\/\/serralleriamarch.com\/forja\/art-i-decoracio-de-forja\/\"]}]},{\"@type\":\"ImageObject\",\"inLanguage\":\"fr-FR\",\"@id\":\"https:\/\/serralleriamarch.com\/forja\/art-i-decoracio-de-forja\/#primaryimage\",\"url\":\"https:\/\/serralleriamarch.com\/wp-content\/uploads\/2019\/09\/decoracion_forja.jpg\",\"contentUrl\":\"https:\/\/serralleriamarch.com\/wp-content\/uploads\/2019\/09\/decoracion_forja.jpg\",\"width\":768,\"height\":1024},{\"@type\":\"BreadcrumbList\",\"@id\":\"https:\/\/serralleriamarch.com\/forja\/art-i-decoracio-de-forja\/#breadcrumb\",\"itemListElement\":[{\"@type\":\"ListItem\",\"position\":1,\"name\":\"Inici\",\"item\":\"https:\/\/serralleriamarch.com\/fr\/maison\/\"},{\"@type\":\"ListItem\",\"position\":2,\"name\":\"Treballs de forja\",\"item\":\"https:\/\/serralleriamarch.com\/forja\/\"},{\"@type\":\"ListItem\",\"position\":3,\"name\":\"Art i Decoraci\u00f3 de forja\"}]},{\"@type\":\"WebSite\",\"@id\":\"https:\/\/serralleriamarch.com\/#website\",\"url\":\"https:\/\/serralleriamarch.com\/\",\"name\":\"Serralleria March\",\"description\":\"Taller artesanal de forja i escultura amb ferro\",\"potentialAction\":[{\"@type\":\"SearchAction\",\"target\":{\"@type\":\"EntryPoint\",\"urlTemplate\":\"https:\/\/serralleriamarch.com\/?s={search_term_string}\"},\"query-input\":\"required name=search_term_string\"}],\"inLanguage\":\"fr-FR\"}]}<\/script>\n<!-- \/ Yoast SEO plugin. -->","yoast_head_json":{"title":"Art i Decoraci\u00f3 de forja - Serralleria March %","description":"La forja \u00e9s tan vers\u00e0til que ens permet donar al ferro qualsevol forma que imaginem, podem aconseguir tot tipus de peces de decoraci\u00f3 i art.","robots":{"index":"index","follow":"follow","max-snippet":"max-snippet:-1","max-image-preview":"max-image-preview:large","max-video-preview":"max-video-preview:-1"},"canonical":"https:\/\/serralleriamarch.com\/forja\/art-i-decoracio-de-forja\/","og_locale":"fr_FR","og_type":"article","og_title":"Art i Decoraci\u00f3 de forja - Serralleria March %","og_description":"La forja \u00e9s tan vers\u00e0til que ens permet donar al ferro qualsevol forma que imaginem, podem aconseguir tot tipus de peces de decoraci\u00f3 i art.","og_url":"https:\/\/serralleriamarch.com\/forja\/art-i-decoracio-de-forja\/","og_site_name":"Serralleria March","article_modified_time":"2024-03-28T17:12:08+00:00","og_image":[{"width":768,"height":1024,"url":"https:\/\/serralleriamarch.com\/wp-content\/uploads\/2019\/09\/decoracion_forja.jpg","type":"image\/jpeg"}],"twitter_card":"summary_large_image","twitter_misc":{"Dur\u00e9e de lecture estim\u00e9e":"5 minutes"},"schema":{"@context":"https:\/\/schema.org","@graph":[{"@type":"WebPage","@id":"https:\/\/serralleriamarch.com\/forja\/art-i-decoracio-de-forja\/","url":"https:\/\/serralleriamarch.com\/forja\/art-i-decoracio-de-forja\/","name":"Art i Decoraci\u00f3 de forja - Serralleria March %","isPartOf":{"@id":"https:\/\/serralleriamarch.com\/#website"},"primaryImageOfPage":{"@id":"https:\/\/serralleriamarch.com\/forja\/art-i-decoracio-de-forja\/#primaryimage"},"image":{"@id":"https:\/\/serralleriamarch.com\/forja\/art-i-decoracio-de-forja\/#primaryimage"},"thumbnailUrl":"https:\/\/serralleriamarch.com\/wp-content\/uploads\/2019\/09\/decoracion_forja.jpg","datePublished":"2019-09-27T11:52:30+00:00","dateModified":"2024-03-28T17:12:08+00:00","description":"La forja \u00e9s tan vers\u00e0til que ens permet donar al ferro qualsevol forma que imaginem, podem aconseguir tot tipus de peces de decoraci\u00f3 i art.","breadcrumb":{"@id":"https:\/\/serralleriamarch.com\/forja\/art-i-decoracio-de-forja\/#breadcrumb"},"inLanguage":"fr-FR","potentialAction":[{"@type":"ReadAction","target":["https:\/\/serralleriamarch.com\/forja\/art-i-decoracio-de-forja\/"]}]},{"@type":"ImageObject","inLanguage":"fr-FR","@id":"https:\/\/serralleriamarch.com\/forja\/art-i-decoracio-de-forja\/#primaryimage","url":"https:\/\/serralleriamarch.com\/wp-content\/uploads\/2019\/09\/decoracion_forja.jpg","contentUrl":"https:\/\/serralleriamarch.com\/wp-content\/uploads\/2019\/09\/decoracion_forja.jpg","width":768,"height":1024},{"@type":"BreadcrumbList","@id":"https:\/\/serralleriamarch.com\/forja\/art-i-decoracio-de-forja\/#breadcrumb","itemListElement":[{"@type":"ListItem","position":1,"name":"Inici","item":"https:\/\/serralleriamarch.com\/fr\/maison\/"},{"@type":"ListItem","position":2,"name":"Treballs de forja","item":"https:\/\/serralleriamarch.com\/forja\/"},{"@type":"ListItem","position":3,"name":"Art i Decoraci\u00f3 de forja"}]},{"@type":"WebSite","@id":"https:\/\/serralleriamarch.com\/#website","url":"https:\/\/serralleriamarch.com\/","name":"Serralleria March","description":"Taller artesanal de forja i escultura amb ferro","potentialAction":[{"@type":"SearchAction","target":{"@type":"EntryPoint","urlTemplate":"https:\/\/serralleriamarch.com\/?s={search_term_string}"},"query-input":"required name=search_term_string"}],"inLanguage":"fr-FR"}]}},"_links":{"self":[{"href":"https:\/\/serralleriamarch.com\/fr\/wp-json\/wp\/v2\/forja\/500"}],"collection":[{"href":"https:\/\/serralleriamarch.com\/fr\/wp-json\/wp\/v2\/forja"}],"about":[{"href":"https:\/\/serralleriamarch.com\/fr\/wp-json\/wp\/v2\/types\/forja"}],"version-history":[{"count":39,"href":"https:\/\/serralleriamarch.com\/fr\/wp-json\/wp\/v2\/forja\/500\/revisions"}],"predecessor-version":[{"id":2016,"href":"https:\/\/serralleriamarch.com\/fr\/wp-json\/wp\/v2\/forja\/500\/revisions\/2016"}],"wp:featuredmedia":[{"embeddable":true,"href":"https:\/\/serralleriamarch.com\/fr\/wp-json\/wp\/v2\/media\/570"}],"wp:attachment":[{"href":"https:\/\/serralleriamarch.com\/fr\/wp-json\/wp\/v2\/media?parent=500"}],"curies":[{"name":"wp","href":"https:\/\/api.w.org\/{rel}","templated":true}]}}