{"id":845,"date":"2019-09-24T11:06:04","date_gmt":"2019-09-24T09:06:04","guid":{"rendered":"http:\/\/serralleriamarch.com\/?post_type=forja&#038;p=845"},"modified":"2024-03-28T19:43:41","modified_gmt":"2024-03-28T17:43:41","slug":"llits-de-forja","status":"publish","type":"forja","link":"https:\/\/serralleriamarch.com\/fr\/forja\/llits-de-forja\/","title":{"rendered":"LLits de forja"},"content":{"rendered":"\n<h2 class=\"has-text-align-center wp-block-heading\">Cap\u00e7als de llit diferents i originals.<\/h2>\n\n\n\n<h2 class=\"has-text-align-center wp-block-heading\">Dissenyem amb el ferro forjat cap\u00e7aleres del llit, joc de potes i les estructures dels somiers.<\/h2>\n\n\n\n<p>El cap\u00e7al \u00e9s l\u2019element que complet i corona el llit. El basteix i amb eleg\u00e0ncia el remarca en l\u2019espai com l\u2019objecte principal que n\u2019\u00e9s.<\/p>\n\n\n\n<p>Constru\u00efm per tu qualsevol format, els podem fer amb potes o per penjar a la paret,&nbsp; integrats a l\u2019estructura del somier o per afegir en el que ja tingueu.<\/p>\n\n\n\n<p>Com tot el que creem a trav\u00e9s del ferro forjat, tu tries l\u2019estil que m\u00e9s t\u2019agradi i nosaltres el projectarem.\u00a0 De formes s\u00f2bries i sotils per\u00f2 sempre elegants, m\u00e9s recargolades i farcides, deformes tradicional o m\u00e9s org\u00e0niques\u00a0 inspirades en la naturalesa.\u00a0<\/p>\n\n\n\n<p class=\"has-text-align-center\">Tu imagina i nosaltres ho forgem.<\/p>\n\n\n\n<div style=\"height:20px\" aria-hidden=\"true\" class=\"wp-block-spacer\"><\/div>\n\n\n\n<figure class=\"wp-block-image\"><img loading=\"lazy\" decoding=\"async\" width=\"1024\" height=\"768\" src=\"https:\/\/serralleriamarch.com\/wp-content\/uploads\/2019\/09\/cabecero_forja-1-1024x768.jpg\" alt=\"\" class=\"wp-image-880\" srcset=\"https:\/\/serralleriamarch.com\/wp-content\/uploads\/2019\/09\/cabecero_forja-1.jpg 1024w, https:\/\/serralleriamarch.com\/wp-content\/uploads\/2019\/09\/cabecero_forja-1-300x225.jpg 300w, https:\/\/serralleriamarch.com\/wp-content\/uploads\/2019\/09\/cabecero_forja-1-768x576.jpg 768w\" sizes=\"(max-width: 1024px) 100vw, 1024px\" \/><figcaption>Cap\u00e7al de forja<\/figcaption><\/figure>\n\n\n\n<figure class=\"wp-block-gallery has-nested-images columns-2 is-cropped wp-block-gallery-1 is-layout-flex wp-block-gallery-is-layout-flex\">\n<figure class=\"wp-block-image\"><img loading=\"lazy\" decoding=\"async\" width=\"1024\" height=\"768\" data-id=\"850\" src=\"https:\/\/serralleriamarch.com\/wp-content\/uploads\/2019\/09\/cabaceros_forja1-1024x768.jpg\" alt=\"\" class=\"wp-image-850\" srcset=\"https:\/\/serralleriamarch.com\/wp-content\/uploads\/2019\/09\/cabaceros_forja1.jpg 1024w, https:\/\/serralleriamarch.com\/wp-content\/uploads\/2019\/09\/cabaceros_forja1-300x225.jpg 300w, https:\/\/serralleriamarch.com\/wp-content\/uploads\/2019\/09\/cabaceros_forja1-768x576.jpg 768w\" sizes=\"(max-width: 1024px) 100vw, 1024px\" \/><\/figure>\n\n\n\n<figure class=\"wp-block-image\"><img loading=\"lazy\" decoding=\"async\" width=\"1024\" height=\"768\" data-id=\"853\" src=\"https:\/\/serralleriamarch.com\/wp-content\/uploads\/2019\/09\/cabaceros_forja2-1024x768.jpg\" alt=\"\" class=\"wp-image-853\" srcset=\"https:\/\/serralleriamarch.com\/wp-content\/uploads\/2019\/09\/cabaceros_forja2.jpg 1024w, https:\/\/serralleriamarch.com\/wp-content\/uploads\/2019\/09\/cabaceros_forja2-300x225.jpg 300w, https:\/\/serralleriamarch.com\/wp-content\/uploads\/2019\/09\/cabaceros_forja2-768x576.jpg 768w\" sizes=\"(max-width: 1024px) 100vw, 1024px\" \/><\/figure>\n\n\n\n<figure class=\"wp-block-image\"><img loading=\"lazy\" decoding=\"async\" width=\"1024\" height=\"768\" data-id=\"856\" src=\"https:\/\/serralleriamarch.com\/wp-content\/uploads\/2019\/09\/cabaceros_forja3-1024x768.jpg\" alt=\"\" class=\"wp-image-856\" srcset=\"https:\/\/serralleriamarch.com\/wp-content\/uploads\/2019\/09\/cabaceros_forja3.jpg 1024w, https:\/\/serralleriamarch.com\/wp-content\/uploads\/2019\/09\/cabaceros_forja3-300x225.jpg 300w, https:\/\/serralleriamarch.com\/wp-content\/uploads\/2019\/09\/cabaceros_forja3-768x576.jpg 768w\" sizes=\"(max-width: 1024px) 100vw, 1024px\" \/><\/figure>\n\n\n\n<figure class=\"wp-block-image\"><img loading=\"lazy\" decoding=\"async\" width=\"768\" height=\"1024\" data-id=\"859\" src=\"https:\/\/serralleriamarch.com\/wp-content\/uploads\/2019\/09\/cabaceros_forja4-768x1024.jpg\" alt=\"\" class=\"wp-image-859\" srcset=\"https:\/\/serralleriamarch.com\/wp-content\/uploads\/2019\/09\/cabaceros_forja4.jpg 768w, https:\/\/serralleriamarch.com\/wp-content\/uploads\/2019\/09\/cabaceros_forja4-225x300.jpg 225w\" sizes=\"(max-width: 768px) 100vw, 768px\" \/><\/figure>\n\n\n\n<figure class=\"wp-block-image\"><img loading=\"lazy\" decoding=\"async\" width=\"1024\" height=\"768\" data-id=\"862\" src=\"https:\/\/serralleriamarch.com\/wp-content\/uploads\/2019\/09\/cabaceros_forja5-1024x768.jpg\" alt=\"\" class=\"wp-image-862\" srcset=\"https:\/\/serralleriamarch.com\/wp-content\/uploads\/2019\/09\/cabaceros_forja5.jpg 1024w, https:\/\/serralleriamarch.com\/wp-content\/uploads\/2019\/09\/cabaceros_forja5-300x225.jpg 300w, https:\/\/serralleriamarch.com\/wp-content\/uploads\/2019\/09\/cabaceros_forja5-768x576.jpg 768w\" sizes=\"(max-width: 1024px) 100vw, 1024px\" \/><\/figure>\n\n\n\n<figure class=\"wp-block-image\"><img loading=\"lazy\" decoding=\"async\" width=\"1024\" height=\"768\" data-id=\"865\" src=\"https:\/\/serralleriamarch.com\/wp-content\/uploads\/2019\/09\/cabaceros_forja6-1024x768.jpg\" alt=\"\" class=\"wp-image-865\" srcset=\"https:\/\/serralleriamarch.com\/wp-content\/uploads\/2019\/09\/cabaceros_forja6.jpg 1024w, https:\/\/serralleriamarch.com\/wp-content\/uploads\/2019\/09\/cabaceros_forja6-300x225.jpg 300w, https:\/\/serralleriamarch.com\/wp-content\/uploads\/2019\/09\/cabaceros_forja6-768x576.jpg 768w\" sizes=\"(max-width: 1024px) 100vw, 1024px\" \/><\/figure>\n\n\n\n<figure class=\"wp-block-image\"><img loading=\"lazy\" decoding=\"async\" width=\"1024\" height=\"768\" data-id=\"868\" src=\"https:\/\/serralleriamarch.com\/wp-content\/uploads\/2019\/09\/cabaceros_forja7-1024x768.jpg\" alt=\"\" class=\"wp-image-868\" srcset=\"https:\/\/serralleriamarch.com\/wp-content\/uploads\/2019\/09\/cabaceros_forja7.jpg 1024w, https:\/\/serralleriamarch.com\/wp-content\/uploads\/2019\/09\/cabaceros_forja7-300x225.jpg 300w, https:\/\/serralleriamarch.com\/wp-content\/uploads\/2019\/09\/cabaceros_forja7-768x576.jpg 768w\" sizes=\"(max-width: 1024px) 100vw, 1024px\" \/><\/figure>\n\n\n\n<figure class=\"wp-block-image\"><img loading=\"lazy\" decoding=\"async\" width=\"1024\" height=\"768\" data-id=\"874\" src=\"https:\/\/serralleriamarch.com\/wp-content\/uploads\/2019\/09\/cabaceros_forja9-1024x768.jpg\" alt=\"\" class=\"wp-image-874\" srcset=\"https:\/\/serralleriamarch.com\/wp-content\/uploads\/2019\/09\/cabaceros_forja9.jpg 1024w, https:\/\/serralleriamarch.com\/wp-content\/uploads\/2019\/09\/cabaceros_forja9-300x225.jpg 300w, https:\/\/serralleriamarch.com\/wp-content\/uploads\/2019\/09\/cabaceros_forja9-768x576.jpg 768w\" sizes=\"(max-width: 1024px) 100vw, 1024px\" \/><\/figure>\n\n\n\n<figure class=\"wp-block-image\"><img loading=\"lazy\" decoding=\"async\" width=\"1024\" height=\"768\" data-id=\"877\" src=\"https:\/\/serralleriamarch.com\/wp-content\/uploads\/2019\/09\/cabaceros_forja10-1024x768.jpg\" alt=\"\" class=\"wp-image-877\" srcset=\"https:\/\/serralleriamarch.com\/wp-content\/uploads\/2019\/09\/cabaceros_forja10.jpg 1024w, https:\/\/serralleriamarch.com\/wp-content\/uploads\/2019\/09\/cabaceros_forja10-300x225.jpg 300w, https:\/\/serralleriamarch.com\/wp-content\/uploads\/2019\/09\/cabaceros_forja10-768x576.jpg 768w\" sizes=\"(max-width: 1024px) 100vw, 1024px\" \/><figcaption>Cap\u00e7al de forja sotil<\/figcaption><\/figure>\n<\/figure>\n","protected":false},"featured_media":846,"template":"","yoast_head":"<!-- This site is optimized with the Yoast SEO plugin v23.0 - https:\/\/yoast.com\/wordpress\/plugins\/seo\/ -->\n<title>LLits de forja - Serralleria March<\/title>\n<meta name=\"description\" content=\"Amb forja podem crear llits totalment personalitzats. Tant els cap\u00e7als del llit, com tota l\u2019estructura del somier i les potes.\" \/>\n<meta name=\"robots\" content=\"index, follow, max-snippet:-1, max-image-preview:large, max-video-preview:-1\" \/>\n<link rel=\"canonical\" href=\"https:\/\/serralleriamarch.com\/forja\/llits-de-forja\/\" \/>\n<meta property=\"og:locale\" content=\"fr_FR\" \/>\n<meta property=\"og:type\" content=\"article\" \/>\n<meta property=\"og:title\" content=\"LLits de forja - Serralleria March\" \/>\n<meta property=\"og:description\" content=\"Amb forja podem crear llits totalment personalitzats. Tant els cap\u00e7als del llit, com tota l\u2019estructura del somier i les potes.\" \/>\n<meta property=\"og:url\" content=\"https:\/\/serralleriamarch.com\/forja\/llits-de-forja\/\" \/>\n<meta property=\"og:site_name\" content=\"Serralleria March\" \/>\n<meta property=\"article:modified_time\" content=\"2024-03-28T17:43:41+00:00\" \/>\n<meta property=\"og:image\" content=\"https:\/\/serralleriamarch.com\/wp-content\/uploads\/2019\/09\/cabecero_forja.jpg\" \/>\n\t<meta property=\"og:image:width\" content=\"1024\" \/>\n\t<meta property=\"og:image:height\" content=\"768\" \/>\n\t<meta property=\"og:image:type\" content=\"image\/jpeg\" \/>\n<meta name=\"twitter:card\" content=\"summary_large_image\" \/>\n<meta name=\"twitter:label1\" content=\"Dur\u00e9e de lecture estim\u00e9e\" \/>\n\t<meta name=\"twitter:data1\" content=\"3 minutes\" \/>\n<script type=\"application\/ld+json\" class=\"yoast-schema-graph\">{\"@context\":\"https:\/\/schema.org\",\"@graph\":[{\"@type\":\"WebPage\",\"@id\":\"https:\/\/serralleriamarch.com\/forja\/llits-de-forja\/\",\"url\":\"https:\/\/serralleriamarch.com\/forja\/llits-de-forja\/\",\"name\":\"LLits de forja - Serralleria March\",\"isPartOf\":{\"@id\":\"https:\/\/serralleriamarch.com\/#website\"},\"primaryImageOfPage\":{\"@id\":\"https:\/\/serralleriamarch.com\/forja\/llits-de-forja\/#primaryimage\"},\"image\":{\"@id\":\"https:\/\/serralleriamarch.com\/forja\/llits-de-forja\/#primaryimage\"},\"thumbnailUrl\":\"https:\/\/serralleriamarch.com\/wp-content\/uploads\/2019\/09\/cabecero_forja.jpg\",\"datePublished\":\"2019-09-24T09:06:04+00:00\",\"dateModified\":\"2024-03-28T17:43:41+00:00\",\"description\":\"Amb forja podem crear llits totalment personalitzats. Tant els cap\u00e7als del llit, com tota l\u2019estructura del somier i les potes.\",\"breadcrumb\":{\"@id\":\"https:\/\/serralleriamarch.com\/forja\/llits-de-forja\/#breadcrumb\"},\"inLanguage\":\"fr-FR\",\"potentialAction\":[{\"@type\":\"ReadAction\",\"target\":[\"https:\/\/serralleriamarch.com\/forja\/llits-de-forja\/\"]}]},{\"@type\":\"ImageObject\",\"inLanguage\":\"fr-FR\",\"@id\":\"https:\/\/serralleriamarch.com\/forja\/llits-de-forja\/#primaryimage\",\"url\":\"https:\/\/serralleriamarch.com\/wp-content\/uploads\/2019\/09\/cabecero_forja.jpg\",\"contentUrl\":\"https:\/\/serralleriamarch.com\/wp-content\/uploads\/2019\/09\/cabecero_forja.jpg\",\"width\":1024,\"height\":768},{\"@type\":\"BreadcrumbList\",\"@id\":\"https:\/\/serralleriamarch.com\/forja\/llits-de-forja\/#breadcrumb\",\"itemListElement\":[{\"@type\":\"ListItem\",\"position\":1,\"name\":\"Inici\",\"item\":\"https:\/\/serralleriamarch.com\/fr\/maison\/\"},{\"@type\":\"ListItem\",\"position\":2,\"name\":\"Treballs de forja\",\"item\":\"https:\/\/serralleriamarch.com\/forja\/\"},{\"@type\":\"ListItem\",\"position\":3,\"name\":\"LLits de forja\"}]},{\"@type\":\"WebSite\",\"@id\":\"https:\/\/serralleriamarch.com\/#website\",\"url\":\"https:\/\/serralleriamarch.com\/\",\"name\":\"Serralleria March\",\"description\":\"Taller artesanal de forja i escultura amb ferro\",\"potentialAction\":[{\"@type\":\"SearchAction\",\"target\":{\"@type\":\"EntryPoint\",\"urlTemplate\":\"https:\/\/serralleriamarch.com\/?s={search_term_string}\"},\"query-input\":\"required name=search_term_string\"}],\"inLanguage\":\"fr-FR\"}]}<\/script>\n<!-- \/ Yoast SEO plugin. -->","yoast_head_json":{"title":"LLits de forja - Serralleria March","description":"Amb forja podem crear llits totalment personalitzats. Tant els cap\u00e7als del llit, com tota l\u2019estructura del somier i les potes.","robots":{"index":"index","follow":"follow","max-snippet":"max-snippet:-1","max-image-preview":"max-image-preview:large","max-video-preview":"max-video-preview:-1"},"canonical":"https:\/\/serralleriamarch.com\/forja\/llits-de-forja\/","og_locale":"fr_FR","og_type":"article","og_title":"LLits de forja - Serralleria March","og_description":"Amb forja podem crear llits totalment personalitzats. Tant els cap\u00e7als del llit, com tota l\u2019estructura del somier i les potes.","og_url":"https:\/\/serralleriamarch.com\/forja\/llits-de-forja\/","og_site_name":"Serralleria March","article_modified_time":"2024-03-28T17:43:41+00:00","og_image":[{"width":1024,"height":768,"url":"https:\/\/serralleriamarch.com\/wp-content\/uploads\/2019\/09\/cabecero_forja.jpg","type":"image\/jpeg"}],"twitter_card":"summary_large_image","twitter_misc":{"Dur\u00e9e de lecture estim\u00e9e":"3 minutes"},"schema":{"@context":"https:\/\/schema.org","@graph":[{"@type":"WebPage","@id":"https:\/\/serralleriamarch.com\/forja\/llits-de-forja\/","url":"https:\/\/serralleriamarch.com\/forja\/llits-de-forja\/","name":"LLits de forja - Serralleria March","isPartOf":{"@id":"https:\/\/serralleriamarch.com\/#website"},"primaryImageOfPage":{"@id":"https:\/\/serralleriamarch.com\/forja\/llits-de-forja\/#primaryimage"},"image":{"@id":"https:\/\/serralleriamarch.com\/forja\/llits-de-forja\/#primaryimage"},"thumbnailUrl":"https:\/\/serralleriamarch.com\/wp-content\/uploads\/2019\/09\/cabecero_forja.jpg","datePublished":"2019-09-24T09:06:04+00:00","dateModified":"2024-03-28T17:43:41+00:00","description":"Amb forja podem crear llits totalment personalitzats. Tant els cap\u00e7als del llit, com tota l\u2019estructura del somier i les potes.","breadcrumb":{"@id":"https:\/\/serralleriamarch.com\/forja\/llits-de-forja\/#breadcrumb"},"inLanguage":"fr-FR","potentialAction":[{"@type":"ReadAction","target":["https:\/\/serralleriamarch.com\/forja\/llits-de-forja\/"]}]},{"@type":"ImageObject","inLanguage":"fr-FR","@id":"https:\/\/serralleriamarch.com\/forja\/llits-de-forja\/#primaryimage","url":"https:\/\/serralleriamarch.com\/wp-content\/uploads\/2019\/09\/cabecero_forja.jpg","contentUrl":"https:\/\/serralleriamarch.com\/wp-content\/uploads\/2019\/09\/cabecero_forja.jpg","width":1024,"height":768},{"@type":"BreadcrumbList","@id":"https:\/\/serralleriamarch.com\/forja\/llits-de-forja\/#breadcrumb","itemListElement":[{"@type":"ListItem","position":1,"name":"Inici","item":"https:\/\/serralleriamarch.com\/fr\/maison\/"},{"@type":"ListItem","position":2,"name":"Treballs de forja","item":"https:\/\/serralleriamarch.com\/forja\/"},{"@type":"ListItem","position":3,"name":"LLits de forja"}]},{"@type":"WebSite","@id":"https:\/\/serralleriamarch.com\/#website","url":"https:\/\/serralleriamarch.com\/","name":"Serralleria March","description":"Taller artesanal de forja i escultura amb ferro","potentialAction":[{"@type":"SearchAction","target":{"@type":"EntryPoint","urlTemplate":"https:\/\/serralleriamarch.com\/?s={search_term_string}"},"query-input":"required name=search_term_string"}],"inLanguage":"fr-FR"}]}},"_links":{"self":[{"href":"https:\/\/serralleriamarch.com\/fr\/wp-json\/wp\/v2\/forja\/845"}],"collection":[{"href":"https:\/\/serralleriamarch.com\/fr\/wp-json\/wp\/v2\/forja"}],"about":[{"href":"https:\/\/serralleriamarch.com\/fr\/wp-json\/wp\/v2\/types\/forja"}],"version-history":[{"count":7,"href":"https:\/\/serralleriamarch.com\/fr\/wp-json\/wp\/v2\/forja\/845\/revisions"}],"predecessor-version":[{"id":2024,"href":"https:\/\/serralleriamarch.com\/fr\/wp-json\/wp\/v2\/forja\/845\/revisions\/2024"}],"wp:featuredmedia":[{"embeddable":true,"href":"https:\/\/serralleriamarch.com\/fr\/wp-json\/wp\/v2\/media\/846"}],"wp:attachment":[{"href":"https:\/\/serralleriamarch.com\/fr\/wp-json\/wp\/v2\/media?parent=845"}],"curies":[{"name":"wp","href":"https:\/\/api.w.org\/{rel}","templated":true}]}}