{"id":2599,"date":"2024-07-03T15:02:25","date_gmt":"2024-07-03T13:02:25","guid":{"rendered":"https:\/\/serralleriamarch.com\/histoire-de-la-marche-des-serruriers\/"},"modified":"2024-07-03T15:02:27","modified_gmt":"2024-07-03T13:02:27","slug":"histoire-de-la-marche-des-serruriers","status":"publish","type":"page","link":"https:\/\/serralleriamarch.com\/fr\/histoire-de-la-marche-des-serruriers\/","title":{"rendered":"Histoire de la marche des serruriers"},"content":{"rendered":"\n<h2 class=\"wp-block-heading\">\u00c0 la fin du XIXe si\u00e8cle et au d\u00e9but du XXe si\u00e8cle, la forge conna\u00eet une r\u00e9surgence en Catalogne gr\u00e2ce au modernisme. C\u2019est dans ce contexte que commence l\u2019histoire de l\u2019atelier March Locksmith. Depuis 1903.<\/h2>\n\n<div class=\"wp-block-columns has-2-columns is-layout-flex wp-container-core-columns-is-layout-1 wp-block-columns-is-layout-flex\">\n<div class=\"wp-block-column is-layout-flow wp-block-column-is-layout-flow\">\n<h3 class=\"data wp-block-heading\">1884<\/h3>\n\n\n\n<div style=\"height:25px\" aria-hidden=\"true\" class=\"wp-block-spacer\"><\/div>\n\n\n\n<div class=\"wp-block-image\"><figure class=\"aligncenter\"><img loading=\"lazy\" decoding=\"async\" width=\"201\" height=\"300\" src=\"https:\/\/serralleriamarch.com\/wp-content\/uploads\/2019\/09\/antoni_march_0-201x300.png\" alt=\"\" class=\"wp-image-1008\" srcset=\"https:\/\/serralleriamarch.com\/wp-content\/uploads\/2019\/09\/antoni_march_0-201x300.png 201w, https:\/\/serralleriamarch.com\/wp-content\/uploads\/2019\/09\/antoni_march_0.png 256w\" sizes=\"(max-width: 201px) 100vw, 201px\" \/><figcaption><strong>Antoni March et Volart<\/strong><\/figcaption><\/figure><\/div>\n\n\n\n<p>Antoni March Volart est n\u00e9 en 1884. A seulement 11 ans, il entre dans l&rsquo;atelier de ferronnerie de M. Esteban Casellas. \u00c0 l&rsquo;\u00e2ge de 14 ans, il part \u00e0 Barcelone pour apprendre le m\u00e9tier de forgeron chez Taller Ballar\u00edn, l&rsquo;un des plus importants et repr\u00e9sentatifs de l&rsquo;\u00e9poque. Cet atelier avait plusieurs partenaires. L&rsquo;un d&rsquo;eux \u00e9tait l&rsquo;architecte Puig i Cadafalch, une figure marquante du modernisme catalan.  <\/p>\n\n\n\n<p>Antoni March commence \u00e0 travailler dans la section artistique, o\u00f9 il y restera jusqu&rsquo;\u00e0 l&rsquo;\u00e2ge de 20 ans.<\/p>\n\n\n\n<div style=\"height:100px\" aria-hidden=\"true\" class=\"wp-block-spacer\"><\/div>\n\n\n\n<h3 class=\"data wp-block-heading\">1904<\/h3>\n\n\n\n<div style=\"height:20px\" aria-hidden=\"true\" class=\"wp-block-spacer\"><\/div>\n\n\n\n<h3 class=\"has-text-align-left wp-block-heading\"><strong>En 1904, March ach\u00e8te l&rsquo;atelier de M. Esteban Casellas, l\u00e0 o\u00f9 sa carri\u00e8re avait commenc\u00e9. C&rsquo;est \u00e0 ce moment que commence \u00e0 se forger l&rsquo;histoire de la Serralleria March : une tradition qui se poursuivra de g\u00e9n\u00e9ration en g\u00e9n\u00e9ration.<\/strong><\/h3>\n\n\n\n<div class=\"wp-block-image\"><figure class=\"aligncenter is-resized\"><img decoding=\"async\" src=\"https:\/\/serralleriamarch.com\/wp-content\/uploads\/2019\/09\/espiga-forja.png\" alt=\"\" class=\"wp-image-1062\" width=\"150\" srcset=\"https:\/\/serralleriamarch.com\/wp-content\/uploads\/2019\/09\/espiga-forja.png 217w, https:\/\/serralleriamarch.com\/wp-content\/uploads\/2019\/09\/espiga-forja-104x300.png 104w\" sizes=\"(max-width: 217px) 100vw, 217px\" \/><figcaption><br\/>1913 &#8211; <strong>H\u00f4tel Torre Ca l&rsquo;Ametller,<\/strong><br\/> Cabrera de Mar Architecte Bonet.  <br\/><br\/><\/figcaption><\/figure><\/div>\n\n\n\n<div style=\"height:40px\" aria-hidden=\"true\" class=\"wp-block-spacer\"><\/div>\n\n\n\n<h3 class=\"data wp-block-heading\">1929<\/h3>\n\n\n\n<div class=\"wp-block-image\"><figure class=\"aligncenter\"><img loading=\"lazy\" decoding=\"async\" width=\"406\" height=\"303\" src=\"https:\/\/serralleriamarch.com\/wp-content\/uploads\/2019\/09\/historia_serrallerimarch.png\" alt=\"\" class=\"wp-image-1054\" srcset=\"https:\/\/serralleriamarch.com\/wp-content\/uploads\/2019\/09\/historia_serrallerimarch.png 406w, https:\/\/serralleriamarch.com\/wp-content\/uploads\/2019\/09\/historia_serrallerimarch-300x224.png 300w\" sizes=\"(max-width: 406px) 100vw, 406px\" \/><figcaption><strong>Photo prise dans la cour de l&rsquo;atelier :<\/strong><br\/>Antonio March, Joaquim March et la s\u0153ur cadette.<\/figcaption><\/figure><\/div>\n\n\n\n<div style=\"height:300px\" aria-hidden=\"true\" class=\"wp-block-spacer\"><\/div>\n\n\n\n<h3 class=\"data wp-block-heading\">1946<\/h3>\n\n\n\n<p>La troisi\u00e8me g\u00e9n\u00e9ration de Serralleria March, incarn\u00e9e par Rafel Codina March, est n\u00e9e \u00e0 Matar\u00f3 en 1946. Rafel Codina commence le m\u00e9tier de forgeron \u00e0 l&rsquo;\u00e2ge de quinze ans avec son grand-p\u00e8re (Antoni March) et son oncle (Joaquim March).  <\/p>\n\n\n\n<p>Rafel Codina \u00e9tudie le dessin artistique avec Jordi Arenas ; dessinateur, peintre et sculpteur renomm\u00e9 de Matar\u00f3, consid\u00e9r\u00e9 comme l&rsquo;un des artistes les plus c\u00e9l\u00e8bres et prestigieux de la ville.<\/p>\n\n\n\n<div style=\"height:100px\" aria-hidden=\"true\" class=\"wp-block-spacer\"><\/div>\n\n\n\n<h3 class=\"data wp-block-heading\">1990<\/h3>\n\n\n\n<div class=\"wp-block-image\"><figure class=\"aligncenter\"><img loading=\"lazy\" decoding=\"async\" width=\"768\" height=\"1024\" src=\"https:\/\/serralleriamarch.com\/wp-content\/uploads\/2019\/09\/fanal_forja-768x1024.jpg\" alt=\"\" class=\"wp-image-578\" srcset=\"https:\/\/serralleriamarch.com\/wp-content\/uploads\/2019\/09\/fanal_forja.jpg 768w, https:\/\/serralleriamarch.com\/wp-content\/uploads\/2019\/09\/fanal_forja-225x300.jpg 225w\" sizes=\"(max-width: 768px) 100vw, 768px\" \/><figcaption>Lanterne forg\u00e9e 1990<\/figcaption><\/figure><\/div>\n\n\n\n<div style=\"height:20px\" aria-hidden=\"true\" class=\"wp-block-spacer\"><\/div>\n\n\n\n<p>Rafel Codina entre travailler dans l&rsquo;atelier Serralleria March en 1962. En 1993, il prend enti\u00e8rement en charge l&rsquo;atelier, et surtout la partie administrative et artistique. Cette m\u00eame ann\u00e9e, il remporte le Prix Puig i Cadafalch de la Mairie de Matar\u00f3 pour les meilleurs projets de l&rsquo;ann\u00e9e.<\/p>\n\n\n\n<p>En 1985, il int\u00e8gre le centre artisanal permanent de la Generalitat de Catalunya, collaborant et participant \u00e0 divers \u00e9chantillons et expositions de fer forg\u00e9 tant au niveau national qu&rsquo;international. Son travail a \u00e9t\u00e9 r\u00e9compens\u00e9 \u00e0 plusieurs reprises par diff\u00e9rents prix et distinctions.<\/p>\n\n\n\n<div style=\"height:100px\" aria-hidden=\"true\" class=\"wp-block-spacer\"><\/div>\n\n\n\n<h3 class=\"data wp-block-heading\">1983<\/h3>\n\n\n\n<h3 class=\"has-text-align-left wp-block-heading\"><strong>En 1983, na\u00eet Pol Codina Font, le fils de Rafel Codina March, et avec lui na\u00eet la quatri\u00e8me g\u00e9n\u00e9ration qui reprendra Serralleria March.<\/strong><\/h3>\n\n\n\n<div style=\"height:20px\" aria-hidden=\"true\" class=\"wp-block-spacer\"><\/div>\n\n\n\n<div class=\"wp-block-image\"><figure class=\"aligncenter\"><img loading=\"lazy\" decoding=\"async\" width=\"219\" height=\"418\" src=\"https:\/\/serralleriamarch.com\/wp-content\/uploads\/2019\/09\/escultura_forja_polcodina.png\" alt=\"\" class=\"wp-image-1110\" srcset=\"https:\/\/serralleriamarch.com\/wp-content\/uploads\/2019\/09\/escultura_forja_polcodina.png 219w, https:\/\/serralleriamarch.com\/wp-content\/uploads\/2019\/09\/escultura_forja_polcodina-157x300.png 157w\" sizes=\"(max-width: 219px) 100vw, 219px\" \/><figcaption><br\/><strong>Enceinte (2008). travail sculptural,<\/strong><br\/>torse de femme enceinte.<br\/><br\/><\/figcaption><\/figure><\/div>\n\n\n\n<p>Forgeron et sculpteur, \u00e9tudie le Dipl\u00f4me Sup\u00e9rieur de Design Industriel \u00e0 l&rsquo;\u00c9cole Massana de Barcelone. Il a commenc\u00e9 \u00e0 apprendre la forge artistique dans l&rsquo;atelier avec son p\u00e8re Rafel comme professeur. A partir de ce moment, il entame une recherche personnelle du langage plastique du fer et des m\u00e9taux.<\/p>\n\n\n\n<div style=\"height:300px\" aria-hidden=\"true\" class=\"wp-block-spacer\"><\/div>\n\n\n\n<div class=\"wp-block-image\"><figure class=\"aligncenter is-resized\"><img loading=\"lazy\" decoding=\"async\" src=\"https:\/\/serralleriamarch.com\/wp-content\/uploads\/2019\/09\/cancell_forja.png\" alt=\"\" class=\"wp-image-1119\" width=\"399\" height=\"233\"\/><figcaption><br\/><strong>Bouclier et poign\u00e9e de portail,<\/strong><br\/>particulier Matar\u00f3.<\/figcaption><\/figure><\/div>\n\n\n\n<p>Les travaux publics les plus r\u00e9cents sont visibles au rond-point de l&rsquo;acc\u00e8s N-II \u00e0 la ville de St Andreu de Llavaneres.<\/p>\n\n\n\n<p>Outre les pr\u00e9occupations artistiques, Codina ressent une certaine responsabilit\u00e9 envers l&rsquo;artisanat et sa transmission et sensibilisation envers la soci\u00e9t\u00e9 en raison de sa perte, c&rsquo;est pour cette raison que depuis des ann\u00e9es il participe aux r\u00e9unions de forgerons qui se d\u00e9roulent sur tout le territoire. Elle fait partie de l&rsquo;ACUN\u00c7 (Association des Forgerons de Besal\u00fa) et est membre de l&rsquo;AFOC (Associaci\u00f3 de Forjadors de Catalunya).<\/p>\n<\/div>\n\n\n\n<div class=\"wp-block-column is-layout-flow wp-block-column-is-layout-flow\">\n<div style=\"height:150px\" aria-hidden=\"true\" class=\"wp-block-spacer\"><\/div>\n\n\n\n<h3 class=\"data wp-block-heading\">1900<\/h3>\n\n\n\n<div style=\"height:20px\" aria-hidden=\"true\" class=\"wp-block-spacer\"><\/div>\n\n\n\n<div class=\"wp-block-image\"><figure class=\"aligncenter is-resized\"><img decoding=\"async\" src=\"https:\/\/serralleriamarch.com\/wp-content\/uploads\/2019\/09\/drac_antoni_march.png\" alt=\"\" class=\"wp-image-1015\" width=\"200\" srcset=\"https:\/\/serralleriamarch.com\/wp-content\/uploads\/2019\/09\/drac_antoni_march.png 282w, https:\/\/serralleriamarch.com\/wp-content\/uploads\/2019\/09\/drac_antoni_march-224x300.png 224w\" sizes=\"(max-width: 282px) 100vw, 282px\" \/><figcaption><strong>R\u00e9novation de la salle de r\u00e9union<br\/>la Mairie de Matar\u00f3,<\/strong><br\/>Appliques murales de Dragons Forg\u00e9s.<\/figcaption><\/figure><\/div>\n\n\n\n<div style=\"height:20px\" aria-hidden=\"true\" class=\"wp-block-spacer\"><\/div>\n\n\n\n<h3 class=\"wp-block-heading\">A cette \u00e9poque, il rencontre l&rsquo;architecte Llu\u00eds Bonet i Gar\u00ed, le dernier disciple de Gaud\u00ed, et l&rsquo;un des responsables de la poursuite du projet de la cath\u00e9drale de la Sagrada Fam\u00edlia \u00e0 Barcelone, avec qui il se lie d&rsquo;amiti\u00e9.<\/h3>\n\n\n\n<div style=\"height:20px\" aria-hidden=\"true\" class=\"wp-block-spacer\"><\/div>\n\n\n\n<figure class=\"wp-block-image\"><img loading=\"lazy\" decoding=\"async\" width=\"966\" height=\"649\" src=\"https:\/\/serralleriamarch.com\/wp-content\/uploads\/2019\/09\/balco_forja_Antoni-March.jpg\" alt=\"\" class=\"wp-image-1024\" srcset=\"https:\/\/serralleriamarch.com\/wp-content\/uploads\/2019\/09\/balco_forja_Antoni-March.jpg 966w, https:\/\/serralleriamarch.com\/wp-content\/uploads\/2019\/09\/balco_forja_Antoni-March-300x202.jpg 300w, https:\/\/serralleriamarch.com\/wp-content\/uploads\/2019\/09\/balco_forja_Antoni-March-768x516.jpg 768w\" sizes=\"(max-width: 966px) 100vw, 966px\" \/><figcaption><strong>Balcon de style moderniste,<\/strong><br\/>Sables marins<\/figcaption><\/figure>\n\n\n\n<div style=\"height:100px\" aria-hidden=\"true\" class=\"wp-block-spacer\"><\/div>\n\n\n\n<h3 class=\"data wp-block-heading\">1913<\/h3>\n\n\n\n<p>En 1913, na\u00eet le deuxi\u00e8me fils d&rsquo;Antoni March, Joaquim March et Banqu\u00e9. \u00c0 seulement 13 ans, il commence \u00e0 apprendre le m\u00e9tier, en suivant les cours de l&rsquo;architecte Llu\u00eds Bonet i Gar\u00ed, gr\u00e2ce \u00e0 l&rsquo;amiti\u00e9 qui l&rsquo;unit \u00e0 son p\u00e8re.<\/p>\n\n\n\n<p>\u00c0 seulement 17 ans, il fait d\u00e9j\u00e0 preuve d\u2019une capacit\u00e9 technique et artistique impressionnante en concevant une horloge en fer forg\u00e9. Un an plus tard seulement, il con\u00e7oit et forge le dragon qui pr\u00e9side actuellement la fa\u00e7ade de la Serralleria March.<\/p>\n\n\n\n<p>En 1968, avec le d\u00e9c\u00e8s d&rsquo;Antoni March, Joaquim devient propri\u00e9taire de l&rsquo;atelier.<\/p>\n\n\n\n<p>En 1986, Joaquim a re\u00e7u la Charte de Ma\u00eetre Forgeron, d\u00e9cern\u00e9e par la Guilde des Serruriers et Ferrers de Catalogne.<\/p>\n\n\n\n<div style=\"height:120px\" aria-hidden=\"true\" class=\"wp-block-spacer\"><\/div>\n\n\n\n<h3 class=\"data wp-block-heading\">1931<\/h3>\n\n\n\n<div style=\"height:20px\" aria-hidden=\"true\" class=\"wp-block-spacer\"><\/div>\n\n\n\n<div class=\"wp-block-image\"><figure class=\"aligncenter\"><img loading=\"lazy\" decoding=\"async\" width=\"667\" height=\"500\" src=\"https:\/\/serralleriamarch.com\/wp-content\/uploads\/2019\/09\/drac_serralleria_march_2.png\" alt=\"\" class=\"wp-image-990\" srcset=\"https:\/\/serralleriamarch.com\/wp-content\/uploads\/2019\/09\/drac_serralleria_march_2.png 667w, https:\/\/serralleriamarch.com\/wp-content\/uploads\/2019\/09\/drac_serralleria_march_2-300x225.png 300w\" sizes=\"(max-width: 667px) 100vw, 667px\" \/><\/figure><\/div>\n\n\n\n<h3 class=\"wp-block-heading\"><strong>A cette \u00e9poque, le march\u00e9 s\u2019\u00e9tend au-del\u00e0 des fronti\u00e8res. Des clients de France, d&rsquo;Allemagne et des \u00c9tats-Unis souhaitent commander des travaux aupr\u00e8s de Serralleria March.<\/strong><\/h3>\n\n\n\n<div style=\"height:100px\" aria-hidden=\"true\" class=\"wp-block-spacer\"><\/div>\n\n\n\n<h3 class=\"data wp-block-heading\">1976<\/h3>\n\n\n\n<figure class=\"wp-block-image\"><img loading=\"lazy\" decoding=\"async\" width=\"566\" height=\"471\" src=\"https:\/\/serralleriamarch.com\/wp-content\/uploads\/2019\/09\/drac_castellsaguer.png\" alt=\"\" class=\"wp-image-1081\" srcset=\"https:\/\/serralleriamarch.com\/wp-content\/uploads\/2019\/09\/drac_castellsaguer.png 566w, https:\/\/serralleriamarch.com\/wp-content\/uploads\/2019\/09\/drac_castellsaguer-300x250.png 300w\" sizes=\"(max-width: 566px) 100vw, 566px\" \/><figcaption><strong>Applique sculpturale dragon.<\/strong><br\/>All\u00e9gorie sur la peau.<br\/>Individuel C\/ Barcelone, \u200b\u200bMatar\u00f3<\/figcaption><\/figure>\n\n\n\n<div style=\"height:120px\" aria-hidden=\"true\" class=\"wp-block-spacer\"><\/div>\n\n\n\n<h3 class=\"data wp-block-heading\">2010<\/h3>\n\n\n\n<div style=\"height:20px\" aria-hidden=\"true\" class=\"wp-block-spacer\"><\/div>\n\n\n\n<div class=\"wp-block-image\"><figure class=\"aligncenter\"><img loading=\"lazy\" decoding=\"async\" width=\"253\" height=\"396\" src=\"https:\/\/serralleriamarch.com\/wp-content\/uploads\/2019\/09\/escultura_forja.png\" alt=\"\" class=\"wp-image-1088\" srcset=\"https:\/\/serralleriamarch.com\/wp-content\/uploads\/2019\/09\/escultura_forja.png 253w, https:\/\/serralleriamarch.com\/wp-content\/uploads\/2019\/09\/escultura_forja-192x300.png 192w\" sizes=\"(max-width: 253px) 100vw, 253px\" \/><figcaption><br\/><strong>Main sculpturale<\/strong><br\/>Fabriqu\u00e9 \u00e0 <em>Forja Viva<\/em> , Barcelone.<\/figcaption><\/figure><\/div>\n\n\n\n<div style=\"height:20px\" aria-hidden=\"true\" class=\"wp-block-spacer\"><\/div>\n\n\n\n<h3 class=\"wp-block-heading\"><strong>En 2004, Codina March a remport\u00e9 le prix Puig i Cadafalch d&rsquo;architecture.<\/strong><\/h3>\n\n\n\n<h3 class=\"wp-block-heading\"><strong>En 2006, la Generalitat de Catalunya lui a d\u00e9cern\u00e9 le certificat de Ma\u00eetre Artisan et en 2008, il a re\u00e7u le prix de la Fondation Pelfort i Xinxo de Barcelone des amis du pays au Ma\u00eetre Forgeron.<\/strong><\/h3>\n\n\n\n<p>Rafel Codina est une personne tr\u00e8s cr\u00e9ative et innovante. Il travaille le fer avec une grande qualit\u00e9 artistique, professionnelle et personnelle. Les techniques traditionnelles ne l&#8217;emp\u00eachent pas de rechercher de nouvelles formes et cr\u00e9ations. En fait, il recherche toujours exactement ce que veut le client, cr\u00e9ant des formes uniques et personnelles pour chaque projet.  <\/p>\n\n\n\n<p>Une vie consacr\u00e9e \u00e0 l&rsquo;art, en particulier \u00e0 la forge, le consacre comme l&rsquo;un des meilleurs artistes forgerons de Catalogne.<\/p>\n\n\n\n<div style=\"height:100px\" aria-hidden=\"true\" class=\"wp-block-spacer\"><\/div>\n\n\n\n<h3 class=\"data wp-block-heading\">2007<\/h3>\n\n\n\n<div class=\"wp-block-image\"><figure class=\"aligncenter\"><img loading=\"lazy\" decoding=\"async\" width=\"429\" height=\"637\" src=\"https:\/\/serralleriamarch.com\/wp-content\/uploads\/2019\/09\/peix_forjaartistica.png\" alt=\"\" class=\"wp-image-1115\" srcset=\"https:\/\/serralleriamarch.com\/wp-content\/uploads\/2019\/09\/peix_forjaartistica.png 429w, https:\/\/serralleriamarch.com\/wp-content\/uploads\/2019\/09\/peix_forjaartistica-202x300.png 202w\" sizes=\"(max-width: 429px) 100vw, 429px\" \/><figcaption><strong>Poisson du Maresme.<\/strong><br\/> \u0152uvre sculpturale situ\u00e9e dans l&rsquo;ancien si\u00e8ge de la Caixa Laietana \u00e0 Matar\u00f3 Pi\u00e8ce r\u00e9alis\u00e9e<br\/>par p\u00e8re et fils ensemble.<br\/><\/figcaption><\/figure><\/div>\n\n\n\n<p>Pol Codina g\u00e8re l&rsquo;actuelle entreprise de serrurerie March, apr\u00e8s avoir d\u00fb fermer de force l&rsquo;atelier et l&rsquo;ancienne maison de serrurerie de Matar\u00f3, il entame une nouvelle phase dans la ville d&rsquo;Argentona.<\/p>\n\n\n\n<p>Avec beaucoup d&rsquo;effort et de d\u00e9vouement, il incarne dans ses \u0153uvres toutes les connaissances accumul\u00e9es au cours de ces ann\u00e9es. Les techniques traditionnelles transmises de p\u00e8re en fils apprises des g\u00e9n\u00e9rations pr\u00e9c\u00e9dentes constituent l&rsquo;h\u00e9ritage et l&rsquo;identit\u00e9 de cette maison.<\/p>\n\n\n\n<p>Comme chaque g\u00e9n\u00e9ration l&rsquo;a fait avec la forge, une recherche dans ses \u0153uvres et ses cr\u00e9ations, \u00e0 la recherche de son style propre et personnel qui le distingue du reste des forgerons.<\/p>\n\n\n\n<p>Depuis ses d\u00e9buts dans le m\u00e9tier en 2005, sa cr\u00e9ativit\u00e9 artistique n&rsquo;a cess\u00e9 d&rsquo;investiguer l&rsquo;expression de la plasticit\u00e9 des m\u00e9taux. Il r\u00e9alise plusieurs expositions individuelles et collectives, parmi lesquelles on peut souligner celles de 2010 au Mus\u00e9e Monjo de Vilassar de Mar ou en 2013 au Mus\u00e9e des Archives de Llavaneres, la m\u00eame ann\u00e9e il r\u00e9alise l&rsquo;affiche des Santes, la f\u00eate populaire de la ville de Matar\u00f3.<\/p>\n\n\n\n<p>Comm\u00e9moration des 150 ans d&rsquo;Aig\u00fces de Vilassar, SLU. r\u00e9alise l&rsquo;\u0153uvre sculpturale &lsquo;La Femme Enchant\u00e9e&rsquo; situ\u00e9e Av. par l&rsquo;architecte Eduard Ferr\u00e9s de Vilassar de Mar.  <\/p>\n\n\n\n<p>Comm\u00e9moration des 150 ans d&rsquo;Aig\u00fces de Vilassar, SLU. r\u00e9alise l&rsquo;\u0153uvre sculpturale &lsquo;La Femme Enchant\u00e9e&rsquo; situ\u00e9e Av. par l&rsquo;architecte Eduard Ferr\u00e9s de Vilassar de Mar.  <\/p>\n<\/div>\n<\/div>\n","protected":false},"excerpt":{"rendered":"<p>\u00c0 la fin du XIXe si\u00e8cle et au d\u00e9but du XXe si\u00e8cle, la forge conna\u00eet une r\u00e9surgence en Catalogne gr\u00e2ce au modernisme. C\u2019est dans ce contexte que commence l\u2019histoire de l\u2019atelier March Locksmith. Depuis 1903. 1884 Antoni March Volart est n\u00e9 en 1884. A seulement 11 ans, il entre dans l&rsquo;atelier de ferronnerie de M. [&hellip;]<\/p>\n","protected":false},"author":1,"featured_media":0,"parent":0,"menu_order":0,"comment_status":"closed","ping_status":"closed","template":"","meta":{"inline_featured_image":false,"footnotes":""},"yoast_head":"<!-- This site is optimized with the Yoast SEO plugin v23.0 - https:\/\/yoast.com\/wordpress\/plugins\/seo\/ -->\n<title>Histoire de la marche des serruriers - Serralleria March<\/title>\n<meta name=\"robots\" content=\"index, follow, max-snippet:-1, max-image-preview:large, max-video-preview:-1\" \/>\n<link rel=\"canonical\" href=\"https:\/\/serralleriamarch.com\/histoire-de-la-marche-des-serruriers\/?lang=fr\" \/>\n<meta property=\"og:locale\" content=\"fr_FR\" \/>\n<meta property=\"og:type\" content=\"article\" \/>\n<meta property=\"og:title\" content=\"Histoire de la marche des serruriers - Serralleria March\" \/>\n<meta property=\"og:description\" content=\"\u00c0 la fin du XIXe si\u00e8cle et au d\u00e9but du XXe si\u00e8cle, la forge conna\u00eet une r\u00e9surgence en Catalogne gr\u00e2ce au modernisme. C\u2019est dans ce contexte que commence l\u2019histoire de l\u2019atelier March Locksmith. Depuis 1903. 1884 Antoni March Volart est n\u00e9 en 1884. A seulement 11 ans, il entre dans l&rsquo;atelier de ferronnerie de M. [&hellip;]\" \/>\n<meta property=\"og:url\" content=\"https:\/\/serralleriamarch.com\/histoire-de-la-marche-des-serruriers\/?lang=fr\" \/>\n<meta property=\"og:site_name\" content=\"Serralleria March\" \/>\n<meta property=\"article:modified_time\" content=\"2024-07-03T13:02:27+00:00\" \/>\n<meta property=\"og:image\" content=\"https:\/\/serralleriamarch.com\/wp-content\/uploads\/2019\/09\/antoni_march_0-201x300.png\" \/>\n<meta name=\"twitter:card\" content=\"summary_large_image\" \/>\n<meta name=\"twitter:label1\" content=\"Dur\u00e9e de lecture estim\u00e9e\" \/>\n\t<meta name=\"twitter:data1\" content=\"6 minutes\" \/>\n<script type=\"application\/ld+json\" class=\"yoast-schema-graph\">{\"@context\":\"https:\/\/schema.org\",\"@graph\":[{\"@type\":\"WebPage\",\"@id\":\"https:\/\/serralleriamarch.com\/histoire-de-la-marche-des-serruriers\/?lang=fr\",\"url\":\"https:\/\/serralleriamarch.com\/histoire-de-la-marche-des-serruriers\/?lang=fr\",\"name\":\"Histoire de la marche des serruriers - Serralleria March\",\"isPartOf\":{\"@id\":\"https:\/\/serralleriamarch.com\/#website\"},\"primaryImageOfPage\":{\"@id\":\"https:\/\/serralleriamarch.com\/histoire-de-la-marche-des-serruriers\/?lang=fr#primaryimage\"},\"image\":{\"@id\":\"https:\/\/serralleriamarch.com\/histoire-de-la-marche-des-serruriers\/?lang=fr#primaryimage\"},\"thumbnailUrl\":\"https:\/\/serralleriamarch.com\/wp-content\/uploads\/2019\/09\/antoni_march_0-201x300.png\",\"datePublished\":\"2024-07-03T13:02:25+00:00\",\"dateModified\":\"2024-07-03T13:02:27+00:00\",\"breadcrumb\":{\"@id\":\"https:\/\/serralleriamarch.com\/histoire-de-la-marche-des-serruriers\/?lang=fr#breadcrumb\"},\"inLanguage\":\"fr-FR\",\"potentialAction\":[{\"@type\":\"ReadAction\",\"target\":[\"https:\/\/serralleriamarch.com\/histoire-de-la-marche-des-serruriers\/?lang=fr\"]}]},{\"@type\":\"ImageObject\",\"inLanguage\":\"fr-FR\",\"@id\":\"https:\/\/serralleriamarch.com\/histoire-de-la-marche-des-serruriers\/?lang=fr#primaryimage\",\"url\":\"https:\/\/serralleriamarch.com\/wp-content\/uploads\/2019\/09\/antoni_march_0-201x300.png\",\"contentUrl\":\"https:\/\/serralleriamarch.com\/wp-content\/uploads\/2019\/09\/antoni_march_0-201x300.png\"},{\"@type\":\"BreadcrumbList\",\"@id\":\"https:\/\/serralleriamarch.com\/histoire-de-la-marche-des-serruriers\/?lang=fr#breadcrumb\",\"itemListElement\":[{\"@type\":\"ListItem\",\"position\":1,\"name\":\"Inici\",\"item\":\"https:\/\/serralleriamarch.com\/fr\/maison\/\"},{\"@type\":\"ListItem\",\"position\":2,\"name\":\"Histoire de la marche des serruriers\"}]},{\"@type\":\"WebSite\",\"@id\":\"https:\/\/serralleriamarch.com\/#website\",\"url\":\"https:\/\/serralleriamarch.com\/\",\"name\":\"Serralleria March\",\"description\":\"Taller artesanal de forja i escultura amb ferro\",\"potentialAction\":[{\"@type\":\"SearchAction\",\"target\":{\"@type\":\"EntryPoint\",\"urlTemplate\":\"https:\/\/serralleriamarch.com\/?s={search_term_string}\"},\"query-input\":\"required name=search_term_string\"}],\"inLanguage\":\"fr-FR\"}]}<\/script>\n<!-- \/ Yoast SEO plugin. -->","yoast_head_json":{"title":"Histoire de la marche des serruriers - Serralleria March","robots":{"index":"index","follow":"follow","max-snippet":"max-snippet:-1","max-image-preview":"max-image-preview:large","max-video-preview":"max-video-preview:-1"},"canonical":"https:\/\/serralleriamarch.com\/histoire-de-la-marche-des-serruriers\/?lang=fr","og_locale":"fr_FR","og_type":"article","og_title":"Histoire de la marche des serruriers - Serralleria March","og_description":"\u00c0 la fin du XIXe si\u00e8cle et au d\u00e9but du XXe si\u00e8cle, la forge conna\u00eet une r\u00e9surgence en Catalogne gr\u00e2ce au modernisme. C\u2019est dans ce contexte que commence l\u2019histoire de l\u2019atelier March Locksmith. Depuis 1903. 1884 Antoni March Volart est n\u00e9 en 1884. A seulement 11 ans, il entre dans l&rsquo;atelier de ferronnerie de M. [&hellip;]","og_url":"https:\/\/serralleriamarch.com\/histoire-de-la-marche-des-serruriers\/?lang=fr","og_site_name":"Serralleria March","article_modified_time":"2024-07-03T13:02:27+00:00","og_image":[{"url":"https:\/\/serralleriamarch.com\/wp-content\/uploads\/2019\/09\/antoni_march_0-201x300.png"}],"twitter_card":"summary_large_image","twitter_misc":{"Dur\u00e9e de lecture estim\u00e9e":"6 minutes"},"schema":{"@context":"https:\/\/schema.org","@graph":[{"@type":"WebPage","@id":"https:\/\/serralleriamarch.com\/histoire-de-la-marche-des-serruriers\/?lang=fr","url":"https:\/\/serralleriamarch.com\/histoire-de-la-marche-des-serruriers\/?lang=fr","name":"Histoire de la marche des serruriers - Serralleria March","isPartOf":{"@id":"https:\/\/serralleriamarch.com\/#website"},"primaryImageOfPage":{"@id":"https:\/\/serralleriamarch.com\/histoire-de-la-marche-des-serruriers\/?lang=fr#primaryimage"},"image":{"@id":"https:\/\/serralleriamarch.com\/histoire-de-la-marche-des-serruriers\/?lang=fr#primaryimage"},"thumbnailUrl":"https:\/\/serralleriamarch.com\/wp-content\/uploads\/2019\/09\/antoni_march_0-201x300.png","datePublished":"2024-07-03T13:02:25+00:00","dateModified":"2024-07-03T13:02:27+00:00","breadcrumb":{"@id":"https:\/\/serralleriamarch.com\/histoire-de-la-marche-des-serruriers\/?lang=fr#breadcrumb"},"inLanguage":"fr-FR","potentialAction":[{"@type":"ReadAction","target":["https:\/\/serralleriamarch.com\/histoire-de-la-marche-des-serruriers\/?lang=fr"]}]},{"@type":"ImageObject","inLanguage":"fr-FR","@id":"https:\/\/serralleriamarch.com\/histoire-de-la-marche-des-serruriers\/?lang=fr#primaryimage","url":"https:\/\/serralleriamarch.com\/wp-content\/uploads\/2019\/09\/antoni_march_0-201x300.png","contentUrl":"https:\/\/serralleriamarch.com\/wp-content\/uploads\/2019\/09\/antoni_march_0-201x300.png"},{"@type":"BreadcrumbList","@id":"https:\/\/serralleriamarch.com\/histoire-de-la-marche-des-serruriers\/?lang=fr#breadcrumb","itemListElement":[{"@type":"ListItem","position":1,"name":"Inici","item":"https:\/\/serralleriamarch.com\/fr\/maison\/"},{"@type":"ListItem","position":2,"name":"Histoire de la marche des serruriers"}]},{"@type":"WebSite","@id":"https:\/\/serralleriamarch.com\/#website","url":"https:\/\/serralleriamarch.com\/","name":"Serralleria March","description":"Taller artesanal de forja i escultura amb ferro","potentialAction":[{"@type":"SearchAction","target":{"@type":"EntryPoint","urlTemplate":"https:\/\/serralleriamarch.com\/?s={search_term_string}"},"query-input":"required name=search_term_string"}],"inLanguage":"fr-FR"}]}},"_links":{"self":[{"href":"https:\/\/serralleriamarch.com\/fr\/wp-json\/wp\/v2\/pages\/2599"}],"collection":[{"href":"https:\/\/serralleriamarch.com\/fr\/wp-json\/wp\/v2\/pages"}],"about":[{"href":"https:\/\/serralleriamarch.com\/fr\/wp-json\/wp\/v2\/types\/page"}],"author":[{"embeddable":true,"href":"https:\/\/serralleriamarch.com\/fr\/wp-json\/wp\/v2\/users\/1"}],"replies":[{"embeddable":true,"href":"https:\/\/serralleriamarch.com\/fr\/wp-json\/wp\/v2\/comments?post=2599"}],"version-history":[{"count":1,"href":"https:\/\/serralleriamarch.com\/fr\/wp-json\/wp\/v2\/pages\/2599\/revisions"}],"predecessor-version":[{"id":2600,"href":"https:\/\/serralleriamarch.com\/fr\/wp-json\/wp\/v2\/pages\/2599\/revisions\/2600"}],"wp:attachment":[{"href":"https:\/\/serralleriamarch.com\/fr\/wp-json\/wp\/v2\/media?parent=2599"}],"curies":[{"name":"wp","href":"https:\/\/api.w.org\/{rel}","templated":true}]}}