{"id":2630,"date":"2024-07-03T15:02:36","date_gmt":"2024-07-03T13:02:36","guid":{"rendered":"https:\/\/serralleriamarch.com\/forge-artistique-dans-le-maresme-la-fusion-de-lesthetique-et-de-la-durabilite\/"},"modified":"2024-07-03T15:02:37","modified_gmt":"2024-07-03T13:02:37","slug":"forge-artistique-dans-le-maresme-la-fusion-de-lesthetique-et-de-la-durabilite","status":"publish","type":"page","link":"https:\/\/serralleriamarch.com\/fr\/forge-artistique-dans-le-maresme-la-fusion-de-lesthetique-et-de-la-durabilite\/","title":{"rendered":"Forge artistique dans le Maresme : la fusion de l&rsquo;esth\u00e9tique et de la durabilit\u00e9"},"content":{"rendered":"\n<div class=\"wp-block-columns is-layout-flex wp-container-core-columns-is-layout-1 wp-block-columns-is-layout-flex\">\n<div class=\"wp-block-column is-vertically-aligned-center is-layout-flow wp-block-column-is-layout-flow\">\n<figure class=\"wp-block-image size-large\"><a href=\"https:\/\/polcodina.com\/\"><img loading=\"lazy\" decoding=\"async\" width=\"1024\" height=\"240\" src=\"https:\/\/serralleriamarch.com\/wp-content\/uploads\/2024\/07\/POLCODINALOGO-3-1024x240.jpg\" alt=\"\" class=\"wp-image-2113\" srcset=\"https:\/\/serralleriamarch.com\/wp-content\/uploads\/2024\/07\/POLCODINALOGO-3-1024x240.jpg 1024w, https:\/\/serralleriamarch.com\/wp-content\/uploads\/2024\/07\/POLCODINALOGO-3-300x70.jpg 300w, https:\/\/serralleriamarch.com\/wp-content\/uploads\/2024\/07\/POLCODINALOGO-3-768x180.jpg 768w, https:\/\/serralleriamarch.com\/wp-content\/uploads\/2024\/07\/POLCODINALOGO-3-1536x360.jpg 1536w, https:\/\/serralleriamarch.com\/wp-content\/uploads\/2024\/07\/POLCODINALOGO-3.jpg 1617w\" sizes=\"(max-width: 1024px) 100vw, 1024px\" \/><\/a><\/figure>\n<\/div>\n\n\n\n<div class=\"wp-block-column is-layout-flow wp-block-column-is-layout-flow\">\n<figure class=\"wp-block-image size-large is-resized\"><a href=\"https:\/\/polcodina.com\/\"><img decoding=\"async\" src=\"https:\/\/serralleriamarch.com\/wp-content\/uploads\/2024\/07\/Pol-codina-bio-504x1024.jpg\" alt=\"\" class=\"wp-image-2110\" height=\"500\" srcset=\"https:\/\/serralleriamarch.com\/wp-content\/uploads\/2024\/07\/Pol-codina-bio-504x1024.jpg 504w, https:\/\/serralleriamarch.com\/wp-content\/uploads\/2024\/07\/Pol-codina-bio-148x300.jpg 148w, https:\/\/serralleriamarch.com\/wp-content\/uploads\/2024\/07\/Pol-codina-bio-768x1561.jpg 768w, https:\/\/serralleriamarch.com\/wp-content\/uploads\/2024\/07\/Pol-codina-bio-756x1536.jpg 756w, https:\/\/serralleriamarch.com\/wp-content\/uploads\/2024\/07\/Pol-codina-bio.jpg 984w\" sizes=\"(max-width: 504px) 100vw, 504px\" \/><\/a><\/figure>\n<\/div>\n<\/div>\n\n<p>La r\u00e9gion du Maresme, connue pour sa riche histoire et sa tradition artistique, a \u00e9t\u00e9 t\u00e9moin de l&rsquo;\u00e9volution de la forge artistique au fil des ann\u00e9es. Au c\u0153ur de cette tradition se trouve la Serralleria March, un atelier \u00e0 l&rsquo;avant-garde de la forge depuis 1903. Chaque pi\u00e8ce qui \u00e9merge de cet atelier n&rsquo;est pas seulement un objet, mais une repr\u00e9sentation de la passion, de la tradition et de l&rsquo;art que cette r\u00e9gion porte dans son \u00e2me. Des grilles complexes des vieilles demeures seigneuriales aux installations d&rsquo;art moderne dans les espaces publics, la forge artistique a laiss\u00e9 une marque ind\u00e9l\u00e9bile sur le quartier. Et dans ce voyage, Serralleria March a \u00e9t\u00e9 un pilier, fusionnant esth\u00e9tique et durabilit\u00e9 dans chaque cr\u00e9ation. Mais qu\u2019est-ce qu\u2019une forge artistique ? C&rsquo;est l&rsquo;art de transformer le fer en beaut\u00e9, de donner vie \u00e0 un m\u00e9tal inerte, et dans le Maresme et pr\u00e8s de Barcelone, cette tradition a prosp\u00e9r\u00e9, s&rsquo;adaptant et \u00e9voluant au fil du temps.<\/p>\n\n<h2 class=\"wp-block-heading\"><strong>Histoire et Tradition \u00e0 la Forge  <\/strong><\/h2>\n\n<div class=\"wp-block-columns has-2-columns is-layout-flex wp-container-core-columns-is-layout-2 wp-block-columns-is-layout-flex\">\n<div class=\"wp-block-column is-layout-flow wp-block-column-is-layout-flow\">\n<p>L\u2019histoire de la forge est aussi ancienne que la civilisation elle-m\u00eame. Depuis les premiers jours o\u00f9 l\u2019homme a d\u00e9couvert comment broyer le fer avec le feu et le marteau, le forgeage fait partie int\u00e9grante de notre \u00e9volution. Dans le Maresme, comme dans toute la communaut\u00e9 catalane, cette tradition s&rsquo;est \u00e9panouie, s&rsquo;adaptant et \u00e9voluant au fil du temps. Depuis ses humbles d\u00e9buts, o\u00f9 le fer \u00e9tait le protagoniste, la forge a \u00e9t\u00e9 t\u00e9moin de l&rsquo;\u00e9volution de l&rsquo;humanit\u00e9. Chaque coup de marteau, chaque courbure du m\u00e9tal raconte une histoire. Une histoire d&rsquo;artisans qui, g\u00e9n\u00e9ration apr\u00e8s g\u00e9n\u00e9ration, ont transmis leurs savoir-faire, leurs secrets et leur passion pour le m\u00e9tier. Saviez-vous que derri\u00e8re chaque pi\u00e8ce forg\u00e9e il y a une histoire, une tradition et un artisan qui met son \u00e2me dans sa cr\u00e9ation ? C&rsquo;est l&rsquo;art de transformer le fer en beaut\u00e9, de donner vie \u00e0 un m\u00e9tal inerte. Et dans ce riche tissage d&rsquo;histoires et de traditions, la forge du Maresme s&rsquo;impose comme un t\u00e9moignage de l&rsquo;engagement de la ville en faveur de l&rsquo;excellence artistique.  <\/p>\n\n\n\n<p>La forge artistique \u00e0 Argentona al Maresme n&rsquo;est pas seulement une technique, c&rsquo;est un mode de vie. C&rsquo;est la passion des artisans qui, jour apr\u00e8s jour, transforment le fer en chefs-d&rsquo;\u0153uvre. C&rsquo;est le d\u00e9vouement de ceux qui, malgr\u00e9 les d\u00e9fis du monde moderne, restent attach\u00e9s \u00e0 la tradition et \u00e0 l&rsquo;excellence.<\/p>\n\n\n\n<div style=\"height:50px\" aria-hidden=\"true\" class=\"wp-block-spacer\"><\/div>\n\n\n\n<figure class=\"wp-block-image size-full\"><img loading=\"lazy\" decoding=\"async\" width=\"600\" height=\"965\" src=\"https:\/\/serralleriamarch.com\/wp-content\/uploads\/2023\/10\/forja_artistica_gall_forja.webp\" alt=\"Design moderne de forgeage artistique\" class=\"wp-image-1889\" srcset=\"https:\/\/serralleriamarch.com\/wp-content\/uploads\/2023\/10\/forja_artistica_gall_forja.webp 600w, https:\/\/serralleriamarch.com\/wp-content\/uploads\/2023\/10\/forja_artistica_gall_forja-187x300.webp 187w\" sizes=\"(max-width: 600px) 100vw, 600px\" \/><\/figure>\n\n\n\n<div style=\"height:70px\" aria-hidden=\"true\" class=\"wp-block-spacer\"><\/div>\n\n\n\n<h2 class=\"wp-block-heading\"><strong>L&rsquo;art et l&rsquo;objet<\/strong><\/h2>\n\n\n\n<p>Dans le monde de la forge, la fronti\u00e8re entre art et objet est souvent floue. Chaque pi\u00e8ce cr\u00e9\u00e9e est une manifestation de l&rsquo;\u00e2me de l&rsquo;artisan, une fusion de fonctionnalit\u00e9 et d&rsquo;esth\u00e9tique. Mais comment r\u00e9aliser cette symbiose ? La r\u00e9ponse r\u00e9side dans la comp\u00e9tence et la vision du forgeron. En travaillant le fer, un mat\u00e9riau r\u00e9sistant et brut, l&rsquo;artisan est mis au d\u00e9fi de le transformer en quelque chose de beau et d&rsquo;utile. Et c&rsquo;est l\u00e0 que la magie op\u00e8re. \u00c0 chaque coup de marteau, \u00e0 chaque courbe et d\u00e9tail, le fer prend vie, passant du simple m\u00e9tal \u00e0 l&rsquo;\u0153uvre d&rsquo;art. Des meubles en fer forg\u00e9 aux accessoires en fer forg\u00e9, la vari\u00e9t\u00e9 est \u00e9tonnante. Des lampes qui \u00e9clairent avec \u00e9l\u00e9gance, des tables et des chaises qui sont au centre de l&rsquo;attention dans n&rsquo;importe quelle pi\u00e8ce et des accessoires qui ajoutent une touche de classe \u00e0 n&rsquo;importe quel espace. Chaque objet raconte une histoire, une histoire de passion, de d\u00e9vouement et d&rsquo;art. Et dans ce monde o\u00f9 l&rsquo;art rencontre la fonctionnalit\u00e9, Serralleria March s&rsquo;impose comme un leader en cr\u00e9ant des pi\u00e8ces non seulement belles, mais aussi uniques et personnalis\u00e9es. Chaque cr\u00e9ation t\u00e9moigne de l&rsquo;engagement de l&rsquo;entreprise envers l&rsquo;excellence et la tradition.<\/p>\n\n\n\n<div style=\"height:400px\" aria-hidden=\"true\" class=\"wp-block-spacer\"><\/div>\n\n\n\n<figure class=\"wp-block-image size-full\"><img loading=\"lazy\" decoding=\"async\" width=\"640\" height=\"480\" src=\"https:\/\/serralleriamarch.com\/wp-content\/uploads\/2023\/10\/suports_forja_llardefoc.webp\" alt=\"Projet personnalis&#xE9; de forge artistique\" class=\"wp-image-1898\" srcset=\"https:\/\/serralleriamarch.com\/wp-content\/uploads\/2023\/10\/suports_forja_llardefoc.webp 640w, https:\/\/serralleriamarch.com\/wp-content\/uploads\/2023\/10\/suports_forja_llardefoc-300x225.webp 300w\" sizes=\"(max-width: 640px) 100vw, 640px\" \/><\/figure>\n\n\n\n<div style=\"height:200px\" aria-hidden=\"true\" class=\"wp-block-spacer\"><\/div>\n\n\n\n<h2 class=\"wp-block-heading\"><strong>Projets personnalis\u00e9s en forge<\/strong> <\/h2>\n\n\n\n<p>Contrairement \u00e0 d&rsquo;autres m\u00e9tiers ou mat\u00e9riaux, le forgeage. Chaque espace est unique et chaque client a une vision diff\u00e9rente de ce qu&rsquo;il souhaite r\u00e9aliser. Chez Serralleria March, nous comprenons cette individualit\u00e9 et travaillons en \u00e9troite collaboration avec nos clients pour donner vie \u00e0 leurs projets. Qu&rsquo;il s&rsquo;agisse d&rsquo;une grille personnalis\u00e9e pour une maison historique, d&rsquo;un luminaire design pour un espace moderne ou d&rsquo;une pi\u00e8ce sculpturale pour un jardin, chaque projet est l&rsquo;occasion de cr\u00e9er quelque chose de sp\u00e9cial. Avec une \u00e9quipe d&rsquo;artisans hautement qualifi\u00e9s et une riche tradition de forge artistique dans le Maresme, Serralleria March garantit que chaque projet non seulement r\u00e9pond, mais d\u00e9passe les attentes. Et pour ceux qui recherchent l\u2019inspiration, nous vous invitons \u00e0 en d\u00e9couvrir plus sur nos travaux de forgeage ici. Chaque pi\u00e8ce t\u00e9moigne de notre passion, de nos comp\u00e9tences et de notre engagement envers l&rsquo;excellence.<\/p>\n\n\n\n<div class=\"wp-block-image\"><figure class=\"aligncenter size-large\"><img loading=\"lazy\" decoding=\"async\" width=\"598\" height=\"1024\" src=\"https:\/\/serralleriamarch.com\/wp-content\/uploads\/2023\/10\/083-768x1315-1-598x1024.webp\" alt=\"Forge artistique traditionnelle &#xE0; Barcelone\" class=\"wp-image-1877\" srcset=\"https:\/\/serralleriamarch.com\/wp-content\/uploads\/2023\/10\/083-768x1315-1-598x1024.webp 598w, https:\/\/serralleriamarch.com\/wp-content\/uploads\/2023\/10\/083-768x1315-1-175x300.webp 175w, https:\/\/serralleriamarch.com\/wp-content\/uploads\/2023\/10\/083-768x1315-1.webp 768w\" sizes=\"(max-width: 598px) 100vw, 598px\" \/><\/figure><\/div>\n<\/div>\n\n\n\n<div class=\"wp-block-column is-layout-flow wp-block-column-is-layout-flow\">\n<div class=\"wp-block-image\"><figure class=\"aligncenter size-large\"><img loading=\"lazy\" decoding=\"async\" width=\"832\" height=\"1024\" src=\"https:\/\/serralleriamarch.com\/wp-content\/uploads\/2023\/10\/Torax_forja_artisitica-832x1024.webp\" alt=\"Atelier de forge artistique &#xE0; Barcelone\" class=\"wp-image-1901\" srcset=\"https:\/\/serralleriamarch.com\/wp-content\/uploads\/2023\/10\/Torax_forja_artisitica-832x1024.webp 832w, https:\/\/serralleriamarch.com\/wp-content\/uploads\/2023\/10\/Torax_forja_artisitica-244x300.webp 244w, https:\/\/serralleriamarch.com\/wp-content\/uploads\/2023\/10\/Torax_forja_artisitica-768x946.webp 768w, https:\/\/serralleriamarch.com\/wp-content\/uploads\/2023\/10\/Torax_forja_artisitica.webp 1007w\" sizes=\"(max-width: 832px) 100vw, 832px\" \/><\/figure><\/div>\n\n\n\n<div style=\"height:50px\" aria-hidden=\"true\" class=\"wp-block-spacer\"><\/div>\n\n\n\n<p><\/p>\n\n\n\n<h2 class=\"wp-block-heading\"><strong>La Forge en D\u00e9coration  <\/strong><\/h2>\n\n\n\n<p>La forge artistique \u00e0 Argentona al Maresme n&rsquo;est pas seulement une technique, c&rsquo;est un mode de vie. C&rsquo;est le Forgeage dans la d\u00e9coration qui n&rsquo;est pas seulement une tendance passag\u00e8re ; c&rsquo;est une tradition qui a perdur\u00e9 au fil des ann\u00e9es, s&rsquo;adaptant aux besoins et aux styles changeants de chaque \u00e9poque. La d\u00e9coration est l&rsquo;expression de l&rsquo;\u00e2me d&rsquo;un espace. Et dans cet art d&#8217;embellir et de personnaliser, la forge artistique du Maresme s&rsquo;est impos\u00e9e comme un \u00e9l\u00e9ment essentiel qui apporte caract\u00e8re et authenticit\u00e9. Mais qu\u2019est-ce qui rend le forgeage si sp\u00e9cial dans la d\u00e9coration ? Depuis des temps imm\u00e9moriaux, la forge est utilis\u00e9e pour embellir les palais, les demeures seigneuriales et les b\u00e2timents embl\u00e9matiques. Sa capacit\u00e9 \u00e0 \u00eatre moul\u00e9e dans des formes complexes et d\u00e9taill\u00e9es en fait un choix privil\u00e9gi\u00e9 pour ceux qui cherchent \u00e0 ajouter une touche d&rsquo;\u00e9l\u00e9gance et de sophistication \u00e0 leurs espaces. De plus, la durabilit\u00e9 du fer forg\u00e9 garantit que ces pi\u00e8ces sont non seulement belles, mais aussi durables. Dans le Maresme et \u00e0 Barcelone, avec son riche patrimoine architectural et son amour pour l&rsquo;art, forge a trouv\u00e9 une place particuli\u00e8re dans le c\u0153ur des d\u00e9corateurs et des designers. Des balcons et balustrades aux luminaires et meubles, la forge artistique est devenue synonyme de luxe et de style. Et dans ce sc\u00e9nario, Serralleria March a \u00e9t\u00e9 pionni\u00e8re, amenant la forge \u00e0 de nouveaux niveaux d&rsquo;excellence et de cr\u00e9ativit\u00e9.<\/p>\n\n\n\n<div style=\"height:50px\" aria-hidden=\"true\" class=\"wp-block-spacer\"><\/div>\n\n\n\n<div class=\"wp-block-image\"><figure class=\"aligncenter size-large\"><img loading=\"lazy\" decoding=\"async\" width=\"354\" height=\"1024\" src=\"https:\/\/serralleriamarch.com\/wp-content\/uploads\/2023\/10\/escultura_forja-354x1024.webp\" alt=\"Le fer forg&#xE9; en d&#xE9;tail\" class=\"wp-image-1883\" srcset=\"https:\/\/serralleriamarch.com\/wp-content\/uploads\/2023\/10\/escultura_forja-354x1024.webp 354w, https:\/\/serralleriamarch.com\/wp-content\/uploads\/2023\/10\/escultura_forja-104x300.webp 104w, https:\/\/serralleriamarch.com\/wp-content\/uploads\/2023\/10\/escultura_forja.webp 489w\" sizes=\"(max-width: 354px) 100vw, 354px\" \/><\/figure><\/div>\n\n\n\n<div style=\"height:50px\" aria-hidden=\"true\" class=\"wp-block-spacer\"><\/div>\n\n\n\n<h2 class=\"wp-block-heading\"><strong>La fonction et les applications du forgeage<\/strong> <\/h2>\n\n\n\n<p>La forge, au-del\u00e0 de sa beaut\u00e9 esth\u00e9tique, a \u00e9t\u00e9 un pilier fondamental de l&rsquo;\u00e9volution technologique et fonctionnelle de l&rsquo;humanit\u00e9. Depuis les premiers outils jusqu&rsquo;aux structures architecturales modernes, le forgeage s&rsquo;est av\u00e9r\u00e9 polyvalent et adaptatif. Aujourd&rsquo;hui, le forgeage moderne a trouv\u00e9 des applications dans des secteurs aussi divers que l&rsquo;a\u00e9rospatiale, l&rsquo;automobile et la construction. Les applications du forgeage ont \u00e9volu\u00e9, mais le principe reste le m\u00eame : transformer le m\u00e9tal en des formes qui remplissent une fonction sp\u00e9cifique, en exploitant au mieux ses propri\u00e9t\u00e9s. Au Maresme, la tradition de la forge se conjugue avec l&rsquo;innovation. Des b\u00e2timents historiques dot\u00e9s de barres et de balcons en fer forg\u00e9 c\u00f4toient des structures modernes en acier et en verre, d\u00e9montrant que la forge a sa place \u00e0 la fois dans le pass\u00e9 et dans le pr\u00e9sent. Et dans cet environnement de tradition et d&rsquo;innovation, Serralleria March s&rsquo;est impos\u00e9e comme une r\u00e9f\u00e9rence, portant la forge vers de nouveaux sommets de fonctionnalit\u00e9 et de design.<\/p>\n\n\n\n<div style=\"height:100px\" aria-hidden=\"true\" class=\"wp-block-spacer\"><\/div>\n\n\n\n<figure class=\"wp-block-image size-large\"><img loading=\"lazy\" decoding=\"async\" width=\"953\" height=\"1024\" src=\"https:\/\/serralleriamarch.com\/wp-content\/uploads\/2023\/10\/estrellamar-953x1024.webp\" alt=\"D&#xE9;tail de forgeage artistique en d&#xE9;coration int&#xE9;rieure\" class=\"wp-image-1886\" srcset=\"https:\/\/serralleriamarch.com\/wp-content\/uploads\/2023\/10\/estrellamar-953x1024.webp 953w, https:\/\/serralleriamarch.com\/wp-content\/uploads\/2023\/10\/estrellamar-279x300.webp 279w, https:\/\/serralleriamarch.com\/wp-content\/uploads\/2023\/10\/estrellamar-768x825.webp 768w, https:\/\/serralleriamarch.com\/wp-content\/uploads\/2023\/10\/estrellamar.webp 1210w\" sizes=\"(max-width: 953px) 100vw, 953px\" \/><\/figure>\n\n\n\n<div style=\"height:100px\" aria-hidden=\"true\" class=\"wp-block-spacer\"><\/div>\n\n\n\n<h3 class=\"wp-block-heading\">D\u00e9couvrez la magie de la forge artistique. Contactez-nous et transformez votre espace d\u00e8s aujourd&rsquo;hui !  <\/h3>\n\n\n\n<p>La forge est bien plus que du m\u00e9tal et du feu ; c&rsquo;est l&rsquo;art, la tradition et la passion. Chez Serralleria March, nous apportons cette magie dans les maisons et les espaces de toute la Catalogne, de Barcelone et de ses environs depuis plus d&rsquo;un si\u00e8cle. Si vous \u00eates pr\u00eat \u00e0 transformer votre espace et \u00e0 lui donner une touche d&rsquo;\u00e9l\u00e9gance et d&rsquo;authenticit\u00e9, nous sommes l\u00e0 pour vous aider.<\/p>\n<\/div>\n<\/div>\n\n<p><\/p>\n","protected":false},"excerpt":{"rendered":"<p>La r\u00e9gion du Maresme, connue pour sa riche histoire et sa tradition artistique, a \u00e9t\u00e9 t\u00e9moin de l&rsquo;\u00e9volution de la forge artistique au fil des ann\u00e9es. Au c\u0153ur de cette tradition se trouve la Serralleria March, un atelier \u00e0 l&rsquo;avant-garde de la forge depuis 1903. Chaque pi\u00e8ce qui \u00e9merge de cet atelier n&rsquo;est pas seulement [&hellip;]<\/p>\n","protected":false},"author":1,"featured_media":0,"parent":0,"menu_order":0,"comment_status":"closed","ping_status":"closed","template":"","meta":{"inline_featured_image":false,"footnotes":""},"yoast_head":"<!-- This site is optimized with the Yoast SEO plugin v23.0 - https:\/\/yoast.com\/wordpress\/plugins\/seo\/ -->\n<title>D\u00e9couvrez la Forge Artistique Unique | Cr\u00e9ations Sculptural Forge \u00e0 Serralleria March<\/title>\n<meta name=\"description\" content=\"La forge artistique \u00e0 son meilleur\u00a0: d\u00e9couvrez l&#039;essence de la forge artistique \u00e0 la Serralleria March. O\u00f9 l&#039;ing\u00e9niosit\u00e9 et l&#039;art se confondent pour donner vie au fer et aux m\u00e9taux. Chaque pi\u00e8ce est un chef-d&#039;\u0153uvre cr\u00e9\u00e9 avec passion et tradition.\" \/>\n<meta name=\"robots\" content=\"index, follow, max-snippet:-1, max-image-preview:large, max-video-preview:-1\" \/>\n<link rel=\"canonical\" href=\"https:\/\/serralleriamarch.com\/forge-artistique-dans-le-maresme-la-fusion-de-lesthetique-et-de-la-durabilite\/?lang=fr\" \/>\n<meta property=\"og:locale\" content=\"fr_FR\" \/>\n<meta property=\"og:type\" content=\"article\" \/>\n<meta property=\"og:title\" content=\"D\u00e9couvrez la Forge Artistique Unique | Cr\u00e9ations Sculptural Forge \u00e0 Serralleria March\" \/>\n<meta property=\"og:description\" content=\"La forge artistique \u00e0 son meilleur\u00a0: d\u00e9couvrez l&#039;essence de la forge artistique \u00e0 la Serralleria March. O\u00f9 l&#039;ing\u00e9niosit\u00e9 et l&#039;art se confondent pour donner vie au fer et aux m\u00e9taux. Chaque pi\u00e8ce est un chef-d&#039;\u0153uvre cr\u00e9\u00e9 avec passion et tradition.\" \/>\n<meta property=\"og:url\" content=\"https:\/\/serralleriamarch.com\/forge-artistique-dans-le-maresme-la-fusion-de-lesthetique-et-de-la-durabilite\/?lang=fr\" \/>\n<meta property=\"og:site_name\" content=\"Serralleria March\" \/>\n<meta property=\"article:modified_time\" content=\"2024-07-03T13:02:37+00:00\" \/>\n<meta property=\"og:image\" content=\"https:\/\/serralleriamarch.com\/wp-content\/uploads\/2024\/07\/POLCODINALOGO-3-1024x240.jpg\" \/>\n<meta name=\"twitter:card\" content=\"summary_large_image\" \/>\n<meta name=\"twitter:label1\" content=\"Dur\u00e9e de lecture estim\u00e9e\" \/>\n\t<meta name=\"twitter:data1\" content=\"7 minutes\" \/>\n<script type=\"application\/ld+json\" class=\"yoast-schema-graph\">{\"@context\":\"https:\/\/schema.org\",\"@graph\":[{\"@type\":\"WebPage\",\"@id\":\"https:\/\/serralleriamarch.com\/forge-artistique-dans-le-maresme-la-fusion-de-lesthetique-et-de-la-durabilite\/?lang=fr\",\"url\":\"https:\/\/serralleriamarch.com\/forge-artistique-dans-le-maresme-la-fusion-de-lesthetique-et-de-la-durabilite\/?lang=fr\",\"name\":\"D\u00e9couvrez la Forge Artistique Unique | Cr\u00e9ations Sculptural Forge \u00e0 Serralleria March\",\"isPartOf\":{\"@id\":\"https:\/\/serralleriamarch.com\/#website\"},\"primaryImageOfPage\":{\"@id\":\"https:\/\/serralleriamarch.com\/forge-artistique-dans-le-maresme-la-fusion-de-lesthetique-et-de-la-durabilite\/?lang=fr#primaryimage\"},\"image\":{\"@id\":\"https:\/\/serralleriamarch.com\/forge-artistique-dans-le-maresme-la-fusion-de-lesthetique-et-de-la-durabilite\/?lang=fr#primaryimage\"},\"thumbnailUrl\":\"https:\/\/serralleriamarch.com\/wp-content\/uploads\/2024\/07\/POLCODINALOGO-3-1024x240.jpg\",\"datePublished\":\"2024-07-03T13:02:36+00:00\",\"dateModified\":\"2024-07-03T13:02:37+00:00\",\"description\":\"La forge artistique \u00e0 son meilleur\u00a0: d\u00e9couvrez l'essence de la forge artistique \u00e0 la Serralleria March. O\u00f9 l'ing\u00e9niosit\u00e9 et l'art se confondent pour donner vie au fer et aux m\u00e9taux. Chaque pi\u00e8ce est un chef-d'\u0153uvre cr\u00e9\u00e9 avec passion et tradition.\",\"breadcrumb\":{\"@id\":\"https:\/\/serralleriamarch.com\/forge-artistique-dans-le-maresme-la-fusion-de-lesthetique-et-de-la-durabilite\/?lang=fr#breadcrumb\"},\"inLanguage\":\"fr-FR\",\"potentialAction\":[{\"@type\":\"ReadAction\",\"target\":[\"https:\/\/serralleriamarch.com\/forge-artistique-dans-le-maresme-la-fusion-de-lesthetique-et-de-la-durabilite\/?lang=fr\"]}]},{\"@type\":\"ImageObject\",\"inLanguage\":\"fr-FR\",\"@id\":\"https:\/\/serralleriamarch.com\/forge-artistique-dans-le-maresme-la-fusion-de-lesthetique-et-de-la-durabilite\/?lang=fr#primaryimage\",\"url\":\"https:\/\/serralleriamarch.com\/wp-content\/uploads\/2024\/07\/POLCODINALOGO-3-1024x240.jpg\",\"contentUrl\":\"https:\/\/serralleriamarch.com\/wp-content\/uploads\/2024\/07\/POLCODINALOGO-3-1024x240.jpg\"},{\"@type\":\"BreadcrumbList\",\"@id\":\"https:\/\/serralleriamarch.com\/forge-artistique-dans-le-maresme-la-fusion-de-lesthetique-et-de-la-durabilite\/?lang=fr#breadcrumb\",\"itemListElement\":[{\"@type\":\"ListItem\",\"position\":1,\"name\":\"Inici\",\"item\":\"https:\/\/serralleriamarch.com\/fr\/maison\/\"},{\"@type\":\"ListItem\",\"position\":2,\"name\":\"Forge artistique dans le Maresme : la fusion de l&rsquo;esth\u00e9tique et de la durabilit\u00e9\"}]},{\"@type\":\"WebSite\",\"@id\":\"https:\/\/serralleriamarch.com\/#website\",\"url\":\"https:\/\/serralleriamarch.com\/\",\"name\":\"Serralleria March\",\"description\":\"Taller artesanal de forja i escultura amb ferro\",\"potentialAction\":[{\"@type\":\"SearchAction\",\"target\":{\"@type\":\"EntryPoint\",\"urlTemplate\":\"https:\/\/serralleriamarch.com\/?s={search_term_string}\"},\"query-input\":\"required name=search_term_string\"}],\"inLanguage\":\"fr-FR\"}]}<\/script>\n<!-- \/ Yoast SEO plugin. -->","yoast_head_json":{"title":"D\u00e9couvrez la Forge Artistique Unique | Cr\u00e9ations Sculptural Forge \u00e0 Serralleria March","description":"La forge artistique \u00e0 son meilleur\u00a0: d\u00e9couvrez l'essence de la forge artistique \u00e0 la Serralleria March. O\u00f9 l'ing\u00e9niosit\u00e9 et l'art se confondent pour donner vie au fer et aux m\u00e9taux. Chaque pi\u00e8ce est un chef-d'\u0153uvre cr\u00e9\u00e9 avec passion et tradition.","robots":{"index":"index","follow":"follow","max-snippet":"max-snippet:-1","max-image-preview":"max-image-preview:large","max-video-preview":"max-video-preview:-1"},"canonical":"https:\/\/serralleriamarch.com\/forge-artistique-dans-le-maresme-la-fusion-de-lesthetique-et-de-la-durabilite\/?lang=fr","og_locale":"fr_FR","og_type":"article","og_title":"D\u00e9couvrez la Forge Artistique Unique | Cr\u00e9ations Sculptural Forge \u00e0 Serralleria March","og_description":"La forge artistique \u00e0 son meilleur\u00a0: d\u00e9couvrez l'essence de la forge artistique \u00e0 la Serralleria March. O\u00f9 l'ing\u00e9niosit\u00e9 et l'art se confondent pour donner vie au fer et aux m\u00e9taux. Chaque pi\u00e8ce est un chef-d'\u0153uvre cr\u00e9\u00e9 avec passion et tradition.","og_url":"https:\/\/serralleriamarch.com\/forge-artistique-dans-le-maresme-la-fusion-de-lesthetique-et-de-la-durabilite\/?lang=fr","og_site_name":"Serralleria March","article_modified_time":"2024-07-03T13:02:37+00:00","og_image":[{"url":"https:\/\/serralleriamarch.com\/wp-content\/uploads\/2024\/07\/POLCODINALOGO-3-1024x240.jpg"}],"twitter_card":"summary_large_image","twitter_misc":{"Dur\u00e9e de lecture estim\u00e9e":"7 minutes"},"schema":{"@context":"https:\/\/schema.org","@graph":[{"@type":"WebPage","@id":"https:\/\/serralleriamarch.com\/forge-artistique-dans-le-maresme-la-fusion-de-lesthetique-et-de-la-durabilite\/?lang=fr","url":"https:\/\/serralleriamarch.com\/forge-artistique-dans-le-maresme-la-fusion-de-lesthetique-et-de-la-durabilite\/?lang=fr","name":"D\u00e9couvrez la Forge Artistique Unique | Cr\u00e9ations Sculptural Forge \u00e0 Serralleria March","isPartOf":{"@id":"https:\/\/serralleriamarch.com\/#website"},"primaryImageOfPage":{"@id":"https:\/\/serralleriamarch.com\/forge-artistique-dans-le-maresme-la-fusion-de-lesthetique-et-de-la-durabilite\/?lang=fr#primaryimage"},"image":{"@id":"https:\/\/serralleriamarch.com\/forge-artistique-dans-le-maresme-la-fusion-de-lesthetique-et-de-la-durabilite\/?lang=fr#primaryimage"},"thumbnailUrl":"https:\/\/serralleriamarch.com\/wp-content\/uploads\/2024\/07\/POLCODINALOGO-3-1024x240.jpg","datePublished":"2024-07-03T13:02:36+00:00","dateModified":"2024-07-03T13:02:37+00:00","description":"La forge artistique \u00e0 son meilleur\u00a0: d\u00e9couvrez l'essence de la forge artistique \u00e0 la Serralleria March. O\u00f9 l'ing\u00e9niosit\u00e9 et l'art se confondent pour donner vie au fer et aux m\u00e9taux. Chaque pi\u00e8ce est un chef-d'\u0153uvre cr\u00e9\u00e9 avec passion et tradition.","breadcrumb":{"@id":"https:\/\/serralleriamarch.com\/forge-artistique-dans-le-maresme-la-fusion-de-lesthetique-et-de-la-durabilite\/?lang=fr#breadcrumb"},"inLanguage":"fr-FR","potentialAction":[{"@type":"ReadAction","target":["https:\/\/serralleriamarch.com\/forge-artistique-dans-le-maresme-la-fusion-de-lesthetique-et-de-la-durabilite\/?lang=fr"]}]},{"@type":"ImageObject","inLanguage":"fr-FR","@id":"https:\/\/serralleriamarch.com\/forge-artistique-dans-le-maresme-la-fusion-de-lesthetique-et-de-la-durabilite\/?lang=fr#primaryimage","url":"https:\/\/serralleriamarch.com\/wp-content\/uploads\/2024\/07\/POLCODINALOGO-3-1024x240.jpg","contentUrl":"https:\/\/serralleriamarch.com\/wp-content\/uploads\/2024\/07\/POLCODINALOGO-3-1024x240.jpg"},{"@type":"BreadcrumbList","@id":"https:\/\/serralleriamarch.com\/forge-artistique-dans-le-maresme-la-fusion-de-lesthetique-et-de-la-durabilite\/?lang=fr#breadcrumb","itemListElement":[{"@type":"ListItem","position":1,"name":"Inici","item":"https:\/\/serralleriamarch.com\/fr\/maison\/"},{"@type":"ListItem","position":2,"name":"Forge artistique dans le Maresme : la fusion de l&rsquo;esth\u00e9tique et de la durabilit\u00e9"}]},{"@type":"WebSite","@id":"https:\/\/serralleriamarch.com\/#website","url":"https:\/\/serralleriamarch.com\/","name":"Serralleria March","description":"Taller artesanal de forja i escultura amb ferro","potentialAction":[{"@type":"SearchAction","target":{"@type":"EntryPoint","urlTemplate":"https:\/\/serralleriamarch.com\/?s={search_term_string}"},"query-input":"required name=search_term_string"}],"inLanguage":"fr-FR"}]}},"_links":{"self":[{"href":"https:\/\/serralleriamarch.com\/fr\/wp-json\/wp\/v2\/pages\/2630"}],"collection":[{"href":"https:\/\/serralleriamarch.com\/fr\/wp-json\/wp\/v2\/pages"}],"about":[{"href":"https:\/\/serralleriamarch.com\/fr\/wp-json\/wp\/v2\/types\/page"}],"author":[{"embeddable":true,"href":"https:\/\/serralleriamarch.com\/fr\/wp-json\/wp\/v2\/users\/1"}],"replies":[{"embeddable":true,"href":"https:\/\/serralleriamarch.com\/fr\/wp-json\/wp\/v2\/comments?post=2630"}],"version-history":[{"count":1,"href":"https:\/\/serralleriamarch.com\/fr\/wp-json\/wp\/v2\/pages\/2630\/revisions"}],"predecessor-version":[{"id":2632,"href":"https:\/\/serralleriamarch.com\/fr\/wp-json\/wp\/v2\/pages\/2630\/revisions\/2632"}],"wp:attachment":[{"href":"https:\/\/serralleriamarch.com\/fr\/wp-json\/wp\/v2\/media?parent=2630"}],"curies":[{"name":"wp","href":"https:\/\/api.w.org\/{rel}","templated":true}]}}